{"id":55,"date":"2024-03-23T12:57:46","date_gmt":"2024-03-23T12:57:46","guid":{"rendered":"https:\/\/tekirdagboschservisi.garanti-teknik.com\/?page_id=55"},"modified":"2024-10-08T10:43:22","modified_gmt":"2024-10-08T10:43:22","slug":"tekirdag-bosch-klima-servisi","status":"publish","type":"page","link":"https:\/\/tekirdagboschservisi.com.tr\/index.php\/tekirdag-bosch-klima-servisi\/","title":{"rendered":"Tekirda\u011f Bosch Klima Servisi"},"content":{"rendered":"\t\t<div data-elementor-type=\"wp-page\" data-elementor-id=\"55\" class=\"elementor elementor-55\">\n\t\t\t\t<div class=\"elementor-element elementor-element-6209d517 e-flex e-con-boxed e-con e-parent\" data-id=\"6209d517\" data-element_type=\"container\" data-e-type=\"container\">\n\t\t\t\t\t<div class=\"e-con-inner\">\n\t\t\t\t<div class=\"elementor-element elementor-element-f139221 elementor-widget elementor-widget-text-editor\" data-id=\"f139221\" data-element_type=\"widget\" data-e-type=\"widget\" data-widget_type=\"text-editor.default\">\n\t\t\t\t<div class=\"elementor-widget-container\">\n\t\t\t\t\t\t\t\t\t<p><img fetchpriority=\"high\" decoding=\"async\" class=\"size-full wp-image-536 aligncenter\" src=\"https:\/\/tekirdagboschservisi.com.tr\/wp-content\/uploads\/2024\/06\/Tekirdag-Bosch-Klima-Ariza-Bakim-Montaj-ve-Demontaj-Servisi.jpg\" alt=\"Tekirda\u011f Bosch Klima Ar\u0131za Bak\u0131m Montaj ve Demontaj Servisi\" width=\"574\" height=\"900\" srcset=\"https:\/\/tekirdagboschservisi.com.tr\/wp-content\/uploads\/2024\/06\/Tekirdag-Bosch-Klima-Ariza-Bakim-Montaj-ve-Demontaj-Servisi.jpg 574w, https:\/\/tekirdagboschservisi.com.tr\/wp-content\/uploads\/2024\/06\/Tekirdag-Bosch-Klima-Ariza-Bakim-Montaj-ve-Demontaj-Servisi-191x300.jpg 191w, https:\/\/tekirdagboschservisi.com.tr\/wp-content\/uploads\/2024\/06\/Tekirdag-Bosch-Klima-Ariza-Bakim-Montaj-ve-Demontaj-Servisi-230x361.jpg 230w, https:\/\/tekirdagboschservisi.com.tr\/wp-content\/uploads\/2024\/06\/Tekirdag-Bosch-Klima-Ariza-Bakim-Montaj-ve-Demontaj-Servisi-350x549.jpg 350w, https:\/\/tekirdagboschservisi.com.tr\/wp-content\/uploads\/2024\/06\/Tekirdag-Bosch-Klima-Ariza-Bakim-Montaj-ve-Demontaj-Servisi-480x753.jpg 480w\" sizes=\"(max-width: 574px) 100vw, 574px\" \/><\/p><p>\u00a0<\/p><h1 class=\"wp-block-heading has-text-align-center\"><strong>Bosch Klima Servisi<\/strong><\/h1><p class=\"has-text-align-center\"><strong>Tekirda\u011f Bosch Klima Servisi\u00a0<a href=\"https:\/\/tekirdagboschservisi.com.tr\/index.php\/tekirdag-bosch-klima-servisi\/\">0282 263 22 96<\/a>. Ya\u015fam\u0131m\u0131z\u0131n her alan\u0131nda elektronik cihazlar yer almaktad\u0131r. G\u00fcnden g\u00fcne geli\u015fen teknolojiler ile beraber evlerimizde bizlerin i\u015fini kolayla\u015ft\u0131ran Klimalar\u0131n say\u0131s\u0131 ve fonksiyonu da ayn\u0131 oranda artmaktad\u0131r. Bize sundu\u011fu i\u015flevleri ve faydalar\u0131 artarken uzun s\u00fcreli veya hatal\u0131 kullan\u0131m ve ya teknik sebeplerden kaynaklanan ar\u0131zalar olu\u015fabilmektedir. Hal b\u00f6yleyken teknik servis ihtiyac\u0131 da artmaktad\u0131r. Bosch Klimalar\u0131n\u0131zda meydana gelen yada gelmesi muhtemel t\u00fcm i\u00e7 ve d\u0131\u015f sorunlar y\u00fcz\u00fcnden olu\u015fan t\u00fcm teknik sorunlar\u0131n\u0131z i\u00e7in , Garanti Teknik olarak bizimle ileti\u015fime ge\u00e7ebilir, bize ula\u015fabilirsiniz. T\u00fcm Bosch Klimalar\u0131n\u0131z\u0131n ar\u0131za ve teknik servis i\u015flemlerini profesyonel ekibimizle, yerinizde yaparak soruna an\u0131nda \u00e7\u00f6z\u00fcm buluyoruz.<\/strong><\/p><h2 class=\"wp-block-heading has-text-align-center\"><strong>Tekirda\u011f Bosch Klima Teknik Servis \u2013 0282 263 22 96<\/strong><\/h2><p class=\"has-text-align-center\"><strong>Tekirda\u011f Bosch Klima servisi siz de\u011ferli m\u00fc\u015fterilerine yerinde ve ekonomik hizmet vermek misyonumuzdur. Bu misyonun bir par\u00e7as\u0131 fakt\u00f6r\u00fc olarak tamir etti\u011fimiz Bosch Kliman\u0131za 1 y\u0131l par\u00e7a garantisi vermekteyiz. Gezici ekiplerimiz Tekirda\u011f b\u00f6lgesine ayn\u0131 g\u00fcn i\u00e7inde hizmet vermektedir. Teknik servise ihtiyac\u0131 olan\u00a0<a href=\"https:\/\/garanti-teknik.com\/index.php\/bosch-klima-servisi\/\">Bosch<\/a>\u00a0Kliman\u0131z\u0131n sorunu her ne olursa olsun yerinde tamir ediyoruz. B\u00f6ylelikle uzman ekiplerimizin yapt\u0131\u011f\u0131 i\u015fi kendi g\u00f6z\u00fcn\u00fczle g\u00f6r\u00fcp, g\u00fcnlerce beklemek yerine bir ka\u00e7 saat i\u00e7inde sonu\u00e7 al\u0131yorsunuz. Tekirda\u011f Bosch Klima Servisi \u00c7a\u011fr\u0131 merkezi numaram\u0131z: 0282 263 22 96 Ayr\u0131ca telefonda sorunun nereden kaynakland\u0131\u011f\u0131n\u0131 tecr\u00fcbelerimize dayanarak s\u00f6ylemek \u00fccretsiz. Aray\u0131n sorunun kayna\u011f\u0131n\u0131 s\u00f6yleyelim. Tekirda\u011f Bosch Klima Servisi olarak sizlere bir telefon kadar yak\u0131n\u0131z. Memnuniyetiniz bizim i\u00e7in en \u00f6ncelikli hedefimizdir.<\/strong><\/p><h2 class=\"wp-block-heading\"><strong>Tekirda\u011f Klima Servis Hizmetleri<\/strong><\/h2><p class=\"has-text-align-center is-layout-flow wp-block-paragraph-is-layout-flow\"><strong>Tekirda\u011f b\u00f6lgesinde Bosch Klima teknik servis hizmeti Bosch Klimalar\u0131n\u0131z i\u00e7in ar\u0131za tespit. Montaj, onar\u0131m ve bak\u0131m yapmaktad\u0131r. Yap\u0131lan bak\u0131m\u0131n 1 y\u0131l garanti s\u00fcresi bulunmaktad\u0131r. 1 y\u0131l i\u00e7erisinde tamiri yap\u0131lan yerden tekrar ar\u0131zalanmas\u0131 durumunda \u00fccretsiz servis hizmeti sa\u011flanmaktad\u0131r. \u00d6ncelikle bulundu\u011funuz konuma gelip gerekli incelemeleri yapt\u0131ktan sonra ar\u0131zalar\u0131 belirliyoruz. Onay almam\u0131z durumunda servis i\u015flemi ba\u015flam\u0131\u015f say\u0131larak ad\u0131n\u0131za servis kayd\u0131n\u0131z\u0131 a\u00e7\u0131yoruz.<\/strong><\/p><h4 class=\"wp-block-heading has-text-align-center\"><strong>\u00dcr\u00fcn\u00fcm\u00fcn ar\u0131zas\u0131 ne zaman giderilir?<\/strong><\/h4><p class=\"has-text-align-center\">Gelen servis ekibimiz \u00f6ncelikle ar\u0131za yerinde giderir fakat at\u00f6lyeye al\u0131nan Bosch Klimalar\u0131n tamir s\u00fcresi en az 1 i\u015f g\u00fcn\u00fcd\u00fcr. Firma olarak kalite, h\u0131z ayr\u0131ca ula\u015f\u0131l\u0131r olma kavramlar\u0131 servisimiz kapsam\u0131nda anlam kazanm\u0131\u015ft\u0131r. \u0130lkeler do\u011frultusunda ba\u015far\u0131y\u0131 kovalayan bir servis oldu\u011fumuzu belirtmekten geri durmayaca\u011f\u0131m\u0131z\u0131 belirtmek isteriz.<\/p><h2 class=\"wp-block-heading has-text-align-center\"><strong>Tekirda\u011f Bosch Klima Servisi 0282 263 22 96<\/strong><\/h2><p class=\"has-text-align-center\">Tekirda\u011f\u2019da Bosch Klima servisi bulman\u0131n zorlu\u011fu bizler sayesinde hi\u00e7 ya\u015fanmayacakt\u0131r. Aktif bir \u015fekilde rol ald\u0131\u011f\u0131m\u0131z hizmet a\u011f\u0131m\u0131zda sizleri ma\u011fdur etmeyece\u011fimizi belirtmek isteriz. Geli\u015fim i\u00e7erisinde olan her servis gibi eksiklerimiz muhakkak olacakt\u0131r. Ancak sizleri memnun etmek i\u00e7in her \u015fekilde size g\u00f6re davran\u0131\u015flar\u0131m\u0131z \u015fekillenecektir. Telefon numaralar\u0131m\u0131za ula\u015fman\u0131z bir t\u0131k uzakl\u0131ktad\u0131r. Sitemiz \u00e7er\u00e7evesinde rahatl\u0131kla g\u00f6rece\u011finiz numaram\u0131z kapsam\u0131nda hizmetlerimizi s\u00fcrd\u00fcrmekteyiz. Sorular\u0131n\u0131za her zaman cevap olaca\u011f\u0131m\u0131z\u0131, problemlerinize ise; her kapsamda \u00e7\u00f6z\u00fcm \u00fcretmek i\u00e7in bulundu\u011fumuzu belirtmek isteriz.<\/p>\t\t\t\t\t\t\t\t<\/div>\n\t\t\t\t<\/div>\n\t\t\t\t\t<\/div>\n\t\t\t\t<\/div>\n\t\t\t\t<section class=\"elementor-section elementor-top-section elementor-element elementor-element-287266df elementor-section-boxed elementor-section-height-default elementor-section-height-default\" data-id=\"287266df\" data-element_type=\"section\" data-e-type=\"section\">\n\t\t\t\t\t\t<div class=\"elementor-container elementor-column-gap-default\">\n\t\t\t\t\t<div class=\"elementor-column elementor-col-50 elementor-top-column elementor-element elementor-element-7c7518e0\" data-id=\"7c7518e0\" data-element_type=\"column\" data-e-type=\"column\">\n\t\t\t<div class=\"elementor-widget-wrap elementor-element-populated\">\n\t\t\t\t\t\t<div class=\"elementor-element elementor-element-4e50b100 elementor-widget elementor-widget-image\" data-id=\"4e50b100\" data-element_type=\"widget\" data-e-type=\"widget\" data-widget_type=\"image.default\">\n\t\t\t\t<div class=\"elementor-widget-container\">\n\t\t\t\t\t\t\t\t\t\t\t\t\t\t\t<img decoding=\"async\" width=\"574\" height=\"900\" src=\"https:\/\/tekirdagboschservisi.com.tr\/wp-content\/uploads\/2024\/06\/Tekirdag-Bosch-Klima-Ariza-Bakim-Montaj-ve-Demontaj-Servisi.jpg\" class=\"attachment-large size-large wp-image-536\" alt=\"Tekirda\u011f Bosch Klima Ar\u0131za Bak\u0131m Montaj ve Demontaj Servisi\" srcset=\"https:\/\/tekirdagboschservisi.com.tr\/wp-content\/uploads\/2024\/06\/Tekirdag-Bosch-Klima-Ariza-Bakim-Montaj-ve-Demontaj-Servisi.jpg 574w, https:\/\/tekirdagboschservisi.com.tr\/wp-content\/uploads\/2024\/06\/Tekirdag-Bosch-Klima-Ariza-Bakim-Montaj-ve-Demontaj-Servisi-191x300.jpg 191w, https:\/\/tekirdagboschservisi.com.tr\/wp-content\/uploads\/2024\/06\/Tekirdag-Bosch-Klima-Ariza-Bakim-Montaj-ve-Demontaj-Servisi-230x361.jpg 230w, https:\/\/tekirdagboschservisi.com.tr\/wp-content\/uploads\/2024\/06\/Tekirdag-Bosch-Klima-Ariza-Bakim-Montaj-ve-Demontaj-Servisi-350x549.jpg 350w, https:\/\/tekirdagboschservisi.com.tr\/wp-content\/uploads\/2024\/06\/Tekirdag-Bosch-Klima-Ariza-Bakim-Montaj-ve-Demontaj-Servisi-480x753.jpg 480w\" sizes=\"(max-width: 574px) 100vw, 574px\" \/>\t\t\t\t\t\t\t\t\t\t\t\t\t\t\t<\/div>\n\t\t\t\t<\/div>\n\t\t\t\t\t<\/div>\n\t\t<\/div>\n\t\t\t\t<div class=\"elementor-column elementor-col-50 elementor-top-column elementor-element elementor-element-858df97\" data-id=\"858df97\" data-element_type=\"column\" data-e-type=\"column\">\n\t\t\t<div class=\"elementor-widget-wrap elementor-element-populated\">\n\t\t\t\t\t\t<div class=\"elementor-element elementor-element-66b55c5a elementor-widget elementor-widget-heading\" data-id=\"66b55c5a\" data-element_type=\"widget\" data-e-type=\"widget\" data-widget_type=\"heading.default\">\n\t\t\t\t<div class=\"elementor-widget-container\">\n\t\t\t\t\t<h2 class=\"elementor-heading-title elementor-size-default\">TEK\u0130RDA\u011e BOSCH KL\u0130MA SERV\u0130S\u0130<\/h2>\t\t\t\t<\/div>\n\t\t\t\t<\/div>\n\t\t\t\t<div class=\"elementor-element elementor-element-59a2529c elementor-widget-divider--view-line elementor-widget elementor-widget-divider\" data-id=\"59a2529c\" data-element_type=\"widget\" data-e-type=\"widget\" data-widget_type=\"divider.default\">\n\t\t\t\t<div class=\"elementor-widget-container\">\n\t\t\t\t\t\t\t<div class=\"elementor-divider\">\n\t\t\t<span class=\"elementor-divider-separator\">\n\t\t\t\t\t\t<\/span>\n\t\t<\/div>\n\t\t\t\t\t\t<\/div>\n\t\t\t\t<\/div>\n\t\t\t\t<div class=\"elementor-element elementor-element-164dd197 elementor-widget elementor-widget-text-editor\" data-id=\"164dd197\" data-element_type=\"widget\" data-e-type=\"widget\" data-widget_type=\"text-editor.default\">\n\t\t\t\t<div class=\"elementor-widget-container\">\n\t\t\t\t\t\t\t\t\t<p class=\"has-text-align-center\"><strong>Tekirda\u011f Bosch Klima Servisi\u00a0<a href=\"https:\/\/tekirdagboschservisi.com.tr\/index.php\/tekirdag-bosch-klima-servisi\/\">0282 263 22 96<\/a>. Ya\u015fam\u0131m\u0131z\u0131n her alan\u0131nda elektronik cihazlar yer almaktad\u0131r. G\u00fcnden g\u00fcne geli\u015fen teknolojiler ile beraber evlerimizde bizlerin i\u015fini kolayla\u015ft\u0131ran Klimalar\u0131n say\u0131s\u0131 ve fonksiyonu da ayn\u0131 oranda artmaktad\u0131r. Bize sundu\u011fu i\u015flevleri ve faydalar\u0131 artarken uzun s\u00fcreli veya hatal\u0131 kullan\u0131m ve ya teknik sebeplerden kaynaklanan ar\u0131zalar olu\u015fabilmektedir. Hal b\u00f6yleyken teknik servis ihtiyac\u0131 da artmaktad\u0131r. Bosch Klimalar\u0131n\u0131zda meydana gelen yada gelmesi muhtemel t\u00fcm i\u00e7 ve d\u0131\u015f sorunlar y\u00fcz\u00fcnden olu\u015fan t\u00fcm teknik sorunlar\u0131n\u0131z i\u00e7in , Garanti Teknik olarak bizimle ileti\u015fime ge\u00e7ebilir, bize ula\u015fabilirsiniz. T\u00fcm Bosch Klimalar\u0131n\u0131z\u0131n ar\u0131za ve teknik servis i\u015flemlerini profesyonel ekibimizle, yerinizde yaparak soruna an\u0131nda \u00e7\u00f6z\u00fcm buluyoruz.<\/strong><\/p>\t\t\t\t\t\t\t\t<\/div>\n\t\t\t\t<\/div>\n\t\t\t\t<div class=\"elementor-element elementor-element-1746a0a8 elementor-align-center elementor-tablet-align-center elementor-widget elementor-widget-button\" data-id=\"1746a0a8\" data-element_type=\"widget\" data-e-type=\"widget\" data-widget_type=\"button.default\">\n\t\t\t\t<div class=\"elementor-widget-container\">\n\t\t\t\t\t\t\t\t\t<div class=\"elementor-button-wrapper\">\n\t\t\t\t\t<a class=\"elementor-button elementor-button-link elementor-size-sm\" href=\"https:\/\/tekirdagboschservisi.com.tr\/index.php\/tekirdag-bosch-klima-servisi\/\">\n\t\t\t\t\t\t<span class=\"elementor-button-content-wrapper\">\n\t\t\t\t\t\t\t\t\t<span class=\"elementor-button-text\">DAHA FAZLA B\u0130LG\u0130 AL<\/span>\n\t\t\t\t\t<\/span>\n\t\t\t\t\t<\/a>\n\t\t\t\t<\/div>\n\t\t\t\t\t\t\t\t<\/div>\n\t\t\t\t<\/div>\n\t\t\t\t\t<\/div>\n\t\t<\/div>\n\t\t\t\t\t<\/div>\n\t\t<\/section>\n\t\t\t\t<section class=\"elementor-section elementor-top-section elementor-element elementor-element-41bfe5a4 elementor-section-boxed elementor-section-height-default elementor-section-height-default\" data-id=\"41bfe5a4\" data-element_type=\"section\" data-e-type=\"section\">\n\t\t\t\t\t\t<div class=\"elementor-container elementor-column-gap-default\">\n\t\t\t\t\t<div class=\"elementor-column elementor-col-100 elementor-top-column elementor-element elementor-element-4a01753\" data-id=\"4a01753\" data-element_type=\"column\" data-e-type=\"column\">\n\t\t\t<div class=\"elementor-widget-wrap elementor-element-populated\">\n\t\t\t\t\t\t<section class=\"elementor-section elementor-inner-section elementor-element elementor-element-a534a9b elementor-section-boxed elementor-section-height-default elementor-section-height-default\" data-id=\"a534a9b\" data-element_type=\"section\" data-e-type=\"section\">\n\t\t\t\t\t\t<div class=\"elementor-container elementor-column-gap-extended\">\n\t\t\t\t\t<div class=\"elementor-column elementor-col-100 elementor-inner-column elementor-element elementor-element-47857f\" data-id=\"47857f\" data-element_type=\"column\" data-e-type=\"column\">\n\t\t\t<div class=\"elementor-widget-wrap elementor-element-populated\">\n\t\t\t\t\t\t<div class=\"elementor-element elementor-element-35472c66 elementor-widget elementor-widget-heading\" data-id=\"35472c66\" data-element_type=\"widget\" data-e-type=\"widget\" data-widget_type=\"heading.default\">\n\t\t\t\t<div class=\"elementor-widget-container\">\n\t\t\t\t\t<h2 class=\"elementor-heading-title elementor-size-default\">Tekirda\u011f Bosch Klima Servisi Hizmetleri<\/h2>\t\t\t\t<\/div>\n\t\t\t\t<\/div>\n\t\t\t\t\t<\/div>\n\t\t<\/div>\n\t\t\t\t\t<\/div>\n\t\t<\/section>\n\t\t\t\t<section class=\"elementor-section elementor-inner-section elementor-element elementor-element-313c2dc5 elementor-section-boxed elementor-section-height-default elementor-section-height-default\" data-id=\"313c2dc5\" data-element_type=\"section\" data-e-type=\"section\">\n\t\t\t\t\t\t<div class=\"elementor-container elementor-column-gap-extended\">\n\t\t\t\t\t<div class=\"elementor-column elementor-col-33 elementor-inner-column elementor-element elementor-element-3329a490\" data-id=\"3329a490\" data-element_type=\"column\" data-e-type=\"column\">\n\t\t\t<div class=\"elementor-widget-wrap elementor-element-populated\">\n\t\t\t\t\t\t<div class=\"elementor-element elementor-element-118a0ce elementor-widget elementor-widget-image\" data-id=\"118a0ce\" data-element_type=\"widget\" data-e-type=\"widget\" data-widget_type=\"image.default\">\n\t\t\t\t<div class=\"elementor-widget-container\">\n\t\t\t\t\t\t\t\t\t\t\t\t\t\t\t<img decoding=\"async\" width=\"350\" height=\"293\" src=\"https:\/\/tekirdagboschservisi.com.tr\/wp-content\/uploads\/2024\/06\/Bosch-Klima.jpg\" class=\"attachment-large size-large wp-image-474\" alt=\"\" srcset=\"https:\/\/tekirdagboschservisi.com.tr\/wp-content\/uploads\/2024\/06\/Bosch-Klima.jpg 350w, https:\/\/tekirdagboschservisi.com.tr\/wp-content\/uploads\/2024\/06\/Bosch-Klima-300x251.jpg 300w, https:\/\/tekirdagboschservisi.com.tr\/wp-content\/uploads\/2024\/06\/Bosch-Klima-230x193.jpg 230w\" sizes=\"(max-width: 350px) 100vw, 350px\" \/>\t\t\t\t\t\t\t\t\t\t\t\t\t\t\t<\/div>\n\t\t\t\t<\/div>\n\t\t\t\t<div class=\"elementor-element elementor-element-74b90668 elementor-widget elementor-widget-heading\" data-id=\"74b90668\" data-element_type=\"widget\" data-e-type=\"widget\" data-widget_type=\"heading.default\">\n\t\t\t\t<div class=\"elementor-widget-container\">\n\t\t\t\t\t<h3 class=\"elementor-heading-title elementor-size-default\">Bosch Klima Ar\u0131za Servisi<\/h3>\t\t\t\t<\/div>\n\t\t\t\t<\/div>\n\t\t\t\t<div class=\"elementor-element elementor-element-b17d719 elementor-widget elementor-widget-text-editor\" data-id=\"b17d719\" data-element_type=\"widget\" data-e-type=\"widget\" data-widget_type=\"text-editor.default\">\n\t\t\t\t<div class=\"elementor-widget-container\">\n\t\t\t\t\t\t\t\t\t<p>Bosch kliman\u0131zda ya\u015fad\u0131\u011f\u0131n\u0131z ar\u0131zalar\u00a0<a href=\"https:\/\/tekirdagboschservisi.com.tr\/index.php\/tekirdag-bosch-klima-servisi\/\">ve<\/a>\u00a0bak\u0131m ihtiya\u00e7lar\u0131n\u0131z i\u00e7in profesyonel ve g\u00fcvenilir bir servis aray\u0131\u015f\u0131nda m\u0131s\u0131n\u0131z? Tekirda\u011f Bosch Klima Ar\u0131za Servisi, geni\u015f hizmet yelpazesi ve uzman teknik ekibiyle sizlere en iyi \u00e7\u00f6z\u00fcmleri sunmak i\u00e7in burada!<\/p>\t\t\t\t\t\t\t\t<\/div>\n\t\t\t\t<\/div>\n\t\t\t\t<div class=\"elementor-element elementor-element-2e88c87e elementor-align-center elementor-tablet-align-center elementor-widget elementor-widget-button\" data-id=\"2e88c87e\" data-element_type=\"widget\" data-e-type=\"widget\" data-widget_type=\"button.default\">\n\t\t\t\t<div class=\"elementor-widget-container\">\n\t\t\t\t\t\t\t\t\t<div class=\"elementor-button-wrapper\">\n\t\t\t\t\t<a class=\"elementor-button elementor-button-link elementor-size-sm\" href=\"https:\/\/tekirdagboschservisi.com.tr\/index.php\/tekirdag-bosch-klima-servisi\/tekirdag-bosch-klima-ariza-servisi-0282-263-22-96\/\">\n\t\t\t\t\t\t<span class=\"elementor-button-content-wrapper\">\n\t\t\t\t\t\t\t\t\t<span class=\"elementor-button-text\">DAHA FAZLA B\u0130LG\u0130 AL<\/span>\n\t\t\t\t\t<\/span>\n\t\t\t\t\t<\/a>\n\t\t\t\t<\/div>\n\t\t\t\t\t\t\t\t<\/div>\n\t\t\t\t<\/div>\n\t\t\t\t\t<\/div>\n\t\t<\/div>\n\t\t\t\t<div class=\"elementor-column elementor-col-33 elementor-inner-column elementor-element elementor-element-27682502\" data-id=\"27682502\" data-element_type=\"column\" data-e-type=\"column\">\n\t\t\t<div class=\"elementor-widget-wrap elementor-element-populated\">\n\t\t\t\t\t\t<div class=\"elementor-element elementor-element-464cd9e3 elementor-widget elementor-widget-image\" data-id=\"464cd9e3\" data-element_type=\"widget\" data-e-type=\"widget\" data-widget_type=\"image.default\">\n\t\t\t\t<div class=\"elementor-widget-container\">\n\t\t\t\t\t\t\t\t\t\t\t\t\t\t\t<img decoding=\"async\" width=\"350\" height=\"293\" src=\"https:\/\/tekirdagboschservisi.com.tr\/wp-content\/uploads\/2024\/06\/Bosch-Klima.jpg\" class=\"attachment-large size-large wp-image-474\" alt=\"\" srcset=\"https:\/\/tekirdagboschservisi.com.tr\/wp-content\/uploads\/2024\/06\/Bosch-Klima.jpg 350w, https:\/\/tekirdagboschservisi.com.tr\/wp-content\/uploads\/2024\/06\/Bosch-Klima-300x251.jpg 300w, https:\/\/tekirdagboschservisi.com.tr\/wp-content\/uploads\/2024\/06\/Bosch-Klima-230x193.jpg 230w\" sizes=\"(max-width: 350px) 100vw, 350px\" \/>\t\t\t\t\t\t\t\t\t\t\t\t\t\t\t<\/div>\n\t\t\t\t<\/div>\n\t\t\t\t<div class=\"elementor-element elementor-element-46947e30 elementor-widget elementor-widget-heading\" data-id=\"46947e30\" data-element_type=\"widget\" data-e-type=\"widget\" data-widget_type=\"heading.default\">\n\t\t\t\t<div class=\"elementor-widget-container\">\n\t\t\t\t\t<h3 class=\"elementor-heading-title elementor-size-default\">Bosch Klima Bak\u0131m Servisi<\/h3>\t\t\t\t<\/div>\n\t\t\t\t<\/div>\n\t\t\t\t<div class=\"elementor-element elementor-element-77eb6d01 elementor-widget elementor-widget-text-editor\" data-id=\"77eb6d01\" data-element_type=\"widget\" data-e-type=\"widget\" data-widget_type=\"text-editor.default\">\n\t\t\t\t<div class=\"elementor-widget-container\">\n\t\t\t\t\t\t\t\t\t<p>Bosch kliman\u0131z\u0131n d\u00fczenli bak\u0131m\u0131n\u0131 yapt\u0131rmak m\u0131 istiyorsunuz? Tekirda\u011f Bosch Klima Bak\u0131m Servisi, uzman teknik ekibi ve m\u00fc\u015fteri memnuniyeti odakl\u0131 hizmet anlay\u0131\u015f\u0131 ile klimalar\u0131n\u0131z\u0131n en iyi performansta \u00e7al\u0131\u015fmas\u0131n\u0131 sa\u011flamak i\u00e7in burada!<\/p>\t\t\t\t\t\t\t\t<\/div>\n\t\t\t\t<\/div>\n\t\t\t\t<div class=\"elementor-element elementor-element-36c53845 elementor-align-center elementor-tablet-align-center elementor-widget elementor-widget-button\" data-id=\"36c53845\" data-element_type=\"widget\" data-e-type=\"widget\" data-widget_type=\"button.default\">\n\t\t\t\t<div class=\"elementor-widget-container\">\n\t\t\t\t\t\t\t\t\t<div class=\"elementor-button-wrapper\">\n\t\t\t\t\t<a class=\"elementor-button elementor-button-link elementor-size-sm\" href=\"https:\/\/tekirdagboschservisi.com.tr\/index.php\/tekirdag-bosch-klima-servisi\/tekirdag-bosch-klima-bakim-servisi-0282-263-22-96\/\">\n\t\t\t\t\t\t<span class=\"elementor-button-content-wrapper\">\n\t\t\t\t\t\t\t\t\t<span class=\"elementor-button-text\">DAHA FAZLA B\u0130LG\u0130 AL<\/span>\n\t\t\t\t\t<\/span>\n\t\t\t\t\t<\/a>\n\t\t\t\t<\/div>\n\t\t\t\t\t\t\t\t<\/div>\n\t\t\t\t<\/div>\n\t\t\t\t\t<\/div>\n\t\t<\/div>\n\t\t\t\t<div class=\"elementor-column elementor-col-33 elementor-inner-column elementor-element elementor-element-770315e0\" data-id=\"770315e0\" data-element_type=\"column\" data-e-type=\"column\">\n\t\t\t<div class=\"elementor-widget-wrap elementor-element-populated\">\n\t\t\t\t\t\t<div class=\"elementor-element elementor-element-1d277665 elementor-widget elementor-widget-image\" data-id=\"1d277665\" data-element_type=\"widget\" data-e-type=\"widget\" data-widget_type=\"image.default\">\n\t\t\t\t<div class=\"elementor-widget-container\">\n\t\t\t\t\t\t\t\t\t\t\t\t\t\t\t<img decoding=\"async\" width=\"350\" height=\"293\" src=\"https:\/\/tekirdagboschservisi.com.tr\/wp-content\/uploads\/2024\/06\/Bosch-Klima.jpg\" class=\"attachment-large size-large wp-image-474\" alt=\"\" srcset=\"https:\/\/tekirdagboschservisi.com.tr\/wp-content\/uploads\/2024\/06\/Bosch-Klima.jpg 350w, https:\/\/tekirdagboschservisi.com.tr\/wp-content\/uploads\/2024\/06\/Bosch-Klima-300x251.jpg 300w, https:\/\/tekirdagboschservisi.com.tr\/wp-content\/uploads\/2024\/06\/Bosch-Klima-230x193.jpg 230w\" sizes=\"(max-width: 350px) 100vw, 350px\" \/>\t\t\t\t\t\t\t\t\t\t\t\t\t\t\t<\/div>\n\t\t\t\t<\/div>\n\t\t\t\t<div class=\"elementor-element elementor-element-2aa050cc elementor-widget elementor-widget-heading\" data-id=\"2aa050cc\" data-element_type=\"widget\" data-e-type=\"widget\" data-widget_type=\"heading.default\">\n\t\t\t\t<div class=\"elementor-widget-container\">\n\t\t\t\t\t<h3 class=\"elementor-heading-title elementor-size-default\">Bosch Klima Montaj ve Demontaj Hizmeti<\/h3>\t\t\t\t<\/div>\n\t\t\t\t<\/div>\n\t\t\t\t<div class=\"elementor-element elementor-element-167c1a9b elementor-widget elementor-widget-text-editor\" data-id=\"167c1a9b\" data-element_type=\"widget\" data-e-type=\"widget\" data-widget_type=\"text-editor.default\">\n\t\t\t\t<div class=\"elementor-widget-container\">\n\t\t\t\t\t\t\t\t\t<p>Bosch kliman\u0131z\u0131n montaj\u0131 veya mevcut kliman\u0131z\u0131n g\u00fcvenli\u00a0<a href=\"https:\/\/tekirdagboschservisi.com.tr\/index.php\/tekirdag-bosch-klima-servisi\/\">bir<\/a> \u015fekilde ta\u015f\u0131nmas\u0131 m\u0131 gerekiyor? Tekirda\u011f Bosch Klima Montaj ve Demontaj Servisi, uzman teknik ekibi ve m\u00fc\u015fteri memnuniyeti odakl\u0131 hizmet anlay\u0131\u015f\u0131 ile kliman\u0131z\u0131n kurulum ve ta\u015f\u0131ma i\u015flemlerini en profesyonel \u015fekilde ger\u00e7ekle\u015ftirmek i\u00e7in&#8230;<\/p>\t\t\t\t\t\t\t\t<\/div>\n\t\t\t\t<\/div>\n\t\t\t\t<div class=\"elementor-element elementor-element-76434c85 elementor-align-center elementor-tablet-align-center elementor-widget elementor-widget-button\" data-id=\"76434c85\" data-element_type=\"widget\" data-e-type=\"widget\" data-widget_type=\"button.default\">\n\t\t\t\t<div class=\"elementor-widget-container\">\n\t\t\t\t\t\t\t\t\t<div class=\"elementor-button-wrapper\">\n\t\t\t\t\t<a class=\"elementor-button elementor-button-link elementor-size-sm\" href=\"https:\/\/tekirdagboschservisi.com.tr\/index.php\/tekirdag-bosch-klima-servisi\/tekirdag-bosch-klima-montaj-ve-demontaj-servisi-0282-263-22-96\/\">\n\t\t\t\t\t\t<span class=\"elementor-button-content-wrapper\">\n\t\t\t\t\t\t\t\t\t<span class=\"elementor-button-text\">DAHA FAZLA B\u0130LG\u0130 AL<\/span>\n\t\t\t\t\t<\/span>\n\t\t\t\t\t<\/a>\n\t\t\t\t<\/div>\n\t\t\t\t\t\t\t\t<\/div>\n\t\t\t\t<\/div>\n\t\t\t\t\t<\/div>\n\t\t<\/div>\n\t\t\t\t\t<\/div>\n\t\t<\/section>\n\t\t\t\t\t<\/div>\n\t\t<\/div>\n\t\t\t\t\t<\/div>\n\t\t<\/section>\n\t\t\t\t<\/div>\n\t\t","protected":false},"excerpt":{"rendered":"<p>\u00a0 Bosch Klima Servisi Tekirda\u011f Bosch Klima Servisi\u00a00282 263 22 96. Ya\u015fam\u0131m\u0131z\u0131n her alan\u0131nda elektronik cihazlar yer almaktad\u0131r. G\u00fcnden g\u00fcne geli\u015fen teknolojiler ile beraber evlerimizde [&hellip;]<\/p>\n","protected":false},"author":1,"featured_media":0,"parent":0,"menu_order":0,"comment_status":"closed","ping_status":"closed","template":"page-templates\/page_front-page.php","meta":{"footnotes":""},"class_list":["post-55","page","type-page","status-publish","hentry"],"yoast_head":"<!-- This site is optimized with the Yoast SEO plugin v27.4 - https:\/\/yoast.com\/product\/yoast-seo-wordpress\/ -->\n<title>Tekirda\u011f Bosch Klima Servisi - Tekirda\u011f Bosch Servisi<\/title>\n<meta name=\"description\" content=\"Tekirda\u011f Bosch Klima Servisi 0282 263 22 96. Bosch Klima Ar\u0131za Bak\u0131m ve Onar\u0131m \u0130\u015flemleriniz \u0130\u00e7in Bizimle \u0130leti\u015fime Ge\u00e7in 7\/24 Hizmetinizdeyiz\" \/>\n<meta name=\"robots\" content=\"index, follow, max-snippet:-1, max-image-preview:large, max-video-preview:-1\" \/>\n<link rel=\"canonical\" href=\"https:\/\/tekirdagboschservisi.com.tr\/index.php\/tekirdag-bosch-klima-servisi\/\" \/>\n<meta property=\"og:locale\" content=\"tr_TR\" \/>\n<meta property=\"og:type\" content=\"article\" \/>\n<meta property=\"og:title\" content=\"Tekirda\u011f Bosch Klima Servisi - Tekirda\u011f Bosch Servisi\" \/>\n<meta property=\"og:description\" content=\"Tekirda\u011f Bosch Klima Servisi 0282 263 22 96. Bosch Klima Ar\u0131za Bak\u0131m ve Onar\u0131m \u0130\u015flemleriniz \u0130\u00e7in Bizimle \u0130leti\u015fime Ge\u00e7in 7\/24 Hizmetinizdeyiz\" \/>\n<meta property=\"og:url\" content=\"https:\/\/tekirdagboschservisi.com.tr\/index.php\/tekirdag-bosch-klima-servisi\/\" \/>\n<meta property=\"og:site_name\" content=\"Tekirda\u011f Bosch Servisi\" \/>\n<meta property=\"article:modified_time\" content=\"2024-10-08T10:43:22+00:00\" \/>\n<meta property=\"og:image\" content=\"https:\/\/tekirdagboschservisi.com.tr\/wp-content\/uploads\/2024\/06\/Tekirdag-Bosch-Klima-Ariza-Bakim-Montaj-ve-Demontaj-Servisi.jpg\" \/>\n\t<meta property=\"og:image:width\" content=\"574\" \/>\n\t<meta property=\"og:image:height\" content=\"900\" \/>\n\t<meta property=\"og:image:type\" content=\"image\/jpeg\" \/>\n<meta name=\"twitter:card\" content=\"summary_large_image\" \/>\n<meta name=\"twitter:label1\" content=\"Tahmini okuma s\u00fcresi\" \/>\n\t<meta name=\"twitter:data1\" content=\"5 dakika\" \/>\n<script type=\"application\/ld+json\" class=\"yoast-schema-graph\">{\"@context\":\"https:\\\/\\\/schema.org\",\"@graph\":[{\"@type\":\"WebPage\",\"@id\":\"https:\\\/\\\/tekirdagboschservisi.com.tr\\\/index.php\\\/tekirdag-bosch-klima-servisi\\\/\",\"url\":\"https:\\\/\\\/tekirdagboschservisi.com.tr\\\/index.php\\\/tekirdag-bosch-klima-servisi\\\/\",\"name\":\"Tekirda\u011f Bosch Klima Servisi - Tekirda\u011f Bosch Servisi\",\"isPartOf\":{\"@id\":\"https:\\\/\\\/tekirdagboschservisi.com.tr\\\/#website\"},\"primaryImageOfPage\":{\"@id\":\"https:\\\/\\\/tekirdagboschservisi.com.tr\\\/index.php\\\/tekirdag-bosch-klima-servisi\\\/#primaryimage\"},\"image\":{\"@id\":\"https:\\\/\\\/tekirdagboschservisi.com.tr\\\/index.php\\\/tekirdag-bosch-klima-servisi\\\/#primaryimage\"},\"thumbnailUrl\":\"https:\\\/\\\/tekirdagboschservisi.com.tr\\\/wp-content\\\/uploads\\\/2024\\\/06\\\/Tekirdag-Bosch-Klima-Ariza-Bakim-Montaj-ve-Demontaj-Servisi.jpg\",\"datePublished\":\"2024-03-23T12:57:46+00:00\",\"dateModified\":\"2024-10-08T10:43:22+00:00\",\"description\":\"Tekirda\u011f Bosch Klima Servisi 0282 263 22 96. Bosch Klima Ar\u0131za Bak\u0131m ve Onar\u0131m \u0130\u015flemleriniz \u0130\u00e7in Bizimle \u0130leti\u015fime Ge\u00e7in 7\\\/24 Hizmetinizdeyiz\",\"breadcrumb\":{\"@id\":\"https:\\\/\\\/tekirdagboschservisi.com.tr\\\/index.php\\\/tekirdag-bosch-klima-servisi\\\/#breadcrumb\"},\"inLanguage\":\"tr\",\"potentialAction\":[{\"@type\":\"ReadAction\",\"target\":[\"https:\\\/\\\/tekirdagboschservisi.com.tr\\\/index.php\\\/tekirdag-bosch-klima-servisi\\\/\"]}]},{\"@type\":\"ImageObject\",\"inLanguage\":\"tr\",\"@id\":\"https:\\\/\\\/tekirdagboschservisi.com.tr\\\/index.php\\\/tekirdag-bosch-klima-servisi\\\/#primaryimage\",\"url\":\"https:\\\/\\\/tekirdagboschservisi.com.tr\\\/wp-content\\\/uploads\\\/2024\\\/06\\\/Tekirdag-Bosch-Klima-Ariza-Bakim-Montaj-ve-Demontaj-Servisi.jpg\",\"contentUrl\":\"https:\\\/\\\/tekirdagboschservisi.com.tr\\\/wp-content\\\/uploads\\\/2024\\\/06\\\/Tekirdag-Bosch-Klima-Ariza-Bakim-Montaj-ve-Demontaj-Servisi.jpg\",\"width\":574,\"height\":900,\"caption\":\"Tekirda\u011f Bosch Klima Ar\u0131za Bak\u0131m Montaj ve Demontaj Servisi\"},{\"@type\":\"BreadcrumbList\",\"@id\":\"https:\\\/\\\/tekirdagboschservisi.com.tr\\\/index.php\\\/tekirdag-bosch-klima-servisi\\\/#breadcrumb\",\"itemListElement\":[{\"@type\":\"ListItem\",\"position\":1,\"name\":\"Anasayfa\",\"item\":\"https:\\\/\\\/tekirdagboschservisi.com.tr\\\/\"},{\"@type\":\"ListItem\",\"position\":2,\"name\":\"Tekirda\u011f Bosch Klima Servisi\"}]},{\"@type\":\"WebSite\",\"@id\":\"https:\\\/\\\/tekirdagboschservisi.com.tr\\\/#website\",\"url\":\"https:\\\/\\\/tekirdagboschservisi.com.tr\\\/\",\"name\":\"Tekirda\u011f Bosch Servisi\",\"description\":\"0282 263 22 96\",\"publisher\":{\"@id\":\"https:\\\/\\\/tekirdagboschservisi.com.tr\\\/#organization\"},\"potentialAction\":[{\"@type\":\"SearchAction\",\"target\":{\"@type\":\"EntryPoint\",\"urlTemplate\":\"https:\\\/\\\/tekirdagboschservisi.com.tr\\\/?s={search_term_string}\"},\"query-input\":{\"@type\":\"PropertyValueSpecification\",\"valueRequired\":true,\"valueName\":\"search_term_string\"}}],\"inLanguage\":\"tr\"},{\"@type\":\"Organization\",\"@id\":\"https:\\\/\\\/tekirdagboschservisi.com.tr\\\/#organization\",\"name\":\"Tekirda\u011f Bosch Servisi\",\"url\":\"https:\\\/\\\/tekirdagboschservisi.com.tr\\\/\",\"logo\":{\"@type\":\"ImageObject\",\"inLanguage\":\"tr\",\"@id\":\"https:\\\/\\\/tekirdagboschservisi.com.tr\\\/#\\\/schema\\\/logo\\\/image\\\/\",\"url\":\"https:\\\/\\\/tekirdagboschservisi.com.tr\\\/wp-content\\\/uploads\\\/2024\\\/03\\\/7502c4fab3c11f90ed12b06b5e7b138d-1.jpg\",\"contentUrl\":\"https:\\\/\\\/tekirdagboschservisi.com.tr\\\/wp-content\\\/uploads\\\/2024\\\/03\\\/7502c4fab3c11f90ed12b06b5e7b138d-1.jpg\",\"width\":250,\"height\":92,\"caption\":\"Tekirda\u011f Bosch Servisi\"},\"image\":{\"@id\":\"https:\\\/\\\/tekirdagboschservisi.com.tr\\\/#\\\/schema\\\/logo\\\/image\\\/\"}}]}<\/script>\n<!-- \/ Yoast SEO plugin. -->","yoast_head_json":{"title":"Tekirda\u011f Bosch Klima Servisi - Tekirda\u011f Bosch Servisi","description":"Tekirda\u011f Bosch Klima Servisi 0282 263 22 96. Bosch Klima Ar\u0131za Bak\u0131m ve Onar\u0131m \u0130\u015flemleriniz \u0130\u00e7in Bizimle \u0130leti\u015fime Ge\u00e7in 7\/24 Hizmetinizdeyiz","robots":{"index":"index","follow":"follow","max-snippet":"max-snippet:-1","max-image-preview":"max-image-preview:large","max-video-preview":"max-video-preview:-1"},"canonical":"https:\/\/tekirdagboschservisi.com.tr\/index.php\/tekirdag-bosch-klima-servisi\/","og_locale":"tr_TR","og_type":"article","og_title":"Tekirda\u011f Bosch Klima Servisi - Tekirda\u011f Bosch Servisi","og_description":"Tekirda\u011f Bosch Klima Servisi 0282 263 22 96. Bosch Klima Ar\u0131za Bak\u0131m ve Onar\u0131m \u0130\u015flemleriniz \u0130\u00e7in Bizimle \u0130leti\u015fime Ge\u00e7in 7\/24 Hizmetinizdeyiz","og_url":"https:\/\/tekirdagboschservisi.com.tr\/index.php\/tekirdag-bosch-klima-servisi\/","og_site_name":"Tekirda\u011f Bosch Servisi","article_modified_time":"2024-10-08T10:43:22+00:00","og_image":[{"width":574,"height":900,"url":"https:\/\/tekirdagboschservisi.com.tr\/wp-content\/uploads\/2024\/06\/Tekirdag-Bosch-Klima-Ariza-Bakim-Montaj-ve-Demontaj-Servisi.jpg","type":"image\/jpeg"}],"twitter_card":"summary_large_image","twitter_misc":{"Tahmini okuma s\u00fcresi":"5 dakika"},"schema":{"@context":"https:\/\/schema.org","@graph":[{"@type":"WebPage","@id":"https:\/\/tekirdagboschservisi.com.tr\/index.php\/tekirdag-bosch-klima-servisi\/","url":"https:\/\/tekirdagboschservisi.com.tr\/index.php\/tekirdag-bosch-klima-servisi\/","name":"Tekirda\u011f Bosch Klima Servisi - Tekirda\u011f Bosch Servisi","isPartOf":{"@id":"https:\/\/tekirdagboschservisi.com.tr\/#website"},"primaryImageOfPage":{"@id":"https:\/\/tekirdagboschservisi.com.tr\/index.php\/tekirdag-bosch-klima-servisi\/#primaryimage"},"image":{"@id":"https:\/\/tekirdagboschservisi.com.tr\/index.php\/tekirdag-bosch-klima-servisi\/#primaryimage"},"thumbnailUrl":"https:\/\/tekirdagboschservisi.com.tr\/wp-content\/uploads\/2024\/06\/Tekirdag-Bosch-Klima-Ariza-Bakim-Montaj-ve-Demontaj-Servisi.jpg","datePublished":"2024-03-23T12:57:46+00:00","dateModified":"2024-10-08T10:43:22+00:00","description":"Tekirda\u011f Bosch Klima Servisi 0282 263 22 96. Bosch Klima Ar\u0131za Bak\u0131m ve Onar\u0131m \u0130\u015flemleriniz \u0130\u00e7in Bizimle \u0130leti\u015fime Ge\u00e7in 7\/24 Hizmetinizdeyiz","breadcrumb":{"@id":"https:\/\/tekirdagboschservisi.com.tr\/index.php\/tekirdag-bosch-klima-servisi\/#breadcrumb"},"inLanguage":"tr","potentialAction":[{"@type":"ReadAction","target":["https:\/\/tekirdagboschservisi.com.tr\/index.php\/tekirdag-bosch-klima-servisi\/"]}]},{"@type":"ImageObject","inLanguage":"tr","@id":"https:\/\/tekirdagboschservisi.com.tr\/index.php\/tekirdag-bosch-klima-servisi\/#primaryimage","url":"https:\/\/tekirdagboschservisi.com.tr\/wp-content\/uploads\/2024\/06\/Tekirdag-Bosch-Klima-Ariza-Bakim-Montaj-ve-Demontaj-Servisi.jpg","contentUrl":"https:\/\/tekirdagboschservisi.com.tr\/wp-content\/uploads\/2024\/06\/Tekirdag-Bosch-Klima-Ariza-Bakim-Montaj-ve-Demontaj-Servisi.jpg","width":574,"height":900,"caption":"Tekirda\u011f Bosch Klima Ar\u0131za Bak\u0131m Montaj ve Demontaj Servisi"},{"@type":"BreadcrumbList","@id":"https:\/\/tekirdagboschservisi.com.tr\/index.php\/tekirdag-bosch-klima-servisi\/#breadcrumb","itemListElement":[{"@type":"ListItem","position":1,"name":"Anasayfa","item":"https:\/\/tekirdagboschservisi.com.tr\/"},{"@type":"ListItem","position":2,"name":"Tekirda\u011f Bosch Klima Servisi"}]},{"@type":"WebSite","@id":"https:\/\/tekirdagboschservisi.com.tr\/#website","url":"https:\/\/tekirdagboschservisi.com.tr\/","name":"Tekirda\u011f Bosch Servisi","description":"0282 263 22 96","publisher":{"@id":"https:\/\/tekirdagboschservisi.com.tr\/#organization"},"potentialAction":[{"@type":"SearchAction","target":{"@type":"EntryPoint","urlTemplate":"https:\/\/tekirdagboschservisi.com.tr\/?s={search_term_string}"},"query-input":{"@type":"PropertyValueSpecification","valueRequired":true,"valueName":"search_term_string"}}],"inLanguage":"tr"},{"@type":"Organization","@id":"https:\/\/tekirdagboschservisi.com.tr\/#organization","name":"Tekirda\u011f Bosch Servisi","url":"https:\/\/tekirdagboschservisi.com.tr\/","logo":{"@type":"ImageObject","inLanguage":"tr","@id":"https:\/\/tekirdagboschservisi.com.tr\/#\/schema\/logo\/image\/","url":"https:\/\/tekirdagboschservisi.com.tr\/wp-content\/uploads\/2024\/03\/7502c4fab3c11f90ed12b06b5e7b138d-1.jpg","contentUrl":"https:\/\/tekirdagboschservisi.com.tr\/wp-content\/uploads\/2024\/03\/7502c4fab3c11f90ed12b06b5e7b138d-1.jpg","width":250,"height":92,"caption":"Tekirda\u011f Bosch Servisi"},"image":{"@id":"https:\/\/tekirdagboschservisi.com.tr\/#\/schema\/logo\/image\/"}}]}},"_links":{"self":[{"href":"https:\/\/tekirdagboschservisi.com.tr\/index.php\/wp-json\/wp\/v2\/pages\/55","targetHints":{"allow":["GET"]}}],"collection":[{"href":"https:\/\/tekirdagboschservisi.com.tr\/index.php\/wp-json\/wp\/v2\/pages"}],"about":[{"href":"https:\/\/tekirdagboschservisi.com.tr\/index.php\/wp-json\/wp\/v2\/types\/page"}],"author":[{"embeddable":true,"href":"https:\/\/tekirdagboschservisi.com.tr\/index.php\/wp-json\/wp\/v2\/users\/1"}],"replies":[{"embeddable":true,"href":"https:\/\/tekirdagboschservisi.com.tr\/index.php\/wp-json\/wp\/v2\/comments?post=55"}],"version-history":[{"count":8,"href":"https:\/\/tekirdagboschservisi.com.tr\/index.php\/wp-json\/wp\/v2\/pages\/55\/revisions"}],"predecessor-version":[{"id":1323,"href":"https:\/\/tekirdagboschservisi.com.tr\/index.php\/wp-json\/wp\/v2\/pages\/55\/revisions\/1323"}],"wp:attachment":[{"href":"https:\/\/tekirdagboschservisi.com.tr\/index.php\/wp-json\/wp\/v2\/media?parent=55"}],"curies":[{"name":"wp","href":"https:\/\/api.w.org\/{rel}","templated":true}]}}