{"id":547,"date":"2024-06-07T12:09:34","date_gmt":"2024-06-07T12:09:34","guid":{"rendered":"https:\/\/tekirdagboschservisi.com.tr\/?page_id=547"},"modified":"2024-10-08T10:48:54","modified_gmt":"2024-10-08T10:48:54","slug":"tekirdag-bosch-kombi-petek-temizligi-servisi-0282-263-22-96","status":"publish","type":"page","link":"https:\/\/tekirdagboschservisi.com.tr\/index.php\/tekirdag-bosch-kombi-servisi\/tekirdag-bosch-kombi-petek-temizligi-servisi-0282-263-22-96\/","title":{"rendered":"Tekirda\u011f Bosch Kombi Petek Temizli\u011fi Servisi 0282 263 22 96"},"content":{"rendered":"\t\t<div data-elementor-type=\"wp-page\" data-elementor-id=\"547\" class=\"elementor elementor-547\">\n\t\t\t\t<div class=\"elementor-element elementor-element-1d8ec598 e-flex e-con-boxed e-con e-parent\" data-id=\"1d8ec598\" data-element_type=\"container\" data-e-type=\"container\">\n\t\t\t\t\t<div class=\"e-con-inner\">\n\t\t\t\t<div class=\"elementor-element elementor-element-a266372 elementor-widget elementor-widget-text-editor\" data-id=\"a266372\" data-element_type=\"widget\" data-e-type=\"widget\" data-widget_type=\"text-editor.default\">\n\t\t\t\t<div class=\"elementor-widget-container\">\n\t\t\t\t\t\t\t\t\t<img fetchpriority=\"high\" decoding=\"async\" class=\"alignnone size-full wp-image-543 aligncenter\" src=\"https:\/\/tekirdagboschservisi.com.tr\/wp-content\/uploads\/2024\/06\/Tekirdag-Bosch-Kombi-Ariza-Bakim-Petek-ve-Radyator-Temizligi-Servisi.jpg\" alt=\"Tekirda\u011f Bosch Kombi Ar\u0131za Bak\u0131m Petek ve Radyat\u00f6r Temizli\u011fi Servisi\" width=\"960\" height=\"540\" srcset=\"https:\/\/tekirdagboschservisi.com.tr\/wp-content\/uploads\/2024\/06\/Tekirdag-Bosch-Kombi-Ariza-Bakim-Petek-ve-Radyator-Temizligi-Servisi.jpg 960w, https:\/\/tekirdagboschservisi.com.tr\/wp-content\/uploads\/2024\/06\/Tekirdag-Bosch-Kombi-Ariza-Bakim-Petek-ve-Radyator-Temizligi-Servisi-300x169.jpg 300w, https:\/\/tekirdagboschservisi.com.tr\/wp-content\/uploads\/2024\/06\/Tekirdag-Bosch-Kombi-Ariza-Bakim-Petek-ve-Radyator-Temizligi-Servisi-768x432.jpg 768w, https:\/\/tekirdagboschservisi.com.tr\/wp-content\/uploads\/2024\/06\/Tekirdag-Bosch-Kombi-Ariza-Bakim-Petek-ve-Radyator-Temizligi-Servisi-230x129.jpg 230w, https:\/\/tekirdagboschservisi.com.tr\/wp-content\/uploads\/2024\/06\/Tekirdag-Bosch-Kombi-Ariza-Bakim-Petek-ve-Radyator-Temizligi-Servisi-350x197.jpg 350w, https:\/\/tekirdagboschservisi.com.tr\/wp-content\/uploads\/2024\/06\/Tekirdag-Bosch-Kombi-Ariza-Bakim-Petek-ve-Radyator-Temizligi-Servisi-480x270.jpg 480w\" sizes=\"(max-width: 960px) 100vw, 960px\" \/>\r\n<div class=\"flex-shrink-0 flex flex-col relative items-end\">\r\n<div>\r\n<div class=\"pt-0.5 juice:pt-0\">\r\n<div class=\"gizmo-bot-avatar flex h-6 w-6 items-center justify-center overflow-hidden rounded-full juice:h-8 juice:w-8\">\r\n<div class=\"relative p-1 rounded-sm flex items-center justify-center bg-token-main-surface-primary text-token-text-primary h-8 w-8\"><\/div>\r\n<\/div>\r\n<\/div>\r\n<\/div>\r\n<\/div>\r\n<div class=\"group\/conversation-turn relative flex w-full min-w-0 flex-col agent-turn\">\r\n<div class=\"flex-col gap-1 md:gap-3\">\r\n<div class=\"flex flex-grow flex-col max-w-full\">\r\n<div class=\"min-h-[20px] text-message flex flex-col items-start whitespace-pre-wrap break-words [.text-message+&amp;]:mt-5 juice:w-full juice:items-end overflow-x-auto gap-2\" dir=\"auto\" data-message-author-role=\"assistant\" data-message-id=\"29d01005-09f7-4023-b8f7-26df70b5eb54\">\r\n<div class=\"flex w-full flex-col gap-1 juice:empty:hidden juice:first:pt-[3px]\">\r\n<div class=\"markdown prose w-full break-words dark:prose-invert light\">\r\n<h3>Tekirda\u011f Bosch Kombi Petek Temizli\u011fi Servisi: 0282 263 22 96<\/h3>\r\n\r\n<hr \/>\r\n\r\nKombinizin<a href=\"https:\/\/tekirdagboschservisi.com.tr\/index.php\/tekirdag-bosch-kombi-servisi\/\"> ve<\/a> peteklerinizin verimli \u00e7al\u0131\u015fmas\u0131n\u0131 sa\u011flamak i\u00e7in d\u00fczenli petek temizli\u011fi mi yapt\u0131rmak istiyorsunuz? Tekirda\u011f Bosch Kombi Petek Temizli\u011fi Servisi, uzman teknik ekibi ve m\u00fc\u015fteri memnuniyeti odakl\u0131 hizmet anlay\u0131\u015f\u0131 ile peteklerinizin en iyi performansta \u00e7al\u0131\u015fmas\u0131n\u0131 sa\u011flamak i\u00e7in burada!\r\n\r\n<strong>Hizmetlerimiz:<\/strong>\r\n<h4>Petek Temizli\u011fi<\/h4>\r\nPeteklerin i\u00e7inde biriken kir, tortu ve kire\u00e7, \u0131s\u0131tma sisteminizin verimini d\u00fc\u015f\u00fcrebilir. Tekirda\u011f Bosch Kombi Petek Temizli\u011fi Servisi olarak, peteklerinizin i\u00e7ini temizleyerek \u0131s\u0131 transferini art\u0131r\u0131yor ve enerji tasarrufu sa\u011fl\u0131yoruz. D\u00fczenli petek temizli\u011fi, evinizin her odas\u0131nda e\u015fit ve h\u0131zl\u0131 \u0131s\u0131nmay\u0131 garanti eder.\r\n<h4>Sistem Temizli\u011fi<\/h4>\r\nKombi ve petek sisteminin genel temizli\u011fi, \u0131s\u0131tma sisteminizin uzun \u00f6m\u00fcrl\u00fc ve verimli \u00e7al\u0131\u015fmas\u0131 i\u00e7in kritiktir. Uzman ekibimiz, kombi ve peteklerinizi detayl\u0131 bir \u015fekilde temizleyerek, sistemdeki t\u00fcm kir ve tortular\u0131 giderir. Bu sayede, kombinizin ve peteklerinizin daha az enerji harcayarak maksimum \u0131s\u0131tma sa\u011flamas\u0131n\u0131 sa\u011fl\u0131yoruz.\r\n<h4>Su ve Kimyasal Kullan\u0131m\u0131<\/h4>\r\nPetek temizli\u011finde, \u00f6zel kimyasallar ve temizleme cihazlar\u0131 kullanarak, peteklerinizin i\u00e7indeki t\u00fcm kir <a href=\"http:\/\/google.com.tr\">ve<\/a> tortular\u0131 etkili bir \u015fekilde temizliyoruz. Kimyasal temizleme i\u015flemi, peteklerin i\u00e7inde biriken kireci ve tortular\u0131 \u00e7\u00f6zerek, suyun daha verimli dola\u015fmas\u0131n\u0131 sa\u011flar. Bu i\u015flem, peteklerinizin \u0131s\u0131tma kapasitesini art\u0131r\u0131r ve enerji tasarrufu sa\u011flar.\r\n<h4>T\u0131kan\u0131kl\u0131k Giderme<\/h4>\r\nPeteklerinizde olu\u015fan t\u0131kan\u0131kl\u0131klar, \u0131s\u0131 da\u011f\u0131l\u0131m\u0131n\u0131 olumsuz etkileyebilir. T\u0131kan\u0131kl\u0131klar, peteklerin e\u015fit ve verimli \u0131s\u0131nmas\u0131n\u0131 engeller. Uzman teknisyenlerimiz, peteklerinizdeki t\u0131kan\u0131kl\u0131klar\u0131 tespit edip gidererek, t\u00fcm peteklerinizin e\u015fit \u015fekilde \u0131s\u0131nmas\u0131n\u0131 sa\u011fl\u0131yor. Bu sayede, \u0131s\u0131tma sisteminizin performans\u0131n\u0131 art\u0131r\u0131yoruz.\r\n<h4>Bas\u0131n\u00e7 Kontrol\u00fc ve Ayar\u0131<\/h4>\r\nPetek temizli\u011fi sonras\u0131 kombinizin ve \u0131s\u0131tma sisteminizin bas\u0131n\u00e7 ayarlar\u0131n\u0131 kontrol ediyoruz. Do\u011fru bas\u0131n\u00e7 ayarlar\u0131, sisteminizin g\u00fcvenli ve verimli \u00e7al\u0131\u015fmas\u0131n\u0131 sa\u011flar. Uzman ekibimiz, gerekli t\u00fcm kontrolleri yaparak, kombinizin ve peteklerinizin optimum performansta \u00e7al\u0131\u015fmas\u0131n\u0131 garanti eder.\r\n\r\n<strong>Neden Bizi Tercih Etmelisiniz?<\/strong>\r\n<ul>\r\n \t<li><strong>Uzman Kadro:<\/strong> Bosch kombiler ve petek temizli\u011fi konusunda e\u011fitimli ve deneyimli teknisyenlerimiz, cihaz\u0131n\u0131z\u0131n her t\u00fcrl\u00fc temizli\u011fini en profesyonel \u015fekilde ger\u00e7ekle\u015ftirir.<\/li>\r\n \t<li><strong>Kaliteli ve G\u00fcvenilir Hizmet:<\/strong> M\u00fc\u015fteri memnuniyetini \u00f6n planda tutarak, kaliteli hizmet sunmak i\u00e7in titizlikle \u00e7al\u0131\u015f\u0131yoruz. Her temizlik i\u015flemimizde, kombi ve peteklerinizin performans\u0131n\u0131 koruyoruz.<\/li>\r\n \t<li><strong>H\u0131zl\u0131 ve Etkin \u00c7\u00f6z\u00fcmler:<\/strong> Planl\u0131 temizlik hizmetlerimiz ile kombinizin ve peteklerinizin her zaman en iyi durumda olmas\u0131n\u0131 sa\u011fl\u0131yoruz. H\u0131zl\u0131 m\u00fcdahale ile zaman kayb\u0131n\u0131z\u0131 minimuma indiriyoruz.<\/li>\r\n \t<li><strong>Rekabet\u00e7i Fiyatlar:<\/strong> Kaliteli hizmeti uygun fiyatlarla sunarak, b\u00fct\u00e7enizi korumay\u0131 hedefliyoruz. Hizmetlerimizde \u015feffaf fiyat politikas\u0131 izleyerek, herhangi bir s\u00fcrprizle kar\u015f\u0131la\u015fman\u0131z\u0131 \u00f6nl\u00fcyoruz.<\/li>\r\n \t<li><strong>M\u00fc\u015fteri Odakl\u0131 Yakla\u015f\u0131m:<\/strong> Her m\u00fc\u015fterimizin ihtiya\u00e7lar\u0131na \u00f6zel \u00e7\u00f6z\u00fcmler sunuyor, her ad\u0131mda memnuniyetinizi sa\u011flamak i\u00e7in \u00e7al\u0131\u015f\u0131yoruz. \u0130htiya\u00e7 ve beklentilerinizi dinleyerek en uygun \u00e7\u00f6z\u00fcmleri \u00fcretiyoruz.<\/li>\r\n<\/ul>\r\nBosch kombinizin ve peteklerinizin d\u00fczenli temizli\u011fi i\u00e7in g\u00fcvenilir ve profesyonel hizmet almak ad\u0131na bizimle ileti\u015fime ge\u00e7in. Is\u0131tma sisteminizin en verimli \u015fekilde \u00e7al\u0131\u015fmas\u0131n\u0131 sa\u011flamak i\u00e7in, uzman ekibimizle her zaman yan\u0131n\u0131zday\u0131z.\r\n\r\nHizmetlerimizden yararlanmak ve daha fazla bilgi almak i\u00e7in hemen bizi aray\u0131n: <strong>0282 263 22 96<\/strong>\r\n\r\n<\/div>\r\n<\/div>\r\n<\/div>\r\n<\/div>\r\n<\/div>\r\n<\/div>\t\t\t\t\t\t\t\t<\/div>\n\t\t\t\t<\/div>\n\t\t\t\t\t<\/div>\n\t\t\t\t<\/div>\n\t\t\t\t<section class=\"elementor-section elementor-top-section elementor-element elementor-element-30731989 elementor-section-boxed elementor-section-height-default elementor-section-height-default\" data-id=\"30731989\" data-element_type=\"section\" data-e-type=\"section\">\n\t\t\t\t\t\t<div class=\"elementor-container elementor-column-gap-default\">\n\t\t\t\t\t<div class=\"elementor-column elementor-col-50 elementor-top-column elementor-element elementor-element-7426c756\" data-id=\"7426c756\" data-element_type=\"column\" data-e-type=\"column\">\n\t\t\t<div class=\"elementor-widget-wrap elementor-element-populated\">\n\t\t\t\t\t\t<div class=\"elementor-element elementor-element-2c7f9e4d elementor-widget elementor-widget-image\" data-id=\"2c7f9e4d\" data-element_type=\"widget\" data-e-type=\"widget\" data-widget_type=\"image.default\">\n\t\t\t\t<div class=\"elementor-widget-container\">\n\t\t\t\t\t\t\t\t\t\t\t\t\t\t\t<img decoding=\"async\" width=\"960\" height=\"540\" src=\"https:\/\/tekirdagboschservisi.com.tr\/wp-content\/uploads\/2024\/06\/Tekirdag-Bosch-Kombi-Ariza-Bakim-Petek-ve-Radyator-Temizligi-Servisi.jpg\" class=\"attachment-large size-large wp-image-543\" alt=\"Tekirda\u011f Bosch Kombi Ar\u0131za Bak\u0131m Petek ve Radyat\u00f6r Temizli\u011fi Servisi\" srcset=\"https:\/\/tekirdagboschservisi.com.tr\/wp-content\/uploads\/2024\/06\/Tekirdag-Bosch-Kombi-Ariza-Bakim-Petek-ve-Radyator-Temizligi-Servisi.jpg 960w, https:\/\/tekirdagboschservisi.com.tr\/wp-content\/uploads\/2024\/06\/Tekirdag-Bosch-Kombi-Ariza-Bakim-Petek-ve-Radyator-Temizligi-Servisi-300x169.jpg 300w, https:\/\/tekirdagboschservisi.com.tr\/wp-content\/uploads\/2024\/06\/Tekirdag-Bosch-Kombi-Ariza-Bakim-Petek-ve-Radyator-Temizligi-Servisi-768x432.jpg 768w, https:\/\/tekirdagboschservisi.com.tr\/wp-content\/uploads\/2024\/06\/Tekirdag-Bosch-Kombi-Ariza-Bakim-Petek-ve-Radyator-Temizligi-Servisi-230x129.jpg 230w, https:\/\/tekirdagboschservisi.com.tr\/wp-content\/uploads\/2024\/06\/Tekirdag-Bosch-Kombi-Ariza-Bakim-Petek-ve-Radyator-Temizligi-Servisi-350x197.jpg 350w, https:\/\/tekirdagboschservisi.com.tr\/wp-content\/uploads\/2024\/06\/Tekirdag-Bosch-Kombi-Ariza-Bakim-Petek-ve-Radyator-Temizligi-Servisi-480x270.jpg 480w\" sizes=\"(max-width: 960px) 100vw, 960px\" \/>\t\t\t\t\t\t\t\t\t\t\t\t\t\t\t<\/div>\n\t\t\t\t<\/div>\n\t\t\t\t\t<\/div>\n\t\t<\/div>\n\t\t\t\t<div class=\"elementor-column elementor-col-50 elementor-top-column elementor-element elementor-element-194addb\" data-id=\"194addb\" data-element_type=\"column\" data-e-type=\"column\">\n\t\t\t<div class=\"elementor-widget-wrap elementor-element-populated\">\n\t\t\t\t\t\t<div class=\"elementor-element elementor-element-7002a0ae elementor-widget elementor-widget-heading\" data-id=\"7002a0ae\" data-element_type=\"widget\" data-e-type=\"widget\" data-widget_type=\"heading.default\">\n\t\t\t\t<div class=\"elementor-widget-container\">\n\t\t\t\t\t<h2 class=\"elementor-heading-title elementor-size-default\">TEK\u0130RDA\u011e BOSCH KOMB\u0130 SERV\u0130S\u0130<\/h2>\t\t\t\t<\/div>\n\t\t\t\t<\/div>\n\t\t\t\t<div class=\"elementor-element elementor-element-379a245c elementor-widget-divider--view-line elementor-widget elementor-widget-divider\" data-id=\"379a245c\" data-element_type=\"widget\" data-e-type=\"widget\" data-widget_type=\"divider.default\">\n\t\t\t\t<div class=\"elementor-widget-container\">\n\t\t\t\t\t\t\t<div class=\"elementor-divider\">\n\t\t\t<span class=\"elementor-divider-separator\">\n\t\t\t\t\t\t<\/span>\n\t\t<\/div>\n\t\t\t\t\t\t<\/div>\n\t\t\t\t<\/div>\n\t\t\t\t<div class=\"elementor-element elementor-element-4ec3f945 elementor-widget elementor-widget-text-editor\" data-id=\"4ec3f945\" data-element_type=\"widget\" data-e-type=\"widget\" data-widget_type=\"text-editor.default\">\n\t\t\t\t<div class=\"elementor-widget-container\">\n\t\t\t\t\t\t\t\t\t<p><strong>Tekirda\u011f\u00a0 Bosch Kombi Servisi\u00a0<a href=\"https:\/\/tekirdagkombiservisi.net\/index.php\/hizmet-verilen-markalar\/bosch-kombi-servisi\/\">0282 263 22 96<\/a>\u00a0ayn\u0131 g\u00fcn Bosch Kombi hizmeti sunmaktay\u0131z. Yap\u0131lan i\u015flemler, ayr\u0131ca de\u011fi\u015ftirilen orijinal yedek par\u00e7alar firmam\u0131z taraf\u0131ndan 1 y\u0131l garantilidir.\u00a0 Bosch Kombi petek bak\u0131m\u0131 ayr\u0131ca Bosch Kombi kart tamiri hizmetimiz de mevcuttur. Tekirda\u011f\u00a0 Bosch Kombi Servisi 0282 263 22 96\u00a0 tamamen uzman ayr\u0131ca deneyimli bir ekiple hizmet vermektedir. Profesyonel kadromuz ara\u00e7lar\u0131nda bulunan orijinal yedek par\u00e7alar ile ayn\u0131 g\u00fcn hizmet sunmaktad\u0131r.<\/strong><\/p>\t\t\t\t\t\t\t\t<\/div>\n\t\t\t\t<\/div>\n\t\t\t\t<div class=\"elementor-element elementor-element-ada6689 elementor-align-center elementor-tablet-align-center elementor-widget elementor-widget-button\" data-id=\"ada6689\" data-element_type=\"widget\" data-e-type=\"widget\" data-widget_type=\"button.default\">\n\t\t\t\t<div class=\"elementor-widget-container\">\n\t\t\t\t\t\t\t\t\t<div class=\"elementor-button-wrapper\">\n\t\t\t\t\t<a class=\"elementor-button elementor-button-link elementor-size-sm\" href=\"https:\/\/tekirdagboschservisi.com.tr\/index.php\/tekirdag-bosch-kombi-servisi\/\">\n\t\t\t\t\t\t<span class=\"elementor-button-content-wrapper\">\n\t\t\t\t\t\t\t\t\t<span class=\"elementor-button-text\">DAHA FAZLA B\u0130LG\u0130 AL<\/span>\n\t\t\t\t\t<\/span>\n\t\t\t\t\t<\/a>\n\t\t\t\t<\/div>\n\t\t\t\t\t\t\t\t<\/div>\n\t\t\t\t<\/div>\n\t\t\t\t\t<\/div>\n\t\t<\/div>\n\t\t\t\t\t<\/div>\n\t\t<\/section>\n\t\t\t\t<section class=\"elementor-section elementor-top-section elementor-element elementor-element-2ebe06d1 elementor-section-boxed elementor-section-height-default elementor-section-height-default\" data-id=\"2ebe06d1\" data-element_type=\"section\" data-e-type=\"section\">\n\t\t\t\t\t\t<div class=\"elementor-container elementor-column-gap-default\">\n\t\t\t\t\t<div class=\"elementor-column elementor-col-100 elementor-top-column elementor-element elementor-element-ab8c9e1\" data-id=\"ab8c9e1\" data-element_type=\"column\" data-e-type=\"column\">\n\t\t\t<div class=\"elementor-widget-wrap elementor-element-populated\">\n\t\t\t\t\t\t<section class=\"elementor-section elementor-inner-section elementor-element elementor-element-6b6bc8dc elementor-section-boxed elementor-section-height-default elementor-section-height-default\" data-id=\"6b6bc8dc\" data-element_type=\"section\" data-e-type=\"section\">\n\t\t\t\t\t\t<div class=\"elementor-container elementor-column-gap-extended\">\n\t\t\t\t\t<div class=\"elementor-column elementor-col-100 elementor-inner-column elementor-element elementor-element-3f0dcb71\" data-id=\"3f0dcb71\" data-element_type=\"column\" data-e-type=\"column\">\n\t\t\t<div class=\"elementor-widget-wrap elementor-element-populated\">\n\t\t\t\t\t\t<div class=\"elementor-element elementor-element-6f7ac7c5 elementor-widget elementor-widget-heading\" data-id=\"6f7ac7c5\" data-element_type=\"widget\" data-e-type=\"widget\" data-widget_type=\"heading.default\">\n\t\t\t\t<div class=\"elementor-widget-container\">\n\t\t\t\t\t<h2 class=\"elementor-heading-title elementor-size-default\">Tekirda\u011f Bosch Kombi Servisi Hizmetleri<\/h2>\t\t\t\t<\/div>\n\t\t\t\t<\/div>\n\t\t\t\t\t<\/div>\n\t\t<\/div>\n\t\t\t\t\t<\/div>\n\t\t<\/section>\n\t\t\t\t<section class=\"elementor-section elementor-inner-section elementor-element elementor-element-380221cb elementor-section-boxed elementor-section-height-default elementor-section-height-default\" data-id=\"380221cb\" data-element_type=\"section\" data-e-type=\"section\">\n\t\t\t\t\t\t<div class=\"elementor-container elementor-column-gap-extended\">\n\t\t\t\t\t<div class=\"elementor-column elementor-col-33 elementor-inner-column elementor-element elementor-element-7c079126\" data-id=\"7c079126\" data-element_type=\"column\" data-e-type=\"column\">\n\t\t\t<div class=\"elementor-widget-wrap elementor-element-populated\">\n\t\t\t\t\t\t<div class=\"elementor-element elementor-element-219209da elementor-widget elementor-widget-image\" data-id=\"219209da\" data-element_type=\"widget\" data-e-type=\"widget\" data-widget_type=\"image.default\">\n\t\t\t\t<div class=\"elementor-widget-container\">\n\t\t\t\t\t\t\t\t\t\t\t\t\t\t\t<img decoding=\"async\" width=\"300\" height=\"251\" src=\"https:\/\/tekirdagboschservisi.com.tr\/wp-content\/uploads\/2024\/06\/Bosch-Kombi.jpg\" class=\"attachment-large size-large wp-image-476\" alt=\"\" srcset=\"https:\/\/tekirdagboschservisi.com.tr\/wp-content\/uploads\/2024\/06\/Bosch-Kombi.jpg 300w, https:\/\/tekirdagboschservisi.com.tr\/wp-content\/uploads\/2024\/06\/Bosch-Kombi-230x192.jpg 230w\" sizes=\"(max-width: 300px) 100vw, 300px\" \/>\t\t\t\t\t\t\t\t\t\t\t\t\t\t\t<\/div>\n\t\t\t\t<\/div>\n\t\t\t\t<div class=\"elementor-element elementor-element-5556de29 elementor-widget elementor-widget-heading\" data-id=\"5556de29\" data-element_type=\"widget\" data-e-type=\"widget\" data-widget_type=\"heading.default\">\n\t\t\t\t<div class=\"elementor-widget-container\">\n\t\t\t\t\t<h3 class=\"elementor-heading-title elementor-size-default\">Bosch Kombi Ar\u0131za Servisi<\/h3>\t\t\t\t<\/div>\n\t\t\t\t<\/div>\n\t\t\t\t<div class=\"elementor-element elementor-element-130638b1 elementor-widget elementor-widget-text-editor\" data-id=\"130638b1\" data-element_type=\"widget\" data-e-type=\"widget\" data-widget_type=\"text-editor.default\">\n\t\t\t\t<div class=\"elementor-widget-container\">\n\t\t\t\t\t\t\t\t\t<p>Bosch kombinizde ya\u015fad\u0131\u011f\u0131n\u0131z ar\u0131zalar ve\u00a0<a href=\"https:\/\/tekirdagboschservisi.com.tr\/index.php\/tekirdag-bosch-kombi-servisi\/\">bak\u0131m<\/a>\u00a0ihtiya\u00e7lar\u0131n\u0131z i\u00e7in g\u00fcvenilir bir servis mi ar\u0131yorsunuz? Tekirda\u011f Bosch Kombi Ar\u0131za Servisi, uzman teknik ekibi ve m\u00fc\u015fteri memnuniyeti odakl\u0131 hizmet anlay\u0131\u015f\u0131 ile kombinizin en iyi performansta \u00e7al\u0131\u015fmas\u0131n\u0131 sa\u011flamak i\u00e7in burada!<\/p>\t\t\t\t\t\t\t\t<\/div>\n\t\t\t\t<\/div>\n\t\t\t\t<div class=\"elementor-element elementor-element-2c9896a6 elementor-align-center elementor-tablet-align-center elementor-widget elementor-widget-button\" data-id=\"2c9896a6\" data-element_type=\"widget\" data-e-type=\"widget\" data-widget_type=\"button.default\">\n\t\t\t\t<div class=\"elementor-widget-container\">\n\t\t\t\t\t\t\t\t\t<div class=\"elementor-button-wrapper\">\n\t\t\t\t\t<a class=\"elementor-button elementor-button-link elementor-size-sm\" href=\"https:\/\/tekirdagboschservisi.com.tr\/index.php\/tekirdag-bosch-kombi-servisi\/tekirdag-bosch-kombi-ariza-servisi-0282-263-22-96\/\">\n\t\t\t\t\t\t<span class=\"elementor-button-content-wrapper\">\n\t\t\t\t\t\t\t\t\t<span class=\"elementor-button-text\">DAHA FAZLA B\u0130LG\u0130 AL<\/span>\n\t\t\t\t\t<\/span>\n\t\t\t\t\t<\/a>\n\t\t\t\t<\/div>\n\t\t\t\t\t\t\t\t<\/div>\n\t\t\t\t<\/div>\n\t\t\t\t\t<\/div>\n\t\t<\/div>\n\t\t\t\t<div class=\"elementor-column elementor-col-33 elementor-inner-column elementor-element elementor-element-22f684b3\" data-id=\"22f684b3\" data-element_type=\"column\" data-e-type=\"column\">\n\t\t\t<div class=\"elementor-widget-wrap elementor-element-populated\">\n\t\t\t\t\t\t<div class=\"elementor-element elementor-element-34db96b2 elementor-widget elementor-widget-image\" data-id=\"34db96b2\" data-element_type=\"widget\" data-e-type=\"widget\" data-widget_type=\"image.default\">\n\t\t\t\t<div class=\"elementor-widget-container\">\n\t\t\t\t\t\t\t\t\t\t\t\t\t\t\t<img decoding=\"async\" width=\"300\" height=\"251\" src=\"https:\/\/tekirdagboschservisi.com.tr\/wp-content\/uploads\/2024\/06\/Bosch-Kombi.jpg\" class=\"attachment-large size-large wp-image-476\" alt=\"\" srcset=\"https:\/\/tekirdagboschservisi.com.tr\/wp-content\/uploads\/2024\/06\/Bosch-Kombi.jpg 300w, https:\/\/tekirdagboschservisi.com.tr\/wp-content\/uploads\/2024\/06\/Bosch-Kombi-230x192.jpg 230w\" sizes=\"(max-width: 300px) 100vw, 300px\" \/>\t\t\t\t\t\t\t\t\t\t\t\t\t\t\t<\/div>\n\t\t\t\t<\/div>\n\t\t\t\t<div class=\"elementor-element elementor-element-7437583e elementor-widget elementor-widget-heading\" data-id=\"7437583e\" data-element_type=\"widget\" data-e-type=\"widget\" data-widget_type=\"heading.default\">\n\t\t\t\t<div class=\"elementor-widget-container\">\n\t\t\t\t\t<h3 class=\"elementor-heading-title elementor-size-default\">Bosch Kombi Bak\u0131m Servisi<\/h3>\t\t\t\t<\/div>\n\t\t\t\t<\/div>\n\t\t\t\t<div class=\"elementor-element elementor-element-5ab6d141 elementor-widget elementor-widget-text-editor\" data-id=\"5ab6d141\" data-element_type=\"widget\" data-e-type=\"widget\" data-widget_type=\"text-editor.default\">\n\t\t\t\t<div class=\"elementor-widget-container\">\n\t\t\t\t\t\t\t\t\t<p>Bosch kombinizin d\u00fczenli bak\u0131m\u0131n\u0131\u00a0<a href=\"https:\/\/tekirdagboschservisi.com.tr\/index.php\/tekirdag-bosch-kombi-servisi\/\">yapt\u0131rmak<\/a>\u00a0m\u0131 istiyorsunuz? Tekirda\u011f Bosch Kombi Bak\u0131m Servisi, uzman teknik ekibi ve m\u00fc\u015fteri memnuniyeti odakl\u0131 hizmet anlay\u0131\u015f\u0131 ile kombinizin en iyi performansta \u00e7al\u0131\u015fmas\u0131n\u0131 sa\u011flamak i\u00e7in burada!<\/p>\t\t\t\t\t\t\t\t<\/div>\n\t\t\t\t<\/div>\n\t\t\t\t<div class=\"elementor-element elementor-element-541ada71 elementor-align-center elementor-tablet-align-center elementor-widget elementor-widget-button\" data-id=\"541ada71\" data-element_type=\"widget\" data-e-type=\"widget\" data-widget_type=\"button.default\">\n\t\t\t\t<div class=\"elementor-widget-container\">\n\t\t\t\t\t\t\t\t\t<div class=\"elementor-button-wrapper\">\n\t\t\t\t\t<a class=\"elementor-button elementor-button-link elementor-size-sm\" href=\"https:\/\/tekirdagboschservisi.com.tr\/index.php\/tekirdag-bosch-kombi-servisi\/tekirdag-bosch-kombi-bakim-servisi-0282-263-22-96\/\">\n\t\t\t\t\t\t<span class=\"elementor-button-content-wrapper\">\n\t\t\t\t\t\t\t\t\t<span class=\"elementor-button-text\">DAHA FAZLA B\u0130LG\u0130 AL<\/span>\n\t\t\t\t\t<\/span>\n\t\t\t\t\t<\/a>\n\t\t\t\t<\/div>\n\t\t\t\t\t\t\t\t<\/div>\n\t\t\t\t<\/div>\n\t\t\t\t\t<\/div>\n\t\t<\/div>\n\t\t\t\t<div class=\"elementor-column elementor-col-33 elementor-inner-column elementor-element elementor-element-5e548c9b\" data-id=\"5e548c9b\" data-element_type=\"column\" data-e-type=\"column\">\n\t\t\t<div class=\"elementor-widget-wrap elementor-element-populated\">\n\t\t\t\t\t\t<div class=\"elementor-element elementor-element-e9f312 elementor-widget elementor-widget-image\" data-id=\"e9f312\" data-element_type=\"widget\" data-e-type=\"widget\" data-widget_type=\"image.default\">\n\t\t\t\t<div class=\"elementor-widget-container\">\n\t\t\t\t\t\t\t\t\t\t\t\t\t\t\t<img decoding=\"async\" width=\"300\" height=\"251\" src=\"https:\/\/tekirdagboschservisi.com.tr\/wp-content\/uploads\/2024\/06\/Bosch-Kombi.jpg\" class=\"attachment-large size-large wp-image-476\" alt=\"\" srcset=\"https:\/\/tekirdagboschservisi.com.tr\/wp-content\/uploads\/2024\/06\/Bosch-Kombi.jpg 300w, https:\/\/tekirdagboschservisi.com.tr\/wp-content\/uploads\/2024\/06\/Bosch-Kombi-230x192.jpg 230w\" sizes=\"(max-width: 300px) 100vw, 300px\" \/>\t\t\t\t\t\t\t\t\t\t\t\t\t\t\t<\/div>\n\t\t\t\t<\/div>\n\t\t\t\t<div class=\"elementor-element elementor-element-78074c01 elementor-widget elementor-widget-heading\" data-id=\"78074c01\" data-element_type=\"widget\" data-e-type=\"widget\" data-widget_type=\"heading.default\">\n\t\t\t\t<div class=\"elementor-widget-container\">\n\t\t\t\t\t<h3 class=\"elementor-heading-title elementor-size-default\">Bosch Kombi Petek Temizli\u011fi<\/h3>\t\t\t\t<\/div>\n\t\t\t\t<\/div>\n\t\t\t\t<div class=\"elementor-element elementor-element-3297afd5 elementor-widget elementor-widget-text-editor\" data-id=\"3297afd5\" data-element_type=\"widget\" data-e-type=\"widget\" data-widget_type=\"text-editor.default\">\n\t\t\t\t<div class=\"elementor-widget-container\">\n\t\t\t\t\t\t\t\t\t<p>Kombinizin<a href=\"https:\/\/tekirdagboschservisi.com.tr\/index.php\/tekirdag-bosch-kombi-servisi\/\">\u00a0ve<\/a>\u00a0peteklerinizin verimli \u00e7al\u0131\u015fmas\u0131n\u0131 sa\u011flamak i\u00e7in d\u00fczenli petek temizli\u011fi mi yapt\u0131rmak istiyorsunuz? Tekirda\u011f Bosch Kombi Petek Temizli\u011fi Servisi, uzman teknik ekibi ve m\u00fc\u015fteri memnuniyeti odakl\u0131 hizmet anlay\u0131\u015f\u0131 ile peteklerinizin en iyi performansta \u00e7al\u0131\u015fmas\u0131n\u0131 sa\u011flamak i\u00e7in burada!<\/p>\t\t\t\t\t\t\t\t<\/div>\n\t\t\t\t<\/div>\n\t\t\t\t<div class=\"elementor-element elementor-element-6241e8f6 elementor-align-center elementor-tablet-align-center elementor-widget elementor-widget-button\" data-id=\"6241e8f6\" data-element_type=\"widget\" data-e-type=\"widget\" data-widget_type=\"button.default\">\n\t\t\t\t<div class=\"elementor-widget-container\">\n\t\t\t\t\t\t\t\t\t<div class=\"elementor-button-wrapper\">\n\t\t\t\t\t<a class=\"elementor-button elementor-button-link elementor-size-sm\" href=\"https:\/\/tekirdagboschservisi.com.tr\/index.php\/tekirdag-bosch-kombi-servisi\/tekirdag-bosch-kombi-petek-temizligi-servisi-0282-263-22-96\/\">\n\t\t\t\t\t\t<span class=\"elementor-button-content-wrapper\">\n\t\t\t\t\t\t\t\t\t<span class=\"elementor-button-text\">DAHA FAZLA B\u0130LG\u0130 AL<\/span>\n\t\t\t\t\t<\/span>\n\t\t\t\t\t<\/a>\n\t\t\t\t<\/div>\n\t\t\t\t\t\t\t\t<\/div>\n\t\t\t\t<\/div>\n\t\t\t\t\t<\/div>\n\t\t<\/div>\n\t\t\t\t\t<\/div>\n\t\t<\/section>\n\t\t\t\t\t<\/div>\n\t\t<\/div>\n\t\t\t\t\t<\/div>\n\t\t<\/section>\n\t\t<div class=\"elementor-element elementor-element-2e62134 e-flex e-con-boxed e-con e-parent\" data-id=\"2e62134\" data-element_type=\"container\" data-e-type=\"container\">\n\t\t\t\t\t<div class=\"e-con-inner\">\n\t\t\t\t<div class=\"elementor-element elementor-element-9d93aaf elementor-widget elementor-widget-athemes-posts\" data-id=\"9d93aaf\" data-element_type=\"widget\" data-e-type=\"widget\" data-widget_type=\"athemes-posts.default\">\n\t\t\t\t<div class=\"elementor-widget-container\">\n\t\t\t\t\t\n\t\t<div class=\"panel-grid-cell\">\t\t\t<div class=\"latest-news-wrapper carousel owl-carousel row style1\">\n\t\t\t\t\t\t\t<div class=\"blog-post col-md-12\">\n\t\t\t\t\t\t\t\t\t\t\t\t\t\t\t\t\t\t\t\t\n\t\t\t\t\t<div class=\"post-background\" style=\"background-image: url(  )\"><\/div>\t\t\t\n\t\t\t\t\t\t\t\t\t\t\n\t\t\t\t\t\t\t\t\t<div class=\"entry-meta delimiter-dot\">\n\t\t\t\t\t\t\t\t\t\t\t\t\t\t\t\t\n\t\t\t\t\t<\/div>\n\t\t\t\t\t\t\t\t<h4 class=\"entry-title\"><a href=\"https:\/\/tekirdagboschservisi.com.tr\/index.php\/2024\/03\/28\/bosch-kombi-atesleme-yapmiyor\/\" rel=\"bookmark\">Bosch Kombi Ate\u015fleme Yapm\u0131yor<\/a><\/h4>\t\t\t\t\t<div class=\"entry-summary\">\n\t\t\t\t\t<p>Bosch Kombi Ate\u015fleme Yapm\u0131yor: Sorunlar ve \u00c7\u00f6z\u00fcm \u00d6nerileri Bosch kombiniz ate\u015fleme yapm\u0131yorsa, birka\u00e7 farkl\u0131 nedeni olabilir. \u0130\u015fte bu sorunun yayg\u0131n nedenleri ve \u00e7\u00f6z\u00fcm \u00f6nerileri: 1. [&hellip;]<\/p>\n<\/div>\n\t\t\t\t<\/div>\n\t\t\t\t\t\t\t<div class=\"blog-post col-md-12\">\n\t\t\t\t\t\t\t\t\t\t\t\t\t\t\t\t\t\t\t\t\n\t\t\t\t\t<div class=\"post-background\" style=\"background-image: url(  )\"><\/div>\t\t\t\n\t\t\t\t\t\t\t\t\t\t\n\t\t\t\t\t\t\t\t\t<div class=\"entry-meta delimiter-dot\">\n\t\t\t\t\t\t\t\t\t\t\t\t\t\t\t\t\n\t\t\t\t\t<\/div>\n\t\t\t\t\t\t\t\t<h4 class=\"entry-title\"><a href=\"https:\/\/tekirdagboschservisi.com.tr\/index.php\/2024\/03\/28\/bosch-kombi-su-akitiyor\/\" rel=\"bookmark\">Bosch Kombi Su Ak\u0131t\u0131yor<\/a><\/h4>\t\t\t\t\t<div class=\"entry-summary\">\n\t\t\t\t\t<p>Bosch Kombi Su Ak\u0131t\u0131yor: Sorunlar ve \u00c7\u00f6z\u00fcm \u00d6nerileri Bosch kombiniz su ak\u0131t\u0131yorsa, bu durumun \u00e7e\u015fitli sebepleri olabilir. \u0130\u015fte bu sorunun yayg\u0131n nedenleri ve \u00e7\u00f6z\u00fcm \u00f6nerileri: [&hellip;]<\/p>\n<\/div>\n\t\t\t\t<\/div>\n\t\t\t\t\t\t\t<div class=\"blog-post col-md-12\">\n\t\t\t\t\t\t\t\t\t\t\t\t\t\t\t\t\t\t\t\t\n\t\t\t\t\t<div class=\"post-background\" style=\"background-image: url(  )\"><\/div>\t\t\t\n\t\t\t\t\t\t\t\t\t\t\n\t\t\t\t\t\t\t\t\t<div class=\"entry-meta delimiter-dot\">\n\t\t\t\t\t\t\t\t\t\t\t\t\t\t\t\t\n\t\t\t\t\t<\/div>\n\t\t\t\t\t\t\t\t<h4 class=\"entry-title\"><a href=\"https:\/\/tekirdagboschservisi.com.tr\/index.php\/2024\/03\/28\/bosch-kombi-calismiyor\/\" rel=\"bookmark\">Bosch Kombi \u00c7al\u0131\u015fm\u0131yor<\/a><\/h4>\t\t\t\t\t<div class=\"entry-summary\">\n\t\t\t\t\t<p>Bosch Kombi \u00c7al\u0131\u015fm\u0131yor: Sorunlar ve \u00c7\u00f6z\u00fcm \u00d6nerileri Bosch kombiniz \u00e7al\u0131\u015fm\u0131yorsa, birka\u00e7 farkl\u0131 sebepten kaynaklan\u0131yor olabilir. \u0130\u015fte kar\u015f\u0131la\u015fabilece\u011finiz sorunlar ve \u00e7\u00f6z\u00fcm \u00f6nerileri: 1. G\u00fc\u00e7 Kayna\u011f\u0131 Sorunlar\u0131: [&hellip;]<\/p>\n<\/div>\n\t\t\t\t<\/div>\n\t\t\t\t\t\t\t<div class=\"blog-post col-md-12\">\n\t\t\t\t\t\t\t\t\t\t\t\t\t\t\t\t\t\t\t\t\n\t\t\t\t\t<div class=\"post-background\" style=\"background-image: url(  )\"><\/div>\t\t\t\n\t\t\t\t\t\t\t\t\t\t\n\t\t\t\t\t\t\t\t\t<div class=\"entry-meta delimiter-dot\">\n\t\t\t\t\t\t\t\t\t\t\t\t\t\t\t\t\n\t\t\t\t\t<\/div>\n\t\t\t\t\t\t\t\t<h4 class=\"entry-title\"><a href=\"https:\/\/tekirdagboschservisi.com.tr\/index.php\/2024\/03\/28\/bosch-condens-kombi-1017-ariza-kodu-ve-cozum-onerileri\/\" rel=\"bookmark\">Bosch Condens Kombi 1017 Ar\u0131za Kodu ve \u00c7\u00f6z\u00fcm \u00d6nerileri<\/a><\/h4>\t\t\t\t\t<div class=\"entry-summary\">\n\t\t\t\t\t<p>Bosch Condens Kombi 2200i W 1017 Ar\u0131za Kodu ve \u00c7\u00f6z\u00fcm \u00d6nerileri Bosch Condens Kombi 2200i W modelinde s\u0131kl\u0131kla kar\u015f\u0131la\u015f\u0131lan ar\u0131za kodlar\u0131ndan biri 1017&#8217;dir. Bu kod, [&hellip;]<\/p>\n<\/div>\n\t\t\t\t<\/div>\n\t\t\t\t\t\t<\/div>\n\t\t<\/div>\n\n\t\t\t\t\t\t\t\t\t\t\t\t<a href=\"https:\/\/tekirdagboschservisi.com.tr\/index.php\/category\/tekirdag-bosch-kombi-servisi\/\" class=\"roll-button more-button\">Bloglar<\/a>\n\t\t\t\t\n\t\t\t\n\t\t\n\t\t\t\t\t\t<\/div>\n\t\t\t\t<\/div>\n\t\t\t\t\t<\/div>\n\t\t\t\t<\/div>\n\t\t\t\t<\/div>\n\t\t","protected":false},"excerpt":{"rendered":"<p>Tekirda\u011f Bosch Kombi Petek Temizli\u011fi Servisi: 0282 263 22 96 Kombinizin ve peteklerinizin verimli \u00e7al\u0131\u015fmas\u0131n\u0131 sa\u011flamak i\u00e7in d\u00fczenli petek temizli\u011fi mi yapt\u0131rmak istiyorsunuz? Tekirda\u011f Bosch [&hellip;]<\/p>\n","protected":false},"author":1,"featured_media":0,"parent":58,"menu_order":3,"comment_status":"closed","ping_status":"closed","template":"page-templates\/page_front-page.php","meta":{"footnotes":""},"class_list":["post-547","page","type-page","status-publish","hentry"],"yoast_head":"<!-- This site is optimized with the Yoast SEO plugin v27.4 - https:\/\/yoast.com\/product\/yoast-seo-wordpress\/ -->\n<title>Tekirda\u011f Bosch Kombi Petek Temizli\u011fi Servisi 0282 263 22 96 - Tekirda\u011f Bosch Servisi<\/title>\n<meta name=\"description\" content=\"Tekirda\u011f Bosch Kombi Petek Temizli\u011fi Servisi 0282 263 22 96 Bosch kombinizin ve peteklerinizin d\u00fczenli temizli\u011fi i\u00e7in g\u00fcvenilir ve profesyonel\" \/>\n<meta name=\"robots\" content=\"index, follow, max-snippet:-1, max-image-preview:large, max-video-preview:-1\" \/>\n<link rel=\"canonical\" href=\"https:\/\/tekirdagboschservisi.com.tr\/index.php\/tekirdag-bosch-kombi-servisi\/tekirdag-bosch-kombi-petek-temizligi-servisi-0282-263-22-96\/\" \/>\n<meta property=\"og:locale\" content=\"tr_TR\" \/>\n<meta property=\"og:type\" content=\"article\" \/>\n<meta property=\"og:title\" content=\"Tekirda\u011f Bosch Kombi Petek Temizli\u011fi Servisi 0282 263 22 96 - Tekirda\u011f Bosch Servisi\" \/>\n<meta property=\"og:description\" content=\"Tekirda\u011f Bosch Kombi Petek Temizli\u011fi Servisi 0282 263 22 96 Bosch kombinizin ve peteklerinizin d\u00fczenli temizli\u011fi i\u00e7in g\u00fcvenilir ve profesyonel\" \/>\n<meta property=\"og:url\" content=\"https:\/\/tekirdagboschservisi.com.tr\/index.php\/tekirdag-bosch-kombi-servisi\/tekirdag-bosch-kombi-petek-temizligi-servisi-0282-263-22-96\/\" \/>\n<meta property=\"og:site_name\" content=\"Tekirda\u011f Bosch Servisi\" \/>\n<meta property=\"article:modified_time\" content=\"2024-10-08T10:48:54+00:00\" \/>\n<meta property=\"og:image\" content=\"https:\/\/tekirdagboschservisi.com.tr\/wp-content\/uploads\/2024\/06\/Tekirdag-Bosch-Kombi-Ariza-Bakim-Petek-ve-Radyator-Temizligi-Servisi.jpg\" \/>\n\t<meta property=\"og:image:width\" content=\"960\" \/>\n\t<meta property=\"og:image:height\" content=\"540\" \/>\n\t<meta property=\"og:image:type\" content=\"image\/jpeg\" \/>\n<meta name=\"twitter:card\" content=\"summary_large_image\" \/>\n<meta name=\"twitter:label1\" content=\"Tahmini okuma s\u00fcresi\" \/>\n\t<meta name=\"twitter:data1\" content=\"9 dakika\" \/>\n<script type=\"application\/ld+json\" class=\"yoast-schema-graph\">{\"@context\":\"https:\\\/\\\/schema.org\",\"@graph\":[{\"@type\":\"WebPage\",\"@id\":\"https:\\\/\\\/tekirdagboschservisi.com.tr\\\/index.php\\\/tekirdag-bosch-kombi-servisi\\\/tekirdag-bosch-kombi-petek-temizligi-servisi-0282-263-22-96\\\/\",\"url\":\"https:\\\/\\\/tekirdagboschservisi.com.tr\\\/index.php\\\/tekirdag-bosch-kombi-servisi\\\/tekirdag-bosch-kombi-petek-temizligi-servisi-0282-263-22-96\\\/\",\"name\":\"Tekirda\u011f Bosch Kombi Petek Temizli\u011fi Servisi 0282 263 22 96 - Tekirda\u011f Bosch Servisi\",\"isPartOf\":{\"@id\":\"https:\\\/\\\/tekirdagboschservisi.com.tr\\\/#website\"},\"primaryImageOfPage\":{\"@id\":\"https:\\\/\\\/tekirdagboschservisi.com.tr\\\/index.php\\\/tekirdag-bosch-kombi-servisi\\\/tekirdag-bosch-kombi-petek-temizligi-servisi-0282-263-22-96\\\/#primaryimage\"},\"image\":{\"@id\":\"https:\\\/\\\/tekirdagboschservisi.com.tr\\\/index.php\\\/tekirdag-bosch-kombi-servisi\\\/tekirdag-bosch-kombi-petek-temizligi-servisi-0282-263-22-96\\\/#primaryimage\"},\"thumbnailUrl\":\"https:\\\/\\\/tekirdagboschservisi.com.tr\\\/wp-content\\\/uploads\\\/2024\\\/06\\\/Tekirdag-Bosch-Kombi-Ariza-Bakim-Petek-ve-Radyator-Temizligi-Servisi.jpg\",\"datePublished\":\"2024-06-07T12:09:34+00:00\",\"dateModified\":\"2024-10-08T10:48:54+00:00\",\"description\":\"Tekirda\u011f Bosch Kombi Petek Temizli\u011fi Servisi 0282 263 22 96 Bosch kombinizin ve peteklerinizin d\u00fczenli temizli\u011fi i\u00e7in g\u00fcvenilir ve profesyonel\",\"breadcrumb\":{\"@id\":\"https:\\\/\\\/tekirdagboschservisi.com.tr\\\/index.php\\\/tekirdag-bosch-kombi-servisi\\\/tekirdag-bosch-kombi-petek-temizligi-servisi-0282-263-22-96\\\/#breadcrumb\"},\"inLanguage\":\"tr\",\"potentialAction\":[{\"@type\":\"ReadAction\",\"target\":[\"https:\\\/\\\/tekirdagboschservisi.com.tr\\\/index.php\\\/tekirdag-bosch-kombi-servisi\\\/tekirdag-bosch-kombi-petek-temizligi-servisi-0282-263-22-96\\\/\"]}]},{\"@type\":\"ImageObject\",\"inLanguage\":\"tr\",\"@id\":\"https:\\\/\\\/tekirdagboschservisi.com.tr\\\/index.php\\\/tekirdag-bosch-kombi-servisi\\\/tekirdag-bosch-kombi-petek-temizligi-servisi-0282-263-22-96\\\/#primaryimage\",\"url\":\"https:\\\/\\\/tekirdagboschservisi.com.tr\\\/wp-content\\\/uploads\\\/2024\\\/06\\\/Tekirdag-Bosch-Kombi-Ariza-Bakim-Petek-ve-Radyator-Temizligi-Servisi.jpg\",\"contentUrl\":\"https:\\\/\\\/tekirdagboschservisi.com.tr\\\/wp-content\\\/uploads\\\/2024\\\/06\\\/Tekirdag-Bosch-Kombi-Ariza-Bakim-Petek-ve-Radyator-Temizligi-Servisi.jpg\",\"width\":960,\"height\":540,\"caption\":\"Tekirda\u011f Bosch Kombi Ar\u0131za Bak\u0131m Petek ve Radyat\u00f6r Temizli\u011fi Servisi\"},{\"@type\":\"BreadcrumbList\",\"@id\":\"https:\\\/\\\/tekirdagboschservisi.com.tr\\\/index.php\\\/tekirdag-bosch-kombi-servisi\\\/tekirdag-bosch-kombi-petek-temizligi-servisi-0282-263-22-96\\\/#breadcrumb\",\"itemListElement\":[{\"@type\":\"ListItem\",\"position\":1,\"name\":\"Anasayfa\",\"item\":\"https:\\\/\\\/tekirdagboschservisi.com.tr\\\/\"},{\"@type\":\"ListItem\",\"position\":2,\"name\":\"Tekirda\u011f Bosch Kombi Servisi\",\"item\":\"https:\\\/\\\/tekirdagboschservisi.com.tr\\\/index.php\\\/tekirdag-bosch-kombi-servisi\\\/\"},{\"@type\":\"ListItem\",\"position\":3,\"name\":\"Tekirda\u011f Bosch Kombi Petek Temizli\u011fi Servisi 0282 263 22 96\"}]},{\"@type\":\"WebSite\",\"@id\":\"https:\\\/\\\/tekirdagboschservisi.com.tr\\\/#website\",\"url\":\"https:\\\/\\\/tekirdagboschservisi.com.tr\\\/\",\"name\":\"Tekirda\u011f Bosch Servisi\",\"description\":\"0282 263 22 96\",\"publisher\":{\"@id\":\"https:\\\/\\\/tekirdagboschservisi.com.tr\\\/#organization\"},\"potentialAction\":[{\"@type\":\"SearchAction\",\"target\":{\"@type\":\"EntryPoint\",\"urlTemplate\":\"https:\\\/\\\/tekirdagboschservisi.com.tr\\\/?s={search_term_string}\"},\"query-input\":{\"@type\":\"PropertyValueSpecification\",\"valueRequired\":true,\"valueName\":\"search_term_string\"}}],\"inLanguage\":\"tr\"},{\"@type\":\"Organization\",\"@id\":\"https:\\\/\\\/tekirdagboschservisi.com.tr\\\/#organization\",\"name\":\"Tekirda\u011f Bosch Servisi\",\"url\":\"https:\\\/\\\/tekirdagboschservisi.com.tr\\\/\",\"logo\":{\"@type\":\"ImageObject\",\"inLanguage\":\"tr\",\"@id\":\"https:\\\/\\\/tekirdagboschservisi.com.tr\\\/#\\\/schema\\\/logo\\\/image\\\/\",\"url\":\"https:\\\/\\\/tekirdagboschservisi.com.tr\\\/wp-content\\\/uploads\\\/2024\\\/03\\\/7502c4fab3c11f90ed12b06b5e7b138d-1.jpg\",\"contentUrl\":\"https:\\\/\\\/tekirdagboschservisi.com.tr\\\/wp-content\\\/uploads\\\/2024\\\/03\\\/7502c4fab3c11f90ed12b06b5e7b138d-1.jpg\",\"width\":250,\"height\":92,\"caption\":\"Tekirda\u011f Bosch Servisi\"},\"image\":{\"@id\":\"https:\\\/\\\/tekirdagboschservisi.com.tr\\\/#\\\/schema\\\/logo\\\/image\\\/\"}}]}<\/script>\n<!-- \/ Yoast SEO plugin. -->","yoast_head_json":{"title":"Tekirda\u011f Bosch Kombi Petek Temizli\u011fi Servisi 0282 263 22 96 - Tekirda\u011f Bosch Servisi","description":"Tekirda\u011f Bosch Kombi Petek Temizli\u011fi Servisi 0282 263 22 96 Bosch kombinizin ve peteklerinizin d\u00fczenli temizli\u011fi i\u00e7in g\u00fcvenilir ve profesyonel","robots":{"index":"index","follow":"follow","max-snippet":"max-snippet:-1","max-image-preview":"max-image-preview:large","max-video-preview":"max-video-preview:-1"},"canonical":"https:\/\/tekirdagboschservisi.com.tr\/index.php\/tekirdag-bosch-kombi-servisi\/tekirdag-bosch-kombi-petek-temizligi-servisi-0282-263-22-96\/","og_locale":"tr_TR","og_type":"article","og_title":"Tekirda\u011f Bosch Kombi Petek Temizli\u011fi Servisi 0282 263 22 96 - Tekirda\u011f Bosch Servisi","og_description":"Tekirda\u011f Bosch Kombi Petek Temizli\u011fi Servisi 0282 263 22 96 Bosch kombinizin ve peteklerinizin d\u00fczenli temizli\u011fi i\u00e7in g\u00fcvenilir ve profesyonel","og_url":"https:\/\/tekirdagboschservisi.com.tr\/index.php\/tekirdag-bosch-kombi-servisi\/tekirdag-bosch-kombi-petek-temizligi-servisi-0282-263-22-96\/","og_site_name":"Tekirda\u011f Bosch Servisi","article_modified_time":"2024-10-08T10:48:54+00:00","og_image":[{"width":960,"height":540,"url":"https:\/\/tekirdagboschservisi.com.tr\/wp-content\/uploads\/2024\/06\/Tekirdag-Bosch-Kombi-Ariza-Bakim-Petek-ve-Radyator-Temizligi-Servisi.jpg","type":"image\/jpeg"}],"twitter_card":"summary_large_image","twitter_misc":{"Tahmini okuma s\u00fcresi":"9 dakika"},"schema":{"@context":"https:\/\/schema.org","@graph":[{"@type":"WebPage","@id":"https:\/\/tekirdagboschservisi.com.tr\/index.php\/tekirdag-bosch-kombi-servisi\/tekirdag-bosch-kombi-petek-temizligi-servisi-0282-263-22-96\/","url":"https:\/\/tekirdagboschservisi.com.tr\/index.php\/tekirdag-bosch-kombi-servisi\/tekirdag-bosch-kombi-petek-temizligi-servisi-0282-263-22-96\/","name":"Tekirda\u011f Bosch Kombi Petek Temizli\u011fi Servisi 0282 263 22 96 - Tekirda\u011f Bosch Servisi","isPartOf":{"@id":"https:\/\/tekirdagboschservisi.com.tr\/#website"},"primaryImageOfPage":{"@id":"https:\/\/tekirdagboschservisi.com.tr\/index.php\/tekirdag-bosch-kombi-servisi\/tekirdag-bosch-kombi-petek-temizligi-servisi-0282-263-22-96\/#primaryimage"},"image":{"@id":"https:\/\/tekirdagboschservisi.com.tr\/index.php\/tekirdag-bosch-kombi-servisi\/tekirdag-bosch-kombi-petek-temizligi-servisi-0282-263-22-96\/#primaryimage"},"thumbnailUrl":"https:\/\/tekirdagboschservisi.com.tr\/wp-content\/uploads\/2024\/06\/Tekirdag-Bosch-Kombi-Ariza-Bakim-Petek-ve-Radyator-Temizligi-Servisi.jpg","datePublished":"2024-06-07T12:09:34+00:00","dateModified":"2024-10-08T10:48:54+00:00","description":"Tekirda\u011f Bosch Kombi Petek Temizli\u011fi Servisi 0282 263 22 96 Bosch kombinizin ve peteklerinizin d\u00fczenli temizli\u011fi i\u00e7in g\u00fcvenilir ve profesyonel","breadcrumb":{"@id":"https:\/\/tekirdagboschservisi.com.tr\/index.php\/tekirdag-bosch-kombi-servisi\/tekirdag-bosch-kombi-petek-temizligi-servisi-0282-263-22-96\/#breadcrumb"},"inLanguage":"tr","potentialAction":[{"@type":"ReadAction","target":["https:\/\/tekirdagboschservisi.com.tr\/index.php\/tekirdag-bosch-kombi-servisi\/tekirdag-bosch-kombi-petek-temizligi-servisi-0282-263-22-96\/"]}]},{"@type":"ImageObject","inLanguage":"tr","@id":"https:\/\/tekirdagboschservisi.com.tr\/index.php\/tekirdag-bosch-kombi-servisi\/tekirdag-bosch-kombi-petek-temizligi-servisi-0282-263-22-96\/#primaryimage","url":"https:\/\/tekirdagboschservisi.com.tr\/wp-content\/uploads\/2024\/06\/Tekirdag-Bosch-Kombi-Ariza-Bakim-Petek-ve-Radyator-Temizligi-Servisi.jpg","contentUrl":"https:\/\/tekirdagboschservisi.com.tr\/wp-content\/uploads\/2024\/06\/Tekirdag-Bosch-Kombi-Ariza-Bakim-Petek-ve-Radyator-Temizligi-Servisi.jpg","width":960,"height":540,"caption":"Tekirda\u011f Bosch Kombi Ar\u0131za Bak\u0131m Petek ve Radyat\u00f6r Temizli\u011fi Servisi"},{"@type":"BreadcrumbList","@id":"https:\/\/tekirdagboschservisi.com.tr\/index.php\/tekirdag-bosch-kombi-servisi\/tekirdag-bosch-kombi-petek-temizligi-servisi-0282-263-22-96\/#breadcrumb","itemListElement":[{"@type":"ListItem","position":1,"name":"Anasayfa","item":"https:\/\/tekirdagboschservisi.com.tr\/"},{"@type":"ListItem","position":2,"name":"Tekirda\u011f Bosch Kombi Servisi","item":"https:\/\/tekirdagboschservisi.com.tr\/index.php\/tekirdag-bosch-kombi-servisi\/"},{"@type":"ListItem","position":3,"name":"Tekirda\u011f Bosch Kombi Petek Temizli\u011fi Servisi 0282 263 22 96"}]},{"@type":"WebSite","@id":"https:\/\/tekirdagboschservisi.com.tr\/#website","url":"https:\/\/tekirdagboschservisi.com.tr\/","name":"Tekirda\u011f Bosch Servisi","description":"0282 263 22 96","publisher":{"@id":"https:\/\/tekirdagboschservisi.com.tr\/#organization"},"potentialAction":[{"@type":"SearchAction","target":{"@type":"EntryPoint","urlTemplate":"https:\/\/tekirdagboschservisi.com.tr\/?s={search_term_string}"},"query-input":{"@type":"PropertyValueSpecification","valueRequired":true,"valueName":"search_term_string"}}],"inLanguage":"tr"},{"@type":"Organization","@id":"https:\/\/tekirdagboschservisi.com.tr\/#organization","name":"Tekirda\u011f Bosch Servisi","url":"https:\/\/tekirdagboschservisi.com.tr\/","logo":{"@type":"ImageObject","inLanguage":"tr","@id":"https:\/\/tekirdagboschservisi.com.tr\/#\/schema\/logo\/image\/","url":"https:\/\/tekirdagboschservisi.com.tr\/wp-content\/uploads\/2024\/03\/7502c4fab3c11f90ed12b06b5e7b138d-1.jpg","contentUrl":"https:\/\/tekirdagboschservisi.com.tr\/wp-content\/uploads\/2024\/03\/7502c4fab3c11f90ed12b06b5e7b138d-1.jpg","width":250,"height":92,"caption":"Tekirda\u011f Bosch Servisi"},"image":{"@id":"https:\/\/tekirdagboschservisi.com.tr\/#\/schema\/logo\/image\/"}}]}},"_links":{"self":[{"href":"https:\/\/tekirdagboschservisi.com.tr\/index.php\/wp-json\/wp\/v2\/pages\/547","targetHints":{"allow":["GET"]}}],"collection":[{"href":"https:\/\/tekirdagboschservisi.com.tr\/index.php\/wp-json\/wp\/v2\/pages"}],"about":[{"href":"https:\/\/tekirdagboschservisi.com.tr\/index.php\/wp-json\/wp\/v2\/types\/page"}],"author":[{"embeddable":true,"href":"https:\/\/tekirdagboschservisi.com.tr\/index.php\/wp-json\/wp\/v2\/users\/1"}],"replies":[{"embeddable":true,"href":"https:\/\/tekirdagboschservisi.com.tr\/index.php\/wp-json\/wp\/v2\/comments?post=547"}],"version-history":[{"count":8,"href":"https:\/\/tekirdagboschservisi.com.tr\/index.php\/wp-json\/wp\/v2\/pages\/547\/revisions"}],"predecessor-version":[{"id":1353,"href":"https:\/\/tekirdagboschservisi.com.tr\/index.php\/wp-json\/wp\/v2\/pages\/547\/revisions\/1353"}],"up":[{"embeddable":true,"href":"https:\/\/tekirdagboschservisi.com.tr\/index.php\/wp-json\/wp\/v2\/pages\/58"}],"wp:attachment":[{"href":"https:\/\/tekirdagboschservisi.com.tr\/index.php\/wp-json\/wp\/v2\/media?parent=547"}],"curies":[{"name":"wp","href":"https:\/\/api.w.org\/{rel}","templated":true}]}}