{"id":172,"date":"2024-03-25T14:31:10","date_gmt":"2024-03-25T14:31:10","guid":{"rendered":"https:\/\/tekirdagboschservisi.garanti-teknik.com\/?page_id=172"},"modified":"2024-10-08T10:31:26","modified_gmt":"2024-10-08T10:31:26","slug":"hakkimizda","status":"publish","type":"page","link":"https:\/\/tekirdagboschservisi.com.tr\/index.php\/hakkimizda\/","title":{"rendered":"Hakk\u0131m\u0131zda"},"content":{"rendered":"\t\t<div data-elementor-type=\"wp-page\" data-elementor-id=\"172\" class=\"elementor elementor-172\">\n\t\t\t\t<div class=\"elementor-element elementor-element-27ad604 e-flex e-con-boxed e-con e-parent\" data-id=\"27ad604\" data-element_type=\"container\" data-e-type=\"container\">\n\t\t\t\t\t<div class=\"e-con-inner\">\n\t\t\t\t<div class=\"elementor-element elementor-element-4b1f2b7a elementor-widget elementor-widget-text-editor\" data-id=\"4b1f2b7a\" data-element_type=\"widget\" data-e-type=\"widget\" data-widget_type=\"text-editor.default\">\n\t\t\t\t<div class=\"elementor-widget-container\">\n\t\t\t\t\t\t\t\t\t\n<div class=\"wp-block-group alignfull has-global-padding is-layout-constrained wp-container-core-group-is-layout-490fa1db wp-block-group-is-layout-constrained\" style=\"padding: var(--wp--preset--spacing--50);\">\n<div class=\"wp-block-group has-global-padding is-layout-constrained wp-container-core-group-is-layout-650790e1 wp-block-group-is-layout-constrained\">\n<h1 class=\"wp-block-heading has-text-align-center\"><strong>Tekirda\u011f Bosch Servisi Profesyonel Teknik Destek<\/strong><\/h1>\n\n<div class=\"wp-block-spacer\" style=\"height: 1.25rem;\" aria-hidden=\"true\">\u00a0<\/div>\n\n<p class=\"has-text-align-center\"><strong> Hakk\u0131m\u0131zda; Tekirda\u011f Bosch Servisi olarak\u00a0 beyaz e\u015fya ve ev aletleri konusunda uzmanla\u015fm\u0131\u015f bir ekip olarak m\u00fc\u015fterilerimize kusursuz hizmet sunmay\u0131 ama\u00e7l\u0131yoruz. Amac\u0131m\u0131z, Tekirda\u011f ve \u00e7evresindeki m\u00fc\u015fterilerimize en \u00fcst d\u00fczeyde teknik destek sa\u011flamak ve g\u00fcvenilir \u00e7\u00f6z\u00fcmler sunarak ya\u015famlar\u0131n\u0131 kolayla\u015ft\u0131rmakt\u0131r.<\/strong><\/p>\n<\/div>\n\n<div class=\"wp-block-spacer\" style=\"height: var(--wp--preset--spacing--30);\" aria-hidden=\"true\">\u00a0<\/div>\n\n<figure class=\"wp-block-image alignwide size-full is-style-rounded\"><img fetchpriority=\"high\" decoding=\"async\" width=\"980\" height=\"250\" class=\"wp-image-195\" src=\"https:\/\/tekirdagboschservisi.com.tr\/wp-content\/uploads\/2024\/03\/bosch-banner-2.jpg\" alt=\"\" srcset=\"https:\/\/tekirdagboschservisi.com.tr\/wp-content\/uploads\/2024\/03\/bosch-banner-2.jpg 980w, https:\/\/tekirdagboschservisi.com.tr\/wp-content\/uploads\/2024\/03\/bosch-banner-2-300x77.jpg 300w, https:\/\/tekirdagboschservisi.com.tr\/wp-content\/uploads\/2024\/03\/bosch-banner-2-768x196.jpg 768w\" sizes=\"(max-width: 980px) 100vw, 980px\" \/><\/figure>\n<\/div>\n\t\t\t\t\t\t\t\t<\/div>\n\t\t\t\t<\/div>\n\t\t\t\t\t<\/div>\n\t\t\t\t<\/div>\n\t\t\t\t<section class=\"elementor-section elementor-top-section elementor-element elementor-element-1721366f elementor-section-boxed elementor-section-height-default elementor-section-height-default\" data-id=\"1721366f\" data-element_type=\"section\" data-e-type=\"section\">\n\t\t\t\t\t\t<div class=\"elementor-container elementor-column-gap-default\">\n\t\t\t\t\t<div class=\"elementor-column elementor-col-100 elementor-top-column elementor-element elementor-element-4b83f141\" data-id=\"4b83f141\" data-element_type=\"column\" data-e-type=\"column\">\n\t\t\t<div class=\"elementor-widget-wrap elementor-element-populated\">\n\t\t\t\t\t\t<section class=\"elementor-section elementor-inner-section elementor-element elementor-element-17b31064 elementor-section-content-middle elementor-section-boxed elementor-section-height-default elementor-section-height-default\" data-id=\"17b31064\" data-element_type=\"section\" data-e-type=\"section\" data-settings=\"{&quot;background_background&quot;:&quot;classic&quot;}\">\n\t\t\t\t\t\t<div class=\"elementor-container elementor-column-gap-default\">\n\t\t\t\t\t<div class=\"elementor-column elementor-col-50 elementor-inner-column elementor-element elementor-element-466fa0f3\" data-id=\"466fa0f3\" data-element_type=\"column\" data-e-type=\"column\">\n\t\t\t<div class=\"elementor-widget-wrap elementor-element-populated\">\n\t\t\t\t\t\t<div class=\"elementor-element elementor-element-e8298be elementor-widget elementor-widget-heading\" data-id=\"e8298be\" data-element_type=\"widget\" data-e-type=\"widget\" data-widget_type=\"heading.default\">\n\t\t\t\t<div class=\"elementor-widget-container\">\n\t\t\t\t\t<h2 class=\"elementor-heading-title elementor-size-default\">NEDEN B\u0130Z\u0130 TERC\u0130H ETMEL\u0130S\u0130N\u0130Z?<\/h2>\t\t\t\t<\/div>\n\t\t\t\t<\/div>\n\t\t\t\t<div class=\"elementor-element elementor-element-11f9547d elementor-widget-divider--view-line elementor-widget elementor-widget-divider\" data-id=\"11f9547d\" data-element_type=\"widget\" data-e-type=\"widget\" data-widget_type=\"divider.default\">\n\t\t\t\t<div class=\"elementor-widget-container\">\n\t\t\t\t\t\t\t<div class=\"elementor-divider\">\n\t\t\t<span class=\"elementor-divider-separator\">\n\t\t\t\t\t\t<\/span>\n\t\t<\/div>\n\t\t\t\t\t\t<\/div>\n\t\t\t\t<\/div>\n\t\t\t\t\t<\/div>\n\t\t<\/div>\n\t\t\t\t<div class=\"elementor-column elementor-col-50 elementor-inner-column elementor-element elementor-element-6e97b6be\" data-id=\"6e97b6be\" data-element_type=\"column\" data-e-type=\"column\">\n\t\t\t<div class=\"elementor-widget-wrap elementor-element-populated\">\n\t\t\t\t\t\t<div class=\"elementor-element elementor-element-37113ba7 elementor-align-right elementor-widget elementor-widget-button\" data-id=\"37113ba7\" data-element_type=\"widget\" data-e-type=\"widget\" data-widget_type=\"button.default\">\n\t\t\t\t<div class=\"elementor-widget-container\">\n\t\t\t\t\t\t\t\t\t<div class=\"elementor-button-wrapper\">\n\t\t\t\t\t<a class=\"elementor-button elementor-button-link elementor-size-sm\" href=\"tel:02822632296\">\n\t\t\t\t\t\t<span class=\"elementor-button-content-wrapper\">\n\t\t\t\t\t\t\t\t\t<span class=\"elementor-button-text\">RANDEVU OLU\u015eTUR<\/span>\n\t\t\t\t\t<\/span>\n\t\t\t\t\t<\/a>\n\t\t\t\t<\/div>\n\t\t\t\t\t\t\t\t<\/div>\n\t\t\t\t<\/div>\n\t\t\t\t\t<\/div>\n\t\t<\/div>\n\t\t\t\t\t<\/div>\n\t\t<\/section>\n\t\t\t\t<section class=\"elementor-section elementor-inner-section elementor-element elementor-element-6089be0a elementor-section-boxed elementor-section-height-default elementor-section-height-default\" data-id=\"6089be0a\" data-element_type=\"section\" data-e-type=\"section\" data-settings=\"{&quot;background_background&quot;:&quot;classic&quot;}\">\n\t\t\t\t\t\t<div class=\"elementor-container elementor-column-gap-default\">\n\t\t\t\t\t<div class=\"elementor-column elementor-col-33 elementor-inner-column elementor-element elementor-element-52e02e8a\" data-id=\"52e02e8a\" data-element_type=\"column\" data-e-type=\"column\" data-settings=\"{&quot;background_background&quot;:&quot;classic&quot;}\">\n\t\t\t<div class=\"elementor-widget-wrap elementor-element-populated\">\n\t\t\t\t\t\t<div class=\"elementor-element elementor-element-48be0a6e elementor-widget elementor-widget-icon-box\" data-id=\"48be0a6e\" data-element_type=\"widget\" data-e-type=\"widget\" data-widget_type=\"icon-box.default\">\n\t\t\t\t<div class=\"elementor-widget-container\">\n\t\t\t\t\t\t\t<div class=\"elementor-icon-box-wrapper\">\n\n\t\t\t\n\t\t\t\t\t\t<div class=\"elementor-icon-box-content\">\n\n\t\t\t\t\t\t\t\t\t<h3 class=\"elementor-icon-box-title\">\n\t\t\t\t\t\t<span  >\n\t\t\t\t\t\t\tDeneyim ve Uzmanl\u0131k\t\t\t\t\t\t<\/span>\n\t\t\t\t\t<\/h3>\n\t\t\t\t\n\t\t\t\t\n\t\t\t<\/div>\n\t\t\t\n\t\t<\/div>\n\t\t\t\t\t\t<\/div>\n\t\t\t\t<\/div>\n\t\t\t\t<div class=\"elementor-element elementor-element-7480233 elementor-widget elementor-widget-text-editor\" data-id=\"7480233\" data-element_type=\"widget\" data-e-type=\"widget\" data-widget_type=\"text-editor.default\">\n\t\t\t\t<div class=\"elementor-widget-container\">\n\t\t\t\t\t\t\t\t\t<p style=\"text-align: left;\">Bosch markas\u0131yla y\u0131llard\u0131r s\u00fcregelen i\u015fbirli\u011fi ve deneyimimiz sayesinde, beyaz e\u015fya ve ev aletleri konusundaki uzmanl\u0131\u011f\u0131m\u0131z\u0131 her hizmette m\u00fc\u015fterilerimize sunuyoruz. Her bir teknisyenimiz, geni\u015f bilgi birikimi ve pratik deneyimleriyle donat\u0131lm\u0131\u015ft\u0131r.<\/p>\t\t\t\t\t\t\t\t<\/div>\n\t\t\t\t<\/div>\n\t\t\t\t\t<\/div>\n\t\t<\/div>\n\t\t\t\t<div class=\"elementor-column elementor-col-33 elementor-inner-column elementor-element elementor-element-ae420da\" data-id=\"ae420da\" data-element_type=\"column\" data-e-type=\"column\" data-settings=\"{&quot;background_background&quot;:&quot;classic&quot;}\">\n\t\t\t<div class=\"elementor-widget-wrap elementor-element-populated\">\n\t\t\t\t\t\t<div class=\"elementor-element elementor-element-342b9e49 elementor-widget elementor-widget-icon-box\" data-id=\"342b9e49\" data-element_type=\"widget\" data-e-type=\"widget\" data-widget_type=\"icon-box.default\">\n\t\t\t\t<div class=\"elementor-widget-container\">\n\t\t\t\t\t\t\t<div class=\"elementor-icon-box-wrapper\">\n\n\t\t\t\n\t\t\t\t\t\t<div class=\"elementor-icon-box-content\">\n\n\t\t\t\t\t\t\t\t\t<h3 class=\"elementor-icon-box-title\">\n\t\t\t\t\t\t<span  >\n\t\t\t\t\t\t\tM\u00fc\u015fteri Memnuniyeti\t\t\t\t\t\t<\/span>\n\t\t\t\t\t<\/h3>\n\t\t\t\t\n\t\t\t\t\n\t\t\t<\/div>\n\t\t\t\n\t\t<\/div>\n\t\t\t\t\t\t<\/div>\n\t\t\t\t<\/div>\n\t\t\t\t<div class=\"elementor-element elementor-element-f69a4f5 elementor-widget elementor-widget-text-editor\" data-id=\"f69a4f5\" data-element_type=\"widget\" data-e-type=\"widget\" data-widget_type=\"text-editor.default\">\n\t\t\t\t<div class=\"elementor-widget-container\">\n\t\t\t\t\t\t\t\t\t<p>M\u00fc\u015fteri memnuniyetini \u00f6nceli\u011fimiz olarak kabul ediyoruz. Her bir m\u00fc\u015fterimizin taleplerini dikkate alarak, ihtiya\u00e7lar\u0131na uygun \u00e7\u00f6z\u00fcmler \u00fcretiyoruz. \u015eeffaf ileti\u015fim ayr\u0131ca g\u00fcler y\u00fczl\u00fc hizmet anlay\u0131\u015f\u0131m\u0131zla, m\u00fc\u015fterilerimizin g\u00fcvenini kazanmay\u0131 hedefliyoruz<\/p>\t\t\t\t\t\t\t\t<\/div>\n\t\t\t\t<\/div>\n\t\t\t\t\t<\/div>\n\t\t<\/div>\n\t\t\t\t<div class=\"elementor-column elementor-col-33 elementor-inner-column elementor-element elementor-element-1ee8814c\" data-id=\"1ee8814c\" data-element_type=\"column\" data-e-type=\"column\" data-settings=\"{&quot;background_background&quot;:&quot;classic&quot;}\">\n\t\t\t<div class=\"elementor-widget-wrap elementor-element-populated\">\n\t\t\t\t\t\t<div class=\"elementor-element elementor-element-2b196155 elementor-widget elementor-widget-icon-box\" data-id=\"2b196155\" data-element_type=\"widget\" data-e-type=\"widget\" data-widget_type=\"icon-box.default\">\n\t\t\t\t<div class=\"elementor-widget-container\">\n\t\t\t\t\t\t\t<div class=\"elementor-icon-box-wrapper\">\n\n\t\t\t\n\t\t\t\t\t\t<div class=\"elementor-icon-box-content\">\n\n\t\t\t\t\t\t\t\t\t<h3 class=\"elementor-icon-box-title\">\n\t\t\t\t\t\t<span  >\n\t\t\t\t\t\t\tG\u00fcvenilir Hizmet\t\t\t\t\t\t<\/span>\n\t\t\t\t\t<\/h3>\n\t\t\t\t\n\t\t\t\t\n\t\t\t<\/div>\n\t\t\t\n\t\t<\/div>\n\t\t\t\t\t\t<\/div>\n\t\t\t\t<\/div>\n\t\t\t\t<div class=\"elementor-element elementor-element-3a7a47d elementor-widget elementor-widget-text-editor\" data-id=\"3a7a47d\" data-element_type=\"widget\" data-e-type=\"widget\" data-widget_type=\"text-editor.default\">\n\t\t\t\t<div class=\"elementor-widget-container\">\n\t\t\t\t\t\t\t\t\t<p>Bosch markas\u0131n\u0131n de\u011ferlerini yans\u0131tan bir \u015fekilde, i\u015fimizi titizlikle ve \u00f6zenle y\u00fcr\u00fct\u00fcyoruz. M\u00fc\u015fterilerimize sa\u011flad\u0131\u011f\u0131m\u0131z her hizmette g\u00fcvenilirli\u011fi ve kaliteyi \u00f6n planda tutarak, uzun vadeli i\u015fbirlikleri kurmay\u0131 ama\u00e7l\u0131yoruz.<\/p>\t\t\t\t\t\t\t\t<\/div>\n\t\t\t\t<\/div>\n\t\t\t\t\t<\/div>\n\t\t<\/div>\n\t\t\t\t\t<\/div>\n\t\t<\/section>\n\t\t\t\t<section class=\"elementor-section elementor-inner-section elementor-element elementor-element-a7c8ac0 elementor-section-boxed elementor-section-height-default elementor-section-height-default\" data-id=\"a7c8ac0\" data-element_type=\"section\" data-e-type=\"section\" data-settings=\"{&quot;background_background&quot;:&quot;classic&quot;}\">\n\t\t\t\t\t\t<div class=\"elementor-container elementor-column-gap-default\">\n\t\t\t\t\t<div class=\"elementor-column elementor-col-33 elementor-inner-column elementor-element elementor-element-95b02df\" data-id=\"95b02df\" data-element_type=\"column\" data-e-type=\"column\" data-settings=\"{&quot;background_background&quot;:&quot;classic&quot;}\">\n\t\t\t<div class=\"elementor-widget-wrap elementor-element-populated\">\n\t\t\t\t\t\t<div class=\"elementor-element elementor-element-b951051 elementor-widget elementor-widget-icon-box\" data-id=\"b951051\" data-element_type=\"widget\" data-e-type=\"widget\" data-widget_type=\"icon-box.default\">\n\t\t\t\t<div class=\"elementor-widget-container\">\n\t\t\t\t\t\t\t<div class=\"elementor-icon-box-wrapper\">\n\n\t\t\t\n\t\t\t\t\t\t<div class=\"elementor-icon-box-content\">\n\n\t\t\t\t\t\t\t\t\t<h3 class=\"elementor-icon-box-title\">\n\t\t\t\t\t\t<span  >\n\t\t\t\t\t\t\tTeknoloji ve \u0130novasyon\t\t\t\t\t\t<\/span>\n\t\t\t\t\t<\/h3>\n\t\t\t\t\n\t\t\t\t\n\t\t\t<\/div>\n\t\t\t\n\t\t<\/div>\n\t\t\t\t\t\t<\/div>\n\t\t\t\t<\/div>\n\t\t\t\t<div class=\"elementor-element elementor-element-5cadd4e elementor-widget elementor-widget-text-editor\" data-id=\"5cadd4e\" data-element_type=\"widget\" data-e-type=\"widget\" data-widget_type=\"text-editor.default\">\n\t\t\t\t<div class=\"elementor-widget-container\">\n\t\t\t\t\t\t\t\t\t<p style=\"text-align: left;\">H\u0131zla de\u011fi\u015fen teknolojiye ayak uydurarak, s\u00fcrekli olarak kendimizi yeniliyoruz. Ayr\u0131ca g\u00fcncel e\u011fitimlerle teknik bilgimizi g\u00fc\u00e7lendiriyoruz. En son teknolojik geli\u015fmeleri takip ediyoruz. Ayr\u0131ca m\u00fc\u015fterilerimize en iyi hizmeti sunmak i\u00e7in bu bilgileri uygulamaya koyuyoruz.<\/p>\t\t\t\t\t\t\t\t<\/div>\n\t\t\t\t<\/div>\n\t\t\t\t\t<\/div>\n\t\t<\/div>\n\t\t\t\t<div class=\"elementor-column elementor-col-33 elementor-inner-column elementor-element elementor-element-038169c\" data-id=\"038169c\" data-element_type=\"column\" data-e-type=\"column\" data-settings=\"{&quot;background_background&quot;:&quot;classic&quot;}\">\n\t\t\t<div class=\"elementor-widget-wrap elementor-element-populated\">\n\t\t\t\t\t\t<div class=\"elementor-element elementor-element-876b71b elementor-widget elementor-widget-icon-box\" data-id=\"876b71b\" data-element_type=\"widget\" data-e-type=\"widget\" data-widget_type=\"icon-box.default\">\n\t\t\t\t<div class=\"elementor-widget-container\">\n\t\t\t\t\t\t\t<div class=\"elementor-icon-box-wrapper\">\n\n\t\t\t\n\t\t\t\t\t\t<div class=\"elementor-icon-box-content\">\n\n\t\t\t\t\t\t\t\t\t<h3 class=\"elementor-icon-box-title\">\n\t\t\t\t\t\t<span  >\n\t\t\t\t\t\t\t\u00c7evre Duyarl\u0131l\u0131\u011f\u0131\t\t\t\t\t\t<\/span>\n\t\t\t\t\t<\/h3>\n\t\t\t\t\n\t\t\t\t\n\t\t\t<\/div>\n\t\t\t\n\t\t<\/div>\n\t\t\t\t\t\t<\/div>\n\t\t\t\t<\/div>\n\t\t\t\t<div class=\"elementor-element elementor-element-775797e elementor-widget elementor-widget-text-editor\" data-id=\"775797e\" data-element_type=\"widget\" data-e-type=\"widget\" data-widget_type=\"text-editor.default\">\n\t\t\t\t<div class=\"elementor-widget-container\">\n\t\t\t\t\t\t\t\t\t<p>\u0130\u015fimizi yaparken \u00e7evre duyarl\u0131l\u0131\u011f\u0131n\u0131 \u00f6n planda tutuyoruz. Ayr\u0131ca at\u0131k y\u00f6netimi ve geri d\u00f6n\u00fc\u015f\u00fcm konusunda sorumluluk al\u0131yoruz. S\u00fcrd\u00fcr\u00fclebilirlik ilkelerine ba\u011fl\u0131 kalarak, \u00e7evreye en az zarar veren uygulamalar\u0131 benimsiyoruz. Tekirda\u011f Bosch Servisi Hakk\u0131m\u0131zda, kaliteli ve g\u00fcvenilir hizmet anlay\u0131\u015f\u0131m\u0131zla m\u00fc\u015fterilerimizin yan\u0131nda olmaya devam edece\u011fiz.<\/p>\t\t\t\t\t\t\t\t<\/div>\n\t\t\t\t<\/div>\n\t\t\t\t\t<\/div>\n\t\t<\/div>\n\t\t\t\t<div class=\"elementor-column elementor-col-33 elementor-inner-column elementor-element elementor-element-4b70577\" data-id=\"4b70577\" data-element_type=\"column\" data-e-type=\"column\" data-settings=\"{&quot;background_background&quot;:&quot;classic&quot;}\">\n\t\t\t<div class=\"elementor-widget-wrap elementor-element-populated\">\n\t\t\t\t\t\t<div class=\"elementor-element elementor-element-6f8bf4a elementor-widget elementor-widget-icon-box\" data-id=\"6f8bf4a\" data-element_type=\"widget\" data-e-type=\"widget\" data-widget_type=\"icon-box.default\">\n\t\t\t\t<div class=\"elementor-widget-container\">\n\t\t\t\t\t\t\t<div class=\"elementor-icon-box-wrapper\">\n\n\t\t\t\n\t\t\t\t\t\t<div class=\"elementor-icon-box-content\">\n\n\t\t\t\t\t\t\t\t\t<h3 class=\"elementor-icon-box-title\">\n\t\t\t\t\t\t<span  >\n\t\t\t\t\t\t\tOrijinal Yedek Par\u00e7a Kullan\u0131m\u0131\t\t\t\t\t\t<\/span>\n\t\t\t\t\t<\/h3>\n\t\t\t\t\n\t\t\t\t\n\t\t\t<\/div>\n\t\t\t\n\t\t<\/div>\n\t\t\t\t\t\t<\/div>\n\t\t\t\t<\/div>\n\t\t\t\t<div class=\"elementor-element elementor-element-c0b0c1c elementor-widget elementor-widget-text-editor\" data-id=\"c0b0c1c\" data-element_type=\"widget\" data-e-type=\"widget\" data-widget_type=\"text-editor.default\">\n\t\t\t\t<div class=\"elementor-widget-container\">\n\t\t\t\t\t\t\t\t\t<p>Bosch markal\u0131 \u00fcr\u00fcnlerinizin bak\u0131m\u0131 ve onar\u0131m\u0131 i\u00e7in sadece orijinal yedek par\u00e7alar kullan\u0131yoruz. Bu sayede \u00fcr\u00fcnlerinizin performans\u0131n\u0131 ve dayan\u0131kl\u0131l\u0131\u011f\u0131n\u0131 art\u0131rarak uzun \u00f6m\u00fcrl\u00fc kullan\u0131m sa\u011fl\u0131yoruz.<\/p>\t\t\t\t\t\t\t\t<\/div>\n\t\t\t\t<\/div>\n\t\t\t\t\t<\/div>\n\t\t<\/div>\n\t\t\t\t\t<\/div>\n\t\t<\/section>\n\t\t\t\t\t<\/div>\n\t\t<\/div>\n\t\t\t\t\t<\/div>\n\t\t<\/section>\n\t\t\t\t<section class=\"elementor-section elementor-top-section elementor-element elementor-element-39b6cbc6 elementor-section-stretched elementor-section-boxed elementor-section-height-default elementor-section-height-default\" data-id=\"39b6cbc6\" data-element_type=\"section\" data-e-type=\"section\" data-settings=\"{&quot;stretch_section&quot;:&quot;section-stretched&quot;}\">\n\t\t\t\t\t\t<div class=\"elementor-container elementor-column-gap-default\">\n\t\t\t\t\t<div class=\"elementor-column elementor-col-100 elementor-top-column elementor-element elementor-element-65337245\" data-id=\"65337245\" data-element_type=\"column\" data-e-type=\"column\">\n\t\t\t<div class=\"elementor-widget-wrap elementor-element-populated\">\n\t\t\t\t\t\t<div class=\"elementor-element elementor-element-46e533fd elementor-widget elementor-widget-heading\" data-id=\"46e533fd\" data-element_type=\"widget\" data-e-type=\"widget\" data-widget_type=\"heading.default\">\n\t\t\t\t<div class=\"elementor-widget-container\">\n\t\t\t\t\t<h2 class=\"elementor-heading-title elementor-size-default\">hizmetlerimiz<\/h2>\t\t\t\t<\/div>\n\t\t\t\t<\/div>\n\t\t\t\t<section class=\"elementor-section elementor-inner-section elementor-element elementor-element-390f9301 elementor-section-boxed elementor-section-height-default elementor-section-height-default\" data-id=\"390f9301\" data-element_type=\"section\" data-e-type=\"section\">\n\t\t\t\t\t\t<div class=\"elementor-container elementor-column-gap-extended\">\n\t\t\t\t\t<div class=\"elementor-column elementor-col-33 elementor-inner-column elementor-element elementor-element-64bac7cf\" data-id=\"64bac7cf\" data-element_type=\"column\" data-e-type=\"column\">\n\t\t\t<div class=\"elementor-widget-wrap elementor-element-populated\">\n\t\t\t\t\t\t<div class=\"elementor-element elementor-element-627f7a05 elementor-widget elementor-widget-image\" data-id=\"627f7a05\" data-element_type=\"widget\" data-e-type=\"widget\" data-widget_type=\"image.default\">\n\t\t\t\t<div class=\"elementor-widget-container\">\n\t\t\t\t\t\t\t\t\t\t\t\t\t\t\t<img decoding=\"async\" width=\"300\" height=\"253\" src=\"https:\/\/tekirdagboschservisi.com.tr\/wp-content\/uploads\/2024\/03\/tekirdag-bosch-banner-mobil.png\" class=\"attachment-large size-large wp-image-212\" alt=\"\" \/>\t\t\t\t\t\t\t\t\t\t\t\t\t\t\t<\/div>\n\t\t\t\t<\/div>\n\t\t\t\t<div class=\"elementor-element elementor-element-3d24ecdf elementor-widget elementor-widget-icon-box\" data-id=\"3d24ecdf\" data-element_type=\"widget\" data-e-type=\"widget\" data-widget_type=\"icon-box.default\">\n\t\t\t\t<div class=\"elementor-widget-container\">\n\t\t\t\t\t\t\t<div class=\"elementor-icon-box-wrapper\">\n\n\t\t\t\n\t\t\t\t\t\t<div class=\"elementor-icon-box-content\">\n\n\t\t\t\t\t\t\t\t\t<h3 class=\"elementor-icon-box-title\">\n\t\t\t\t\t\t<span  >\n\t\t\t\t\t\t\tBosch Beyaz<br \/><br \/> E\u015fya Servisi\t\t\t\t\t\t<\/span>\n\t\t\t\t\t<\/h3>\n\t\t\t\t\n\t\t\t\t\n\t\t\t<\/div>\n\t\t\t\n\t\t<\/div>\n\t\t\t\t\t\t<\/div>\n\t\t\t\t<\/div>\n\t\t\t\t<div class=\"elementor-element elementor-element-32107417 elementor-widget elementor-widget-text-editor\" data-id=\"32107417\" data-element_type=\"widget\" data-e-type=\"widget\" data-widget_type=\"text-editor.default\">\n\t\t\t\t<div class=\"elementor-widget-container\">\n\t\t\t\t\t\t\t\t\t<div class=\"wp-block-group is-vertical is-content-justification-center is-layout-flex wp-container-core-group-is-layout-1 wp-block-group-is-layout-flex\"><p class=\"has-text-align-center\"><strong>Firmam\u0131z 20 y\u0131ll\u0131k ge\u00e7mi\u015fi ve deneyimiyle Tekirda\u011f merkezli olarak kurulmu\u015ftur. Sahip oldu\u011fumuz uzman personel kadrolar\u0131m\u0131z ve y\u00fcksek kalitedeki ekipmanlar\u0131m\u0131zla beyaz e\u015fyalar\u0131n\u0131zla ya\u015fad\u0131\u011f\u0131n\u0131z t\u00fcm s\u0131k\u0131nt\u0131larda yan\u0131n\u0131zday\u0131z.<\/strong><\/p><\/div>\t\t\t\t\t\t\t\t<\/div>\n\t\t\t\t<\/div>\n\t\t\t\t<div class=\"elementor-element elementor-element-5638207b elementor-align-center elementor-button-success elementor-widget elementor-widget-button\" data-id=\"5638207b\" data-element_type=\"widget\" data-e-type=\"widget\" data-widget_type=\"button.default\">\n\t\t\t\t<div class=\"elementor-widget-container\">\n\t\t\t\t\t\t\t\t\t<div class=\"elementor-button-wrapper\">\n\t\t\t\t\t<a class=\"elementor-button elementor-button-link elementor-size-sm\" href=\"https:\/\/tekirdagboschservisi.com.tr\/index.php\/tekirdag-bosch-beyaz-esya-servisi-2\/\">\n\t\t\t\t\t\t<span class=\"elementor-button-content-wrapper\">\n\t\t\t\t\t\t<span class=\"elementor-button-icon\">\n\t\t\t\t<svg aria-hidden=\"true\" class=\"e-font-icon-svg e-far-arrow-alt-circle-right\" viewBox=\"0 0 512 512\" xmlns=\"http:\/\/www.w3.org\/2000\/svg\"><path d=\"M504 256C504 119 393 8 256 8S8 119 8 256s111 248 248 248 248-111 248-248zm-448 0c0-110.5 89.5-200 200-200s200 89.5 200 200-89.5 200-200 200S56 366.5 56 256zm72 20v-40c0-6.6 5.4-12 12-12h116v-67c0-10.7 12.9-16 20.5-8.5l99 99c4.7 4.7 4.7 12.3 0 17l-99 99c-7.6 7.6-20.5 2.2-20.5-8.5v-67H140c-6.6 0-12-5.4-12-12z\"><\/path><\/svg>\t\t\t<\/span>\n\t\t\t\t\t\t\t\t\t<span class=\"elementor-button-text\">DAHA FAZLA B\u0130LG\u0130 AL<\/span>\n\t\t\t\t\t<\/span>\n\t\t\t\t\t<\/a>\n\t\t\t\t<\/div>\n\t\t\t\t\t\t\t\t<\/div>\n\t\t\t\t<\/div>\n\t\t\t\t\t<\/div>\n\t\t<\/div>\n\t\t\t\t<div class=\"elementor-column elementor-col-33 elementor-inner-column elementor-element elementor-element-508545db\" data-id=\"508545db\" data-element_type=\"column\" data-e-type=\"column\">\n\t\t\t<div class=\"elementor-widget-wrap elementor-element-populated\">\n\t\t\t\t\t\t<div class=\"elementor-element elementor-element-63ae5b6c elementor-widget elementor-widget-image\" data-id=\"63ae5b6c\" data-element_type=\"widget\" data-e-type=\"widget\" data-widget_type=\"image.default\">\n\t\t\t\t<div class=\"elementor-widget-container\">\n\t\t\t\t\t\t\t\t\t\t\t\t\t\t\t<img decoding=\"async\" width=\"300\" height=\"251\" src=\"https:\/\/tekirdagboschservisi.com.tr\/wp-content\/uploads\/2024\/06\/Bosch-Klima-1.jpg\" class=\"attachment-medium_large size-medium_large wp-image-475\" alt=\"\" srcset=\"https:\/\/tekirdagboschservisi.com.tr\/wp-content\/uploads\/2024\/06\/Bosch-Klima-1.jpg 300w, https:\/\/tekirdagboschservisi.com.tr\/wp-content\/uploads\/2024\/06\/Bosch-Klima-1-230x192.jpg 230w\" sizes=\"(max-width: 300px) 100vw, 300px\" \/>\t\t\t\t\t\t\t\t\t\t\t\t\t\t\t<\/div>\n\t\t\t\t<\/div>\n\t\t\t\t<div class=\"elementor-element elementor-element-2c438726 elementor-widget elementor-widget-icon-box\" data-id=\"2c438726\" data-element_type=\"widget\" data-e-type=\"widget\" data-widget_type=\"icon-box.default\">\n\t\t\t\t<div class=\"elementor-widget-container\">\n\t\t\t\t\t\t\t<div class=\"elementor-icon-box-wrapper\">\n\n\t\t\t\n\t\t\t\t\t\t<div class=\"elementor-icon-box-content\">\n\n\t\t\t\t\t\t\t\t\t<h3 class=\"elementor-icon-box-title\">\n\t\t\t\t\t\t<span  >\n\t\t\t\t\t\t\tBosch Klima<br \/><br \/> Servis Hizmeti\t\t\t\t\t\t<\/span>\n\t\t\t\t\t<\/h3>\n\t\t\t\t\n\t\t\t\t\n\t\t\t<\/div>\n\t\t\t\n\t\t<\/div>\n\t\t\t\t\t\t<\/div>\n\t\t\t\t<\/div>\n\t\t\t\t<div class=\"elementor-element elementor-element-5465d6b8 elementor-widget elementor-widget-text-editor\" data-id=\"5465d6b8\" data-element_type=\"widget\" data-e-type=\"widget\" data-widget_type=\"text-editor.default\">\n\t\t\t\t<div class=\"elementor-widget-container\">\n\t\t\t\t\t\t\t\t\t<p class=\"has-text-align-center is-layout-flow wp-block-paragraph-is-layout-flow\"><strong>Tekirda\u011f b\u00f6lgesinde Bosch Klima teknik servis hizmeti Bosch Klimalar\u0131n\u0131z i\u00e7in ar\u0131za tespit. Montaj, onar\u0131m ve bak\u0131m yapmaktad\u0131r. Yap\u0131lan bak\u0131m\u0131n 1 y\u0131l garanti s\u00fcresi bulunmaktad\u0131r. 1 y\u0131l i\u00e7erisinde tamiri yap\u0131lan yerden tekrar ar\u0131zalanmas\u0131 durumunda \u00fccretsiz servis\u00a0<\/strong><\/p>\t\t\t\t\t\t\t\t<\/div>\n\t\t\t\t<\/div>\n\t\t\t\t<div class=\"elementor-element elementor-element-7e15bdd2 elementor-align-center elementor-button-success elementor-widget elementor-widget-button\" data-id=\"7e15bdd2\" data-element_type=\"widget\" data-e-type=\"widget\" data-widget_type=\"button.default\">\n\t\t\t\t<div class=\"elementor-widget-container\">\n\t\t\t\t\t\t\t\t\t<div class=\"elementor-button-wrapper\">\n\t\t\t\t\t<a class=\"elementor-button elementor-button-link elementor-size-sm\" href=\"https:\/\/tekirdagboschservisi.com.tr\/index.php\/tekirdag-bosch-klima-servisi\/\">\n\t\t\t\t\t\t<span class=\"elementor-button-content-wrapper\">\n\t\t\t\t\t\t<span class=\"elementor-button-icon\">\n\t\t\t\t<svg aria-hidden=\"true\" class=\"e-font-icon-svg e-far-arrow-alt-circle-right\" viewBox=\"0 0 512 512\" xmlns=\"http:\/\/www.w3.org\/2000\/svg\"><path d=\"M504 256C504 119 393 8 256 8S8 119 8 256s111 248 248 248 248-111 248-248zm-448 0c0-110.5 89.5-200 200-200s200 89.5 200 200-89.5 200-200 200S56 366.5 56 256zm72 20v-40c0-6.6 5.4-12 12-12h116v-67c0-10.7 12.9-16 20.5-8.5l99 99c4.7 4.7 4.7 12.3 0 17l-99 99c-7.6 7.6-20.5 2.2-20.5-8.5v-67H140c-6.6 0-12-5.4-12-12z\"><\/path><\/svg>\t\t\t<\/span>\n\t\t\t\t\t\t\t\t\t<span class=\"elementor-button-text\">daha fazla bilgi al<\/span>\n\t\t\t\t\t<\/span>\n\t\t\t\t\t<\/a>\n\t\t\t\t<\/div>\n\t\t\t\t\t\t\t\t<\/div>\n\t\t\t\t<\/div>\n\t\t\t\t\t<\/div>\n\t\t<\/div>\n\t\t\t\t<div class=\"elementor-column elementor-col-33 elementor-inner-column elementor-element elementor-element-528bba0b elementor-hidden-tablet\" data-id=\"528bba0b\" data-element_type=\"column\" data-e-type=\"column\">\n\t\t\t<div class=\"elementor-widget-wrap elementor-element-populated\">\n\t\t\t\t\t\t<div class=\"elementor-element elementor-element-5caf2bc9 elementor-widget elementor-widget-image\" data-id=\"5caf2bc9\" data-element_type=\"widget\" data-e-type=\"widget\" data-widget_type=\"image.default\">\n\t\t\t\t<div class=\"elementor-widget-container\">\n\t\t\t\t\t\t\t\t\t\t\t\t\t\t\t<img loading=\"lazy\" decoding=\"async\" width=\"300\" height=\"251\" src=\"https:\/\/tekirdagboschservisi.com.tr\/wp-content\/uploads\/2024\/06\/Bosch-Kombi.jpg\" class=\"attachment-large size-large wp-image-476\" alt=\"\" srcset=\"https:\/\/tekirdagboschservisi.com.tr\/wp-content\/uploads\/2024\/06\/Bosch-Kombi.jpg 300w, https:\/\/tekirdagboschservisi.com.tr\/wp-content\/uploads\/2024\/06\/Bosch-Kombi-230x192.jpg 230w\" sizes=\"(max-width: 300px) 100vw, 300px\" \/>\t\t\t\t\t\t\t\t\t\t\t\t\t\t\t<\/div>\n\t\t\t\t<\/div>\n\t\t\t\t<div class=\"elementor-element elementor-element-7d5b64ab elementor-widget elementor-widget-icon-box\" data-id=\"7d5b64ab\" data-element_type=\"widget\" data-e-type=\"widget\" data-widget_type=\"icon-box.default\">\n\t\t\t\t<div class=\"elementor-widget-container\">\n\t\t\t\t\t\t\t<div class=\"elementor-icon-box-wrapper\">\n\n\t\t\t\n\t\t\t\t\t\t<div class=\"elementor-icon-box-content\">\n\n\t\t\t\t\t\t\t\t\t<h3 class=\"elementor-icon-box-title\">\n\t\t\t\t\t\t<span  >\n\t\t\t\t\t\t\tBosch Kombi<br \/><br \/> Servis Hizmeti\t\t\t\t\t\t<\/span>\n\t\t\t\t\t<\/h3>\n\t\t\t\t\n\t\t\t\t\n\t\t\t<\/div>\n\t\t\t\n\t\t<\/div>\n\t\t\t\t\t\t<\/div>\n\t\t\t\t<\/div>\n\t\t\t\t<div class=\"elementor-element elementor-element-a17876 elementor-widget elementor-widget-text-editor\" data-id=\"a17876\" data-element_type=\"widget\" data-e-type=\"widget\" data-widget_type=\"text-editor.default\">\n\t\t\t\t<div class=\"elementor-widget-container\">\n\t\t\t\t\t\t\t\t\t<p><strong>Tekirda\u011f\u00a0 Bosch Kombi Servisi\u00a0<a href=\"https:\/\/tekirdagkombiservisi.net\/index.php\/hizmet-verilen-markalar\/bosch-kombi-servisi\/\">0282 263 22 96<\/a> ayn\u0131 g\u00fcn Bosch Kombi hizmeti sunmaktay\u0131z. Yap\u0131lan i\u015flemler, ayr\u0131ca de\u011fi\u015ftirilen orijinal yedek par\u00e7alar firmam\u0131z taraf\u0131ndan 1 y\u0131l garantilidir.\u00a0 Bosch Kombi petek bak\u0131m\u0131 ayr\u0131ca Bosch Kombi kart tamiri hizmetimiz de<\/strong><\/p>\t\t\t\t\t\t\t\t<\/div>\n\t\t\t\t<\/div>\n\t\t\t\t<div class=\"elementor-element elementor-element-233490ce elementor-align-center elementor-button-success elementor-widget elementor-widget-button\" data-id=\"233490ce\" data-element_type=\"widget\" data-e-type=\"widget\" data-widget_type=\"button.default\">\n\t\t\t\t<div class=\"elementor-widget-container\">\n\t\t\t\t\t\t\t\t\t<div class=\"elementor-button-wrapper\">\n\t\t\t\t\t<a class=\"elementor-button elementor-button-link elementor-size-sm\" href=\"https:\/\/tekirdagboschservisi.com.tr\/index.php\/tekirdag-bosch-kombi-servisi\/\">\n\t\t\t\t\t\t<span class=\"elementor-button-content-wrapper\">\n\t\t\t\t\t\t<span class=\"elementor-button-icon\">\n\t\t\t\t<svg aria-hidden=\"true\" class=\"e-font-icon-svg e-far-arrow-alt-circle-right\" viewBox=\"0 0 512 512\" xmlns=\"http:\/\/www.w3.org\/2000\/svg\"><path d=\"M504 256C504 119 393 8 256 8S8 119 8 256s111 248 248 248 248-111 248-248zm-448 0c0-110.5 89.5-200 200-200s200 89.5 200 200-89.5 200-200 200S56 366.5 56 256zm72 20v-40c0-6.6 5.4-12 12-12h116v-67c0-10.7 12.9-16 20.5-8.5l99 99c4.7 4.7 4.7 12.3 0 17l-99 99c-7.6 7.6-20.5 2.2-20.5-8.5v-67H140c-6.6 0-12-5.4-12-12z\"><\/path><\/svg>\t\t\t<\/span>\n\t\t\t\t\t\t\t\t\t<span class=\"elementor-button-text\">DAHA FAZLA B\u0130LG\u0130 AL<\/span>\n\t\t\t\t\t<\/span>\n\t\t\t\t\t<\/a>\n\t\t\t\t<\/div>\n\t\t\t\t\t\t\t\t<\/div>\n\t\t\t\t<\/div>\n\t\t\t\t\t<\/div>\n\t\t<\/div>\n\t\t\t\t\t<\/div>\n\t\t<\/section>\n\t\t\t\t\t<\/div>\n\t\t<\/div>\n\t\t\t\t\t<\/div>\n\t\t<\/section>\n\t\t\t\t<section class=\"elementor-section elementor-top-section elementor-element elementor-element-6f03133 elementor-section-boxed elementor-section-height-default elementor-section-height-default\" data-id=\"6f03133\" data-element_type=\"section\" data-e-type=\"section\">\n\t\t\t\t\t\t<div class=\"elementor-container elementor-column-gap-default\">\n\t\t\t\t\t<div class=\"elementor-column elementor-col-50 elementor-top-column elementor-element elementor-element-4c4a8eb0\" data-id=\"4c4a8eb0\" data-element_type=\"column\" data-e-type=\"column\">\n\t\t\t<div class=\"elementor-widget-wrap elementor-element-populated\">\n\t\t\t\t\t\t<div class=\"elementor-element elementor-element-1f182f26 elementor-widget elementor-widget-image\" data-id=\"1f182f26\" data-element_type=\"widget\" data-e-type=\"widget\" data-widget_type=\"image.default\">\n\t\t\t\t<div class=\"elementor-widget-container\">\n\t\t\t\t\t\t\t\t\t\t\t\t\t\t\t<img loading=\"lazy\" decoding=\"async\" width=\"574\" height=\"900\" src=\"https:\/\/tekirdagboschservisi.com.tr\/wp-content\/uploads\/2024\/06\/Tekirdag-Bosch-Klima-Ariza-Bakim-Montaj-ve-Demontaj-Servisi.jpg\" class=\"attachment-large size-large wp-image-536\" alt=\"Tekirda\u011f Bosch Klima Ar\u0131za Bak\u0131m Montaj ve Demontaj Servisi\" srcset=\"https:\/\/tekirdagboschservisi.com.tr\/wp-content\/uploads\/2024\/06\/Tekirdag-Bosch-Klima-Ariza-Bakim-Montaj-ve-Demontaj-Servisi.jpg 574w, https:\/\/tekirdagboschservisi.com.tr\/wp-content\/uploads\/2024\/06\/Tekirdag-Bosch-Klima-Ariza-Bakim-Montaj-ve-Demontaj-Servisi-191x300.jpg 191w, https:\/\/tekirdagboschservisi.com.tr\/wp-content\/uploads\/2024\/06\/Tekirdag-Bosch-Klima-Ariza-Bakim-Montaj-ve-Demontaj-Servisi-230x361.jpg 230w, https:\/\/tekirdagboschservisi.com.tr\/wp-content\/uploads\/2024\/06\/Tekirdag-Bosch-Klima-Ariza-Bakim-Montaj-ve-Demontaj-Servisi-350x549.jpg 350w, https:\/\/tekirdagboschservisi.com.tr\/wp-content\/uploads\/2024\/06\/Tekirdag-Bosch-Klima-Ariza-Bakim-Montaj-ve-Demontaj-Servisi-480x753.jpg 480w\" sizes=\"(max-width: 574px) 100vw, 574px\" \/>\t\t\t\t\t\t\t\t\t\t\t\t\t\t\t<\/div>\n\t\t\t\t<\/div>\n\t\t\t\t\t<\/div>\n\t\t<\/div>\n\t\t\t\t<div class=\"elementor-column elementor-col-50 elementor-top-column elementor-element elementor-element-6987d341\" data-id=\"6987d341\" data-element_type=\"column\" data-e-type=\"column\">\n\t\t\t<div class=\"elementor-widget-wrap elementor-element-populated\">\n\t\t\t\t\t\t<div class=\"elementor-element elementor-element-15476032 elementor-widget elementor-widget-heading\" data-id=\"15476032\" data-element_type=\"widget\" data-e-type=\"widget\" data-widget_type=\"heading.default\">\n\t\t\t\t<div class=\"elementor-widget-container\">\n\t\t\t\t\t<h2 class=\"elementor-heading-title elementor-size-default\">TEK\u0130RDA\u011e BOSCH KL\u0130MA SERV\u0130S\u0130<\/h2>\t\t\t\t<\/div>\n\t\t\t\t<\/div>\n\t\t\t\t<div class=\"elementor-element elementor-element-6dbfe7f2 elementor-widget-divider--view-line elementor-widget elementor-widget-divider\" data-id=\"6dbfe7f2\" data-element_type=\"widget\" data-e-type=\"widget\" data-widget_type=\"divider.default\">\n\t\t\t\t<div class=\"elementor-widget-container\">\n\t\t\t\t\t\t\t<div class=\"elementor-divider\">\n\t\t\t<span class=\"elementor-divider-separator\">\n\t\t\t\t\t\t<\/span>\n\t\t<\/div>\n\t\t\t\t\t\t<\/div>\n\t\t\t\t<\/div>\n\t\t\t\t<div class=\"elementor-element elementor-element-72fe9f36 elementor-widget elementor-widget-text-editor\" data-id=\"72fe9f36\" data-element_type=\"widget\" data-e-type=\"widget\" data-widget_type=\"text-editor.default\">\n\t\t\t\t<div class=\"elementor-widget-container\">\n\t\t\t\t\t\t\t\t\t<p class=\"has-text-align-center\"><strong>Tekirda\u011f Bosch Klima Servisi\u00a0<a href=\"https:\/\/tekirdagboschservisi.com.tr\/index.php\/tekirdag-bosch-klima-servisi\/\">0282 263 22 96<\/a>. Ya\u015fam\u0131m\u0131z\u0131n her alan\u0131nda elektronik cihazlar yer almaktad\u0131r. G\u00fcnden g\u00fcne geli\u015fen teknolojiler ile beraber evlerimizde bizlerin i\u015fini kolayla\u015ft\u0131ran Klimalar\u0131n say\u0131s\u0131 ve fonksiyonu da ayn\u0131 oranda artmaktad\u0131r. Bize sundu\u011fu i\u015flevleri ve faydalar\u0131 artarken uzun s\u00fcreli veya hatal\u0131 kullan\u0131m ve ya teknik sebeplerden kaynaklanan ar\u0131zalar olu\u015fabilmektedir. Hal b\u00f6yleyken teknik servis ihtiyac\u0131 da artmaktad\u0131r. Bosch Klimalar\u0131n\u0131zda meydana gelen yada gelmesi muhtemel t\u00fcm i\u00e7 ve d\u0131\u015f sorunlar y\u00fcz\u00fcnden olu\u015fan t\u00fcm teknik sorunlar\u0131n\u0131z i\u00e7in , Garanti Teknik olarak bizimle ileti\u015fime ge\u00e7ebilir, bize ula\u015fabilirsiniz. T\u00fcm Bosch Klimalar\u0131n\u0131z\u0131n ar\u0131za ve teknik servis i\u015flemlerini profesyonel ekibimizle, yerinizde yaparak soruna an\u0131nda \u00e7\u00f6z\u00fcm buluyoruz.<\/strong><\/p>\t\t\t\t\t\t\t\t<\/div>\n\t\t\t\t<\/div>\n\t\t\t\t<div class=\"elementor-element elementor-element-5447315f elementor-align-center elementor-tablet-align-center elementor-widget elementor-widget-button\" data-id=\"5447315f\" data-element_type=\"widget\" data-e-type=\"widget\" data-widget_type=\"button.default\">\n\t\t\t\t<div class=\"elementor-widget-container\">\n\t\t\t\t\t\t\t\t\t<div class=\"elementor-button-wrapper\">\n\t\t\t\t\t<a class=\"elementor-button elementor-button-link elementor-size-sm\" href=\"https:\/\/tekirdagboschservisi.com.tr\/index.php\/tekirdag-bosch-klima-servisi\/\">\n\t\t\t\t\t\t<span class=\"elementor-button-content-wrapper\">\n\t\t\t\t\t\t\t\t\t<span class=\"elementor-button-text\">DAHA FAZLA B\u0130LG\u0130 AL<\/span>\n\t\t\t\t\t<\/span>\n\t\t\t\t\t<\/a>\n\t\t\t\t<\/div>\n\t\t\t\t\t\t\t\t<\/div>\n\t\t\t\t<\/div>\n\t\t\t\t\t<\/div>\n\t\t<\/div>\n\t\t\t\t\t<\/div>\n\t\t<\/section>\n\t\t\t\t<section class=\"elementor-section elementor-top-section elementor-element elementor-element-57bb81c9 elementor-section-boxed elementor-section-height-default elementor-section-height-default\" data-id=\"57bb81c9\" data-element_type=\"section\" data-e-type=\"section\">\n\t\t\t\t\t\t<div class=\"elementor-container elementor-column-gap-default\">\n\t\t\t\t\t<div class=\"elementor-column elementor-col-100 elementor-top-column elementor-element elementor-element-35fdb6f4\" data-id=\"35fdb6f4\" data-element_type=\"column\" data-e-type=\"column\">\n\t\t\t<div class=\"elementor-widget-wrap elementor-element-populated\">\n\t\t\t\t\t\t<section class=\"elementor-section elementor-inner-section elementor-element elementor-element-64e804b elementor-section-boxed elementor-section-height-default elementor-section-height-default\" data-id=\"64e804b\" data-element_type=\"section\" data-e-type=\"section\">\n\t\t\t\t\t\t<div class=\"elementor-container elementor-column-gap-extended\">\n\t\t\t\t\t<div class=\"elementor-column elementor-col-100 elementor-inner-column elementor-element elementor-element-76985ffa\" data-id=\"76985ffa\" data-element_type=\"column\" data-e-type=\"column\">\n\t\t\t<div class=\"elementor-widget-wrap elementor-element-populated\">\n\t\t\t\t\t\t<div class=\"elementor-element elementor-element-67265073 elementor-widget elementor-widget-heading\" data-id=\"67265073\" data-element_type=\"widget\" data-e-type=\"widget\" data-widget_type=\"heading.default\">\n\t\t\t\t<div class=\"elementor-widget-container\">\n\t\t\t\t\t<h2 class=\"elementor-heading-title elementor-size-default\">Tekirda\u011f Bosch Klima Servisi Hizmetleri<\/h2>\t\t\t\t<\/div>\n\t\t\t\t<\/div>\n\t\t\t\t\t<\/div>\n\t\t<\/div>\n\t\t\t\t\t<\/div>\n\t\t<\/section>\n\t\t\t\t<section class=\"elementor-section elementor-inner-section elementor-element elementor-element-ee6518b elementor-section-boxed elementor-section-height-default elementor-section-height-default\" data-id=\"ee6518b\" data-element_type=\"section\" data-e-type=\"section\">\n\t\t\t\t\t\t<div class=\"elementor-container elementor-column-gap-extended\">\n\t\t\t\t\t<div class=\"elementor-column elementor-col-33 elementor-inner-column elementor-element elementor-element-7cc51ea3\" data-id=\"7cc51ea3\" data-element_type=\"column\" data-e-type=\"column\">\n\t\t\t<div class=\"elementor-widget-wrap elementor-element-populated\">\n\t\t\t\t\t\t<div class=\"elementor-element elementor-element-7fbc121e elementor-widget elementor-widget-image\" data-id=\"7fbc121e\" data-element_type=\"widget\" data-e-type=\"widget\" data-widget_type=\"image.default\">\n\t\t\t\t<div class=\"elementor-widget-container\">\n\t\t\t\t\t\t\t\t\t\t\t\t\t\t\t<img loading=\"lazy\" decoding=\"async\" width=\"350\" height=\"293\" src=\"https:\/\/tekirdagboschservisi.com.tr\/wp-content\/uploads\/2024\/06\/Bosch-Klima.jpg\" class=\"attachment-large size-large wp-image-474\" alt=\"\" srcset=\"https:\/\/tekirdagboschservisi.com.tr\/wp-content\/uploads\/2024\/06\/Bosch-Klima.jpg 350w, https:\/\/tekirdagboschservisi.com.tr\/wp-content\/uploads\/2024\/06\/Bosch-Klima-300x251.jpg 300w, https:\/\/tekirdagboschservisi.com.tr\/wp-content\/uploads\/2024\/06\/Bosch-Klima-230x193.jpg 230w\" sizes=\"(max-width: 350px) 100vw, 350px\" \/>\t\t\t\t\t\t\t\t\t\t\t\t\t\t\t<\/div>\n\t\t\t\t<\/div>\n\t\t\t\t<div class=\"elementor-element elementor-element-4fca0fd2 elementor-widget elementor-widget-heading\" data-id=\"4fca0fd2\" data-element_type=\"widget\" data-e-type=\"widget\" data-widget_type=\"heading.default\">\n\t\t\t\t<div class=\"elementor-widget-container\">\n\t\t\t\t\t<h3 class=\"elementor-heading-title elementor-size-default\">Bosch Klima Ar\u0131za Servisi<\/h3>\t\t\t\t<\/div>\n\t\t\t\t<\/div>\n\t\t\t\t<div class=\"elementor-element elementor-element-56628514 elementor-widget elementor-widget-text-editor\" data-id=\"56628514\" data-element_type=\"widget\" data-e-type=\"widget\" data-widget_type=\"text-editor.default\">\n\t\t\t\t<div class=\"elementor-widget-container\">\n\t\t\t\t\t\t\t\t\t<p>Bosch kliman\u0131zda ya\u015fad\u0131\u011f\u0131n\u0131z ar\u0131zalar\u00a0<a href=\"https:\/\/tekirdagboschservisi.com.tr\/index.php\/tekirdag-bosch-klima-servisi\/\">ve<\/a>\u00a0bak\u0131m ihtiya\u00e7lar\u0131n\u0131z i\u00e7in profesyonel ve g\u00fcvenilir bir servis aray\u0131\u015f\u0131nda m\u0131s\u0131n\u0131z? Tekirda\u011f Bosch Klima Ar\u0131za Servisi, geni\u015f hizmet yelpazesi ve uzman teknik ekibiyle sizlere en iyi \u00e7\u00f6z\u00fcmleri sunmak i\u00e7in burada!<\/p>\t\t\t\t\t\t\t\t<\/div>\n\t\t\t\t<\/div>\n\t\t\t\t<div class=\"elementor-element elementor-element-4610d1f2 elementor-align-center elementor-tablet-align-center elementor-widget elementor-widget-button\" data-id=\"4610d1f2\" data-element_type=\"widget\" data-e-type=\"widget\" data-widget_type=\"button.default\">\n\t\t\t\t<div class=\"elementor-widget-container\">\n\t\t\t\t\t\t\t\t\t<div class=\"elementor-button-wrapper\">\n\t\t\t\t\t<a class=\"elementor-button elementor-button-link elementor-size-sm\" href=\"https:\/\/tekirdagboschservisi.com.tr\/index.php\/tekirdag-bosch-klima-servisi\/tekirdag-bosch-klima-ariza-servisi-0282-263-22-96\/\">\n\t\t\t\t\t\t<span class=\"elementor-button-content-wrapper\">\n\t\t\t\t\t\t\t\t\t<span class=\"elementor-button-text\">DAHA FAZLA B\u0130LG\u0130 AL<\/span>\n\t\t\t\t\t<\/span>\n\t\t\t\t\t<\/a>\n\t\t\t\t<\/div>\n\t\t\t\t\t\t\t\t<\/div>\n\t\t\t\t<\/div>\n\t\t\t\t\t<\/div>\n\t\t<\/div>\n\t\t\t\t<div class=\"elementor-column elementor-col-33 elementor-inner-column elementor-element elementor-element-260aef49\" data-id=\"260aef49\" data-element_type=\"column\" data-e-type=\"column\">\n\t\t\t<div class=\"elementor-widget-wrap elementor-element-populated\">\n\t\t\t\t\t\t<div class=\"elementor-element elementor-element-29025f82 elementor-widget elementor-widget-image\" data-id=\"29025f82\" data-element_type=\"widget\" data-e-type=\"widget\" data-widget_type=\"image.default\">\n\t\t\t\t<div class=\"elementor-widget-container\">\n\t\t\t\t\t\t\t\t\t\t\t\t\t\t\t<img loading=\"lazy\" decoding=\"async\" width=\"350\" height=\"293\" src=\"https:\/\/tekirdagboschservisi.com.tr\/wp-content\/uploads\/2024\/06\/Bosch-Klima.jpg\" class=\"attachment-large size-large wp-image-474\" alt=\"\" srcset=\"https:\/\/tekirdagboschservisi.com.tr\/wp-content\/uploads\/2024\/06\/Bosch-Klima.jpg 350w, https:\/\/tekirdagboschservisi.com.tr\/wp-content\/uploads\/2024\/06\/Bosch-Klima-300x251.jpg 300w, https:\/\/tekirdagboschservisi.com.tr\/wp-content\/uploads\/2024\/06\/Bosch-Klima-230x193.jpg 230w\" sizes=\"(max-width: 350px) 100vw, 350px\" \/>\t\t\t\t\t\t\t\t\t\t\t\t\t\t\t<\/div>\n\t\t\t\t<\/div>\n\t\t\t\t<div class=\"elementor-element elementor-element-770a7e38 elementor-widget elementor-widget-heading\" data-id=\"770a7e38\" data-element_type=\"widget\" data-e-type=\"widget\" data-widget_type=\"heading.default\">\n\t\t\t\t<div class=\"elementor-widget-container\">\n\t\t\t\t\t<h3 class=\"elementor-heading-title elementor-size-default\">Bosch Klima Bak\u0131m Servisi<\/h3>\t\t\t\t<\/div>\n\t\t\t\t<\/div>\n\t\t\t\t<div class=\"elementor-element elementor-element-4344c8d7 elementor-widget elementor-widget-text-editor\" data-id=\"4344c8d7\" data-element_type=\"widget\" data-e-type=\"widget\" data-widget_type=\"text-editor.default\">\n\t\t\t\t<div class=\"elementor-widget-container\">\n\t\t\t\t\t\t\t\t\t<p>Bosch kliman\u0131z\u0131n d\u00fczenli bak\u0131m\u0131n\u0131 yapt\u0131rmak m\u0131 istiyorsunuz? Tekirda\u011f Bosch Klima Bak\u0131m Servisi, uzman teknik ekibi ve m\u00fc\u015fteri memnuniyeti odakl\u0131 hizmet anlay\u0131\u015f\u0131 ile klimalar\u0131n\u0131z\u0131n en iyi performansta \u00e7al\u0131\u015fmas\u0131n\u0131 sa\u011flamak i\u00e7in burada!<\/p>\t\t\t\t\t\t\t\t<\/div>\n\t\t\t\t<\/div>\n\t\t\t\t<div class=\"elementor-element elementor-element-6f09d56c elementor-align-center elementor-tablet-align-center elementor-widget elementor-widget-button\" data-id=\"6f09d56c\" data-element_type=\"widget\" data-e-type=\"widget\" data-widget_type=\"button.default\">\n\t\t\t\t<div class=\"elementor-widget-container\">\n\t\t\t\t\t\t\t\t\t<div class=\"elementor-button-wrapper\">\n\t\t\t\t\t<a class=\"elementor-button elementor-button-link elementor-size-sm\" href=\"https:\/\/tekirdagboschservisi.com.tr\/index.php\/tekirdag-bosch-klima-servisi\/tekirdag-bosch-klima-bakim-servisi-0282-263-22-96\/\">\n\t\t\t\t\t\t<span class=\"elementor-button-content-wrapper\">\n\t\t\t\t\t\t\t\t\t<span class=\"elementor-button-text\">DAHA FAZLA B\u0130LG\u0130 AL<\/span>\n\t\t\t\t\t<\/span>\n\t\t\t\t\t<\/a>\n\t\t\t\t<\/div>\n\t\t\t\t\t\t\t\t<\/div>\n\t\t\t\t<\/div>\n\t\t\t\t\t<\/div>\n\t\t<\/div>\n\t\t\t\t<div class=\"elementor-column elementor-col-33 elementor-inner-column elementor-element elementor-element-19d617f\" data-id=\"19d617f\" data-element_type=\"column\" data-e-type=\"column\">\n\t\t\t<div class=\"elementor-widget-wrap elementor-element-populated\">\n\t\t\t\t\t\t<div class=\"elementor-element elementor-element-1ab875d7 elementor-widget elementor-widget-image\" data-id=\"1ab875d7\" data-element_type=\"widget\" data-e-type=\"widget\" data-widget_type=\"image.default\">\n\t\t\t\t<div class=\"elementor-widget-container\">\n\t\t\t\t\t\t\t\t\t\t\t\t\t\t\t<img loading=\"lazy\" decoding=\"async\" width=\"350\" height=\"293\" src=\"https:\/\/tekirdagboschservisi.com.tr\/wp-content\/uploads\/2024\/06\/Bosch-Klima.jpg\" class=\"attachment-large size-large wp-image-474\" alt=\"\" srcset=\"https:\/\/tekirdagboschservisi.com.tr\/wp-content\/uploads\/2024\/06\/Bosch-Klima.jpg 350w, https:\/\/tekirdagboschservisi.com.tr\/wp-content\/uploads\/2024\/06\/Bosch-Klima-300x251.jpg 300w, https:\/\/tekirdagboschservisi.com.tr\/wp-content\/uploads\/2024\/06\/Bosch-Klima-230x193.jpg 230w\" sizes=\"(max-width: 350px) 100vw, 350px\" \/>\t\t\t\t\t\t\t\t\t\t\t\t\t\t\t<\/div>\n\t\t\t\t<\/div>\n\t\t\t\t<div class=\"elementor-element elementor-element-4a749539 elementor-widget elementor-widget-heading\" data-id=\"4a749539\" data-element_type=\"widget\" data-e-type=\"widget\" data-widget_type=\"heading.default\">\n\t\t\t\t<div class=\"elementor-widget-container\">\n\t\t\t\t\t<h3 class=\"elementor-heading-title elementor-size-default\">Bosch Klima Montaj ve Demontaj Hizmeti<\/h3>\t\t\t\t<\/div>\n\t\t\t\t<\/div>\n\t\t\t\t<div class=\"elementor-element elementor-element-71fccbe4 elementor-widget elementor-widget-text-editor\" data-id=\"71fccbe4\" data-element_type=\"widget\" data-e-type=\"widget\" data-widget_type=\"text-editor.default\">\n\t\t\t\t<div class=\"elementor-widget-container\">\n\t\t\t\t\t\t\t\t\t<p>Bosch kliman\u0131z\u0131n montaj\u0131 veya mevcut kliman\u0131z\u0131n g\u00fcvenli\u00a0<a href=\"https:\/\/tekirdagboschservisi.com.tr\/index.php\/tekirdag-bosch-klima-servisi\/\">bir<\/a> \u015fekilde ta\u015f\u0131nmas\u0131 m\u0131 gerekiyor? Tekirda\u011f Bosch Klima Montaj ve Demontaj Servisi, uzman teknik ekibi ve m\u00fc\u015fteri memnuniyeti odakl\u0131 hizmet anlay\u0131\u015f\u0131 ile kliman\u0131z\u0131n kurulum ve ta\u015f\u0131ma i\u015flemlerini en profesyonel \u015fekilde ger\u00e7ekle\u015ftirmek i\u00e7in&#8230;<\/p>\t\t\t\t\t\t\t\t<\/div>\n\t\t\t\t<\/div>\n\t\t\t\t<div class=\"elementor-element elementor-element-173e27b6 elementor-align-center elementor-tablet-align-center elementor-widget elementor-widget-button\" data-id=\"173e27b6\" data-element_type=\"widget\" data-e-type=\"widget\" data-widget_type=\"button.default\">\n\t\t\t\t<div class=\"elementor-widget-container\">\n\t\t\t\t\t\t\t\t\t<div class=\"elementor-button-wrapper\">\n\t\t\t\t\t<a class=\"elementor-button elementor-button-link elementor-size-sm\" href=\"https:\/\/tekirdagboschservisi.com.tr\/index.php\/tekirdag-bosch-klima-servisi\/tekirdag-bosch-klima-montaj-ve-demontaj-servisi-0282-263-22-96\/\">\n\t\t\t\t\t\t<span class=\"elementor-button-content-wrapper\">\n\t\t\t\t\t\t\t\t\t<span class=\"elementor-button-text\">DAHA FAZLA B\u0130LG\u0130 AL<\/span>\n\t\t\t\t\t<\/span>\n\t\t\t\t\t<\/a>\n\t\t\t\t<\/div>\n\t\t\t\t\t\t\t\t<\/div>\n\t\t\t\t<\/div>\n\t\t\t\t\t<\/div>\n\t\t<\/div>\n\t\t\t\t\t<\/div>\n\t\t<\/section>\n\t\t\t\t\t<\/div>\n\t\t<\/div>\n\t\t\t\t\t<\/div>\n\t\t<\/section>\n\t\t<div class=\"elementor-element elementor-element-470ef8c4 e-flex e-con-boxed e-con e-parent\" data-id=\"470ef8c4\" data-element_type=\"container\" data-e-type=\"container\">\n\t\t\t\t\t<div class=\"e-con-inner\">\n\t\t\t\t<div class=\"elementor-element elementor-element-f8ac4fb elementor-widget elementor-widget-heading\" data-id=\"f8ac4fb\" data-element_type=\"widget\" data-e-type=\"widget\" data-widget_type=\"heading.default\">\n\t\t\t\t<div class=\"elementor-widget-container\">\n\t\t\t\t\t<h2 class=\"elementor-heading-title elementor-size-default\">Tekirda\u011f Bosch Beyaz E\u015fya Servisimizin Hizmet Verdi\u011fi \u00dcr\u00fcnler<\/h2>\t\t\t\t<\/div>\n\t\t\t\t<\/div>\n\t\t\t\t\t<\/div>\n\t\t\t\t<\/div>\n\t\t<div class=\"elementor-element elementor-element-2af24f45 e-flex e-con-boxed e-con e-parent\" data-id=\"2af24f45\" data-element_type=\"container\" data-e-type=\"container\">\n\t\t\t\t\t<div class=\"e-con-inner\">\n\t\t<div class=\"elementor-element elementor-element-229aac41 e-con-full e-flex e-con e-child\" data-id=\"229aac41\" data-element_type=\"container\" data-e-type=\"container\">\n\t\t\t\t<div class=\"elementor-element elementor-element-4810c6c4 elementor-widget elementor-widget-image\" data-id=\"4810c6c4\" data-element_type=\"widget\" data-e-type=\"widget\" data-widget_type=\"image.default\">\n\t\t\t\t<div class=\"elementor-widget-container\">\n\t\t\t\t\t\t\t\t\t\t\t\t\t\t\t<img loading=\"lazy\" decoding=\"async\" width=\"327\" height=\"205\" src=\"https:\/\/tekirdagboschservisi.com.tr\/wp-content\/uploads\/2024\/03\/bosch-buzdolabi-servisi.jpg\" class=\"attachment-large size-large wp-image-199\" alt=\"\" srcset=\"https:\/\/tekirdagboschservisi.com.tr\/wp-content\/uploads\/2024\/03\/bosch-buzdolabi-servisi.jpg 327w, https:\/\/tekirdagboschservisi.com.tr\/wp-content\/uploads\/2024\/03\/bosch-buzdolabi-servisi-300x188.jpg 300w\" sizes=\"(max-width: 327px) 100vw, 327px\" \/>\t\t\t\t\t\t\t\t\t\t\t\t\t\t\t<\/div>\n\t\t\t\t<\/div>\n\t\t\t\t<div class=\"elementor-element elementor-element-85e1ed0 elementor-widget elementor-widget-heading\" data-id=\"85e1ed0\" data-element_type=\"widget\" data-e-type=\"widget\" data-widget_type=\"heading.default\">\n\t\t\t\t<div class=\"elementor-widget-container\">\n\t\t\t\t\t<h2 class=\"elementor-heading-title elementor-size-default\">Bosch Buzdolab\u0131 Servisi<\/h2>\t\t\t\t<\/div>\n\t\t\t\t<\/div>\n\t\t\t\t<div class=\"elementor-element elementor-element-6c16ddbd elementor-widget elementor-widget-text-editor\" data-id=\"6c16ddbd\" data-element_type=\"widget\" data-e-type=\"widget\" data-widget_type=\"text-editor.default\">\n\t\t\t\t<div class=\"elementor-widget-container\">\n\t\t\t\t\t\t\t\t\t<p><strong>Mutfaklar\u0131m\u0131z\u0131n vazge\u00e7ilmez par\u00e7alar\u0131ndan biri olan\u00a0<a href=\"https:\/\/tekirdagboschservisi.com.tr\/index.php\/tekirdag-bosch-beyaz-esya-servisi-2\/bosch-buzdolabi-servisi\/\" data-type=\"page\" data-id=\"128\">Bosch<\/a> buzdolaplar\u0131, g\u0131dalar\u0131m\u0131z\u0131 taze ve g\u00fcvende tutmak i\u00e7in g\u00fcvenilir bir \u015fekilde \u00e7al\u0131\u015f\u0131r. Ancak zamanla, buzdolaplar\u0131nda \u00e7e\u015fitli sorunlar ortaya \u00e7\u0131kabilir veya d\u00fczenli bak\u0131m gerekebilir.\u00a0<\/strong><\/p>\t\t\t\t\t\t\t\t<\/div>\n\t\t\t\t<\/div>\n\t\t\t\t<div class=\"elementor-element elementor-element-1d785754 elementor-align-center elementor-tablet-align-center elementor-widget elementor-widget-button\" data-id=\"1d785754\" data-element_type=\"widget\" data-e-type=\"widget\" data-widget_type=\"button.default\">\n\t\t\t\t<div class=\"elementor-widget-container\">\n\t\t\t\t\t\t\t\t\t<div class=\"elementor-button-wrapper\">\n\t\t\t\t\t<a class=\"elementor-button elementor-button-link elementor-size-sm\" href=\"https:\/\/tekirdagboschservisi.com.tr\/index.php\/tekirdag-bosch-beyaz-esya-servisi-2\/bosch-buzdolabi-servisi\/\">\n\t\t\t\t\t\t<span class=\"elementor-button-content-wrapper\">\n\t\t\t\t\t\t\t\t\t<span class=\"elementor-button-text\">DEVAMINI OKU<\/span>\n\t\t\t\t\t<\/span>\n\t\t\t\t\t<\/a>\n\t\t\t\t<\/div>\n\t\t\t\t\t\t\t\t<\/div>\n\t\t\t\t<\/div>\n\t\t\t\t<\/div>\n\t\t<div class=\"elementor-element elementor-element-251a05c9 e-con-full e-flex e-con e-child\" data-id=\"251a05c9\" data-element_type=\"container\" data-e-type=\"container\">\n\t\t\t\t<div class=\"elementor-element elementor-element-117dee8 elementor-widget elementor-widget-image\" data-id=\"117dee8\" data-element_type=\"widget\" data-e-type=\"widget\" data-widget_type=\"image.default\">\n\t\t\t\t<div class=\"elementor-widget-container\">\n\t\t\t\t\t\t\t\t\t\t\t\t\t\t\t<img loading=\"lazy\" decoding=\"async\" width=\"320\" height=\"200\" src=\"https:\/\/tekirdagboschservisi.com.tr\/wp-content\/uploads\/2024\/03\/bosch-camasir-makinesi-servisi.jpg\" class=\"attachment-large size-large wp-image-200\" alt=\"\" srcset=\"https:\/\/tekirdagboschservisi.com.tr\/wp-content\/uploads\/2024\/03\/bosch-camasir-makinesi-servisi.jpg 320w, https:\/\/tekirdagboschservisi.com.tr\/wp-content\/uploads\/2024\/03\/bosch-camasir-makinesi-servisi-300x188.jpg 300w\" sizes=\"(max-width: 320px) 100vw, 320px\" \/>\t\t\t\t\t\t\t\t\t\t\t\t\t\t\t<\/div>\n\t\t\t\t<\/div>\n\t\t\t\t<div class=\"elementor-element elementor-element-3ae6dd68 elementor-widget elementor-widget-heading\" data-id=\"3ae6dd68\" data-element_type=\"widget\" data-e-type=\"widget\" data-widget_type=\"heading.default\">\n\t\t\t\t<div class=\"elementor-widget-container\">\n\t\t\t\t\t<h2 class=\"elementor-heading-title elementor-size-default\">\u00c7ama\u015f\u0131r Makinesi Servisi<\/h2>\t\t\t\t<\/div>\n\t\t\t\t<\/div>\n\t\t\t\t<div class=\"elementor-element elementor-element-6c30de67 elementor-widget elementor-widget-text-editor\" data-id=\"6c30de67\" data-element_type=\"widget\" data-e-type=\"widget\" data-widget_type=\"text-editor.default\">\n\t\t\t\t<div class=\"elementor-widget-container\">\n\t\t\t\t\t\t\t\t\t<p><strong>G\u00fcnl\u00fck ya\u015fam\u0131m\u0131z\u0131n vazge\u00e7ilmez bir par\u00e7as\u0131 olan \u00e7ama\u015f\u0131r makineleri, giysilerimizi temiz ve ferah tutman\u0131n yan\u0131 s\u0131ra, hayat\u0131m\u0131z\u0131 kolayla\u015ft\u0131ran \u00f6nemli bir ev aletidir.\u00a0<a href=\"https:\/\/garanti-teknik.com\/index.php\/bosch-beyaz-esya-servisi\/bosch-camasir-makinesi-servisi\/\">Bosch<\/a>\u00a0\u00e7ama\u015f\u0131r makineleri, yenilik\u00e7i teknolojisi ve dayan\u0131kl\u0131 yap\u0131s\u0131yla \u00f6ne \u00e7\u0131kar.<\/strong><\/p>\t\t\t\t\t\t\t\t<\/div>\n\t\t\t\t<\/div>\n\t\t\t\t<div class=\"elementor-element elementor-element-73e472f9 elementor-align-center elementor-tablet-align-center elementor-widget elementor-widget-button\" data-id=\"73e472f9\" data-element_type=\"widget\" data-e-type=\"widget\" data-widget_type=\"button.default\">\n\t\t\t\t<div class=\"elementor-widget-container\">\n\t\t\t\t\t\t\t\t\t<div class=\"elementor-button-wrapper\">\n\t\t\t\t\t<a class=\"elementor-button elementor-button-link elementor-size-sm\" href=\"https:\/\/tekirdagboschservisi.com.tr\/index.php\/tekirdag-bosch-beyaz-esya-servisi-2\/bosch-camasir-makinesi-servisi\/\">\n\t\t\t\t\t\t<span class=\"elementor-button-content-wrapper\">\n\t\t\t\t\t\t\t\t\t<span class=\"elementor-button-text\">DEVAMINI OKU<\/span>\n\t\t\t\t\t<\/span>\n\t\t\t\t\t<\/a>\n\t\t\t\t<\/div>\n\t\t\t\t\t\t\t\t<\/div>\n\t\t\t\t<\/div>\n\t\t\t\t<\/div>\n\t\t<div class=\"elementor-element elementor-element-715efa2d e-con-full e-flex e-con e-child\" data-id=\"715efa2d\" data-element_type=\"container\" data-e-type=\"container\">\n\t\t\t\t<div class=\"elementor-element elementor-element-238a25a5 elementor-widget elementor-widget-image\" data-id=\"238a25a5\" data-element_type=\"widget\" data-e-type=\"widget\" data-widget_type=\"image.default\">\n\t\t\t\t<div class=\"elementor-widget-container\">\n\t\t\t\t\t\t\t\t\t\t\t\t\t\t\t<img loading=\"lazy\" decoding=\"async\" width=\"328\" height=\"206\" src=\"https:\/\/tekirdagboschservisi.com.tr\/wp-content\/uploads\/2024\/03\/bosch-bulasik-makinesi-servisi.jpg\" class=\"attachment-large size-large wp-image-198\" alt=\"\" srcset=\"https:\/\/tekirdagboschservisi.com.tr\/wp-content\/uploads\/2024\/03\/bosch-bulasik-makinesi-servisi.jpg 328w, https:\/\/tekirdagboschservisi.com.tr\/wp-content\/uploads\/2024\/03\/bosch-bulasik-makinesi-servisi-300x188.jpg 300w\" sizes=\"(max-width: 328px) 100vw, 328px\" \/>\t\t\t\t\t\t\t\t\t\t\t\t\t\t\t<\/div>\n\t\t\t\t<\/div>\n\t\t\t\t<div class=\"elementor-element elementor-element-2bf3f6e2 elementor-widget elementor-widget-heading\" data-id=\"2bf3f6e2\" data-element_type=\"widget\" data-e-type=\"widget\" data-widget_type=\"heading.default\">\n\t\t\t\t<div class=\"elementor-widget-container\">\n\t\t\t\t\t<h2 class=\"elementor-heading-title elementor-size-default\">Bula\u015f\u0131k Makinesi Servisi<\/h2>\t\t\t\t<\/div>\n\t\t\t\t<\/div>\n\t\t\t\t<div class=\"elementor-element elementor-element-79c32ddf elementor-widget elementor-widget-text-editor\" data-id=\"79c32ddf\" data-element_type=\"widget\" data-e-type=\"widget\" data-widget_type=\"text-editor.default\">\n\t\t\t\t<div class=\"elementor-widget-container\">\n\t\t\t\t\t\t\t\t\t<p><strong>Modern ya\u015fam\u0131n vazge\u00e7ilmezlerinden biri olan bula\u015f\u0131k makineleri, ev i\u015flerini kolayla\u015ft\u0131ran ve zamandan tasarruf sa\u011flayan \u00f6nemli bir ev aletidir.\u00a0<a href=\"https:\/\/tekirdagboschservisi.com.tr\/index.php\/tekirdag-bosch-beyaz-esya-servisi-2\/bosch-bulasik-makinesi-servisi\/\" data-type=\"page\" data-id=\"132\">Bosch<\/a> bula\u015f\u0131k makineleri, yenilik\u00e7i teknolojisi ve sa\u011flam yap\u0131s\u0131yla evlerdeki bula\u015f\u0131klar\u0131\u00a0<\/strong><\/p>\t\t\t\t\t\t\t\t<\/div>\n\t\t\t\t<\/div>\n\t\t\t\t<div class=\"elementor-element elementor-element-17036021 elementor-align-center elementor-tablet-align-center elementor-widget elementor-widget-button\" data-id=\"17036021\" data-element_type=\"widget\" data-e-type=\"widget\" data-widget_type=\"button.default\">\n\t\t\t\t<div class=\"elementor-widget-container\">\n\t\t\t\t\t\t\t\t\t<div class=\"elementor-button-wrapper\">\n\t\t\t\t\t<a class=\"elementor-button elementor-button-link elementor-size-sm\" href=\"https:\/\/tekirdagboschservisi.com.tr\/index.php\/tekirdag-bosch-beyaz-esya-servisi-2\/bosch-bulasik-makinesi-servisi\/\">\n\t\t\t\t\t\t<span class=\"elementor-button-content-wrapper\">\n\t\t\t\t\t\t\t\t\t<span class=\"elementor-button-text\">DEVAMINI OKU<\/span>\n\t\t\t\t\t<\/span>\n\t\t\t\t\t<\/a>\n\t\t\t\t<\/div>\n\t\t\t\t\t\t\t\t<\/div>\n\t\t\t\t<\/div>\n\t\t\t\t<\/div>\n\t\t<div class=\"elementor-element elementor-element-31f37b1d e-con-full e-flex e-con e-child\" data-id=\"31f37b1d\" data-element_type=\"container\" data-e-type=\"container\">\n\t\t\t\t<div class=\"elementor-element elementor-element-61ef91ca elementor-widget elementor-widget-image\" data-id=\"61ef91ca\" data-element_type=\"widget\" data-e-type=\"widget\" data-widget_type=\"image.default\">\n\t\t\t\t<div class=\"elementor-widget-container\">\n\t\t\t\t\t\t\t\t\t\t\t\t\t\t\t<img decoding=\"async\" src=\"https:\/\/tekirdagboschservisi.com.tr\/wp-content\/uploads\/elementor\/thumbs\/maxresdefault-rc7wo6zbevl9noc0aji1ynu7rjivhw0ddaujlxys7s.jpg\" title=\"maxresdefault\" alt=\"maxresdefault\" loading=\"lazy\" \/>\t\t\t\t\t\t\t\t\t\t\t\t\t\t\t<\/div>\n\t\t\t\t<\/div>\n\t\t\t\t<div class=\"elementor-element elementor-element-607d36fd elementor-widget elementor-widget-heading\" data-id=\"607d36fd\" data-element_type=\"widget\" data-e-type=\"widget\" data-widget_type=\"heading.default\">\n\t\t\t\t<div class=\"elementor-widget-container\">\n\t\t\t\t\t<h2 class=\"elementor-heading-title elementor-size-default\">Kurutma Makinesi Servisi<\/h2>\t\t\t\t<\/div>\n\t\t\t\t<\/div>\n\t\t\t\t<div class=\"elementor-element elementor-element-5e7a43d4 elementor-widget elementor-widget-text-editor\" data-id=\"5e7a43d4\" data-element_type=\"widget\" data-e-type=\"widget\" data-widget_type=\"text-editor.default\">\n\t\t\t\t<div class=\"elementor-widget-container\">\n\t\t\t\t\t\t\t\t\t<p><strong>Modern ya\u015fam\u0131n vazge\u00e7ilmezlerinden biri olan kurutma makineleri, \u00e7ama\u015f\u0131rlar\u0131m\u0131z\u0131 h\u0131zl\u0131 ve etkili bir \u015fekilde kurutarak zamandan tasarruf etmemizi sa\u011flar.\u00a0<a href=\"https:\/\/tekirdagboschservisi.com.tr\/index.php\/tekirdag-bosch-beyaz-esya-servisi-2\/bosch-kurutma-makinesi-servisi\/\" data-type=\"page\" data-id=\"134\">Bosch<\/a> kurutma makineleri, yenilik\u00e7i teknolojisi ve dayan\u0131kl\u0131 yap\u0131s\u0131yla\u00a0<\/strong><\/p>\t\t\t\t\t\t\t\t<\/div>\n\t\t\t\t<\/div>\n\t\t\t\t<div class=\"elementor-element elementor-element-4f5d03ad elementor-align-center elementor-tablet-align-center elementor-widget elementor-widget-button\" data-id=\"4f5d03ad\" data-element_type=\"widget\" data-e-type=\"widget\" data-widget_type=\"button.default\">\n\t\t\t\t<div class=\"elementor-widget-container\">\n\t\t\t\t\t\t\t\t\t<div class=\"elementor-button-wrapper\">\n\t\t\t\t\t<a class=\"elementor-button elementor-button-link elementor-size-sm\" href=\"https:\/\/tekirdagboschservisi.com.tr\/index.php\/tekirdag-bosch-beyaz-esya-servisi-2\/bosch-kurutma-makinesi-servisi\/\">\n\t\t\t\t\t\t<span class=\"elementor-button-content-wrapper\">\n\t\t\t\t\t\t\t\t\t<span class=\"elementor-button-text\">DEVAMINI OKU<\/span>\n\t\t\t\t\t<\/span>\n\t\t\t\t\t<\/a>\n\t\t\t\t<\/div>\n\t\t\t\t\t\t\t\t<\/div>\n\t\t\t\t<\/div>\n\t\t\t\t<\/div>\n\t\t\t\t\t<\/div>\n\t\t\t\t<\/div>\n\t\t\t\t<section class=\"elementor-section elementor-top-section elementor-element elementor-element-250360cc elementor-section-boxed elementor-section-height-default elementor-section-height-default\" data-id=\"250360cc\" data-element_type=\"section\" data-e-type=\"section\">\n\t\t\t\t\t\t<div class=\"elementor-container elementor-column-gap-default\">\n\t\t\t\t\t<div class=\"elementor-column elementor-col-50 elementor-top-column elementor-element elementor-element-12898d3d\" data-id=\"12898d3d\" data-element_type=\"column\" data-e-type=\"column\">\n\t\t\t<div class=\"elementor-widget-wrap elementor-element-populated\">\n\t\t\t\t\t\t<div class=\"elementor-element elementor-element-dba17c7 elementor-widget elementor-widget-image\" data-id=\"dba17c7\" data-element_type=\"widget\" data-e-type=\"widget\" data-widget_type=\"image.default\">\n\t\t\t\t<div class=\"elementor-widget-container\">\n\t\t\t\t\t\t\t\t\t\t\t\t\t\t\t<img loading=\"lazy\" decoding=\"async\" width=\"960\" height=\"540\" src=\"https:\/\/tekirdagboschservisi.com.tr\/wp-content\/uploads\/2024\/06\/Tekirdag-Bosch-Kombi-Ariza-Bakim-Petek-ve-Radyator-Temizligi-Servisi.jpg\" class=\"attachment-large size-large wp-image-543\" alt=\"Tekirda\u011f Bosch Kombi Ar\u0131za Bak\u0131m Petek ve Radyat\u00f6r Temizli\u011fi Servisi\" srcset=\"https:\/\/tekirdagboschservisi.com.tr\/wp-content\/uploads\/2024\/06\/Tekirdag-Bosch-Kombi-Ariza-Bakim-Petek-ve-Radyator-Temizligi-Servisi.jpg 960w, https:\/\/tekirdagboschservisi.com.tr\/wp-content\/uploads\/2024\/06\/Tekirdag-Bosch-Kombi-Ariza-Bakim-Petek-ve-Radyator-Temizligi-Servisi-300x169.jpg 300w, https:\/\/tekirdagboschservisi.com.tr\/wp-content\/uploads\/2024\/06\/Tekirdag-Bosch-Kombi-Ariza-Bakim-Petek-ve-Radyator-Temizligi-Servisi-768x432.jpg 768w, https:\/\/tekirdagboschservisi.com.tr\/wp-content\/uploads\/2024\/06\/Tekirdag-Bosch-Kombi-Ariza-Bakim-Petek-ve-Radyator-Temizligi-Servisi-230x129.jpg 230w, https:\/\/tekirdagboschservisi.com.tr\/wp-content\/uploads\/2024\/06\/Tekirdag-Bosch-Kombi-Ariza-Bakim-Petek-ve-Radyator-Temizligi-Servisi-350x197.jpg 350w, https:\/\/tekirdagboschservisi.com.tr\/wp-content\/uploads\/2024\/06\/Tekirdag-Bosch-Kombi-Ariza-Bakim-Petek-ve-Radyator-Temizligi-Servisi-480x270.jpg 480w\" sizes=\"(max-width: 960px) 100vw, 960px\" \/>\t\t\t\t\t\t\t\t\t\t\t\t\t\t\t<\/div>\n\t\t\t\t<\/div>\n\t\t\t\t\t<\/div>\n\t\t<\/div>\n\t\t\t\t<div class=\"elementor-column elementor-col-50 elementor-top-column elementor-element elementor-element-6c6e637\" data-id=\"6c6e637\" data-element_type=\"column\" data-e-type=\"column\">\n\t\t\t<div class=\"elementor-widget-wrap elementor-element-populated\">\n\t\t\t\t\t\t<div class=\"elementor-element elementor-element-58a743e7 elementor-widget elementor-widget-heading\" data-id=\"58a743e7\" data-element_type=\"widget\" data-e-type=\"widget\" data-widget_type=\"heading.default\">\n\t\t\t\t<div class=\"elementor-widget-container\">\n\t\t\t\t\t<h2 class=\"elementor-heading-title elementor-size-default\">TEK\u0130RDA\u011e BOSCH KOMB\u0130 SERV\u0130S\u0130<\/h2>\t\t\t\t<\/div>\n\t\t\t\t<\/div>\n\t\t\t\t<div class=\"elementor-element elementor-element-6f61d969 elementor-widget-divider--view-line elementor-widget elementor-widget-divider\" data-id=\"6f61d969\" data-element_type=\"widget\" data-e-type=\"widget\" data-widget_type=\"divider.default\">\n\t\t\t\t<div class=\"elementor-widget-container\">\n\t\t\t\t\t\t\t<div class=\"elementor-divider\">\n\t\t\t<span class=\"elementor-divider-separator\">\n\t\t\t\t\t\t<\/span>\n\t\t<\/div>\n\t\t\t\t\t\t<\/div>\n\t\t\t\t<\/div>\n\t\t\t\t<div class=\"elementor-element elementor-element-4ab77762 elementor-widget elementor-widget-text-editor\" data-id=\"4ab77762\" data-element_type=\"widget\" data-e-type=\"widget\" data-widget_type=\"text-editor.default\">\n\t\t\t\t<div class=\"elementor-widget-container\">\n\t\t\t\t\t\t\t\t\t<p><strong>Tekirda\u011f\u00a0 Bosch Kombi Servisi\u00a0<a href=\"https:\/\/tekirdagkombiservisi.net\/index.php\/hizmet-verilen-markalar\/bosch-kombi-servisi\/\">0282 263 22 96<\/a>\u00a0ayn\u0131 g\u00fcn Bosch Kombi hizmeti sunmaktay\u0131z. Yap\u0131lan i\u015flemler, ayr\u0131ca de\u011fi\u015ftirilen orijinal yedek par\u00e7alar firmam\u0131z taraf\u0131ndan 1 y\u0131l garantilidir.\u00a0 Bosch Kombi petek bak\u0131m\u0131 ayr\u0131ca Bosch Kombi kart tamiri hizmetimiz de mevcuttur. Tekirda\u011f\u00a0 Bosch Kombi Servisi 0282 263 22 96\u00a0 tamamen uzman ayr\u0131ca deneyimli bir ekiple hizmet vermektedir. Profesyonel kadromuz ara\u00e7lar\u0131nda bulunan orijinal yedek par\u00e7alar ile ayn\u0131 g\u00fcn hizmet sunmaktad\u0131r.<\/strong><\/p>\t\t\t\t\t\t\t\t<\/div>\n\t\t\t\t<\/div>\n\t\t\t\t<div class=\"elementor-element elementor-element-34f6e5ac elementor-align-center elementor-tablet-align-center elementor-widget elementor-widget-button\" data-id=\"34f6e5ac\" data-element_type=\"widget\" data-e-type=\"widget\" data-widget_type=\"button.default\">\n\t\t\t\t<div class=\"elementor-widget-container\">\n\t\t\t\t\t\t\t\t\t<div class=\"elementor-button-wrapper\">\n\t\t\t\t\t<a class=\"elementor-button elementor-button-link elementor-size-sm\" href=\"https:\/\/tekirdagboschservisi.com.tr\/index.php\/tekirdag-bosch-kombi-servisi\/\">\n\t\t\t\t\t\t<span class=\"elementor-button-content-wrapper\">\n\t\t\t\t\t\t\t\t\t<span class=\"elementor-button-text\">DAHA FAZLA B\u0130LG\u0130 AL<\/span>\n\t\t\t\t\t<\/span>\n\t\t\t\t\t<\/a>\n\t\t\t\t<\/div>\n\t\t\t\t\t\t\t\t<\/div>\n\t\t\t\t<\/div>\n\t\t\t\t\t<\/div>\n\t\t<\/div>\n\t\t\t\t\t<\/div>\n\t\t<\/section>\n\t\t\t\t<section class=\"elementor-section elementor-top-section elementor-element elementor-element-31a4ba89 elementor-section-boxed elementor-section-height-default elementor-section-height-default\" data-id=\"31a4ba89\" data-element_type=\"section\" data-e-type=\"section\">\n\t\t\t\t\t\t<div class=\"elementor-container elementor-column-gap-default\">\n\t\t\t\t\t<div class=\"elementor-column elementor-col-100 elementor-top-column elementor-element elementor-element-519d6359\" data-id=\"519d6359\" data-element_type=\"column\" data-e-type=\"column\">\n\t\t\t<div class=\"elementor-widget-wrap elementor-element-populated\">\n\t\t\t\t\t\t<section class=\"elementor-section elementor-inner-section elementor-element elementor-element-362d314d elementor-section-boxed elementor-section-height-default elementor-section-height-default\" data-id=\"362d314d\" data-element_type=\"section\" data-e-type=\"section\">\n\t\t\t\t\t\t<div class=\"elementor-container elementor-column-gap-extended\">\n\t\t\t\t\t<div class=\"elementor-column elementor-col-100 elementor-inner-column elementor-element elementor-element-3294af55\" data-id=\"3294af55\" data-element_type=\"column\" data-e-type=\"column\">\n\t\t\t<div class=\"elementor-widget-wrap elementor-element-populated\">\n\t\t\t\t\t\t<div class=\"elementor-element elementor-element-7c34d15b elementor-widget elementor-widget-heading\" data-id=\"7c34d15b\" data-element_type=\"widget\" data-e-type=\"widget\" data-widget_type=\"heading.default\">\n\t\t\t\t<div class=\"elementor-widget-container\">\n\t\t\t\t\t<h2 class=\"elementor-heading-title elementor-size-default\">Tekirda\u011f Bosch Kombi Servisi Hizmetleri<\/h2>\t\t\t\t<\/div>\n\t\t\t\t<\/div>\n\t\t\t\t\t<\/div>\n\t\t<\/div>\n\t\t\t\t\t<\/div>\n\t\t<\/section>\n\t\t\t\t<section class=\"elementor-section elementor-inner-section elementor-element elementor-element-74c0a2a4 elementor-section-boxed elementor-section-height-default elementor-section-height-default\" data-id=\"74c0a2a4\" data-element_type=\"section\" data-e-type=\"section\">\n\t\t\t\t\t\t<div class=\"elementor-container elementor-column-gap-extended\">\n\t\t\t\t\t<div class=\"elementor-column elementor-col-33 elementor-inner-column elementor-element elementor-element-18b3dd8\" data-id=\"18b3dd8\" data-element_type=\"column\" data-e-type=\"column\">\n\t\t\t<div class=\"elementor-widget-wrap elementor-element-populated\">\n\t\t\t\t\t\t<div class=\"elementor-element elementor-element-7dd357c elementor-widget elementor-widget-image\" data-id=\"7dd357c\" data-element_type=\"widget\" data-e-type=\"widget\" data-widget_type=\"image.default\">\n\t\t\t\t<div class=\"elementor-widget-container\">\n\t\t\t\t\t\t\t\t\t\t\t\t\t\t\t<img loading=\"lazy\" decoding=\"async\" width=\"300\" height=\"251\" src=\"https:\/\/tekirdagboschservisi.com.tr\/wp-content\/uploads\/2024\/06\/Bosch-Kombi.jpg\" class=\"attachment-large size-large wp-image-476\" alt=\"\" srcset=\"https:\/\/tekirdagboschservisi.com.tr\/wp-content\/uploads\/2024\/06\/Bosch-Kombi.jpg 300w, https:\/\/tekirdagboschservisi.com.tr\/wp-content\/uploads\/2024\/06\/Bosch-Kombi-230x192.jpg 230w\" sizes=\"(max-width: 300px) 100vw, 300px\" \/>\t\t\t\t\t\t\t\t\t\t\t\t\t\t\t<\/div>\n\t\t\t\t<\/div>\n\t\t\t\t<div class=\"elementor-element elementor-element-20056f0c elementor-widget elementor-widget-heading\" data-id=\"20056f0c\" data-element_type=\"widget\" data-e-type=\"widget\" data-widget_type=\"heading.default\">\n\t\t\t\t<div class=\"elementor-widget-container\">\n\t\t\t\t\t<h3 class=\"elementor-heading-title elementor-size-default\">Bosch Kombi Ar\u0131za Servisi<\/h3>\t\t\t\t<\/div>\n\t\t\t\t<\/div>\n\t\t\t\t<div class=\"elementor-element elementor-element-7f4d7876 elementor-widget elementor-widget-text-editor\" data-id=\"7f4d7876\" data-element_type=\"widget\" data-e-type=\"widget\" data-widget_type=\"text-editor.default\">\n\t\t\t\t<div class=\"elementor-widget-container\">\n\t\t\t\t\t\t\t\t\t<p>Bosch kombinizde ya\u015fad\u0131\u011f\u0131n\u0131z ar\u0131zalar ve\u00a0<a href=\"https:\/\/tekirdagboschservisi.com.tr\/index.php\/tekirdag-bosch-kombi-servisi\/\">bak\u0131m<\/a>\u00a0ihtiya\u00e7lar\u0131n\u0131z i\u00e7in g\u00fcvenilir bir servis mi ar\u0131yorsunuz? Tekirda\u011f Bosch Kombi Ar\u0131za Servisi, uzman teknik ekibi ve m\u00fc\u015fteri memnuniyeti odakl\u0131 hizmet anlay\u0131\u015f\u0131 ile kombinizin en iyi performansta \u00e7al\u0131\u015fmas\u0131n\u0131 sa\u011flamak i\u00e7in burada!<\/p>\t\t\t\t\t\t\t\t<\/div>\n\t\t\t\t<\/div>\n\t\t\t\t<div class=\"elementor-element elementor-element-136a8528 elementor-align-center elementor-tablet-align-center elementor-widget elementor-widget-button\" data-id=\"136a8528\" data-element_type=\"widget\" data-e-type=\"widget\" data-widget_type=\"button.default\">\n\t\t\t\t<div class=\"elementor-widget-container\">\n\t\t\t\t\t\t\t\t\t<div class=\"elementor-button-wrapper\">\n\t\t\t\t\t<a class=\"elementor-button elementor-button-link elementor-size-sm\" href=\"https:\/\/tekirdagboschservisi.com.tr\/index.php\/tekirdag-bosch-kombi-servisi\/tekirdag-bosch-kombi-ariza-servisi-0282-263-22-96\/\">\n\t\t\t\t\t\t<span class=\"elementor-button-content-wrapper\">\n\t\t\t\t\t\t\t\t\t<span class=\"elementor-button-text\">DAHA FAZLA B\u0130LG\u0130 AL<\/span>\n\t\t\t\t\t<\/span>\n\t\t\t\t\t<\/a>\n\t\t\t\t<\/div>\n\t\t\t\t\t\t\t\t<\/div>\n\t\t\t\t<\/div>\n\t\t\t\t\t<\/div>\n\t\t<\/div>\n\t\t\t\t<div class=\"elementor-column elementor-col-33 elementor-inner-column elementor-element elementor-element-485d8bab\" data-id=\"485d8bab\" data-element_type=\"column\" data-e-type=\"column\">\n\t\t\t<div class=\"elementor-widget-wrap elementor-element-populated\">\n\t\t\t\t\t\t<div class=\"elementor-element elementor-element-4b19b86c elementor-widget elementor-widget-image\" data-id=\"4b19b86c\" data-element_type=\"widget\" data-e-type=\"widget\" data-widget_type=\"image.default\">\n\t\t\t\t<div class=\"elementor-widget-container\">\n\t\t\t\t\t\t\t\t\t\t\t\t\t\t\t<img loading=\"lazy\" decoding=\"async\" width=\"300\" height=\"251\" src=\"https:\/\/tekirdagboschservisi.com.tr\/wp-content\/uploads\/2024\/06\/Bosch-Kombi.jpg\" class=\"attachment-large size-large wp-image-476\" alt=\"\" srcset=\"https:\/\/tekirdagboschservisi.com.tr\/wp-content\/uploads\/2024\/06\/Bosch-Kombi.jpg 300w, https:\/\/tekirdagboschservisi.com.tr\/wp-content\/uploads\/2024\/06\/Bosch-Kombi-230x192.jpg 230w\" sizes=\"(max-width: 300px) 100vw, 300px\" \/>\t\t\t\t\t\t\t\t\t\t\t\t\t\t\t<\/div>\n\t\t\t\t<\/div>\n\t\t\t\t<div class=\"elementor-element elementor-element-962767e elementor-widget elementor-widget-heading\" data-id=\"962767e\" data-element_type=\"widget\" data-e-type=\"widget\" data-widget_type=\"heading.default\">\n\t\t\t\t<div class=\"elementor-widget-container\">\n\t\t\t\t\t<h3 class=\"elementor-heading-title elementor-size-default\">Bosch Kombi Bak\u0131m Servisi<\/h3>\t\t\t\t<\/div>\n\t\t\t\t<\/div>\n\t\t\t\t<div class=\"elementor-element elementor-element-3c1750d elementor-widget elementor-widget-text-editor\" data-id=\"3c1750d\" data-element_type=\"widget\" data-e-type=\"widget\" data-widget_type=\"text-editor.default\">\n\t\t\t\t<div class=\"elementor-widget-container\">\n\t\t\t\t\t\t\t\t\t<p>Bosch kombinizin d\u00fczenli bak\u0131m\u0131n\u0131\u00a0<a href=\"https:\/\/tekirdagboschservisi.com.tr\/index.php\/tekirdag-bosch-kombi-servisi\/\">yapt\u0131rmak<\/a>\u00a0m\u0131 istiyorsunuz? Tekirda\u011f Bosch Kombi Bak\u0131m Servisi, uzman teknik ekibi ve m\u00fc\u015fteri memnuniyeti odakl\u0131 hizmet anlay\u0131\u015f\u0131 ile kombinizin en iyi performansta \u00e7al\u0131\u015fmas\u0131n\u0131 sa\u011flamak i\u00e7in burada!<\/p>\t\t\t\t\t\t\t\t<\/div>\n\t\t\t\t<\/div>\n\t\t\t\t<div class=\"elementor-element elementor-element-3e670c27 elementor-align-center elementor-tablet-align-center elementor-widget elementor-widget-button\" data-id=\"3e670c27\" data-element_type=\"widget\" data-e-type=\"widget\" data-widget_type=\"button.default\">\n\t\t\t\t<div class=\"elementor-widget-container\">\n\t\t\t\t\t\t\t\t\t<div class=\"elementor-button-wrapper\">\n\t\t\t\t\t<a class=\"elementor-button elementor-button-link elementor-size-sm\" href=\"https:\/\/tekirdagboschservisi.com.tr\/index.php\/tekirdag-bosch-kombi-servisi\/tekirdag-bosch-kombi-bakim-servisi-0282-263-22-96\/\">\n\t\t\t\t\t\t<span class=\"elementor-button-content-wrapper\">\n\t\t\t\t\t\t\t\t\t<span class=\"elementor-button-text\">DAHA FAZLA B\u0130LG\u0130 AL<\/span>\n\t\t\t\t\t<\/span>\n\t\t\t\t\t<\/a>\n\t\t\t\t<\/div>\n\t\t\t\t\t\t\t\t<\/div>\n\t\t\t\t<\/div>\n\t\t\t\t\t<\/div>\n\t\t<\/div>\n\t\t\t\t<div class=\"elementor-column elementor-col-33 elementor-inner-column elementor-element elementor-element-4df8eee3\" data-id=\"4df8eee3\" data-element_type=\"column\" data-e-type=\"column\">\n\t\t\t<div class=\"elementor-widget-wrap elementor-element-populated\">\n\t\t\t\t\t\t<div class=\"elementor-element elementor-element-413c24e0 elementor-widget elementor-widget-image\" data-id=\"413c24e0\" data-element_type=\"widget\" data-e-type=\"widget\" data-widget_type=\"image.default\">\n\t\t\t\t<div class=\"elementor-widget-container\">\n\t\t\t\t\t\t\t\t\t\t\t\t\t\t\t<img loading=\"lazy\" decoding=\"async\" width=\"300\" height=\"251\" src=\"https:\/\/tekirdagboschservisi.com.tr\/wp-content\/uploads\/2024\/06\/Bosch-Kombi.jpg\" class=\"attachment-large size-large wp-image-476\" alt=\"\" srcset=\"https:\/\/tekirdagboschservisi.com.tr\/wp-content\/uploads\/2024\/06\/Bosch-Kombi.jpg 300w, https:\/\/tekirdagboschservisi.com.tr\/wp-content\/uploads\/2024\/06\/Bosch-Kombi-230x192.jpg 230w\" sizes=\"(max-width: 300px) 100vw, 300px\" \/>\t\t\t\t\t\t\t\t\t\t\t\t\t\t\t<\/div>\n\t\t\t\t<\/div>\n\t\t\t\t<div class=\"elementor-element elementor-element-4581b47c elementor-widget elementor-widget-heading\" data-id=\"4581b47c\" data-element_type=\"widget\" data-e-type=\"widget\" data-widget_type=\"heading.default\">\n\t\t\t\t<div class=\"elementor-widget-container\">\n\t\t\t\t\t<h3 class=\"elementor-heading-title elementor-size-default\">Bosch Kombi Petek Temizli\u011fi<\/h3>\t\t\t\t<\/div>\n\t\t\t\t<\/div>\n\t\t\t\t<div class=\"elementor-element elementor-element-27fdbf8 elementor-widget elementor-widget-text-editor\" data-id=\"27fdbf8\" data-element_type=\"widget\" data-e-type=\"widget\" data-widget_type=\"text-editor.default\">\n\t\t\t\t<div class=\"elementor-widget-container\">\n\t\t\t\t\t\t\t\t\t<p>Kombinizin<a href=\"https:\/\/tekirdagboschservisi.com.tr\/index.php\/tekirdag-bosch-kombi-servisi\/\">\u00a0ve<\/a>\u00a0peteklerinizin verimli \u00e7al\u0131\u015fmas\u0131n\u0131 sa\u011flamak i\u00e7in d\u00fczenli petek temizli\u011fi mi yapt\u0131rmak istiyorsunuz? Tekirda\u011f Bosch Kombi Petek Temizli\u011fi Servisi, uzman teknik ekibi ve m\u00fc\u015fteri memnuniyeti odakl\u0131 hizmet anlay\u0131\u015f\u0131 ile peteklerinizin en iyi performansta \u00e7al\u0131\u015fmas\u0131n\u0131 sa\u011flamak i\u00e7in burada!<\/p>\t\t\t\t\t\t\t\t<\/div>\n\t\t\t\t<\/div>\n\t\t\t\t<div class=\"elementor-element elementor-element-539f04fc elementor-align-center elementor-tablet-align-center elementor-widget elementor-widget-button\" data-id=\"539f04fc\" data-element_type=\"widget\" data-e-type=\"widget\" data-widget_type=\"button.default\">\n\t\t\t\t<div class=\"elementor-widget-container\">\n\t\t\t\t\t\t\t\t\t<div class=\"elementor-button-wrapper\">\n\t\t\t\t\t<a class=\"elementor-button elementor-button-link elementor-size-sm\" href=\"https:\/\/tekirdagboschservisi.com.tr\/index.php\/tekirdag-bosch-kombi-servisi\/tekirdag-bosch-kombi-petek-temizligi-servisi-0282-263-22-96\/\">\n\t\t\t\t\t\t<span class=\"elementor-button-content-wrapper\">\n\t\t\t\t\t\t\t\t\t<span class=\"elementor-button-text\">DAHA FAZLA B\u0130LG\u0130 AL<\/span>\n\t\t\t\t\t<\/span>\n\t\t\t\t\t<\/a>\n\t\t\t\t<\/div>\n\t\t\t\t\t\t\t\t<\/div>\n\t\t\t\t<\/div>\n\t\t\t\t\t<\/div>\n\t\t<\/div>\n\t\t\t\t\t<\/div>\n\t\t<\/section>\n\t\t\t\t\t<\/div>\n\t\t<\/div>\n\t\t\t\t\t<\/div>\n\t\t<\/section>\n\t\t\t\t<\/div>\n\t\t","protected":false},"excerpt":{"rendered":"<p>Tekirda\u011f Bosch Servisi Profesyonel Teknik Destek Hakk\u0131m\u0131zda; Tekirda\u011f Bosch Servisi olarak\u00a0 beyaz e\u015fya ve ev aletleri konusunda uzmanla\u015fm\u0131\u015f bir ekip olarak m\u00fc\u015fterilerimize kusursuz hizmet sunmay\u0131 [&hellip;]<\/p>\n","protected":false},"author":1,"featured_media":0,"parent":0,"menu_order":0,"comment_status":"closed","ping_status":"closed","template":"page-templates\/page_front-page.php","meta":{"footnotes":""},"class_list":["post-172","page","type-page","status-publish","hentry"],"yoast_head":"<!-- This site is optimized with the Yoast SEO plugin v27.5 - https:\/\/yoast.com\/product\/yoast-seo-wordpress\/ -->\n<title>Hakk\u0131m\u0131zda - Tekirda\u011f Bosch Servisi<\/title>\n<meta name=\"description\" content=\"Hakk\u0131m\u0131zda Tekirda\u011f Bosch Servisi 0282 263 22 96. Beyaz e\u015fya ve ev aletleri konusunda uzmanla\u015fm\u0131\u015f bir ekip olarak m\u00fc\u015fterilerimize servis\" \/>\n<meta name=\"robots\" content=\"index, follow, max-snippet:-1, max-image-preview:large, max-video-preview:-1\" \/>\n<link rel=\"canonical\" href=\"https:\/\/tekirdagboschservisi.com.tr\/index.php\/hakkimizda\/\" \/>\n<meta property=\"og:locale\" content=\"tr_TR\" \/>\n<meta property=\"og:type\" content=\"article\" \/>\n<meta property=\"og:title\" content=\"Hakk\u0131m\u0131zda - Tekirda\u011f Bosch Servisi\" \/>\n<meta property=\"og:description\" content=\"Hakk\u0131m\u0131zda Tekirda\u011f Bosch Servisi 0282 263 22 96. Beyaz e\u015fya ve ev aletleri konusunda uzmanla\u015fm\u0131\u015f bir ekip olarak m\u00fc\u015fterilerimize servis\" \/>\n<meta property=\"og:url\" content=\"https:\/\/tekirdagboschservisi.com.tr\/index.php\/hakkimizda\/\" \/>\n<meta property=\"og:site_name\" content=\"Tekirda\u011f Bosch Servisi\" \/>\n<meta property=\"article:modified_time\" content=\"2024-10-08T10:31:26+00:00\" \/>\n<meta property=\"og:image\" content=\"https:\/\/tekirdagboschservisi.com.tr\/wp-content\/uploads\/2024\/03\/bosch-banner-2.jpg\" \/>\n\t<meta property=\"og:image:width\" content=\"980\" \/>\n\t<meta property=\"og:image:height\" content=\"250\" \/>\n\t<meta property=\"og:image:type\" content=\"image\/jpeg\" \/>\n<meta name=\"twitter:card\" content=\"summary_large_image\" \/>\n<meta name=\"twitter:label1\" content=\"Tahmini okuma s\u00fcresi\" \/>\n\t<meta name=\"twitter:data1\" content=\"9 dakika\" \/>\n<script type=\"application\/ld+json\" class=\"yoast-schema-graph\">{\"@context\":\"https:\\\/\\\/schema.org\",\"@graph\":[{\"@type\":\"WebPage\",\"@id\":\"https:\\\/\\\/tekirdagboschservisi.com.tr\\\/index.php\\\/hakkimizda\\\/\",\"url\":\"https:\\\/\\\/tekirdagboschservisi.com.tr\\\/index.php\\\/hakkimizda\\\/\",\"name\":\"Hakk\u0131m\u0131zda - Tekirda\u011f Bosch Servisi\",\"isPartOf\":{\"@id\":\"https:\\\/\\\/tekirdagboschservisi.com.tr\\\/#website\"},\"primaryImageOfPage\":{\"@id\":\"https:\\\/\\\/tekirdagboschservisi.com.tr\\\/index.php\\\/hakkimizda\\\/#primaryimage\"},\"image\":{\"@id\":\"https:\\\/\\\/tekirdagboschservisi.com.tr\\\/index.php\\\/hakkimizda\\\/#primaryimage\"},\"thumbnailUrl\":\"https:\\\/\\\/tekirdagboschservisi.com.tr\\\/wp-content\\\/uploads\\\/2024\\\/03\\\/bosch-banner-2.jpg\",\"datePublished\":\"2024-03-25T14:31:10+00:00\",\"dateModified\":\"2024-10-08T10:31:26+00:00\",\"description\":\"Hakk\u0131m\u0131zda Tekirda\u011f Bosch Servisi 0282 263 22 96. Beyaz e\u015fya ve ev aletleri konusunda uzmanla\u015fm\u0131\u015f bir ekip olarak m\u00fc\u015fterilerimize servis\",\"breadcrumb\":{\"@id\":\"https:\\\/\\\/tekirdagboschservisi.com.tr\\\/index.php\\\/hakkimizda\\\/#breadcrumb\"},\"inLanguage\":\"tr\",\"potentialAction\":[{\"@type\":\"ReadAction\",\"target\":[\"https:\\\/\\\/tekirdagboschservisi.com.tr\\\/index.php\\\/hakkimizda\\\/\"]}]},{\"@type\":\"ImageObject\",\"inLanguage\":\"tr\",\"@id\":\"https:\\\/\\\/tekirdagboschservisi.com.tr\\\/index.php\\\/hakkimizda\\\/#primaryimage\",\"url\":\"https:\\\/\\\/tekirdagboschservisi.com.tr\\\/wp-content\\\/uploads\\\/2024\\\/03\\\/bosch-banner-2.jpg\",\"contentUrl\":\"https:\\\/\\\/tekirdagboschservisi.com.tr\\\/wp-content\\\/uploads\\\/2024\\\/03\\\/bosch-banner-2.jpg\",\"width\":980,\"height\":250},{\"@type\":\"BreadcrumbList\",\"@id\":\"https:\\\/\\\/tekirdagboschservisi.com.tr\\\/index.php\\\/hakkimizda\\\/#breadcrumb\",\"itemListElement\":[{\"@type\":\"ListItem\",\"position\":1,\"name\":\"Anasayfa\",\"item\":\"https:\\\/\\\/tekirdagboschservisi.com.tr\\\/\"},{\"@type\":\"ListItem\",\"position\":2,\"name\":\"Hakk\u0131m\u0131zda\"}]},{\"@type\":\"WebSite\",\"@id\":\"https:\\\/\\\/tekirdagboschservisi.com.tr\\\/#website\",\"url\":\"https:\\\/\\\/tekirdagboschservisi.com.tr\\\/\",\"name\":\"Tekirda\u011f Bosch Servisi\",\"description\":\"0282 263 22 96\",\"publisher\":{\"@id\":\"https:\\\/\\\/tekirdagboschservisi.com.tr\\\/#organization\"},\"potentialAction\":[{\"@type\":\"SearchAction\",\"target\":{\"@type\":\"EntryPoint\",\"urlTemplate\":\"https:\\\/\\\/tekirdagboschservisi.com.tr\\\/?s={search_term_string}\"},\"query-input\":{\"@type\":\"PropertyValueSpecification\",\"valueRequired\":true,\"valueName\":\"search_term_string\"}}],\"inLanguage\":\"tr\"},{\"@type\":\"Organization\",\"@id\":\"https:\\\/\\\/tekirdagboschservisi.com.tr\\\/#organization\",\"name\":\"Tekirda\u011f Bosch Servisi\",\"url\":\"https:\\\/\\\/tekirdagboschservisi.com.tr\\\/\",\"logo\":{\"@type\":\"ImageObject\",\"inLanguage\":\"tr\",\"@id\":\"https:\\\/\\\/tekirdagboschservisi.com.tr\\\/#\\\/schema\\\/logo\\\/image\\\/\",\"url\":\"https:\\\/\\\/tekirdagboschservisi.com.tr\\\/wp-content\\\/uploads\\\/2024\\\/03\\\/7502c4fab3c11f90ed12b06b5e7b138d-1.jpg\",\"contentUrl\":\"https:\\\/\\\/tekirdagboschservisi.com.tr\\\/wp-content\\\/uploads\\\/2024\\\/03\\\/7502c4fab3c11f90ed12b06b5e7b138d-1.jpg\",\"width\":250,\"height\":92,\"caption\":\"Tekirda\u011f Bosch Servisi\"},\"image\":{\"@id\":\"https:\\\/\\\/tekirdagboschservisi.com.tr\\\/#\\\/schema\\\/logo\\\/image\\\/\"}}]}<\/script>\n<!-- \/ Yoast SEO plugin. -->","yoast_head_json":{"title":"Hakk\u0131m\u0131zda - Tekirda\u011f Bosch Servisi","description":"Hakk\u0131m\u0131zda Tekirda\u011f Bosch Servisi 0282 263 22 96. Beyaz e\u015fya ve ev aletleri konusunda uzmanla\u015fm\u0131\u015f bir ekip olarak m\u00fc\u015fterilerimize servis","robots":{"index":"index","follow":"follow","max-snippet":"max-snippet:-1","max-image-preview":"max-image-preview:large","max-video-preview":"max-video-preview:-1"},"canonical":"https:\/\/tekirdagboschservisi.com.tr\/index.php\/hakkimizda\/","og_locale":"tr_TR","og_type":"article","og_title":"Hakk\u0131m\u0131zda - Tekirda\u011f Bosch Servisi","og_description":"Hakk\u0131m\u0131zda Tekirda\u011f Bosch Servisi 0282 263 22 96. Beyaz e\u015fya ve ev aletleri konusunda uzmanla\u015fm\u0131\u015f bir ekip olarak m\u00fc\u015fterilerimize servis","og_url":"https:\/\/tekirdagboschservisi.com.tr\/index.php\/hakkimizda\/","og_site_name":"Tekirda\u011f Bosch Servisi","article_modified_time":"2024-10-08T10:31:26+00:00","og_image":[{"width":980,"height":250,"url":"https:\/\/tekirdagboschservisi.com.tr\/wp-content\/uploads\/2024\/03\/bosch-banner-2.jpg","type":"image\/jpeg"}],"twitter_card":"summary_large_image","twitter_misc":{"Tahmini okuma s\u00fcresi":"9 dakika"},"schema":{"@context":"https:\/\/schema.org","@graph":[{"@type":"WebPage","@id":"https:\/\/tekirdagboschservisi.com.tr\/index.php\/hakkimizda\/","url":"https:\/\/tekirdagboschservisi.com.tr\/index.php\/hakkimizda\/","name":"Hakk\u0131m\u0131zda - Tekirda\u011f Bosch Servisi","isPartOf":{"@id":"https:\/\/tekirdagboschservisi.com.tr\/#website"},"primaryImageOfPage":{"@id":"https:\/\/tekirdagboschservisi.com.tr\/index.php\/hakkimizda\/#primaryimage"},"image":{"@id":"https:\/\/tekirdagboschservisi.com.tr\/index.php\/hakkimizda\/#primaryimage"},"thumbnailUrl":"https:\/\/tekirdagboschservisi.com.tr\/wp-content\/uploads\/2024\/03\/bosch-banner-2.jpg","datePublished":"2024-03-25T14:31:10+00:00","dateModified":"2024-10-08T10:31:26+00:00","description":"Hakk\u0131m\u0131zda Tekirda\u011f Bosch Servisi 0282 263 22 96. Beyaz e\u015fya ve ev aletleri konusunda uzmanla\u015fm\u0131\u015f bir ekip olarak m\u00fc\u015fterilerimize servis","breadcrumb":{"@id":"https:\/\/tekirdagboschservisi.com.tr\/index.php\/hakkimizda\/#breadcrumb"},"inLanguage":"tr","potentialAction":[{"@type":"ReadAction","target":["https:\/\/tekirdagboschservisi.com.tr\/index.php\/hakkimizda\/"]}]},{"@type":"ImageObject","inLanguage":"tr","@id":"https:\/\/tekirdagboschservisi.com.tr\/index.php\/hakkimizda\/#primaryimage","url":"https:\/\/tekirdagboschservisi.com.tr\/wp-content\/uploads\/2024\/03\/bosch-banner-2.jpg","contentUrl":"https:\/\/tekirdagboschservisi.com.tr\/wp-content\/uploads\/2024\/03\/bosch-banner-2.jpg","width":980,"height":250},{"@type":"BreadcrumbList","@id":"https:\/\/tekirdagboschservisi.com.tr\/index.php\/hakkimizda\/#breadcrumb","itemListElement":[{"@type":"ListItem","position":1,"name":"Anasayfa","item":"https:\/\/tekirdagboschservisi.com.tr\/"},{"@type":"ListItem","position":2,"name":"Hakk\u0131m\u0131zda"}]},{"@type":"WebSite","@id":"https:\/\/tekirdagboschservisi.com.tr\/#website","url":"https:\/\/tekirdagboschservisi.com.tr\/","name":"Tekirda\u011f Bosch Servisi","description":"0282 263 22 96","publisher":{"@id":"https:\/\/tekirdagboschservisi.com.tr\/#organization"},"potentialAction":[{"@type":"SearchAction","target":{"@type":"EntryPoint","urlTemplate":"https:\/\/tekirdagboschservisi.com.tr\/?s={search_term_string}"},"query-input":{"@type":"PropertyValueSpecification","valueRequired":true,"valueName":"search_term_string"}}],"inLanguage":"tr"},{"@type":"Organization","@id":"https:\/\/tekirdagboschservisi.com.tr\/#organization","name":"Tekirda\u011f Bosch Servisi","url":"https:\/\/tekirdagboschservisi.com.tr\/","logo":{"@type":"ImageObject","inLanguage":"tr","@id":"https:\/\/tekirdagboschservisi.com.tr\/#\/schema\/logo\/image\/","url":"https:\/\/tekirdagboschservisi.com.tr\/wp-content\/uploads\/2024\/03\/7502c4fab3c11f90ed12b06b5e7b138d-1.jpg","contentUrl":"https:\/\/tekirdagboschservisi.com.tr\/wp-content\/uploads\/2024\/03\/7502c4fab3c11f90ed12b06b5e7b138d-1.jpg","width":250,"height":92,"caption":"Tekirda\u011f Bosch Servisi"},"image":{"@id":"https:\/\/tekirdagboschservisi.com.tr\/#\/schema\/logo\/image\/"}}]}},"_links":{"self":[{"href":"https:\/\/tekirdagboschservisi.com.tr\/index.php\/wp-json\/wp\/v2\/pages\/172","targetHints":{"allow":["GET"]}}],"collection":[{"href":"https:\/\/tekirdagboschservisi.com.tr\/index.php\/wp-json\/wp\/v2\/pages"}],"about":[{"href":"https:\/\/tekirdagboschservisi.com.tr\/index.php\/wp-json\/wp\/v2\/types\/page"}],"author":[{"embeddable":true,"href":"https:\/\/tekirdagboschservisi.com.tr\/index.php\/wp-json\/wp\/v2\/users\/1"}],"replies":[{"embeddable":true,"href":"https:\/\/tekirdagboschservisi.com.tr\/index.php\/wp-json\/wp\/v2\/comments?post=172"}],"version-history":[{"count":13,"href":"https:\/\/tekirdagboschservisi.com.tr\/index.php\/wp-json\/wp\/v2\/pages\/172\/revisions"}],"predecessor-version":[{"id":1297,"href":"https:\/\/tekirdagboschservisi.com.tr\/index.php\/wp-json\/wp\/v2\/pages\/172\/revisions\/1297"}],"wp:attachment":[{"href":"https:\/\/tekirdagboschservisi.com.tr\/index.php\/wp-json\/wp\/v2\/media?parent=172"}],"curies":[{"name":"wp","href":"https:\/\/api.w.org\/{rel}","templated":true}]}}