{"id":130,"date":"2024-03-25T10:07:50","date_gmt":"2024-03-25T10:07:50","guid":{"rendered":"https:\/\/tekirdagboschservisi.garanti-teknik.com\/?page_id=130"},"modified":"2024-10-08T10:41:40","modified_gmt":"2024-10-08T10:41:40","slug":"bosch-camasir-makinesi-servisi","status":"publish","type":"page","link":"https:\/\/tekirdagboschservisi.com.tr\/index.php\/tekirdag-bosch-beyaz-esya-servisi-2\/bosch-camasir-makinesi-servisi\/","title":{"rendered":"Bosch \u00c7ama\u015f\u0131r Makinesi Servisi"},"content":{"rendered":"\t\t<div data-elementor-type=\"wp-page\" data-elementor-id=\"130\" class=\"elementor elementor-130\">\n\t\t\t\t<div class=\"elementor-element elementor-element-30cf3e3e e-flex e-con-boxed e-con e-parent\" data-id=\"30cf3e3e\" data-element_type=\"container\" data-e-type=\"container\">\n\t\t\t\t\t<div class=\"e-con-inner\">\n\t\t\t\t<div class=\"elementor-element elementor-element-73163a22 elementor-widget elementor-widget-text-editor\" data-id=\"73163a22\" data-element_type=\"widget\" data-e-type=\"widget\" data-widget_type=\"text-editor.default\">\n\t\t\t\t<div class=\"elementor-widget-container\">\n\t\t\t\t\t\t\t\t\t\n<figure class=\"wp-block-image alignwide size-full\"><img fetchpriority=\"high\" decoding=\"async\" width=\"1000\" height=\"300\" class=\"wp-image-205\" src=\"https:\/\/tekirdagboschservisi.com.tr\/wp-content\/uploads\/2024\/03\/bosch-banner-1.jpg\" alt=\"\" srcset=\"https:\/\/tekirdagboschservisi.com.tr\/wp-content\/uploads\/2024\/03\/bosch-banner-1.jpg 1000w, https:\/\/tekirdagboschservisi.com.tr\/wp-content\/uploads\/2024\/03\/bosch-banner-1-300x90.jpg 300w, https:\/\/tekirdagboschservisi.com.tr\/wp-content\/uploads\/2024\/03\/bosch-banner-1-768x230.jpg 768w\" sizes=\"(max-width: 1000px) 100vw, 1000px\" \/><\/figure>\n\n<h1 class=\"wp-block-heading alignwide\"><strong>Bosch \u00c7ama\u015f\u0131r Makinesi Servisi: Temizli\u011fi ve Konforu Bir Araya Getiriyor<\/strong><\/h1>\n\n<div class=\"wp-block-columns alignwide is-layout-flex wp-container-core-columns-is-layout-28f84493 wp-block-columns-is-layout-flex\">\n<div class=\"wp-block-column is-layout-flow wp-block-column-is-layout-flow\" style=\"flex-basis: 100%;\">\n<p>G\u00fcnl\u00fck ya\u015fam\u0131m\u0131z\u0131n vazge\u00e7ilmez bir par\u00e7as\u0131 olan \u00e7ama\u015f\u0131r makineleri, giysilerimizi temiz ve ferah tutman\u0131n yan\u0131 s\u0131ra, hayat\u0131m\u0131z\u0131 kolayla\u015ft\u0131ran \u00f6nemli bir ev aletidir. <a href=\"https:\/\/garanti-teknik.com\/index.php\/bosch-beyaz-esya-servisi\/bosch-camasir-makinesi-servisi\/\">Bosch<\/a> \u00e7ama\u015f\u0131r makineleri, yenilik\u00e7i teknolojisi ve dayan\u0131kl\u0131 yap\u0131s\u0131yla \u00f6ne \u00e7\u0131kar. Ancak zaman zaman, \u00e7e\u015fitli sorunlarla kar\u015f\u0131la\u015fabilir veya d\u00fczenli bak\u0131ma ihtiya\u00e7 duyabilirler. \u0130\u015fte bu noktada, Bosch \u00c7ama\u015f\u0131r Makinesi Servisi devreye girer.\u00a0<\/p>\n\n<p><strong>Uzman Teknisyenler ve Teknolojik Altyap\u0131<\/strong> <a href=\"https:\/\/tekirdagboschservisi.com.tr\/index.php\/tekirdag-bosch-beyaz-esya-servisi-2\/bosch-camasir-makinesi-servisi\/\" data-type=\"page\" data-id=\"130\">Bosch<\/a>\u00a0 Servisi olarak, deneyimli ve uzman teknisyenlerimizle birlikte, son teknoloji ekipmanlar\u0131m\u0131z\u0131 kullanarak size en iyi hizmeti sunmay\u0131 taahh\u00fct ediyoruz. \u00c7ama\u015f\u0131r makinenizin herhangi bir sorununu \u00e7\u00f6zmek i\u00e7in gerekli beceri ve bilgiye sahip olan ekibimiz, h\u0131zl\u0131 ve etkili \u00e7\u00f6z\u00fcmler sunar.<\/p>\n\n<p><strong>Geni\u015f Hizmet Yelpazesi<\/strong> Bosch Servisi olarak, her t\u00fcrl\u00fc \u00e7ama\u015f\u0131r makinesi sorununu \u00e7\u00f6zmek i\u00e7in kapsaml\u0131 bir hizmet yelpazesi sunuyoruz. Y\u0131kama sorunlar\u0131, su s\u0131z\u0131nt\u0131lar\u0131, programlama hatalar\u0131, titre\u015fimler ve di\u011fer yayg\u0131n sorunlar\u0131n\u0131z\u0131 \u00e7\u00f6zebiliriz. Ayr\u0131ca, d\u00fczenli bak\u0131m hizmetleriyle \u00e7ama\u015f\u0131r makinenizin performans\u0131n\u0131 ve dayan\u0131kl\u0131l\u0131\u011f\u0131n\u0131 art\u0131rabiliriz.<\/p>\n<\/div>\n<\/div>\n\n<h2 class=\"wp-block-heading alignwide\"><strong>Orijinal Yedek Par\u00e7a ve Garanti Hizmeti Bosch \u00c7ama\u015f\u0131r Makinesi Servisi<\/strong><\/h2>\n\n<div class=\"wp-block-columns alignwide is-layout-flex wp-container-core-columns-is-layout-28f84493 wp-block-columns-is-layout-flex\">\n<div class=\"wp-block-column is-layout-flow wp-block-column-is-layout-flow\" style=\"flex-basis: 100%;\">\n<p>Servisimizde kulland\u0131\u011f\u0131m\u0131z yedek par\u00e7alar, orijinal Bosch \u00fcr\u00fcnleridir. Bu sayede, \u00e7ama\u015f\u0131r makinenizin tamiri veya bak\u0131m\u0131 s\u0131ras\u0131nda kullan\u0131lan par\u00e7alar\u0131n kalitesinden emin olabilirsiniz. Ayr\u0131ca, sundu\u011fumuz hizmetlere g\u00fcvendi\u011fimiz i\u00e7in belirli bir garanti de sa\u011fl\u0131yoruz. <strong>D\u00fczenli Bak\u0131m ve \u00d6neriler<\/strong> Firma olarak, \u00e7ama\u015f\u0131r makinenizin uzun \u00f6m\u00fcrl\u00fc ve sorunsuz bir \u015fekilde \u00e7al\u0131\u015fmas\u0131n\u0131 sa\u011flamak i\u00e7in d\u00fczenli bak\u0131m hizmetleri sunuyoruz. Ayr\u0131ca, size \u00e7ama\u015f\u0131r makinenizi nas\u0131l daha verimli kullanabilece\u011finiz konusunda \u00f6nerilerde bulunarak enerji tasarrufu sa\u011flaman\u0131za yard\u0131mc\u0131 oluruz.<\/p>\n\n<p><strong>M\u00fc\u015fteri Memnuniyeti ve \u0130leti\u015fim Kolayl\u0131\u011f\u0131<\/strong> M\u00fc\u015fteri memnuniyeti bizim i\u00e7in \u00f6nceliktir. Bu nedenle, her m\u00fc\u015fterimize samimi ve profesyonel bir hizmet sunmaya \u00f6zen g\u00f6steririz. Ayr\u0131ca, ileti\u015fim kanallar\u0131m\u0131z arac\u0131l\u0131\u011f\u0131yla bize ula\u015fman\u0131z\u0131 kolayla\u015ft\u0131r\u0131r\u0131z, b\u00f6ylece ihtiya\u00e7lar\u0131n\u0131za h\u0131zl\u0131 bir \u015fekilde yan\u0131t verebiliriz. <strong>\u00c7evre Dostu Yakla\u015f\u0131m ve S\u00fcrd\u00fcr\u00fclebilirlik<\/strong> Bosch olarak, \u00e7evreye duyarl\u0131 bir yakla\u015f\u0131m benimsiyoruz. Bu nedenle, sundu\u011fumuz hizmetlerde \u00e7evre dostu uygulamalar\u0131 destekliyoruz. At\u0131klar\u0131 en aza indirir, geri d\u00f6n\u00fc\u015f\u00fcme \u00f6nem verir ve enerji tasarrufunu te\u015fvik ederiz. Bosch \u00e7ama\u015f\u0131r makinenizde herhangi bir sorunla kar\u015f\u0131la\u015ft\u0131\u011f\u0131n\u0131zda veya d\u00fczenli bak\u0131m ihtiyac\u0131n\u0131z oldu\u011funda, g\u00fcvenilir ve profesyonel bir hizmet i\u00e7in bize ula\u015f\u0131n. Firma olarak, giysilerinizi temiz ve ferah tutmak i\u00e7in buraday\u0131z.<\/p>\n\n<div class=\"wp-block-spacer\" style=\"height: 100px;\" aria-hidden=\"true\">\u00a0<\/div>\n\n<div class=\"wp-block-columns is-layout-flex wp-container-core-columns-is-layout-28f84493 wp-block-columns-is-layout-flex\">\n<div class=\"wp-block-column is-layout-flow wp-block-column-is-layout-flow\">\n<h2 class=\"wp-block-heading\"><strong>Bosch \u00c7ama\u015f\u0131r Makinesi \u0130le \u0130lgili Teknik Destek<\/strong><\/h2>\n<\/div>\n\n<div class=\"wp-block-column is-layout-flow wp-block-column-is-layout-flow\">\n<p>Bu platfrom \u00fczerinden Tekirda\u011f Bosch Servisi\u2019nin teknik destek (bak\u0131m, onar\u0131m, ar\u0131za tespiti) sundu\u011fu \u00fcr\u00fcnleri inceleyebilirsiniz. E\u011fer sizinde \u00fcr\u00fcn\u00fcn\u00fczde a\u015fa\u011f\u0131da belirtilen veya a\u015fa\u011f\u0131da belirtilenden farkl\u0131 bir ar\u0131za s\u00f6z konusu ise en k\u0131sa s\u00fcrede bizimle ileti\u015fime ge\u00e7ip servis kayd\u0131 olu\u015fturabilirsiniz.<\/p>\n<\/div>\n<\/div>\n\n<div class=\"wp-block-spacer\" style=\"height: 100px;\" aria-hidden=\"true\">\u00a0<\/div>\n\n<div class=\"wp-block-columns is-layout-flex wp-container-core-columns-is-layout-28f84493 wp-block-columns-is-layout-flex\">\n<div class=\"wp-block-column is-layout-flow wp-block-column-is-layout-flow\">\n<figure class=\"wp-block-image aligncenter size-full\"><img decoding=\"async\" width=\"320\" height=\"200\" class=\"wp-image-200\" src=\"https:\/\/tekirdagboschservisi.com.tr\/wp-content\/uploads\/2024\/03\/bosch-camasir-makinesi-servisi.jpg\" alt=\"\" srcset=\"https:\/\/tekirdagboschservisi.com.tr\/wp-content\/uploads\/2024\/03\/bosch-camasir-makinesi-servisi.jpg 320w, https:\/\/tekirdagboschservisi.com.tr\/wp-content\/uploads\/2024\/03\/bosch-camasir-makinesi-servisi-300x188.jpg 300w\" sizes=\"(max-width: 320px) 100vw, 320px\" \/><\/figure>\n\n<h4 class=\"wp-block-heading has-text-align-center\"><strong>Bosch \u00c7ama\u015f\u0131r Makinesi Su Bo\u015faltm\u0131yor<\/strong><\/h4>\n\n<p class=\"has-text-align-center\">\u00c7ama\u015f\u0131r Makinesi Suyu Bo\u015faltm\u0131yor Sorunu ve \u00c7\u00f6z\u00fcm Yollar\u0131.<a href=\"https:\/\/tekirdagboschservisi.com.tr\/index.php\/tekirdag-bosch-beyaz-esya-servisi-2\/bosch-camasir-makinesi-servisi\/\">\u00a0Bosch<\/a>\u00a0\u00e7ama\u015f\u0131r makinesinin suyu bo\u015faltmamas\u0131 sorunu, \u00e7e\u015fitli nedenlerden kaynaklanabilir ve bu durum \u00e7ama\u015f\u0131r makinesinin verimli \u00e7al\u0131\u015fmas\u0131n\u0131 engelleyebilir. \u0130\u015fte bu sorunun yayg\u0131n nedenleri ve \u00e7\u00f6z\u00fcm \u00f6nerileri:<\/p>\n\n<div class=\"wp-block-buttons is-content-justification-center is-layout-flex wp-container-core-buttons-is-layout-a89b3969 wp-block-buttons-is-layout-flex\">\n<div class=\"wp-block-button\"><a class=\"wp-block-button__link wp-element-button\" href=\"https:\/\/tekirdagboschservisi.com.tr\/index.php\/2024\/03\/26\/camasir-makinesi-suyu-bosaltmiyor\/\">Devam\u0131n\u0131 Oku<\/a><\/div>\n<\/div>\n<\/div>\n\n<div class=\"wp-block-column is-layout-flow wp-block-column-is-layout-flow\">\n<figure class=\"wp-block-image aligncenter size-full\"><img decoding=\"async\" width=\"320\" height=\"200\" class=\"wp-image-200\" src=\"https:\/\/tekirdagboschservisi.com.tr\/wp-content\/uploads\/2024\/03\/bosch-camasir-makinesi-servisi.jpg\" alt=\"\" srcset=\"https:\/\/tekirdagboschservisi.com.tr\/wp-content\/uploads\/2024\/03\/bosch-camasir-makinesi-servisi.jpg 320w, https:\/\/tekirdagboschservisi.com.tr\/wp-content\/uploads\/2024\/03\/bosch-camasir-makinesi-servisi-300x188.jpg 300w\" sizes=\"(max-width: 320px) 100vw, 320px\" \/><\/figure>\n\n<h4 class=\"wp-block-heading has-text-align-center\"><strong>Bosch \u00c7ama\u015f\u0131r Makinesi Su Alm\u0131yor<\/strong><\/h4>\n\n<p class=\"has-text-align-center\">\u00c7ama\u015f\u0131r Makinesi Su Alm\u0131yor Sorunu ve \u00c7\u00f6z\u00fcm Yollar\u0131.\u00a0<a href=\"https:\/\/tekirdagboschservisi.com.tr\/index.php\/tekirdag-bosch-beyaz-esya-servisi-2\/bosch-camasir-makinesi-servisi\/\">Bosch<\/a>\u00a0\u00e7ama\u015f\u0131r makinesinin su almama sorunu, \u00e7e\u015fitli fakt\u00f6rlerden kaynaklanabilir ve bu durum \u00e7ama\u015f\u0131r y\u0131kaman\u0131n ba\u015far\u0131s\u0131z olmas\u0131na neden olabilir. \u0130\u015fte bu sorunun yayg\u0131n nedenleri ve \u00e7\u00f6z\u00fcm \u00f6nerileri:<\/p>\n\n<div class=\"wp-block-buttons is-content-justification-center is-layout-flex wp-container-core-buttons-is-layout-a89b3969 wp-block-buttons-is-layout-flex\">\n<div class=\"wp-block-button\"><a class=\"wp-block-button__link wp-element-button\" href=\"https:\/\/tekirdagboschservisi.com.tr\/index.php\/2024\/03\/26\/camasir-makinesi-su-almiyor\/\">Devam\u0131n\u0131 Oku<\/a><\/div>\n<\/div>\n<\/div>\n<\/div>\n\n<div class=\"wp-block-columns is-layout-flex wp-container-core-columns-is-layout-28f84493 wp-block-columns-is-layout-flex\">\n<div class=\"wp-block-column is-layout-flow wp-block-column-is-layout-flow\">\n<figure class=\"wp-block-image aligncenter size-full\"><img decoding=\"async\" width=\"320\" height=\"200\" class=\"wp-image-200\" src=\"https:\/\/tekirdagboschservisi.com.tr\/wp-content\/uploads\/2024\/03\/bosch-camasir-makinesi-servisi.jpg\" alt=\"\" srcset=\"https:\/\/tekirdagboschservisi.com.tr\/wp-content\/uploads\/2024\/03\/bosch-camasir-makinesi-servisi.jpg 320w, https:\/\/tekirdagboschservisi.com.tr\/wp-content\/uploads\/2024\/03\/bosch-camasir-makinesi-servisi-300x188.jpg 300w\" sizes=\"(max-width: 320px) 100vw, 320px\" \/><\/figure>\n\n<h4 class=\"wp-block-heading has-text-align-center\"><strong>\u00c7ama\u015f\u0131rlar\u0131n Y\u0131kama Sonras\u0131nda Y\u0131rt\u0131k \u00c7\u0131kmas\u0131<\/strong><\/h4>\n\n<p class=\"has-text-align-center\"><a href=\"https:\/\/tekirdagboschservisi.com.tr\/index.php\/tekirdag-bosch-beyaz-esya-servisi-2\/bosch-camasir-makinesi-servisi\/\">Bosch<\/a>\u00a0\u00e7ama\u015f\u0131r makinesinde \u00e7ama\u015f\u0131rlar\u0131n y\u0131kama sonras\u0131nda y\u0131rt\u0131k \u00e7\u0131kmas\u0131 sorunu, kullan\u0131c\u0131lar i\u00e7in can s\u0131k\u0131c\u0131 bir durumdur. Bu sorun, \u00e7ama\u015f\u0131rlar\u0131n zarar g\u00f6rmesine ve giysilerin kullan\u0131lamaz hale gelmesine neden olur. \u0130\u015fte bu sorunun yayg\u0131n nedenleri ve \u00e7\u00f6z\u00fcm \u00f6nerileri:<\/p>\n\n<div class=\"wp-block-buttons is-content-justification-center is-layout-flex wp-container-core-buttons-is-layout-a89b3969 wp-block-buttons-is-layout-flex\">\n<div class=\"wp-block-button\"><a class=\"wp-block-button__link wp-element-button\" href=\"https:\/\/tekirdagboschservisi.com.tr\/index.php\/2024\/03\/26\/camasirlarin-yikama-sonrasinda-yirtik-cikmasi\/\">Devam\u0131n\u0131 Oku<\/a><\/div>\n<\/div>\n<\/div>\n\n<div class=\"wp-block-column is-layout-flow wp-block-column-is-layout-flow\">\n<figure class=\"wp-block-image aligncenter size-full\"><img decoding=\"async\" width=\"320\" height=\"200\" class=\"wp-image-200\" src=\"https:\/\/tekirdagboschservisi.com.tr\/wp-content\/uploads\/2024\/03\/bosch-camasir-makinesi-servisi.jpg\" alt=\"\" srcset=\"https:\/\/tekirdagboschservisi.com.tr\/wp-content\/uploads\/2024\/03\/bosch-camasir-makinesi-servisi.jpg 320w, https:\/\/tekirdagboschservisi.com.tr\/wp-content\/uploads\/2024\/03\/bosch-camasir-makinesi-servisi-300x188.jpg 300w\" sizes=\"(max-width: 320px) 100vw, 320px\" \/><\/figure>\n\n<h4 class=\"wp-block-heading has-text-align-center\"><strong>\u00c7ama\u015f\u0131r Makinesinin Su Ak\u0131tmas\u0131<\/strong><\/h4>\n\n<p class=\"has-text-align-center\"><a href=\"https:\/\/tekirdagboschservisi.com.tr\/index.php\/tekirdag-bosch-beyaz-esya-servisi-2\/bosch-camasir-makinesi-servisi\/\">Bosch<\/a>\u00a0\u00e7ama\u015f\u0131r makinesinin su ak\u0131tmas\u0131 sorunu, kullan\u0131c\u0131lar i\u00e7in olduk\u00e7a can s\u0131k\u0131c\u0131d\u0131r ve \u00e7e\u015fitli nedenlerden kaynakl\u0131d\u0131r. Bu sorun, su s\u0131z\u0131nt\u0131s\u0131na ve olas\u0131 su hasar\u0131na neden olur. \u0130\u015fte bu sorunun yayg\u0131n nedenleri ve \u00e7\u00f6z\u00fcm \u00f6nerileri:<\/p>\n\n<div class=\"wp-block-buttons is-content-justification-center is-layout-flex wp-container-core-buttons-is-layout-a89b3969 wp-block-buttons-is-layout-flex\">\n<div class=\"wp-block-button\"><a class=\"wp-block-button__link wp-element-button\" href=\"https:\/\/tekirdagboschservisi.com.tr\/index.php\/2024\/03\/26\/camasir-makinesinin-su-akitmasi\/\">Devam\u0131n\u0131 Oku<\/a><\/div>\n<\/div>\n<\/div>\n<\/div>\n\n<div class=\"wp-block-columns is-layout-flex wp-container-core-columns-is-layout-28f84493 wp-block-columns-is-layout-flex\">\n<div class=\"wp-block-column is-layout-flow wp-block-column-is-layout-flow\">\n<figure class=\"wp-block-image aligncenter size-full\"><img decoding=\"async\" width=\"320\" height=\"200\" class=\"wp-image-200\" src=\"https:\/\/tekirdagboschservisi.com.tr\/wp-content\/uploads\/2024\/03\/bosch-camasir-makinesi-servisi.jpg\" alt=\"\" srcset=\"https:\/\/tekirdagboschservisi.com.tr\/wp-content\/uploads\/2024\/03\/bosch-camasir-makinesi-servisi.jpg 320w, https:\/\/tekirdagboschservisi.com.tr\/wp-content\/uploads\/2024\/03\/bosch-camasir-makinesi-servisi-300x188.jpg 300w\" sizes=\"(max-width: 320px) 100vw, 320px\" \/><\/figure>\n\n<h4 class=\"wp-block-heading has-text-align-center\"><strong>\u00c7ama\u015f\u0131r Makinesinin Sesli \u00c7al\u0131\u015fmas\u0131<\/strong><\/h4>\n\n<p class=\"has-text-align-center\"><a href=\"https:\/\/tekirdagboschservisi.com.tr\/index.php\/tekirdag-bosch-beyaz-esya-servisi-2\/bosch-camasir-makinesi-servisi\/\">Bosch<\/a>\u00a0\u00e7ama\u015f\u0131r makinesinin sesli \u00e7al\u0131\u015fmas\u0131, kullan\u0131c\u0131lar i\u00e7in rahats\u0131z edicidir ve \u00e7e\u015fitli nedenlerden kaynaklan\u0131r. Bu sorun, makinenin par\u00e7alar\u0131nda hasar veya a\u015f\u0131nma oldu\u011funda ortaya \u00e7\u0131kar. \u0130\u015fte bu sorunun yayg\u0131n nedenleri ve \u00e7\u00f6z\u00fcm \u00f6nerileri:<\/p>\n\n<div class=\"wp-block-buttons is-content-justification-center is-layout-flex wp-container-core-buttons-is-layout-a89b3969 wp-block-buttons-is-layout-flex\">\n<div class=\"wp-block-button\"><a class=\"wp-block-button__link wp-element-button\" href=\"https:\/\/tekirdagboschservisi.com.tr\/index.php\/2024\/03\/26\/camasir-makinesinin-sesli-calismasi\/\">Devam\u0131n\u0131 Oku<\/a><\/div>\n<\/div>\n<\/div>\n\n<div class=\"wp-block-column is-layout-flow wp-block-column-is-layout-flow\">\n<figure class=\"wp-block-image aligncenter size-full\"><img decoding=\"async\" width=\"320\" height=\"200\" class=\"wp-image-200\" src=\"https:\/\/tekirdagboschservisi.com.tr\/wp-content\/uploads\/2024\/03\/bosch-camasir-makinesi-servisi.jpg\" alt=\"\" srcset=\"https:\/\/tekirdagboschservisi.com.tr\/wp-content\/uploads\/2024\/03\/bosch-camasir-makinesi-servisi.jpg 320w, https:\/\/tekirdagboschservisi.com.tr\/wp-content\/uploads\/2024\/03\/bosch-camasir-makinesi-servisi-300x188.jpg 300w\" sizes=\"(max-width: 320px) 100vw, 320px\" \/><\/figure>\n\n<h4 class=\"wp-block-heading has-text-align-center\"><strong>\u00c7ama\u015f\u0131r Makinesinin Deterjan Almamas\u0131<\/strong><\/h4>\n\n<p class=\"has-text-align-center\"><a href=\"https:\/\/tekirdagboschservisi.com.tr\/index.php\/tekirdag-bosch-beyaz-esya-servisi-2\/bosch-camasir-makinesi-servisi\/\">Bosch<\/a>\u00a0\u00e7ama\u015f\u0131r makinesinin deterjan almamas\u0131 sorunu, kullan\u0131c\u0131lar i\u00e7in endi\u015fe vericidir ve \u00e7e\u015fitli nedenlerden kaynaklan\u0131r. Bu sorun, \u00e7ama\u015f\u0131r makinesinin temizleme performans\u0131n\u0131 etkiler ve \u00e7ama\u015f\u0131rlar\u0131n yeterince temizlenmemesine neden olur. \u0130\u015fte bu sorunun yayg\u0131n nedenleri ve \u00e7\u00f6z\u00fcm \u00f6nerileri:<\/p>\n\n<div class=\"wp-block-buttons is-content-justification-center is-layout-flex wp-container-core-buttons-is-layout-a89b3969 wp-block-buttons-is-layout-flex\">\n<div class=\"wp-block-button\"><a class=\"wp-block-button__link wp-element-button\" href=\"https:\/\/tekirdagboschservisi.com.tr\/index.php\/2024\/03\/26\/camasir-makinesinin-deterjan-almamasi\/\">Devam\u0131n\u0131 Oku<\/a><\/div>\n<\/div>\n<\/div>\n<\/div>\n\n<div class=\"wp-block-columns is-layout-flex wp-container-core-columns-is-layout-28f84493 wp-block-columns-is-layout-flex\">\n<div class=\"wp-block-column is-layout-flow wp-block-column-is-layout-flow\">\n<figure class=\"wp-block-image aligncenter size-full\"><img decoding=\"async\" width=\"320\" height=\"200\" class=\"wp-image-200\" src=\"https:\/\/tekirdagboschservisi.com.tr\/wp-content\/uploads\/2024\/03\/bosch-camasir-makinesi-servisi.jpg\" alt=\"\" srcset=\"https:\/\/tekirdagboschservisi.com.tr\/wp-content\/uploads\/2024\/03\/bosch-camasir-makinesi-servisi.jpg 320w, https:\/\/tekirdagboschservisi.com.tr\/wp-content\/uploads\/2024\/03\/bosch-camasir-makinesi-servisi-300x188.jpg 300w\" sizes=\"(max-width: 320px) 100vw, 320px\" \/><\/figure>\n\n<h4 class=\"wp-block-heading has-text-align-center\"><strong>\u00c7ama\u015f\u0131r Makinesinin S\u0131kma Yapmamas\u0131<\/strong><\/h4>\n\n<p class=\"has-text-align-center\"><a href=\"https:\/\/tekirdagboschservisi.com.tr\/index.php\/tekirdag-bosch-beyaz-esya-servisi-2\/bosch-camasir-makinesi-servisi\/\">Bosch<\/a>\u00a0\u00e7ama\u015f\u0131r makinesinin s\u0131kma yapmamas\u0131 sorunu, \u00e7ama\u015f\u0131rlar\u0131n yeterince kurutulmamas\u0131na ve kullan\u0131c\u0131lar i\u00e7in rahats\u0131z edici bir duruma neden olabilir. Bu sorun, \u00e7e\u015fitli nedenlerden kaynaklanabilir ve \u00e7\u00f6z\u00fcm\u00fc i\u00e7in baz\u0131 ad\u0131mlar\u0131n izlenmesi gerekebilir. \u0130\u015fte bu sorunun yayg\u0131n nedenleri ve \u00e7\u00f6z\u00fcm \u00f6nerileri:<\/p>\n\n<div class=\"wp-block-buttons is-content-justification-center is-layout-flex wp-container-core-buttons-is-layout-a89b3969 wp-block-buttons-is-layout-flex\">\n<div class=\"wp-block-button\"><a class=\"wp-block-button__link wp-element-button\" href=\"https:\/\/tekirdagboschservisi.com.tr\/index.php\/2024\/03\/26\/camasir-makinesinin-sikma-yapmamasi\/\">Devam\u0131n\u0131 Oku<\/a><\/div>\n<\/div>\n<\/div>\n\n<div class=\"wp-block-column is-layout-flow wp-block-column-is-layout-flow\">\n<figure class=\"wp-block-image aligncenter size-full\"><img decoding=\"async\" width=\"320\" height=\"200\" class=\"wp-image-200\" src=\"https:\/\/tekirdagboschservisi.com.tr\/wp-content\/uploads\/2024\/03\/bosch-camasir-makinesi-servisi.jpg\" alt=\"\" srcset=\"https:\/\/tekirdagboschservisi.com.tr\/wp-content\/uploads\/2024\/03\/bosch-camasir-makinesi-servisi.jpg 320w, https:\/\/tekirdagboschservisi.com.tr\/wp-content\/uploads\/2024\/03\/bosch-camasir-makinesi-servisi-300x188.jpg 300w\" sizes=\"(max-width: 320px) 100vw, 320px\" \/><\/figure>\n\n<h4 class=\"wp-block-heading has-text-align-center\"><strong>\u00c7ama\u015f\u0131r Makinesinin Kazan\u0131 D\u00f6nm\u00fcyor<\/strong><\/h4>\n\n<p class=\"has-text-align-center\"><a href=\"https:\/\/tekirdagboschservisi.com.tr\/index.php\/tekirdag-bosch-beyaz-esya-servisi-2\/bosch-camasir-makinesi-servisi\/\">Bosch<\/a>\u00a0\u00e7ama\u015f\u0131r makinesinin kazan\u0131 d\u00f6nm\u00fcyor sorunu, kullan\u0131c\u0131lar i\u00e7in olduk\u00e7a rahats\u0131z edicidir ve \u00e7e\u015fitli nedenlerden kaynaklan\u0131r. Bu sorun, \u00e7ama\u015f\u0131r makinesinin temel i\u015flevini yerine getirmesini engeller ve \u00e7e\u015fitli \u00e7\u00f6z\u00fcm \u00f6nerileri gerektirebilir. \u0130\u015fte bu sorunun yayg\u0131n nedenleri ve \u00e7\u00f6z\u00fcm \u00f6nerileri:<\/p>\n\n<div class=\"wp-block-buttons is-content-justification-center is-layout-flex wp-container-core-buttons-is-layout-a89b3969 wp-block-buttons-is-layout-flex\">\n<div class=\"wp-block-button\"><a class=\"wp-block-button__link wp-element-button\" href=\"https:\/\/tekirdagboschservisi.com.tr\/index.php\/2024\/03\/26\/camasir-makinesinin-kazani-donmuyor\/\">Devam\u0131n\u0131 Oku<\/a><\/div>\n<\/div>\n<\/div>\n<\/div>\n\n<div class=\"wp-block-columns is-layout-flex wp-container-core-columns-is-layout-28f84493 wp-block-columns-is-layout-flex\">\n<div class=\"wp-block-column is-layout-flow wp-block-column-is-layout-flow\">\n<figure class=\"wp-block-image aligncenter size-full\"><img decoding=\"async\" width=\"320\" height=\"200\" class=\"wp-image-200\" src=\"https:\/\/tekirdagboschservisi.com.tr\/wp-content\/uploads\/2024\/03\/bosch-camasir-makinesi-servisi.jpg\" alt=\"\" srcset=\"https:\/\/tekirdagboschservisi.com.tr\/wp-content\/uploads\/2024\/03\/bosch-camasir-makinesi-servisi.jpg 320w, https:\/\/tekirdagboschservisi.com.tr\/wp-content\/uploads\/2024\/03\/bosch-camasir-makinesi-servisi-300x188.jpg 300w\" sizes=\"(max-width: 320px) 100vw, 320px\" \/><\/figure>\n\n<h4 class=\"wp-block-heading has-text-align-center\"><strong>Bosch \u00c7ama\u015f\u0131r Makinesi \u00c7al\u0131\u015fm\u0131yor<\/strong><\/h4>\n\n<p class=\"has-text-align-center\"><a href=\"https:\/\/tekirdagboschservisi.com.tr\/index.php\/tekirdag-bosch-beyaz-esya-servisi-2\/bosch-camasir-makinesi-servisi\/\">Bosch<\/a>\u00a0\u00e7ama\u015f\u0131r makinesinin \u00e7al\u0131\u015fmama sorunu, kullan\u0131c\u0131lar i\u00e7in b\u00fcy\u00fck bir sorun olabilir ve evdeki g\u00fcnl\u00fck ya\u015fam\u0131 ciddi \u015fekilde etkileyebilir. Ancak, bu t\u00fcr bir sorunla kar\u015f\u0131la\u015f\u0131ld\u0131\u011f\u0131nda, belirli ad\u0131mlar izlenerek genellikle \u00e7\u00f6z\u00fclebilir. \u0130\u015fte bu sorunun yayg\u0131n nedenleri ve \u00e7\u00f6z\u00fcm \u00f6nerileri:<\/p>\n\n<div class=\"wp-block-buttons is-content-justification-center is-layout-flex wp-container-core-buttons-is-layout-a89b3969 wp-block-buttons-is-layout-flex\">\n<div class=\"wp-block-button\"><a class=\"wp-block-button__link wp-element-button\" href=\"https:\/\/tekirdagboschservisi.com.tr\/index.php\/2024\/03\/26\/bosch-camasir-makinesi-calismiyor\/\">Devam\u0131n\u0131 Oku<\/a><\/div>\n<\/div>\n<\/div>\n\n<div class=\"wp-block-column is-layout-flow wp-block-column-is-layout-flow\">\n<figure class=\"wp-block-image aligncenter size-full\"><img decoding=\"async\" width=\"320\" height=\"200\" class=\"wp-image-200\" src=\"https:\/\/tekirdagboschservisi.com.tr\/wp-content\/uploads\/2024\/03\/bosch-camasir-makinesi-servisi.jpg\" alt=\"\" srcset=\"https:\/\/tekirdagboschservisi.com.tr\/wp-content\/uploads\/2024\/03\/bosch-camasir-makinesi-servisi.jpg 320w, https:\/\/tekirdagboschservisi.com.tr\/wp-content\/uploads\/2024\/03\/bosch-camasir-makinesi-servisi-300x188.jpg 300w\" sizes=\"(max-width: 320px) 100vw, 320px\" \/><\/figure>\n\n<h4 class=\"wp-block-heading has-text-align-center\"><strong>\u00c7ama\u015f\u0131r Makinesinin Hata Kodu Vermesi<\/strong><\/h4>\n\n<p class=\"has-text-align-center\"><a href=\"https:\/\/tekirdagboschservisi.com.tr\/index.php\/tekirdag-bosch-beyaz-esya-servisi-2\/bosch-camasir-makinesi-servisi\/\">Bosch<\/a>\u00a0\u00e7ama\u015f\u0131r makinesinin hata kodu vermesi, kullan\u0131c\u0131lar i\u00e7in endi\u015fe vericidir ve \u00e7e\u015fitli nedenlerden kaynaklan\u0131r. Bu hata kodlar\u0131, makinede meydana gelen bir sorunu veya ar\u0131zay\u0131 belirtir ve \u00e7\u00f6z\u00fcm\u00fc i\u00e7in baz\u0131 ad\u0131mlar\u0131n izlenmesi gerekebilir. \u0130\u015fte bu sorunun yayg\u0131n nedenleri ve \u00e7\u00f6z\u00fcm \u00f6nerileri:<\/p>\n\n<div class=\"wp-block-buttons is-content-justification-center is-layout-flex wp-container-core-buttons-is-layout-a89b3969 wp-block-buttons-is-layout-flex\">\n<div class=\"wp-block-button\"><a class=\"wp-block-button__link wp-element-button\" href=\"https:\/\/tekirdagboschservisi.com.tr\/index.php\/2024\/03\/26\/camasir-makinesinin-hata-kodu-vermesi\/\">Devam\u0131n\u0131 Oku<\/a><\/div>\n<\/div>\n<\/div>\n<\/div>\n<\/div>\n<\/div>\n\t\t\t\t\t\t\t\t<\/div>\n\t\t\t\t<\/div>\n\t\t\t\t\t<\/div>\n\t\t\t\t<\/div>\n\t\t<div class=\"elementor-element elementor-element-331a4bc7 e-flex e-con-boxed e-con e-parent\" data-id=\"331a4bc7\" data-element_type=\"container\" data-e-type=\"container\">\n\t\t\t\t\t<div class=\"e-con-inner\">\n\t\t\t\t<div class=\"elementor-element elementor-element-177a283e elementor-widget elementor-widget-heading\" data-id=\"177a283e\" data-element_type=\"widget\" data-e-type=\"widget\" data-widget_type=\"heading.default\">\n\t\t\t\t<div class=\"elementor-widget-container\">\n\t\t\t\t\t<h2 class=\"elementor-heading-title elementor-size-default\">Tekirda\u011f Bosch Beyaz E\u015fya Servisimizin Hizmet Verdi\u011fi \u00dcr\u00fcnler<\/h2>\t\t\t\t<\/div>\n\t\t\t\t<\/div>\n\t\t\t\t\t<\/div>\n\t\t\t\t<\/div>\n\t\t<div class=\"elementor-element elementor-element-1c096fd5 e-flex e-con-boxed e-con e-parent\" data-id=\"1c096fd5\" data-element_type=\"container\" data-e-type=\"container\">\n\t\t\t\t\t<div class=\"e-con-inner\">\n\t\t<div class=\"elementor-element elementor-element-47fd7222 e-con-full e-flex e-con e-child\" data-id=\"47fd7222\" data-element_type=\"container\" data-e-type=\"container\">\n\t\t\t\t<div class=\"elementor-element elementor-element-73e850a3 elementor-widget elementor-widget-image\" data-id=\"73e850a3\" data-element_type=\"widget\" data-e-type=\"widget\" data-widget_type=\"image.default\">\n\t\t\t\t<div class=\"elementor-widget-container\">\n\t\t\t\t\t\t\t\t\t\t\t\t\t\t\t<img decoding=\"async\" width=\"327\" height=\"205\" src=\"https:\/\/tekirdagboschservisi.com.tr\/wp-content\/uploads\/2024\/03\/bosch-buzdolabi-servisi.jpg\" class=\"attachment-large size-large wp-image-199\" alt=\"\" srcset=\"https:\/\/tekirdagboschservisi.com.tr\/wp-content\/uploads\/2024\/03\/bosch-buzdolabi-servisi.jpg 327w, https:\/\/tekirdagboschservisi.com.tr\/wp-content\/uploads\/2024\/03\/bosch-buzdolabi-servisi-300x188.jpg 300w\" sizes=\"(max-width: 327px) 100vw, 327px\" \/>\t\t\t\t\t\t\t\t\t\t\t\t\t\t\t<\/div>\n\t\t\t\t<\/div>\n\t\t\t\t<div class=\"elementor-element elementor-element-3ebe8468 elementor-widget elementor-widget-heading\" data-id=\"3ebe8468\" data-element_type=\"widget\" data-e-type=\"widget\" data-widget_type=\"heading.default\">\n\t\t\t\t<div class=\"elementor-widget-container\">\n\t\t\t\t\t<h2 class=\"elementor-heading-title elementor-size-default\">Bosch Buzdolab\u0131 Servisi<\/h2>\t\t\t\t<\/div>\n\t\t\t\t<\/div>\n\t\t\t\t<div class=\"elementor-element elementor-element-5bfbf7e0 elementor-widget elementor-widget-text-editor\" data-id=\"5bfbf7e0\" data-element_type=\"widget\" data-e-type=\"widget\" data-widget_type=\"text-editor.default\">\n\t\t\t\t<div class=\"elementor-widget-container\">\n\t\t\t\t\t\t\t\t\t<p><strong>Mutfaklar\u0131m\u0131z\u0131n vazge\u00e7ilmez par\u00e7alar\u0131ndan biri olan\u00a0<a href=\"https:\/\/tekirdagboschservisi.com.tr\/index.php\/tekirdag-bosch-beyaz-esya-servisi-2\/bosch-buzdolabi-servisi\/\" data-type=\"page\" data-id=\"128\">Bosch<\/a> buzdolaplar\u0131, g\u0131dalar\u0131m\u0131z\u0131 taze ve g\u00fcvende tutmak i\u00e7in g\u00fcvenilir bir \u015fekilde \u00e7al\u0131\u015f\u0131r. Ancak zamanla, buzdolaplar\u0131nda \u00e7e\u015fitli sorunlar ortaya \u00e7\u0131kabilir veya d\u00fczenli bak\u0131m gerekebilir.\u00a0<\/strong><\/p>\t\t\t\t\t\t\t\t<\/div>\n\t\t\t\t<\/div>\n\t\t\t\t<div class=\"elementor-element elementor-element-4f8379a1 elementor-align-center elementor-tablet-align-center elementor-widget elementor-widget-button\" data-id=\"4f8379a1\" data-element_type=\"widget\" data-e-type=\"widget\" data-widget_type=\"button.default\">\n\t\t\t\t<div class=\"elementor-widget-container\">\n\t\t\t\t\t\t\t\t\t<div class=\"elementor-button-wrapper\">\n\t\t\t\t\t<a class=\"elementor-button elementor-button-link elementor-size-sm\" href=\"https:\/\/tekirdagboschservisi.com.tr\/index.php\/tekirdag-bosch-beyaz-esya-servisi-2\/bosch-buzdolabi-servisi\/\">\n\t\t\t\t\t\t<span class=\"elementor-button-content-wrapper\">\n\t\t\t\t\t\t\t\t\t<span class=\"elementor-button-text\">DEVAMINI OKU<\/span>\n\t\t\t\t\t<\/span>\n\t\t\t\t\t<\/a>\n\t\t\t\t<\/div>\n\t\t\t\t\t\t\t\t<\/div>\n\t\t\t\t<\/div>\n\t\t\t\t<\/div>\n\t\t<div class=\"elementor-element elementor-element-2cb7a6e3 e-con-full e-flex e-con e-child\" data-id=\"2cb7a6e3\" data-element_type=\"container\" data-e-type=\"container\">\n\t\t\t\t<div class=\"elementor-element elementor-element-6c1b6ec elementor-widget elementor-widget-image\" data-id=\"6c1b6ec\" data-element_type=\"widget\" data-e-type=\"widget\" data-widget_type=\"image.default\">\n\t\t\t\t<div class=\"elementor-widget-container\">\n\t\t\t\t\t\t\t\t\t\t\t\t\t\t\t<img loading=\"lazy\" decoding=\"async\" width=\"320\" height=\"200\" src=\"https:\/\/tekirdagboschservisi.com.tr\/wp-content\/uploads\/2024\/03\/bosch-camasir-makinesi-servisi.jpg\" class=\"attachment-large size-large wp-image-200\" alt=\"\" srcset=\"https:\/\/tekirdagboschservisi.com.tr\/wp-content\/uploads\/2024\/03\/bosch-camasir-makinesi-servisi.jpg 320w, https:\/\/tekirdagboschservisi.com.tr\/wp-content\/uploads\/2024\/03\/bosch-camasir-makinesi-servisi-300x188.jpg 300w\" sizes=\"(max-width: 320px) 100vw, 320px\" \/>\t\t\t\t\t\t\t\t\t\t\t\t\t\t\t<\/div>\n\t\t\t\t<\/div>\n\t\t\t\t<div class=\"elementor-element elementor-element-602ee06c elementor-widget elementor-widget-heading\" data-id=\"602ee06c\" data-element_type=\"widget\" data-e-type=\"widget\" data-widget_type=\"heading.default\">\n\t\t\t\t<div class=\"elementor-widget-container\">\n\t\t\t\t\t<h2 class=\"elementor-heading-title elementor-size-default\">\u00c7ama\u015f\u0131r Makinesi Servisi<\/h2>\t\t\t\t<\/div>\n\t\t\t\t<\/div>\n\t\t\t\t<div class=\"elementor-element elementor-element-53e9eda8 elementor-widget elementor-widget-text-editor\" data-id=\"53e9eda8\" data-element_type=\"widget\" data-e-type=\"widget\" data-widget_type=\"text-editor.default\">\n\t\t\t\t<div class=\"elementor-widget-container\">\n\t\t\t\t\t\t\t\t\t<p><strong>G\u00fcnl\u00fck ya\u015fam\u0131m\u0131z\u0131n vazge\u00e7ilmez bir par\u00e7as\u0131 olan \u00e7ama\u015f\u0131r makineleri, giysilerimizi temiz ve ferah tutman\u0131n yan\u0131 s\u0131ra, hayat\u0131m\u0131z\u0131 kolayla\u015ft\u0131ran \u00f6nemli bir ev aletidir.\u00a0<a href=\"https:\/\/garanti-teknik.com\/index.php\/bosch-beyaz-esya-servisi\/bosch-camasir-makinesi-servisi\/\">Bosch<\/a>\u00a0\u00e7ama\u015f\u0131r makineleri, yenilik\u00e7i teknolojisi ve dayan\u0131kl\u0131 yap\u0131s\u0131yla \u00f6ne \u00e7\u0131kar.<\/strong><\/p>\t\t\t\t\t\t\t\t<\/div>\n\t\t\t\t<\/div>\n\t\t\t\t<div class=\"elementor-element elementor-element-4f5aeac7 elementor-align-center elementor-tablet-align-center elementor-widget elementor-widget-button\" data-id=\"4f5aeac7\" data-element_type=\"widget\" data-e-type=\"widget\" data-widget_type=\"button.default\">\n\t\t\t\t<div class=\"elementor-widget-container\">\n\t\t\t\t\t\t\t\t\t<div class=\"elementor-button-wrapper\">\n\t\t\t\t\t<a class=\"elementor-button elementor-button-link elementor-size-sm\" href=\"https:\/\/tekirdagboschservisi.com.tr\/index.php\/tekirdag-bosch-beyaz-esya-servisi-2\/bosch-camasir-makinesi-servisi\/\">\n\t\t\t\t\t\t<span class=\"elementor-button-content-wrapper\">\n\t\t\t\t\t\t\t\t\t<span class=\"elementor-button-text\">DEVAMINI OKU<\/span>\n\t\t\t\t\t<\/span>\n\t\t\t\t\t<\/a>\n\t\t\t\t<\/div>\n\t\t\t\t\t\t\t\t<\/div>\n\t\t\t\t<\/div>\n\t\t\t\t<\/div>\n\t\t<div class=\"elementor-element elementor-element-78abb718 e-con-full e-flex e-con e-child\" data-id=\"78abb718\" data-element_type=\"container\" data-e-type=\"container\">\n\t\t\t\t<div class=\"elementor-element elementor-element-211f5428 elementor-widget elementor-widget-image\" data-id=\"211f5428\" data-element_type=\"widget\" data-e-type=\"widget\" data-widget_type=\"image.default\">\n\t\t\t\t<div class=\"elementor-widget-container\">\n\t\t\t\t\t\t\t\t\t\t\t\t\t\t\t<img loading=\"lazy\" decoding=\"async\" width=\"328\" height=\"206\" src=\"https:\/\/tekirdagboschservisi.com.tr\/wp-content\/uploads\/2024\/03\/bosch-bulasik-makinesi-servisi.jpg\" class=\"attachment-large size-large wp-image-198\" alt=\"\" srcset=\"https:\/\/tekirdagboschservisi.com.tr\/wp-content\/uploads\/2024\/03\/bosch-bulasik-makinesi-servisi.jpg 328w, https:\/\/tekirdagboschservisi.com.tr\/wp-content\/uploads\/2024\/03\/bosch-bulasik-makinesi-servisi-300x188.jpg 300w\" sizes=\"(max-width: 328px) 100vw, 328px\" \/>\t\t\t\t\t\t\t\t\t\t\t\t\t\t\t<\/div>\n\t\t\t\t<\/div>\n\t\t\t\t<div class=\"elementor-element elementor-element-7593a1d2 elementor-widget elementor-widget-heading\" data-id=\"7593a1d2\" data-element_type=\"widget\" data-e-type=\"widget\" data-widget_type=\"heading.default\">\n\t\t\t\t<div class=\"elementor-widget-container\">\n\t\t\t\t\t<h2 class=\"elementor-heading-title elementor-size-default\">Bula\u015f\u0131k Makinesi Servisi<\/h2>\t\t\t\t<\/div>\n\t\t\t\t<\/div>\n\t\t\t\t<div class=\"elementor-element elementor-element-aa424cf elementor-widget elementor-widget-text-editor\" data-id=\"aa424cf\" data-element_type=\"widget\" data-e-type=\"widget\" data-widget_type=\"text-editor.default\">\n\t\t\t\t<div class=\"elementor-widget-container\">\n\t\t\t\t\t\t\t\t\t<p><strong>Modern ya\u015fam\u0131n vazge\u00e7ilmezlerinden biri olan bula\u015f\u0131k makineleri, ev i\u015flerini kolayla\u015ft\u0131ran ve zamandan tasarruf sa\u011flayan \u00f6nemli bir ev aletidir.\u00a0<a href=\"https:\/\/tekirdagboschservisi.com.tr\/index.php\/tekirdag-bosch-beyaz-esya-servisi-2\/bosch-bulasik-makinesi-servisi\/\" data-type=\"page\" data-id=\"132\">Bosch<\/a> bula\u015f\u0131k makineleri, yenilik\u00e7i teknolojisi ve sa\u011flam yap\u0131s\u0131yla evlerdeki bula\u015f\u0131klar\u0131\u00a0<\/strong><\/p>\t\t\t\t\t\t\t\t<\/div>\n\t\t\t\t<\/div>\n\t\t\t\t<div class=\"elementor-element elementor-element-18002dac elementor-align-center elementor-tablet-align-center elementor-widget elementor-widget-button\" data-id=\"18002dac\" data-element_type=\"widget\" data-e-type=\"widget\" data-widget_type=\"button.default\">\n\t\t\t\t<div class=\"elementor-widget-container\">\n\t\t\t\t\t\t\t\t\t<div class=\"elementor-button-wrapper\">\n\t\t\t\t\t<a class=\"elementor-button elementor-button-link elementor-size-sm\" href=\"https:\/\/tekirdagboschservisi.com.tr\/index.php\/tekirdag-bosch-beyaz-esya-servisi-2\/bosch-bulasik-makinesi-servisi\/\">\n\t\t\t\t\t\t<span class=\"elementor-button-content-wrapper\">\n\t\t\t\t\t\t\t\t\t<span class=\"elementor-button-text\">DEVAMINI OKU<\/span>\n\t\t\t\t\t<\/span>\n\t\t\t\t\t<\/a>\n\t\t\t\t<\/div>\n\t\t\t\t\t\t\t\t<\/div>\n\t\t\t\t<\/div>\n\t\t\t\t<\/div>\n\t\t<div class=\"elementor-element elementor-element-1e9a808f e-con-full e-flex e-con e-child\" data-id=\"1e9a808f\" data-element_type=\"container\" data-e-type=\"container\">\n\t\t\t\t<div class=\"elementor-element elementor-element-3ec56a87 elementor-widget elementor-widget-image\" data-id=\"3ec56a87\" data-element_type=\"widget\" data-e-type=\"widget\" data-widget_type=\"image.default\">\n\t\t\t\t<div class=\"elementor-widget-container\">\n\t\t\t\t\t\t\t\t\t\t\t\t\t\t\t<img decoding=\"async\" src=\"https:\/\/tekirdagboschservisi.com.tr\/wp-content\/uploads\/elementor\/thumbs\/maxresdefault-rc7wo6zbevl9noc0aji1ynu7rjivhw0ddaujlxys7s.jpg\" title=\"maxresdefault\" alt=\"maxresdefault\" loading=\"lazy\" \/>\t\t\t\t\t\t\t\t\t\t\t\t\t\t\t<\/div>\n\t\t\t\t<\/div>\n\t\t\t\t<div class=\"elementor-element elementor-element-46a35c48 elementor-widget elementor-widget-heading\" data-id=\"46a35c48\" data-element_type=\"widget\" data-e-type=\"widget\" data-widget_type=\"heading.default\">\n\t\t\t\t<div class=\"elementor-widget-container\">\n\t\t\t\t\t<h2 class=\"elementor-heading-title elementor-size-default\">Kurutma Makinesi Servisi<\/h2>\t\t\t\t<\/div>\n\t\t\t\t<\/div>\n\t\t\t\t<div class=\"elementor-element elementor-element-2d3c830 elementor-widget elementor-widget-text-editor\" data-id=\"2d3c830\" data-element_type=\"widget\" data-e-type=\"widget\" data-widget_type=\"text-editor.default\">\n\t\t\t\t<div class=\"elementor-widget-container\">\n\t\t\t\t\t\t\t\t\t<p><strong>Modern ya\u015fam\u0131n vazge\u00e7ilmezlerinden biri olan kurutma makineleri, \u00e7ama\u015f\u0131rlar\u0131m\u0131z\u0131 h\u0131zl\u0131 ve etkili bir \u015fekilde kurutarak zamandan tasarruf etmemizi sa\u011flar.\u00a0<a href=\"https:\/\/tekirdagboschservisi.com.tr\/index.php\/tekirdag-bosch-beyaz-esya-servisi-2\/bosch-kurutma-makinesi-servisi\/\" data-type=\"page\" data-id=\"134\">Bosch<\/a> kurutma makineleri, yenilik\u00e7i teknolojisi ve dayan\u0131kl\u0131 yap\u0131s\u0131yla\u00a0<\/strong><\/p>\t\t\t\t\t\t\t\t<\/div>\n\t\t\t\t<\/div>\n\t\t\t\t<div class=\"elementor-element elementor-element-4b72c491 elementor-align-center elementor-tablet-align-center elementor-widget elementor-widget-button\" data-id=\"4b72c491\" data-element_type=\"widget\" data-e-type=\"widget\" data-widget_type=\"button.default\">\n\t\t\t\t<div class=\"elementor-widget-container\">\n\t\t\t\t\t\t\t\t\t<div class=\"elementor-button-wrapper\">\n\t\t\t\t\t<a class=\"elementor-button elementor-button-link elementor-size-sm\" href=\"https:\/\/tekirdagboschservisi.com.tr\/index.php\/tekirdag-bosch-beyaz-esya-servisi-2\/bosch-kurutma-makinesi-servisi\/\">\n\t\t\t\t\t\t<span class=\"elementor-button-content-wrapper\">\n\t\t\t\t\t\t\t\t\t<span class=\"elementor-button-text\">DEVAMINI OKU<\/span>\n\t\t\t\t\t<\/span>\n\t\t\t\t\t<\/a>\n\t\t\t\t<\/div>\n\t\t\t\t\t\t\t\t<\/div>\n\t\t\t\t<\/div>\n\t\t\t\t<\/div>\n\t\t\t\t\t<\/div>\n\t\t\t\t<\/div>\n\t\t\t\t<\/div>\n\t\t","protected":false},"excerpt":{"rendered":"<p>Bosch \u00c7ama\u015f\u0131r Makinesi Servisi: Temizli\u011fi ve Konforu Bir Araya Getiriyor G\u00fcnl\u00fck ya\u015fam\u0131m\u0131z\u0131n vazge\u00e7ilmez bir par\u00e7as\u0131 olan \u00e7ama\u015f\u0131r makineleri, giysilerimizi temiz ve ferah tutman\u0131n yan\u0131 s\u0131ra, [&hellip;]<\/p>\n","protected":false},"author":1,"featured_media":0,"parent":52,"menu_order":2,"comment_status":"closed","ping_status":"closed","template":"page-templates\/page_front-page.php","meta":{"footnotes":""},"class_list":["post-130","page","type-page","status-publish","hentry"],"yoast_head":"<!-- This site is optimized with the Yoast SEO plugin v27.5 - https:\/\/yoast.com\/product\/yoast-seo-wordpress\/ -->\n<title>Bosch \u00c7ama\u015f\u0131r Makinesi Servisi - Tekirda\u011f Bosch Servisi<\/title>\n<meta name=\"description\" content=\"Tekirda\u011f Bosch \u00c7ama\u015f\u0131r Makinesi Servisi 0282 263 22 96. Makinelerinizde \u00e7e\u015fitli sorunlarla kar\u015f\u0131la\u015fabilirsiniz, Bosch \u00c7ama\u015f\u0131r Makinesi\" \/>\n<meta name=\"robots\" content=\"index, follow, max-snippet:-1, max-image-preview:large, max-video-preview:-1\" \/>\n<link rel=\"canonical\" href=\"https:\/\/tekirdagboschservisi.com.tr\/index.php\/tekirdag-bosch-beyaz-esya-servisi-2\/bosch-camasir-makinesi-servisi\/\" \/>\n<meta property=\"og:locale\" content=\"tr_TR\" \/>\n<meta property=\"og:type\" content=\"article\" \/>\n<meta property=\"og:title\" content=\"Bosch \u00c7ama\u015f\u0131r Makinesi Servisi - Tekirda\u011f Bosch Servisi\" \/>\n<meta property=\"og:description\" content=\"Tekirda\u011f Bosch \u00c7ama\u015f\u0131r Makinesi Servisi 0282 263 22 96. Makinelerinizde \u00e7e\u015fitli sorunlarla kar\u015f\u0131la\u015fabilirsiniz, Bosch \u00c7ama\u015f\u0131r Makinesi\" \/>\n<meta property=\"og:url\" content=\"https:\/\/tekirdagboschservisi.com.tr\/index.php\/tekirdag-bosch-beyaz-esya-servisi-2\/bosch-camasir-makinesi-servisi\/\" \/>\n<meta property=\"og:site_name\" content=\"Tekirda\u011f Bosch Servisi\" \/>\n<meta property=\"article:modified_time\" content=\"2024-10-08T10:41:40+00:00\" \/>\n<meta property=\"og:image\" content=\"https:\/\/tekirdagboschservisi.com.tr\/wp-content\/uploads\/2024\/03\/bosch-banner-1.jpg\" \/>\n\t<meta property=\"og:image:width\" content=\"1000\" \/>\n\t<meta property=\"og:image:height\" content=\"300\" \/>\n\t<meta property=\"og:image:type\" content=\"image\/jpeg\" \/>\n<meta name=\"twitter:card\" content=\"summary_large_image\" \/>\n<meta name=\"twitter:label1\" content=\"Tahmini okuma s\u00fcresi\" \/>\n\t<meta name=\"twitter:data1\" content=\"9 dakika\" \/>\n<script type=\"application\/ld+json\" class=\"yoast-schema-graph\">{\"@context\":\"https:\\\/\\\/schema.org\",\"@graph\":[{\"@type\":\"WebPage\",\"@id\":\"https:\\\/\\\/tekirdagboschservisi.com.tr\\\/index.php\\\/tekirdag-bosch-beyaz-esya-servisi-2\\\/bosch-camasir-makinesi-servisi\\\/\",\"url\":\"https:\\\/\\\/tekirdagboschservisi.com.tr\\\/index.php\\\/tekirdag-bosch-beyaz-esya-servisi-2\\\/bosch-camasir-makinesi-servisi\\\/\",\"name\":\"Bosch \u00c7ama\u015f\u0131r Makinesi Servisi - Tekirda\u011f Bosch Servisi\",\"isPartOf\":{\"@id\":\"https:\\\/\\\/tekirdagboschservisi.com.tr\\\/#website\"},\"primaryImageOfPage\":{\"@id\":\"https:\\\/\\\/tekirdagboschservisi.com.tr\\\/index.php\\\/tekirdag-bosch-beyaz-esya-servisi-2\\\/bosch-camasir-makinesi-servisi\\\/#primaryimage\"},\"image\":{\"@id\":\"https:\\\/\\\/tekirdagboschservisi.com.tr\\\/index.php\\\/tekirdag-bosch-beyaz-esya-servisi-2\\\/bosch-camasir-makinesi-servisi\\\/#primaryimage\"},\"thumbnailUrl\":\"https:\\\/\\\/tekirdagboschservisi.com.tr\\\/wp-content\\\/uploads\\\/2024\\\/03\\\/bosch-banner-1.jpg\",\"datePublished\":\"2024-03-25T10:07:50+00:00\",\"dateModified\":\"2024-10-08T10:41:40+00:00\",\"description\":\"Tekirda\u011f Bosch \u00c7ama\u015f\u0131r Makinesi Servisi 0282 263 22 96. Makinelerinizde \u00e7e\u015fitli sorunlarla kar\u015f\u0131la\u015fabilirsiniz, Bosch \u00c7ama\u015f\u0131r Makinesi\",\"breadcrumb\":{\"@id\":\"https:\\\/\\\/tekirdagboschservisi.com.tr\\\/index.php\\\/tekirdag-bosch-beyaz-esya-servisi-2\\\/bosch-camasir-makinesi-servisi\\\/#breadcrumb\"},\"inLanguage\":\"tr\",\"potentialAction\":[{\"@type\":\"ReadAction\",\"target\":[\"https:\\\/\\\/tekirdagboschservisi.com.tr\\\/index.php\\\/tekirdag-bosch-beyaz-esya-servisi-2\\\/bosch-camasir-makinesi-servisi\\\/\"]}]},{\"@type\":\"ImageObject\",\"inLanguage\":\"tr\",\"@id\":\"https:\\\/\\\/tekirdagboschservisi.com.tr\\\/index.php\\\/tekirdag-bosch-beyaz-esya-servisi-2\\\/bosch-camasir-makinesi-servisi\\\/#primaryimage\",\"url\":\"https:\\\/\\\/tekirdagboschservisi.com.tr\\\/wp-content\\\/uploads\\\/2024\\\/03\\\/bosch-banner-1.jpg\",\"contentUrl\":\"https:\\\/\\\/tekirdagboschservisi.com.tr\\\/wp-content\\\/uploads\\\/2024\\\/03\\\/bosch-banner-1.jpg\",\"width\":1000,\"height\":300},{\"@type\":\"BreadcrumbList\",\"@id\":\"https:\\\/\\\/tekirdagboschservisi.com.tr\\\/index.php\\\/tekirdag-bosch-beyaz-esya-servisi-2\\\/bosch-camasir-makinesi-servisi\\\/#breadcrumb\",\"itemListElement\":[{\"@type\":\"ListItem\",\"position\":1,\"name\":\"Anasayfa\",\"item\":\"https:\\\/\\\/tekirdagboschservisi.com.tr\\\/\"},{\"@type\":\"ListItem\",\"position\":2,\"name\":\"Tekirda\u011f Bosch Beyaz E\u015fya Servisi\",\"item\":\"https:\\\/\\\/tekirdagboschservisi.com.tr\\\/index.php\\\/tekirdag-bosch-beyaz-esya-servisi-2\\\/\"},{\"@type\":\"ListItem\",\"position\":3,\"name\":\"Bosch \u00c7ama\u015f\u0131r Makinesi Servisi\"}]},{\"@type\":\"WebSite\",\"@id\":\"https:\\\/\\\/tekirdagboschservisi.com.tr\\\/#website\",\"url\":\"https:\\\/\\\/tekirdagboschservisi.com.tr\\\/\",\"name\":\"Tekirda\u011f Bosch Servisi\",\"description\":\"0282 263 22 96\",\"publisher\":{\"@id\":\"https:\\\/\\\/tekirdagboschservisi.com.tr\\\/#organization\"},\"potentialAction\":[{\"@type\":\"SearchAction\",\"target\":{\"@type\":\"EntryPoint\",\"urlTemplate\":\"https:\\\/\\\/tekirdagboschservisi.com.tr\\\/?s={search_term_string}\"},\"query-input\":{\"@type\":\"PropertyValueSpecification\",\"valueRequired\":true,\"valueName\":\"search_term_string\"}}],\"inLanguage\":\"tr\"},{\"@type\":\"Organization\",\"@id\":\"https:\\\/\\\/tekirdagboschservisi.com.tr\\\/#organization\",\"name\":\"Tekirda\u011f Bosch Servisi\",\"url\":\"https:\\\/\\\/tekirdagboschservisi.com.tr\\\/\",\"logo\":{\"@type\":\"ImageObject\",\"inLanguage\":\"tr\",\"@id\":\"https:\\\/\\\/tekirdagboschservisi.com.tr\\\/#\\\/schema\\\/logo\\\/image\\\/\",\"url\":\"https:\\\/\\\/tekirdagboschservisi.com.tr\\\/wp-content\\\/uploads\\\/2024\\\/03\\\/7502c4fab3c11f90ed12b06b5e7b138d-1.jpg\",\"contentUrl\":\"https:\\\/\\\/tekirdagboschservisi.com.tr\\\/wp-content\\\/uploads\\\/2024\\\/03\\\/7502c4fab3c11f90ed12b06b5e7b138d-1.jpg\",\"width\":250,\"height\":92,\"caption\":\"Tekirda\u011f Bosch Servisi\"},\"image\":{\"@id\":\"https:\\\/\\\/tekirdagboschservisi.com.tr\\\/#\\\/schema\\\/logo\\\/image\\\/\"}}]}<\/script>\n<!-- \/ Yoast SEO plugin. -->","yoast_head_json":{"title":"Bosch \u00c7ama\u015f\u0131r Makinesi Servisi - Tekirda\u011f Bosch Servisi","description":"Tekirda\u011f Bosch \u00c7ama\u015f\u0131r Makinesi Servisi 0282 263 22 96. Makinelerinizde \u00e7e\u015fitli sorunlarla kar\u015f\u0131la\u015fabilirsiniz, Bosch \u00c7ama\u015f\u0131r Makinesi","robots":{"index":"index","follow":"follow","max-snippet":"max-snippet:-1","max-image-preview":"max-image-preview:large","max-video-preview":"max-video-preview:-1"},"canonical":"https:\/\/tekirdagboschservisi.com.tr\/index.php\/tekirdag-bosch-beyaz-esya-servisi-2\/bosch-camasir-makinesi-servisi\/","og_locale":"tr_TR","og_type":"article","og_title":"Bosch \u00c7ama\u015f\u0131r Makinesi Servisi - Tekirda\u011f Bosch Servisi","og_description":"Tekirda\u011f Bosch \u00c7ama\u015f\u0131r Makinesi Servisi 0282 263 22 96. Makinelerinizde \u00e7e\u015fitli sorunlarla kar\u015f\u0131la\u015fabilirsiniz, Bosch \u00c7ama\u015f\u0131r Makinesi","og_url":"https:\/\/tekirdagboschservisi.com.tr\/index.php\/tekirdag-bosch-beyaz-esya-servisi-2\/bosch-camasir-makinesi-servisi\/","og_site_name":"Tekirda\u011f Bosch Servisi","article_modified_time":"2024-10-08T10:41:40+00:00","og_image":[{"width":1000,"height":300,"url":"https:\/\/tekirdagboschservisi.com.tr\/wp-content\/uploads\/2024\/03\/bosch-banner-1.jpg","type":"image\/jpeg"}],"twitter_card":"summary_large_image","twitter_misc":{"Tahmini okuma s\u00fcresi":"9 dakika"},"schema":{"@context":"https:\/\/schema.org","@graph":[{"@type":"WebPage","@id":"https:\/\/tekirdagboschservisi.com.tr\/index.php\/tekirdag-bosch-beyaz-esya-servisi-2\/bosch-camasir-makinesi-servisi\/","url":"https:\/\/tekirdagboschservisi.com.tr\/index.php\/tekirdag-bosch-beyaz-esya-servisi-2\/bosch-camasir-makinesi-servisi\/","name":"Bosch \u00c7ama\u015f\u0131r Makinesi Servisi - Tekirda\u011f Bosch Servisi","isPartOf":{"@id":"https:\/\/tekirdagboschservisi.com.tr\/#website"},"primaryImageOfPage":{"@id":"https:\/\/tekirdagboschservisi.com.tr\/index.php\/tekirdag-bosch-beyaz-esya-servisi-2\/bosch-camasir-makinesi-servisi\/#primaryimage"},"image":{"@id":"https:\/\/tekirdagboschservisi.com.tr\/index.php\/tekirdag-bosch-beyaz-esya-servisi-2\/bosch-camasir-makinesi-servisi\/#primaryimage"},"thumbnailUrl":"https:\/\/tekirdagboschservisi.com.tr\/wp-content\/uploads\/2024\/03\/bosch-banner-1.jpg","datePublished":"2024-03-25T10:07:50+00:00","dateModified":"2024-10-08T10:41:40+00:00","description":"Tekirda\u011f Bosch \u00c7ama\u015f\u0131r Makinesi Servisi 0282 263 22 96. Makinelerinizde \u00e7e\u015fitli sorunlarla kar\u015f\u0131la\u015fabilirsiniz, Bosch \u00c7ama\u015f\u0131r Makinesi","breadcrumb":{"@id":"https:\/\/tekirdagboschservisi.com.tr\/index.php\/tekirdag-bosch-beyaz-esya-servisi-2\/bosch-camasir-makinesi-servisi\/#breadcrumb"},"inLanguage":"tr","potentialAction":[{"@type":"ReadAction","target":["https:\/\/tekirdagboschservisi.com.tr\/index.php\/tekirdag-bosch-beyaz-esya-servisi-2\/bosch-camasir-makinesi-servisi\/"]}]},{"@type":"ImageObject","inLanguage":"tr","@id":"https:\/\/tekirdagboschservisi.com.tr\/index.php\/tekirdag-bosch-beyaz-esya-servisi-2\/bosch-camasir-makinesi-servisi\/#primaryimage","url":"https:\/\/tekirdagboschservisi.com.tr\/wp-content\/uploads\/2024\/03\/bosch-banner-1.jpg","contentUrl":"https:\/\/tekirdagboschservisi.com.tr\/wp-content\/uploads\/2024\/03\/bosch-banner-1.jpg","width":1000,"height":300},{"@type":"BreadcrumbList","@id":"https:\/\/tekirdagboschservisi.com.tr\/index.php\/tekirdag-bosch-beyaz-esya-servisi-2\/bosch-camasir-makinesi-servisi\/#breadcrumb","itemListElement":[{"@type":"ListItem","position":1,"name":"Anasayfa","item":"https:\/\/tekirdagboschservisi.com.tr\/"},{"@type":"ListItem","position":2,"name":"Tekirda\u011f Bosch Beyaz E\u015fya Servisi","item":"https:\/\/tekirdagboschservisi.com.tr\/index.php\/tekirdag-bosch-beyaz-esya-servisi-2\/"},{"@type":"ListItem","position":3,"name":"Bosch \u00c7ama\u015f\u0131r Makinesi Servisi"}]},{"@type":"WebSite","@id":"https:\/\/tekirdagboschservisi.com.tr\/#website","url":"https:\/\/tekirdagboschservisi.com.tr\/","name":"Tekirda\u011f Bosch Servisi","description":"0282 263 22 96","publisher":{"@id":"https:\/\/tekirdagboschservisi.com.tr\/#organization"},"potentialAction":[{"@type":"SearchAction","target":{"@type":"EntryPoint","urlTemplate":"https:\/\/tekirdagboschservisi.com.tr\/?s={search_term_string}"},"query-input":{"@type":"PropertyValueSpecification","valueRequired":true,"valueName":"search_term_string"}}],"inLanguage":"tr"},{"@type":"Organization","@id":"https:\/\/tekirdagboschservisi.com.tr\/#organization","name":"Tekirda\u011f Bosch Servisi","url":"https:\/\/tekirdagboschservisi.com.tr\/","logo":{"@type":"ImageObject","inLanguage":"tr","@id":"https:\/\/tekirdagboschservisi.com.tr\/#\/schema\/logo\/image\/","url":"https:\/\/tekirdagboschservisi.com.tr\/wp-content\/uploads\/2024\/03\/7502c4fab3c11f90ed12b06b5e7b138d-1.jpg","contentUrl":"https:\/\/tekirdagboschservisi.com.tr\/wp-content\/uploads\/2024\/03\/7502c4fab3c11f90ed12b06b5e7b138d-1.jpg","width":250,"height":92,"caption":"Tekirda\u011f Bosch Servisi"},"image":{"@id":"https:\/\/tekirdagboschservisi.com.tr\/#\/schema\/logo\/image\/"}}]}},"_links":{"self":[{"href":"https:\/\/tekirdagboschservisi.com.tr\/index.php\/wp-json\/wp\/v2\/pages\/130","targetHints":{"allow":["GET"]}}],"collection":[{"href":"https:\/\/tekirdagboschservisi.com.tr\/index.php\/wp-json\/wp\/v2\/pages"}],"about":[{"href":"https:\/\/tekirdagboschservisi.com.tr\/index.php\/wp-json\/wp\/v2\/types\/page"}],"author":[{"embeddable":true,"href":"https:\/\/tekirdagboschservisi.com.tr\/index.php\/wp-json\/wp\/v2\/users\/1"}],"replies":[{"embeddable":true,"href":"https:\/\/tekirdagboschservisi.com.tr\/index.php\/wp-json\/wp\/v2\/comments?post=130"}],"version-history":[{"count":11,"href":"https:\/\/tekirdagboschservisi.com.tr\/index.php\/wp-json\/wp\/v2\/pages\/130\/revisions"}],"predecessor-version":[{"id":1314,"href":"https:\/\/tekirdagboschservisi.com.tr\/index.php\/wp-json\/wp\/v2\/pages\/130\/revisions\/1314"}],"up":[{"embeddable":true,"href":"https:\/\/tekirdagboschservisi.com.tr\/index.php\/wp-json\/wp\/v2\/pages\/52"}],"wp:attachment":[{"href":"https:\/\/tekirdagboschservisi.com.tr\/index.php\/wp-json\/wp\/v2\/media?parent=130"}],"curies":[{"name":"wp","href":"https:\/\/api.w.org\/{rel}","templated":true}]}}