{"id":128,"date":"2024-03-25T10:01:49","date_gmt":"2024-03-25T10:01:49","guid":{"rendered":"https:\/\/tekirdagboschservisi.garanti-teknik.com\/?page_id=128"},"modified":"2024-10-08T10:40:15","modified_gmt":"2024-10-08T10:40:15","slug":"bosch-buzdolabi-servisi","status":"publish","type":"page","link":"https:\/\/tekirdagboschservisi.com.tr\/index.php\/tekirdag-bosch-beyaz-esya-servisi-2\/bosch-buzdolabi-servisi\/","title":{"rendered":"Bosch Buzdolab\u0131 Servisi"},"content":{"rendered":"\t\t<div data-elementor-type=\"wp-page\" data-elementor-id=\"128\" class=\"elementor elementor-128\">\n\t\t\t\t<div class=\"elementor-element elementor-element-33f38a80 e-flex e-con-boxed e-con e-parent\" data-id=\"33f38a80\" data-element_type=\"container\" data-e-type=\"container\">\n\t\t\t\t\t<div class=\"e-con-inner\">\n\t\t\t\t<div class=\"elementor-element elementor-element-2bda239e elementor-widget elementor-widget-text-editor\" data-id=\"2bda239e\" data-element_type=\"widget\" data-e-type=\"widget\" data-widget_type=\"text-editor.default\">\n\t\t\t\t<div class=\"elementor-widget-container\">\n\t\t\t\t\t\t\t\t\t\n<figure class=\"wp-block-image alignwide size-large\"><img fetchpriority=\"high\" decoding=\"async\" width=\"1024\" height=\"269\" class=\"wp-image-197\" src=\"https:\/\/tekirdagboschservisi.com.tr\/wp-content\/uploads\/2024\/03\/bosch-beyazesya-servisi-banner-1024x269.jpeg\" alt=\"\" srcset=\"https:\/\/tekirdagboschservisi.com.tr\/wp-content\/uploads\/2024\/03\/bosch-beyazesya-servisi-banner-1024x269.jpeg 1024w, https:\/\/tekirdagboschservisi.com.tr\/wp-content\/uploads\/2024\/03\/bosch-beyazesya-servisi-banner-300x79.jpeg 300w, https:\/\/tekirdagboschservisi.com.tr\/wp-content\/uploads\/2024\/03\/bosch-beyazesya-servisi-banner-768x202.jpeg 768w, https:\/\/tekirdagboschservisi.com.tr\/wp-content\/uploads\/2024\/03\/bosch-beyazesya-servisi-banner-1536x404.jpeg 1536w, https:\/\/tekirdagboschservisi.com.tr\/wp-content\/uploads\/2024\/03\/bosch-beyazesya-servisi-banner.jpeg 1900w\" sizes=\"(max-width: 1024px) 100vw, 1024px\" \/><\/figure>\n\n<h1 class=\"wp-block-heading alignwide\"><strong>Tekirda\u011f Bosch Buzdolab\u0131 Servisi: G\u00fcvenilir \u00c7\u00f6z\u00fcmlerle Yiyeceklerinizi G\u00fcvende Tutun<\/strong><\/h1>\n\n<div class=\"wp-block-columns alignwide is-layout-flex wp-container-core-columns-is-layout-28f84493 wp-block-columns-is-layout-flex\">\n<div class=\"wp-block-column is-layout-flow wp-block-column-is-layout-flow\" style=\"flex-basis: 100%;\">\n<p>Mutfaklar\u0131m\u0131z\u0131n vazge\u00e7ilmez par\u00e7alar\u0131ndan biri olan <a href=\"https:\/\/tekirdagboschservisi.com.tr\/index.php\/tekirdag-bosch-beyaz-esya-servisi-2\/bosch-buzdolabi-servisi\/\" data-type=\"page\" data-id=\"128\">Bosch<\/a> buzdolaplar\u0131, g\u0131dalar\u0131m\u0131z\u0131 taze ve g\u00fcvende tutmak i\u00e7in g\u00fcvenilir bir \u015fekilde \u00e7al\u0131\u015f\u0131r. Ancak zamanla, buzdolaplar\u0131nda \u00e7e\u015fitli sorunlar ortaya \u00e7\u0131kabilir veya d\u00fczenli bak\u0131m gerekebilir. \u0130\u015fte bu noktada, Bosch Buzdolab\u0131 Servisi devreye girer.<\/p>\n\n<h2 class=\"wp-block-heading\"><strong>Uzman Teknisyenler ve Teknolojik Altyap\u0131<\/strong><\/h2>\n<\/div>\n<\/div>\n\n<div class=\"wp-block-columns alignwide is-layout-flex wp-container-core-columns-is-layout-28f84493 wp-block-columns-is-layout-flex\">\n<div class=\"wp-block-column is-layout-flow wp-block-column-is-layout-flow\" style=\"flex-basis: 100%;\">\n<p class=\"has-text-align-left\"><a href=\"https:\/\/garanti-teknik.com\/index.php\/bosch-beyaz-esya-servisi\/bosch-buzdolabi-servisi\/\">Bosch<\/a> Buzdolab\u0131 Servisi olarak, deneyimli ve e\u011fitimli teknisyenlerimizle birlikte, son teknolojiye sahip ekipmanlar\u0131m\u0131z\u0131 kullanarak size en iyi hizmeti sunmay\u0131 taahh\u00fct ediyoruz. Buzdolab\u0131n\u0131z\u0131n herhangi bir sorununu \u00e7\u00f6zmek i\u00e7in gerekli beceri ve bilgiye sahip olan uzman ekibimiz, h\u0131zl\u0131 ve etkili \u00e7\u00f6z\u00fcmler sunar.\u00a0<\/p>\n\n<h2 class=\"wp-block-heading has-text-align-left\"><strong>Geni\u015f Hizmet Yelpazesi<\/strong><\/h2>\n\n<p class=\"has-text-align-left\">Bosch Buzdolab\u0131 Servisi olarak, her t\u00fcrl\u00fc buzdolab\u0131 sorununu \u00e7\u00f6zmek i\u00e7in kapsaml\u0131 bir hizmet yelpazesi sunuyoruz. So\u011futma sorunlar\u0131, buzlanma problemleri, s\u0131z\u0131nt\u0131lar, sesli \u00e7al\u0131\u015fma gibi yayg\u0131n sorunlar\u0131n yan\u0131 s\u0131ra, buzdolab\u0131n\u0131z\u0131n herhangi bir bile\u015feninin ar\u0131zas\u0131 durumunda da size yard\u0131mc\u0131 olabiliriz.<\/p>\n\n<h2 class=\"wp-block-heading has-text-align-left\"><strong>Orijinal Yedek Par\u00e7a ve Garanti Hizmeti<\/strong><\/h2>\n\n<p class=\"has-text-align-left\">Servisimizde kulland\u0131\u011f\u0131m\u0131z yedek par\u00e7alar, orijinal Bosch \u00fcr\u00fcnleridir. Bu sayede, buzdolab\u0131n\u0131z\u0131n tamiri veya bak\u0131m\u0131 s\u0131ras\u0131nda kullan\u0131lan par\u00e7alar\u0131n kalitesinden emin olabilirsiniz. Ayr\u0131ca, sundu\u011fumuz hizmetlere g\u00fcvendi\u011fimiz i\u00e7in belirli bir garanti de sa\u011fl\u0131yoruz.<\/p>\n\n<h2 class=\"wp-block-heading has-text-align-left\"><strong>D\u00fczenli Bak\u0131m ve \u00d6neriler<\/strong><\/h2>\n\n<p class=\"has-text-align-left\">Firma olarak, buzdolab\u0131n\u0131z\u0131n uzun \u00f6m\u00fcrl\u00fc ve sorunsuz bir \u015fekilde \u00e7al\u0131\u015fmas\u0131n\u0131 sa\u011flamak i\u00e7in d\u00fczenli bak\u0131m hizmetleri sunuyoruz. Ayr\u0131ca, size buzdolab\u0131n\u0131z\u0131 nas\u0131l daha verimli kullanabilece\u011finiz konusunda \u00f6nerilerde bulunarak enerji tasarrufu sa\u011flaman\u0131za yard\u0131mc\u0131 oluruz.<\/p>\n\n<h2 class=\"wp-block-heading has-text-align-left\"><strong>M\u00fc\u015fteri Memnuniyeti ve \u0130leti\u015fim Kolayl\u0131\u011f\u0131<\/strong><\/h2>\n\n<p class=\"has-text-align-left\">M\u00fc\u015fteri memnuniyeti bizim i\u00e7in \u00f6nceliktir. Bu nedenle, her m\u00fc\u015fterimize samimi ve profesyonel bir hizmet sunmaya \u00f6zen g\u00f6steririz. Ayr\u0131ca, ileti\u015fim kanallar\u0131m\u0131z arac\u0131l\u0131\u011f\u0131yla bize ula\u015fman\u0131z\u0131 kolayla\u015ft\u0131r\u0131r\u0131z, b\u00f6ylece ihtiya\u00e7lar\u0131n\u0131za h\u0131zl\u0131 bir \u015fekilde yan\u0131t verebiliriz.<\/p>\n\n<h2 class=\"wp-block-heading has-text-align-left\"><strong>\u00c7evre Dostu Yakla\u015f\u0131m ve S\u00fcrd\u00fcr\u00fclebilirlik<\/strong><\/h2>\n\n<p class=\"has-text-align-left\">Bosch olarak, \u00e7evreye duyarl\u0131 bir yakla\u015f\u0131m benimsiyoruz. Bu nedenle, sundu\u011fumuz hizmetlerde \u00e7evre dostu uygulamalar\u0131 destekliyoruz. At\u0131klar\u0131 en aza indirir, geri d\u00f6n\u00fc\u015f\u00fcme \u00f6nem verir ve enerji tasarrufunu te\u015fvik ederiz. Bosch buzdolab\u0131n\u0131zda herhangi bir sorunla kar\u015f\u0131la\u015ft\u0131\u011f\u0131n\u0131zda veya d\u00fczenli bak\u0131m ihtiyac\u0131n\u0131z oldu\u011funda, g\u00fcvenilir ve profesyonel bir hizmet i\u00e7in bize ula\u015f\u0131n. Bosch Buzdolab\u0131 Servisi olarak, yiyeceklerinizi g\u00fcvende tutmak i\u00e7in buraday\u0131z. Tekirda\u011f Bosch Servisi \u0130leti\u015fim <a href=\"tel:02822632296\">0282 263 22 96<\/a>.<\/p>\n\n<div class=\"wp-block-spacer\" style=\"height: 100px;\" aria-hidden=\"true\">\u00a0<\/div>\n<\/div>\n<\/div>\n\n<div class=\"wp-block-columns alignwide is-layout-flex wp-container-core-columns-is-layout-28f84493 wp-block-columns-is-layout-flex\">\n<div class=\"wp-block-column is-layout-flow wp-block-column-is-layout-flow\">\n<h2 class=\"wp-block-heading\"><strong>Bosch Buzdolab\u0131 \u0130le \u0130lgili Teknik Destek<\/strong><\/h2>\n<\/div>\n\n<div class=\"wp-block-column is-layout-flow wp-block-column-is-layout-flow\">\n<p>Bu platfrom \u00fczerinden Tekirda\u011f Bosch Servisi\u2019nin teknik destek (bak\u0131m, onar\u0131m, ar\u0131za tespiti) sundu\u011fu \u00fcr\u00fcnleri inceleyebilirsiniz. E\u011fer sizinde \u00fcr\u00fcn\u00fcn\u00fczde a\u015fa\u011f\u0131da belirtilen veya a\u015fa\u011f\u0131da belirtilenden farkl\u0131 bir ar\u0131za s\u00f6z konusu ise en k\u0131sa s\u00fcrede bizimle ileti\u015fime ge\u00e7ip servis kayd\u0131 olu\u015fturabilirsiniz.<\/p>\n<\/div>\n<\/div>\n\n<div class=\"wp-block-columns alignwide is-layout-flex wp-container-core-columns-is-layout-28f84493 wp-block-columns-is-layout-flex\">\n<div class=\"wp-block-column is-layout-flow wp-block-column-is-layout-flow\">\n<figure class=\"wp-block-image aligncenter size-full\"><img decoding=\"async\" width=\"327\" height=\"205\" class=\"wp-image-199\" src=\"https:\/\/tekirdagboschservisi.com.tr\/wp-content\/uploads\/2024\/03\/bosch-buzdolabi-servisi.jpg\" alt=\"\" srcset=\"https:\/\/tekirdagboschservisi.com.tr\/wp-content\/uploads\/2024\/03\/bosch-buzdolabi-servisi.jpg 327w, https:\/\/tekirdagboschservisi.com.tr\/wp-content\/uploads\/2024\/03\/bosch-buzdolabi-servisi-300x188.jpg 300w\" sizes=\"(max-width: 327px) 100vw, 327px\" \/><\/figure>\n\n<h3 class=\"wp-block-heading has-text-align-center\">Bosch Buzdolab\u0131 So\u011futmuyor<\/h3>\n\n<p>Bir\u00a0buzdolab\u0131n\u0131n\u00a0temel i\u015flevlerinden biri olan so\u011futma i\u015flemi, yiyeceklerin taze ve g\u00fcvende kalmas\u0131n\u0131 sa\u011flar. Ancak Bosch buzdolab\u0131n\u0131z so\u011futmuyorsa, bu durum yiyeceklerinizin bozulmas\u0131na ve sa\u011fl\u0131\u011f\u0131n\u0131z\u0131 riske atman\u0131za neden olur. \u0130\u015fte Bosch buzdolab\u0131n\u0131n so\u011futmama sorunuyla kar\u015f\u0131la\u015ft\u0131\u011f\u0131n\u0131zda yapabilece\u011finiz \u00e7\u00f6z\u00fcm \u00f6nerileri:<\/p>\n\n<div class=\"wp-block-buttons is-content-justification-center is-layout-flex wp-container-core-buttons-is-layout-a89b3969 wp-block-buttons-is-layout-flex\">\n<div class=\"wp-block-button\"><a class=\"wp-block-button__link wp-element-button\" href=\"https:\/\/tekirdagboschservisi.com.tr\/index.php\/tag\/bosch-buzdolabi-sogutmuyor\/\">Devam\u0131n\u0131 Oku<\/a><\/div>\n<\/div>\n<\/div>\n\n<div class=\"wp-block-column is-layout-flow wp-block-column-is-layout-flow\">\n<figure class=\"wp-block-image aligncenter size-full\"><img decoding=\"async\" width=\"327\" height=\"205\" class=\"wp-image-199\" src=\"https:\/\/tekirdagboschservisi.com.tr\/wp-content\/uploads\/2024\/03\/bosch-buzdolabi-servisi.jpg\" alt=\"\" srcset=\"https:\/\/tekirdagboschservisi.com.tr\/wp-content\/uploads\/2024\/03\/bosch-buzdolabi-servisi.jpg 327w, https:\/\/tekirdagboschservisi.com.tr\/wp-content\/uploads\/2024\/03\/bosch-buzdolabi-servisi-300x188.jpg 300w\" sizes=\"(max-width: 327px) 100vw, 327px\" \/><\/figure>\n\n<h4 class=\"wp-block-heading has-text-align-center\">Bosch Buzdolab\u0131 Alt So\u011futmuyor<\/h4>\n\n<p>Bir Bosch\u00a0Buzdolab\u0131\u00a0Alt k\u0131sm\u0131n\u0131n So\u011futmuyor, yiyeceklerinizin g\u00fcvenli\u011fini ve tazeli\u011fini tehdit eder. \u00d6zellikle alt k\u0131sm\u0131n so\u011futmamas\u0131, genellikle yiyeceklerin daha \u00e7abuk bozulmas\u0131na ve buzdolab\u0131n\u0131n etkili bir \u015fekilde \u00e7al\u0131\u015famamas\u0131na neden olur. Bosch buzdolab\u0131n\u0131z\u0131n alt k\u0131sm\u0131n\u0131n so\u011futmama sorunuyla kar\u015f\u0131la\u015ft\u0131\u011f\u0131n\u0131zda a\u015fa\u011f\u0131daki \u00e7\u00f6z\u00fcm \u00f6nerilerini g\u00f6z \u00f6n\u00fcnde bulundurabilirsiniz:<\/p>\n\n<div class=\"wp-block-buttons is-content-justification-center is-layout-flex wp-container-core-buttons-is-layout-a89b3969 wp-block-buttons-is-layout-flex\">\n<div class=\"wp-block-button\"><a class=\"wp-block-button__link wp-element-button\" href=\"https:\/\/tekirdagboschservisi.com.tr\/index.php\/2024\/03\/25\/bosch-buzdolabi-alt-sogutmuyor\/\">Devam\u0131n\u0131 Oku<\/a><\/div>\n<\/div>\n<\/div>\n\n<div class=\"wp-block-column is-layout-flow wp-block-column-is-layout-flow\">\n<figure class=\"wp-block-image aligncenter size-full\"><img decoding=\"async\" width=\"327\" height=\"205\" class=\"wp-image-199\" src=\"https:\/\/tekirdagboschservisi.com.tr\/wp-content\/uploads\/2024\/03\/bosch-buzdolabi-servisi.jpg\" alt=\"\" srcset=\"https:\/\/tekirdagboschservisi.com.tr\/wp-content\/uploads\/2024\/03\/bosch-buzdolabi-servisi.jpg 327w, https:\/\/tekirdagboschservisi.com.tr\/wp-content\/uploads\/2024\/03\/bosch-buzdolabi-servisi-300x188.jpg 300w\" sizes=\"(max-width: 327px) 100vw, 327px\" \/><\/figure>\n\n<h4 class=\"wp-block-heading has-text-align-center\">Bosch Buzdolab\u0131 \u00dcst So\u011futmuyor<\/h4>\n\n<p>Bir Bosch\u00a0Buzdolab\u0131\u00a0\u00dcst k\u0131sm\u0131n\u0131n So\u011futmuyor, yiyeceklerinizin bozulmas\u0131na ve g\u00fcvenli bir \u015fekilde saklanmas\u0131n\u0131 engeller. Bosch buzdolab\u0131n\u0131z\u0131n \u00fcst k\u0131sm\u0131n\u0131n so\u011futmamas\u0131 durumunda, bu sorunu h\u0131zl\u0131 ve etkili bir \u015fekilde \u00e7\u00f6zebilmek i\u00e7in a\u015fa\u011f\u0131daki \u00e7\u00f6z\u00fcm \u00f6nerilerini g\u00f6z \u00f6n\u00fcnde bulundurabilirsiniz:<\/p>\n\n<div class=\"wp-block-buttons is-content-justification-center is-layout-flex wp-container-core-buttons-is-layout-a89b3969 wp-block-buttons-is-layout-flex\">\n<div class=\"wp-block-button\"><a class=\"wp-block-button__link wp-element-button\" href=\"https:\/\/tekirdagboschservisi.com.tr\/index.php\/2024\/03\/25\/bosch-buzdolabi-ust-sogutmuyor\/\">Devam\u0131n\u0131 Oku<\/a><\/div>\n<\/div>\n<\/div>\n<\/div>\n\n<div class=\"wp-block-columns alignwide is-layout-flex wp-container-core-columns-is-layout-28f84493 wp-block-columns-is-layout-flex\">\n<div class=\"wp-block-column is-layout-flow wp-block-column-is-layout-flow\">\n<figure class=\"wp-block-image aligncenter size-full\"><img decoding=\"async\" width=\"327\" height=\"205\" class=\"wp-image-199\" src=\"https:\/\/tekirdagboschservisi.com.tr\/wp-content\/uploads\/2024\/03\/bosch-buzdolabi-servisi.jpg\" alt=\"\" srcset=\"https:\/\/tekirdagboschservisi.com.tr\/wp-content\/uploads\/2024\/03\/bosch-buzdolabi-servisi.jpg 327w, https:\/\/tekirdagboschservisi.com.tr\/wp-content\/uploads\/2024\/03\/bosch-buzdolabi-servisi-300x188.jpg 300w\" sizes=\"(max-width: 327px) 100vw, 327px\" \/><\/figure>\n\n<h3 class=\"wp-block-heading has-text-align-center\">Bosch Buzdolab\u0131 Su Ak\u0131t\u0131yor<\/h3>\n\n<p>Bir\u00a0Bosch\u00a0Buzdolab\u0131 Su Ak\u0131t\u0131yor sorunu, hem i\u00e7erideki yiyecekleri hem de zemindeki y\u00fczeyleri olumsuz etkiler. Bosch buzdolab\u0131n\u0131z\u0131n su ak\u0131tma sorunuyla kar\u015f\u0131la\u015ft\u0131\u011f\u0131n\u0131zda, a\u015fa\u011f\u0131daki \u00e7\u00f6z\u00fcm \u00f6nerilerini g\u00f6z \u00f6n\u00fcnde bulundurarak sorunu \u00e7\u00f6zebilirsiniz:<\/p>\n\n<div class=\"wp-block-buttons is-content-justification-center is-layout-flex wp-container-core-buttons-is-layout-a89b3969 wp-block-buttons-is-layout-flex\">\n<div class=\"wp-block-button\"><a class=\"wp-block-button__link wp-element-button\" href=\"https:\/\/tekirdagboschservisi.com.tr\/index.php\/2024\/03\/25\/bosch-buzdolabi-su-akitiyor\/\">Devam\u0131n\u0131 Oku<\/a><\/div>\n<\/div>\n<\/div>\n\n<div class=\"wp-block-column is-layout-flow wp-block-column-is-layout-flow\">\n<figure class=\"wp-block-image aligncenter size-full\"><img decoding=\"async\" width=\"327\" height=\"205\" class=\"wp-image-199\" src=\"https:\/\/tekirdagboschservisi.com.tr\/wp-content\/uploads\/2024\/03\/bosch-buzdolabi-servisi.jpg\" alt=\"\" srcset=\"https:\/\/tekirdagboschservisi.com.tr\/wp-content\/uploads\/2024\/03\/bosch-buzdolabi-servisi.jpg 327w, https:\/\/tekirdagboschservisi.com.tr\/wp-content\/uploads\/2024\/03\/bosch-buzdolabi-servisi-300x188.jpg 300w\" sizes=\"(max-width: 327px) 100vw, 327px\" \/><\/figure>\n\n<h4 class=\"wp-block-heading has-text-align-center\">Bosch Buzdolab\u0131 \u00dcst So\u011futuyor Alt So\u011futmuyor<\/h4>\n\n<p>Bosch\u00a0Buzdolab\u0131 \u00dcst So\u011futuyor Alt So\u011futmuyor Sorunu ve \u00c7\u00f6z\u00fc \u00d6nerileri. Bir buzdolab\u0131n\u0131n \u00fcst k\u0131sm\u0131n\u0131n so\u011futmas\u0131 ancak alt k\u0131sm\u0131n\u0131n so\u011futmamas\u0131, genellikle \u00e7e\u015fitli nedenlerden kaynaklanabilir ve ev sahiplerini rahats\u0131z eden bir durumdur. Bu sorunun \u00fcstesinden gelmek i\u00e7in a\u015fa\u011f\u0131daki ad\u0131mlar\u0131 takip edebilirsiniz:<\/p>\n\n<div class=\"wp-block-buttons is-content-justification-center is-layout-flex wp-container-core-buttons-is-layout-a89b3969 wp-block-buttons-is-layout-flex\">\n<div class=\"wp-block-button\"><a class=\"wp-block-button__link wp-element-button\" href=\"https:\/\/tekirdagboschservisi.com.tr\/index.php\/2024\/03\/25\/bosch-buzdolabi-ust-sogutuyor-alt-sogutmuyor\/\">Devam\u0131n\u0131 Oku<\/a><\/div>\n<\/div>\n<\/div>\n\n<div class=\"wp-block-column is-layout-flow wp-block-column-is-layout-flow\">\n<figure class=\"wp-block-image aligncenter size-full\"><img decoding=\"async\" width=\"327\" height=\"205\" class=\"wp-image-199\" src=\"https:\/\/tekirdagboschservisi.com.tr\/wp-content\/uploads\/2024\/03\/bosch-buzdolabi-servisi.jpg\" alt=\"\" srcset=\"https:\/\/tekirdagboschservisi.com.tr\/wp-content\/uploads\/2024\/03\/bosch-buzdolabi-servisi.jpg 327w, https:\/\/tekirdagboschservisi.com.tr\/wp-content\/uploads\/2024\/03\/bosch-buzdolabi-servisi-300x188.jpg 300w\" sizes=\"(max-width: 327px) 100vw, 327px\" \/><\/figure>\n\n<h4 class=\"wp-block-heading has-text-align-center\">Bosch Buzdolab\u0131 Alt So\u011futuyor, \u00dcst K\u0131sm\u0131 So\u011futmuyor<\/h4>\n\n<p>Bosch\u00a0Buzdolab\u0131 Alt So\u011futuyor, \u00dcst K\u0131sm\u0131 So\u011futmuyor Sorunu ve \u00c7\u00f6z\u00fcm Yollar\u0131. Bir buzdolab\u0131n\u0131n alt k\u0131sm\u0131n\u0131n so\u011futmas\u0131 ancak \u00fcst k\u0131sm\u0131n\u0131n so\u011futmamas\u0131, s\u0131k kar\u015f\u0131la\u015f\u0131lan bir sorundur ve bu durum yiyeceklerinizin tazeli\u011fini ve g\u00fcvenli\u011fini tehlikeye atabilir. Bosch buzdolab\u0131n\u0131z\u0131n alt k\u0131sm\u0131n\u0131n so\u011futmas\u0131 ancak \u00fcst k\u0131sm\u0131n\u0131n so\u011futmamas\u0131 sorunuyla kar\u015f\u0131la\u015ft\u0131\u011f\u0131n\u0131zda, a\u015fa\u011f\u0131daki \u00e7\u00f6z\u00fcm \u00f6nerilerini g\u00f6z \u00f6n\u00fcnde bulundurarak sorunu \u00e7\u00f6zebilirsiniz:<\/p>\n\n<div class=\"wp-block-buttons is-content-justification-center is-layout-flex wp-container-core-buttons-is-layout-a89b3969 wp-block-buttons-is-layout-flex\">\n<div class=\"wp-block-button\"><a class=\"wp-block-button__link wp-element-button\" href=\"https:\/\/tekirdagboschservisi.com.tr\/index.php\/2024\/03\/25\/bosch-buzdolabi-alt-sogutuyor-ust-kismi-sogutmuyor\/\">Devam\u0131n\u0131 Oku<\/a><\/div>\n<\/div>\n<\/div>\n<\/div>\n\n<div class=\"wp-block-columns alignwide is-layout-flex wp-container-core-columns-is-layout-28f84493 wp-block-columns-is-layout-flex\">\n<div class=\"wp-block-column is-layout-flow wp-block-column-is-layout-flow\">\n<figure class=\"wp-block-image aligncenter size-full\"><img decoding=\"async\" width=\"327\" height=\"205\" class=\"wp-image-199\" src=\"https:\/\/tekirdagboschservisi.com.tr\/wp-content\/uploads\/2024\/03\/bosch-buzdolabi-servisi.jpg\" alt=\"\" srcset=\"https:\/\/tekirdagboschservisi.com.tr\/wp-content\/uploads\/2024\/03\/bosch-buzdolabi-servisi.jpg 327w, https:\/\/tekirdagboschservisi.com.tr\/wp-content\/uploads\/2024\/03\/bosch-buzdolabi-servisi-300x188.jpg 300w\" sizes=\"(max-width: 327px) 100vw, 327px\" \/><\/figure>\n\n<h4 class=\"wp-block-heading has-text-align-center\">Bosch Buzdolab\u0131 Kap\u0131s\u0131 Kapanm\u0131yor<\/h4>\n\n<p>Bosch\u00a0Buzdolab\u0131 Kap\u0131s\u0131 Kapanm\u0131yor Sorunu ve \u00c7\u00f6z\u00fcm Yollar\u0131. Buzdolab\u0131n\u0131z\u0131n kap\u0131s\u0131 d\u00fczg\u00fcn kapanm\u0131yorsa, bu sorun hem enerji israf\u0131na yol a\u00e7ar hem de i\u00e7erideki yiyeceklerin bozulmas\u0131na neden olur. Bu sorunun nedenleri ve \u00e7\u00f6z\u00fcm \u00f6nerileri a\u015fa\u011f\u0131da a\u00e7\u0131klanm\u0131\u015ft\u0131r:<\/p>\n\n<div class=\"wp-block-buttons is-content-justification-center is-layout-flex wp-container-core-buttons-is-layout-a89b3969 wp-block-buttons-is-layout-flex\">\n<div class=\"wp-block-button\"><a class=\"wp-block-button__link wp-element-button\" href=\"https:\/\/tekirdagboschservisi.com.tr\/index.php\/2024\/03\/25\/bosch-buzdolabi-kapisi-kapanmiyor\/\">Devam\u0131n\u0131 Oku<\/a><\/div>\n<\/div>\n<\/div>\n\n<div class=\"wp-block-column is-layout-flow wp-block-column-is-layout-flow\">\n<figure class=\"wp-block-image aligncenter size-full\"><img decoding=\"async\" width=\"327\" height=\"205\" class=\"wp-image-199\" src=\"https:\/\/tekirdagboschservisi.com.tr\/wp-content\/uploads\/2024\/03\/bosch-buzdolabi-servisi.jpg\" alt=\"\" srcset=\"https:\/\/tekirdagboschservisi.com.tr\/wp-content\/uploads\/2024\/03\/bosch-buzdolabi-servisi.jpg 327w, https:\/\/tekirdagboschservisi.com.tr\/wp-content\/uploads\/2024\/03\/bosch-buzdolabi-servisi-300x188.jpg 300w\" sizes=\"(max-width: 327px) 100vw, 327px\" \/><\/figure>\n\n<h3 class=\"wp-block-heading has-text-align-center\">Bosch Buzdolab\u0131 \u00c7al\u0131\u015fm\u0131yor<\/h3>\n\n<p>Bosch Buzdolab\u0131\u00a0\u00c7al\u0131\u015fm\u0131yor\u00a0Sorunu ve \u00c7\u00f6z\u00fcm Yollar\u0131. Bir buzdolab\u0131n\u0131n \u00e7al\u0131\u015fmamas\u0131, evdeki ya\u015fam\u0131 b\u00fcy\u00fck \u00f6l\u00e7\u00fcde olumsuz etkileyebilir. Yiyeceklerin bozulmas\u0131 ve tazeliklerini kaybetmesi gibi sorunlara yol a\u00e7abilir. Bosch buzdolab\u0131n\u0131z\u0131n \u00e7al\u0131\u015fmama sorunuyla kar\u015f\u0131la\u015ft\u0131\u011f\u0131n\u0131zda, a\u015fa\u011f\u0131daki ad\u0131mlar\u0131 izleyerek sorunu \u00e7\u00f6zebilirsiniz:<\/p>\n\n<div class=\"wp-block-buttons is-content-justification-center is-layout-flex wp-container-core-buttons-is-layout-a89b3969 wp-block-buttons-is-layout-flex\">\n<div class=\"wp-block-button\"><a class=\"wp-block-button__link wp-element-button\" href=\"https:\/\/tekirdagboschservisi.com.tr\/index.php\/2024\/03\/25\/bosch-buzdolabi-calismiyor\/\">Devam\u0131n\u0131 Oku<\/a><\/div>\n<\/div>\n<\/div>\n\n<div class=\"wp-block-column is-layout-flow wp-block-column-is-layout-flow\">\n<figure class=\"wp-block-image aligncenter size-full\"><img decoding=\"async\" width=\"327\" height=\"205\" class=\"wp-image-199\" src=\"https:\/\/tekirdagboschservisi.com.tr\/wp-content\/uploads\/2024\/03\/bosch-buzdolabi-servisi.jpg\" alt=\"\" srcset=\"https:\/\/tekirdagboschservisi.com.tr\/wp-content\/uploads\/2024\/03\/bosch-buzdolabi-servisi.jpg 327w, https:\/\/tekirdagboschservisi.com.tr\/wp-content\/uploads\/2024\/03\/bosch-buzdolabi-servisi-300x188.jpg 300w\" sizes=\"(max-width: 327px) 100vw, 327px\" \/><\/figure>\n\n<h4 class=\"wp-block-heading has-text-align-center\">Bosch Buzdolab\u0131 Ekran\u0131nda K\u0131rm\u0131z\u0131 \u00dcnlem \u0130\u015fareti \u00c7\u0131k\u0131yor<\/h4>\n\n<p>Bosch\u00a0Buzdolab\u0131 Ekran\u0131nda K\u0131rm\u0131z\u0131 \u00dcnlem \u0130\u015fareti \u00c7\u0131k\u0131yor Sorunu ve \u00c7\u00f6z\u00fcm Yollar\u0131. Buzdolab\u0131n\u0131n ekran\u0131nda k\u0131rm\u0131z\u0131 \u00fcnlem i\u015fareti belirdi\u011finde, kullan\u0131c\u0131lar genellikle bu durumun ne anlama geldi\u011fini ve nas\u0131l \u00e7\u00f6z\u00fclebilece\u011fini merak ederler. \u0130\u015fte bu sorunun nedenleri ve \u00e7\u00f6z\u00fcm \u00f6nerileri:<\/p>\n\n<div class=\"wp-block-buttons is-content-justification-center is-layout-flex wp-container-core-buttons-is-layout-a89b3969 wp-block-buttons-is-layout-flex\">\n<div class=\"wp-block-button\"><a class=\"wp-block-button__link wp-element-button\" href=\"https:\/\/tekirdagboschservisi.com.tr\/index.php\/2024\/03\/25\/bosch-buzdolabi-ekraninda-kirmizi-unlem-isareti-cikiyor\/\">Devam\u0131n\u0131 Oku<\/a><\/div>\n<\/div>\n<\/div>\n<\/div>\n\n<div class=\"wp-block-columns alignwide is-layout-flex wp-container-core-columns-is-layout-28f84493 wp-block-columns-is-layout-flex\">\n<div class=\"wp-block-column is-layout-flow wp-block-column-is-layout-flow\">\n<figure class=\"wp-block-image aligncenter size-full\"><img decoding=\"async\" width=\"327\" height=\"205\" class=\"wp-image-199\" src=\"https:\/\/tekirdagboschservisi.com.tr\/wp-content\/uploads\/2024\/03\/bosch-buzdolabi-servisi.jpg\" alt=\"\" srcset=\"https:\/\/tekirdagboschservisi.com.tr\/wp-content\/uploads\/2024\/03\/bosch-buzdolabi-servisi.jpg 327w, https:\/\/tekirdagboschservisi.com.tr\/wp-content\/uploads\/2024\/03\/bosch-buzdolabi-servisi-300x188.jpg 300w\" sizes=\"(max-width: 327px) 100vw, 327px\" \/><\/figure>\n\n<h4 class=\"wp-block-heading has-text-align-center\">Bosch Buzdolab\u0131nda Ekran Yok<\/h4>\n\n<p>Bosch\u00a0Buzdolab\u0131nda Ekran Yok Sorun ve \u00c7\u00f6z\u00fcm \u00d6nerileri. Bir buzdolab\u0131n\u0131n ekran\u0131n\u0131n olmamas\u0131, kullan\u0131c\u0131lar\u0131n buzdolab\u0131n\u0131n durumu ve ayarlar\u0131 hakk\u0131nda bilgi alamamas\u0131na ve sorunlar\u0131n tespit edilmesini zorla\u015ft\u0131rabilir. Bosch buzdolab\u0131n\u0131zda ekran\u0131n olmamas\u0131 sorunuyla kar\u015f\u0131la\u015ft\u0131\u011f\u0131n\u0131zda, a\u015fa\u011f\u0131daki ad\u0131mlar\u0131 izleyerek sorunu \u00e7\u00f6zebilirsiniz:<\/p>\n\n<div class=\"wp-block-buttons is-content-justification-center is-layout-flex wp-container-core-buttons-is-layout-a89b3969 wp-block-buttons-is-layout-flex\">\n<div class=\"wp-block-button\"><a class=\"wp-block-button__link wp-element-button\" href=\"https:\/\/tekirdagboschservisi.com.tr\/index.php\/2024\/03\/25\/bosch-buzdolabinda-ekran-yok\/\">Devam\u0131n\u0131 Oku<\/a><\/div>\n<\/div>\n<\/div>\n\n<div class=\"wp-block-column is-layout-flow wp-block-column-is-layout-flow\">\n<figure class=\"wp-block-image aligncenter size-full\"><img decoding=\"async\" width=\"327\" height=\"205\" class=\"wp-image-199\" src=\"https:\/\/tekirdagboschservisi.com.tr\/wp-content\/uploads\/2024\/03\/bosch-buzdolabi-servisi.jpg\" alt=\"\" srcset=\"https:\/\/tekirdagboschservisi.com.tr\/wp-content\/uploads\/2024\/03\/bosch-buzdolabi-servisi.jpg 327w, https:\/\/tekirdagboschservisi.com.tr\/wp-content\/uploads\/2024\/03\/bosch-buzdolabi-servisi-300x188.jpg 300w\" sizes=\"(max-width: 327px) 100vw, 327px\" \/><\/figure>\n\n<h4 class=\"wp-block-heading has-text-align-center\">Bosch Buzdolab\u0131 Buzlanma Yap\u0131yor<\/h4>\n\n<p>Bosch\u00a0Buzdolab\u0131 Buzlanma Yap\u0131yor Ayr\u0131ca \u00c7\u00f6z\u00fcm Yollar\u0131. Buzdolab\u0131n\u0131n i\u00e7indeki dondurucu b\u00f6l\u00fcmde veya so\u011futucu b\u00f6lm\u00fcnde buzlanma, bir\u00e7ok nedenden kaynakl\u0131d\u0131r ayr\u0131ca bu durum buzdolab\u0131n\u0131n verimlili\u011fini azalt\u0131r. Bu sorunun nedenleri ayr\u0131ca \u00e7\u00f6z\u00fcm \u00f6nerileri a\u015fa\u011f\u0131da belirtilmi\u015ftir:<\/p>\n\n<div class=\"wp-block-buttons is-content-justification-center is-layout-flex wp-container-core-buttons-is-layout-a89b3969 wp-block-buttons-is-layout-flex\">\n<div class=\"wp-block-button\"><a class=\"wp-block-button__link wp-element-button\" href=\"https:\/\/tekirdagboschservisi.com.tr\/index.php\/2024\/03\/25\/bosch-buzdolabi-buzlanma-yapiyor\/\">Devam\u0131n\u0131 Oku<\/a><\/div>\n<\/div>\n<\/div>\n\n<div class=\"wp-block-column is-layout-flow wp-block-column-is-layout-flow\">\n<figure class=\"wp-block-image aligncenter size-full\"><img decoding=\"async\" width=\"327\" height=\"205\" class=\"wp-image-199\" src=\"https:\/\/tekirdagboschservisi.com.tr\/wp-content\/uploads\/2024\/03\/bosch-buzdolabi-servisi.jpg\" alt=\"\" srcset=\"https:\/\/tekirdagboschservisi.com.tr\/wp-content\/uploads\/2024\/03\/bosch-buzdolabi-servisi.jpg 327w, https:\/\/tekirdagboschservisi.com.tr\/wp-content\/uploads\/2024\/03\/bosch-buzdolabi-servisi-300x188.jpg 300w\" sizes=\"(max-width: 327px) 100vw, 327px\" \/><\/figure>\n\n<h3 class=\"wp-block-heading has-text-align-center\">Bosch Buzdolab\u0131 Sigorta Att\u0131r\u0131yor<\/h3>\n\n<p>Bosch\u00a0buzdolab\u0131n\u0131z\u0131n sigorta att\u0131rmas\u0131, \u00e7e\u015fitli nedenlerden kaynaklanabilir ve bu durum buzdolab\u0131n\u0131n d\u00fczg\u00fcn \u015fekilde \u00e7al\u0131\u015fmas\u0131n\u0131 engelleyebilir. Bu sorunun nedenleri ve \u00e7\u00f6z\u00fcm \u00f6nerileri a\u015fa\u011f\u0131da belirtilmi\u015ftir:<\/p>\n\n<div class=\"wp-block-buttons is-content-justification-center is-layout-flex wp-container-core-buttons-is-layout-a89b3969 wp-block-buttons-is-layout-flex\">\n<div class=\"wp-block-button\"><a class=\"wp-block-button__link wp-element-button\" href=\"https:\/\/tekirdagboschservisi.com.tr\/index.php\/2024\/03\/25\/bosch-buzdolabi-sigorta-attiriyor\/\">Devam\u0131n\u0131 Oku<\/a><\/div>\n<\/div>\n<\/div>\n<\/div>\n\n<div class=\"wp-block-columns alignwide is-layout-flex wp-container-core-columns-is-layout-28f84493 wp-block-columns-is-layout-flex\">\n<div class=\"wp-block-column is-layout-flow wp-block-column-is-layout-flow\">\n<figure class=\"wp-block-image aligncenter size-full\"><img decoding=\"async\" width=\"327\" height=\"205\" class=\"wp-image-199\" src=\"https:\/\/tekirdagboschservisi.com.tr\/wp-content\/uploads\/2024\/03\/bosch-buzdolabi-servisi.jpg\" alt=\"\" srcset=\"https:\/\/tekirdagboschservisi.com.tr\/wp-content\/uploads\/2024\/03\/bosch-buzdolabi-servisi.jpg 327w, https:\/\/tekirdagboschservisi.com.tr\/wp-content\/uploads\/2024\/03\/bosch-buzdolabi-servisi-300x188.jpg 300w\" sizes=\"(max-width: 327px) 100vw, 327px\" \/><\/figure>\n\n<h4 class=\"wp-block-heading has-text-align-center\">Bosch Buzdolab\u0131 \u00c7ok Is\u0131n\u0131yor<\/h4>\n\n<p>Bir buzdolab\u0131n\u0131n beklenmedik \u015fekilde \u0131s\u0131nmas\u0131, i\u00e7erideki yiyeceklerin bozulmas\u0131na ve dolap performans\u0131n\u0131n d\u00fc\u015fmesine neden olur.\u00a0Bosch\u00a0buzdolab\u0131n\u0131z\u0131n \u00e7ok \u0131s\u0131nmas\u0131 sorunuyla kar\u015f\u0131la\u015ft\u0131\u011f\u0131n\u0131zda, a\u015fa\u011f\u0131daki ad\u0131mlar\u0131 izleyerek sorunu \u00e7\u00f6zebilirsiniz:<\/p>\n\n<div class=\"wp-block-buttons is-content-justification-center is-layout-flex wp-container-core-buttons-is-layout-a89b3969 wp-block-buttons-is-layout-flex\">\n<div class=\"wp-block-button\"><a class=\"wp-block-button__link wp-element-button\" href=\"https:\/\/tekirdagboschservisi.com.tr\/index.php\/2024\/03\/25\/bosch-buzdolabi-cok-isiniyor\/\">Devam\u0131n\u0131 Oku<\/a><\/div>\n<\/div>\n<\/div>\n\n<div class=\"wp-block-column is-layout-flow wp-block-column-is-layout-flow\">\n<figure class=\"wp-block-image aligncenter size-full\"><img decoding=\"async\" width=\"327\" height=\"205\" class=\"wp-image-199\" src=\"https:\/\/tekirdagboschservisi.com.tr\/wp-content\/uploads\/2024\/03\/bosch-buzdolabi-servisi.jpg\" alt=\"\" srcset=\"https:\/\/tekirdagboschservisi.com.tr\/wp-content\/uploads\/2024\/03\/bosch-buzdolabi-servisi.jpg 327w, https:\/\/tekirdagboschservisi.com.tr\/wp-content\/uploads\/2024\/03\/bosch-buzdolabi-servisi-300x188.jpg 300w\" sizes=\"(max-width: 327px) 100vw, 327px\" \/><\/figure>\n\n<h4 class=\"wp-block-heading has-text-align-center\">Bosch Buzdolab\u0131 G\u00fcr\u00fclt\u00fcl\u00fc \u00c7al\u0131\u015f\u0131yor<\/h4>\n\n<p>Bosch\u00a0buzdolab\u0131n\u0131n g\u00fcr\u00fclt\u00fcl\u00fc \u00e7al\u0131\u015fmas\u0131, evde rahats\u0131zl\u0131k yaratabilir ve cihaz\u0131n normal \u00e7al\u0131\u015fma s\u00fcrecinde bir problem olabilece\u011fini i\u015faret edebilir. Bu sorunun nedenleri ve \u00e7\u00f6z\u00fcm \u00f6nerileri a\u015fa\u011f\u0131da belirtilmi\u015ftir:<\/p>\n\n<div class=\"wp-block-buttons is-content-justification-center is-layout-flex wp-container-core-buttons-is-layout-a89b3969 wp-block-buttons-is-layout-flex\">\n<div class=\"wp-block-button\"><a class=\"wp-block-button__link wp-element-button\" href=\"https:\/\/tekirdagboschservisi.com.tr\/index.php\/2024\/03\/25\/bosch-buzdolabi-gurultulu-calisiyor\/\">Devam\u0131n\u0131 Oku<\/a><\/div>\n<\/div>\n<\/div>\n\n<div class=\"wp-block-column is-layout-flow wp-block-column-is-layout-flow\">\n<figure class=\"wp-block-image aligncenter size-full\"><img decoding=\"async\" width=\"327\" height=\"205\" class=\"wp-image-199\" src=\"https:\/\/tekirdagboschservisi.com.tr\/wp-content\/uploads\/2024\/03\/bosch-buzdolabi-servisi.jpg\" alt=\"\" srcset=\"https:\/\/tekirdagboschservisi.com.tr\/wp-content\/uploads\/2024\/03\/bosch-buzdolabi-servisi.jpg 327w, https:\/\/tekirdagboschservisi.com.tr\/wp-content\/uploads\/2024\/03\/bosch-buzdolabi-servisi-300x188.jpg 300w\" sizes=\"(max-width: 327px) 100vw, 327px\" \/><\/figure>\n\n<h4 class=\"wp-block-heading has-text-align-center\">Bosch Buzdolab\u0131 Dondurmuyor<\/h4>\n\n<p>Bir\u00a0buzdolab\u0131n\u0131n\u00a0dondurmay\u0131 durdurmas\u0131, i\u00e7indeki yiyeceklerin bozulmas\u0131na ve cihaz\u0131n performans\u0131n\u0131n azalmas\u0131na neden olabilir. Bosch buzdolab\u0131n\u0131z\u0131n dondurmay\u0131 durdurmas\u0131 sorunuyla kar\u015f\u0131la\u015ft\u0131\u011f\u0131n\u0131zda, a\u015fa\u011f\u0131daki ad\u0131mlar\u0131 izleyerek sorunu \u00e7\u00f6zebilirsiniz:<\/p>\n\n<div class=\"wp-block-buttons is-content-justification-center is-layout-flex wp-container-core-buttons-is-layout-a89b3969 wp-block-buttons-is-layout-flex\">\n<div class=\"wp-block-button\"><a class=\"wp-block-button__link wp-element-button\" href=\"https:\/\/tekirdagboschservisi.com.tr\/index.php\/2024\/03\/25\/bosch-buzdolabi-dondurmuyor\/\">Devam\u0131n\u0131 Oku<\/a><\/div>\n<\/div>\n<\/div>\n<\/div>\n\t\t\t\t\t\t\t\t<\/div>\n\t\t\t\t<\/div>\n\t\t\t\t\t<\/div>\n\t\t\t\t<\/div>\n\t\t<div class=\"elementor-element elementor-element-53140fea e-flex e-con-boxed e-con e-parent\" data-id=\"53140fea\" data-element_type=\"container\" data-e-type=\"container\">\n\t\t\t\t\t<div class=\"e-con-inner\">\n\t\t\t\t<div class=\"elementor-element elementor-element-656ebe0b elementor-widget elementor-widget-heading\" data-id=\"656ebe0b\" data-element_type=\"widget\" data-e-type=\"widget\" data-widget_type=\"heading.default\">\n\t\t\t\t<div class=\"elementor-widget-container\">\n\t\t\t\t\t<h2 class=\"elementor-heading-title elementor-size-default\">Tekirda\u011f Bosch Beyaz E\u015fya Servisimizin Hizmet Verdi\u011fi \u00dcr\u00fcnler<\/h2>\t\t\t\t<\/div>\n\t\t\t\t<\/div>\n\t\t\t\t\t<\/div>\n\t\t\t\t<\/div>\n\t\t<div class=\"elementor-element elementor-element-4c5b2672 e-flex e-con-boxed e-con e-parent\" data-id=\"4c5b2672\" data-element_type=\"container\" data-e-type=\"container\">\n\t\t\t\t\t<div class=\"e-con-inner\">\n\t\t<div class=\"elementor-element elementor-element-299017e7 e-con-full e-flex e-con e-child\" data-id=\"299017e7\" data-element_type=\"container\" data-e-type=\"container\">\n\t\t\t\t<div class=\"elementor-element elementor-element-27e3c8a7 elementor-widget elementor-widget-image\" data-id=\"27e3c8a7\" data-element_type=\"widget\" data-e-type=\"widget\" data-widget_type=\"image.default\">\n\t\t\t\t<div class=\"elementor-widget-container\">\n\t\t\t\t\t\t\t\t\t\t\t\t\t\t\t<img decoding=\"async\" width=\"327\" height=\"205\" src=\"https:\/\/tekirdagboschservisi.com.tr\/wp-content\/uploads\/2024\/03\/bosch-buzdolabi-servisi.jpg\" class=\"attachment-large size-large wp-image-199\" alt=\"\" srcset=\"https:\/\/tekirdagboschservisi.com.tr\/wp-content\/uploads\/2024\/03\/bosch-buzdolabi-servisi.jpg 327w, https:\/\/tekirdagboschservisi.com.tr\/wp-content\/uploads\/2024\/03\/bosch-buzdolabi-servisi-300x188.jpg 300w\" sizes=\"(max-width: 327px) 100vw, 327px\" \/>\t\t\t\t\t\t\t\t\t\t\t\t\t\t\t<\/div>\n\t\t\t\t<\/div>\n\t\t\t\t<div class=\"elementor-element elementor-element-4b444d31 elementor-widget elementor-widget-heading\" data-id=\"4b444d31\" data-element_type=\"widget\" data-e-type=\"widget\" data-widget_type=\"heading.default\">\n\t\t\t\t<div class=\"elementor-widget-container\">\n\t\t\t\t\t<h2 class=\"elementor-heading-title elementor-size-default\">Bosch Buzdolab\u0131 Servisi<\/h2>\t\t\t\t<\/div>\n\t\t\t\t<\/div>\n\t\t\t\t<div class=\"elementor-element elementor-element-4b564b2f elementor-widget elementor-widget-text-editor\" data-id=\"4b564b2f\" data-element_type=\"widget\" data-e-type=\"widget\" data-widget_type=\"text-editor.default\">\n\t\t\t\t<div class=\"elementor-widget-container\">\n\t\t\t\t\t\t\t\t\t<p><strong>Mutfaklar\u0131m\u0131z\u0131n vazge\u00e7ilmez par\u00e7alar\u0131ndan biri olan\u00a0<a href=\"https:\/\/tekirdagboschservisi.com.tr\/index.php\/tekirdag-bosch-beyaz-esya-servisi-2\/bosch-buzdolabi-servisi\/\" data-type=\"page\" data-id=\"128\">Bosch<\/a> buzdolaplar\u0131, g\u0131dalar\u0131m\u0131z\u0131 taze ve g\u00fcvende tutmak i\u00e7in g\u00fcvenilir bir \u015fekilde \u00e7al\u0131\u015f\u0131r. Ancak zamanla, buzdolaplar\u0131nda \u00e7e\u015fitli sorunlar ortaya \u00e7\u0131kabilir veya d\u00fczenli bak\u0131m gerekebilir.\u00a0<\/strong><\/p>\t\t\t\t\t\t\t\t<\/div>\n\t\t\t\t<\/div>\n\t\t\t\t<div class=\"elementor-element elementor-element-7fed0779 elementor-align-center elementor-tablet-align-center elementor-widget elementor-widget-button\" data-id=\"7fed0779\" data-element_type=\"widget\" data-e-type=\"widget\" data-widget_type=\"button.default\">\n\t\t\t\t<div class=\"elementor-widget-container\">\n\t\t\t\t\t\t\t\t\t<div class=\"elementor-button-wrapper\">\n\t\t\t\t\t<a class=\"elementor-button elementor-button-link elementor-size-sm\" href=\"https:\/\/tekirdagboschservisi.com.tr\/index.php\/tekirdag-bosch-beyaz-esya-servisi-2\/bosch-buzdolabi-servisi\/\">\n\t\t\t\t\t\t<span class=\"elementor-button-content-wrapper\">\n\t\t\t\t\t\t\t\t\t<span class=\"elementor-button-text\">DEVAMINI OKU<\/span>\n\t\t\t\t\t<\/span>\n\t\t\t\t\t<\/a>\n\t\t\t\t<\/div>\n\t\t\t\t\t\t\t\t<\/div>\n\t\t\t\t<\/div>\n\t\t\t\t<\/div>\n\t\t<div class=\"elementor-element elementor-element-19f9c71d e-con-full e-flex e-con e-child\" data-id=\"19f9c71d\" data-element_type=\"container\" data-e-type=\"container\">\n\t\t\t\t<div class=\"elementor-element elementor-element-3b0e5c55 elementor-widget elementor-widget-image\" data-id=\"3b0e5c55\" data-element_type=\"widget\" data-e-type=\"widget\" data-widget_type=\"image.default\">\n\t\t\t\t<div class=\"elementor-widget-container\">\n\t\t\t\t\t\t\t\t\t\t\t\t\t\t\t<img loading=\"lazy\" decoding=\"async\" width=\"320\" height=\"200\" src=\"https:\/\/tekirdagboschservisi.com.tr\/wp-content\/uploads\/2024\/03\/bosch-camasir-makinesi-servisi.jpg\" class=\"attachment-large size-large wp-image-200\" alt=\"\" srcset=\"https:\/\/tekirdagboschservisi.com.tr\/wp-content\/uploads\/2024\/03\/bosch-camasir-makinesi-servisi.jpg 320w, https:\/\/tekirdagboschservisi.com.tr\/wp-content\/uploads\/2024\/03\/bosch-camasir-makinesi-servisi-300x188.jpg 300w\" sizes=\"(max-width: 320px) 100vw, 320px\" \/>\t\t\t\t\t\t\t\t\t\t\t\t\t\t\t<\/div>\n\t\t\t\t<\/div>\n\t\t\t\t<div class=\"elementor-element elementor-element-45ae48f3 elementor-widget elementor-widget-heading\" data-id=\"45ae48f3\" data-element_type=\"widget\" data-e-type=\"widget\" data-widget_type=\"heading.default\">\n\t\t\t\t<div class=\"elementor-widget-container\">\n\t\t\t\t\t<h2 class=\"elementor-heading-title elementor-size-default\">\u00c7ama\u015f\u0131r Makinesi Servisi<\/h2>\t\t\t\t<\/div>\n\t\t\t\t<\/div>\n\t\t\t\t<div class=\"elementor-element elementor-element-3ed1be9c elementor-widget elementor-widget-text-editor\" data-id=\"3ed1be9c\" data-element_type=\"widget\" data-e-type=\"widget\" data-widget_type=\"text-editor.default\">\n\t\t\t\t<div class=\"elementor-widget-container\">\n\t\t\t\t\t\t\t\t\t<p><strong>G\u00fcnl\u00fck ya\u015fam\u0131m\u0131z\u0131n vazge\u00e7ilmez bir par\u00e7as\u0131 olan \u00e7ama\u015f\u0131r makineleri, giysilerimizi temiz ve ferah tutman\u0131n yan\u0131 s\u0131ra, hayat\u0131m\u0131z\u0131 kolayla\u015ft\u0131ran \u00f6nemli bir ev aletidir.\u00a0<a href=\"https:\/\/garanti-teknik.com\/index.php\/bosch-beyaz-esya-servisi\/bosch-camasir-makinesi-servisi\/\">Bosch<\/a>\u00a0\u00e7ama\u015f\u0131r makineleri, yenilik\u00e7i teknolojisi ve dayan\u0131kl\u0131 yap\u0131s\u0131yla \u00f6ne \u00e7\u0131kar.<\/strong><\/p>\t\t\t\t\t\t\t\t<\/div>\n\t\t\t\t<\/div>\n\t\t\t\t<div class=\"elementor-element elementor-element-3b021a1a elementor-align-center elementor-tablet-align-center elementor-widget elementor-widget-button\" data-id=\"3b021a1a\" data-element_type=\"widget\" data-e-type=\"widget\" data-widget_type=\"button.default\">\n\t\t\t\t<div class=\"elementor-widget-container\">\n\t\t\t\t\t\t\t\t\t<div class=\"elementor-button-wrapper\">\n\t\t\t\t\t<a class=\"elementor-button elementor-button-link elementor-size-sm\" href=\"https:\/\/tekirdagboschservisi.com.tr\/index.php\/tekirdag-bosch-beyaz-esya-servisi-2\/bosch-camasir-makinesi-servisi\/\">\n\t\t\t\t\t\t<span class=\"elementor-button-content-wrapper\">\n\t\t\t\t\t\t\t\t\t<span class=\"elementor-button-text\">DEVAMINI OKU<\/span>\n\t\t\t\t\t<\/span>\n\t\t\t\t\t<\/a>\n\t\t\t\t<\/div>\n\t\t\t\t\t\t\t\t<\/div>\n\t\t\t\t<\/div>\n\t\t\t\t<\/div>\n\t\t<div class=\"elementor-element elementor-element-6f25757a e-con-full e-flex e-con e-child\" data-id=\"6f25757a\" data-element_type=\"container\" data-e-type=\"container\">\n\t\t\t\t<div class=\"elementor-element elementor-element-2ef4b7dd elementor-widget elementor-widget-image\" data-id=\"2ef4b7dd\" data-element_type=\"widget\" data-e-type=\"widget\" data-widget_type=\"image.default\">\n\t\t\t\t<div class=\"elementor-widget-container\">\n\t\t\t\t\t\t\t\t\t\t\t\t\t\t\t<img loading=\"lazy\" decoding=\"async\" width=\"328\" height=\"206\" src=\"https:\/\/tekirdagboschservisi.com.tr\/wp-content\/uploads\/2024\/03\/bosch-bulasik-makinesi-servisi.jpg\" class=\"attachment-large size-large wp-image-198\" alt=\"\" srcset=\"https:\/\/tekirdagboschservisi.com.tr\/wp-content\/uploads\/2024\/03\/bosch-bulasik-makinesi-servisi.jpg 328w, https:\/\/tekirdagboschservisi.com.tr\/wp-content\/uploads\/2024\/03\/bosch-bulasik-makinesi-servisi-300x188.jpg 300w\" sizes=\"(max-width: 328px) 100vw, 328px\" \/>\t\t\t\t\t\t\t\t\t\t\t\t\t\t\t<\/div>\n\t\t\t\t<\/div>\n\t\t\t\t<div class=\"elementor-element elementor-element-1a59f721 elementor-widget elementor-widget-heading\" data-id=\"1a59f721\" data-element_type=\"widget\" data-e-type=\"widget\" data-widget_type=\"heading.default\">\n\t\t\t\t<div class=\"elementor-widget-container\">\n\t\t\t\t\t<h2 class=\"elementor-heading-title elementor-size-default\">Bula\u015f\u0131k Makinesi Servisi<\/h2>\t\t\t\t<\/div>\n\t\t\t\t<\/div>\n\t\t\t\t<div class=\"elementor-element elementor-element-18db51eb elementor-widget elementor-widget-text-editor\" data-id=\"18db51eb\" data-element_type=\"widget\" data-e-type=\"widget\" data-widget_type=\"text-editor.default\">\n\t\t\t\t<div class=\"elementor-widget-container\">\n\t\t\t\t\t\t\t\t\t<p><strong>Modern ya\u015fam\u0131n vazge\u00e7ilmezlerinden biri olan bula\u015f\u0131k makineleri, ev i\u015flerini kolayla\u015ft\u0131ran ve zamandan tasarruf sa\u011flayan \u00f6nemli bir ev aletidir.\u00a0<a href=\"https:\/\/tekirdagboschservisi.com.tr\/index.php\/tekirdag-bosch-beyaz-esya-servisi-2\/bosch-bulasik-makinesi-servisi\/\" data-type=\"page\" data-id=\"132\">Bosch<\/a> bula\u015f\u0131k makineleri, yenilik\u00e7i teknolojisi ve sa\u011flam yap\u0131s\u0131yla evlerdeki bula\u015f\u0131klar\u0131\u00a0<\/strong><\/p>\t\t\t\t\t\t\t\t<\/div>\n\t\t\t\t<\/div>\n\t\t\t\t<div class=\"elementor-element elementor-element-79399339 elementor-align-center elementor-tablet-align-center elementor-widget elementor-widget-button\" data-id=\"79399339\" data-element_type=\"widget\" data-e-type=\"widget\" data-widget_type=\"button.default\">\n\t\t\t\t<div class=\"elementor-widget-container\">\n\t\t\t\t\t\t\t\t\t<div class=\"elementor-button-wrapper\">\n\t\t\t\t\t<a class=\"elementor-button elementor-button-link elementor-size-sm\" href=\"https:\/\/tekirdagboschservisi.com.tr\/index.php\/tekirdag-bosch-beyaz-esya-servisi-2\/bosch-bulasik-makinesi-servisi\/\">\n\t\t\t\t\t\t<span class=\"elementor-button-content-wrapper\">\n\t\t\t\t\t\t\t\t\t<span class=\"elementor-button-text\">DEVAMINI OKU<\/span>\n\t\t\t\t\t<\/span>\n\t\t\t\t\t<\/a>\n\t\t\t\t<\/div>\n\t\t\t\t\t\t\t\t<\/div>\n\t\t\t\t<\/div>\n\t\t\t\t<\/div>\n\t\t<div class=\"elementor-element elementor-element-11443b96 e-con-full e-flex e-con e-child\" data-id=\"11443b96\" data-element_type=\"container\" data-e-type=\"container\">\n\t\t\t\t<div class=\"elementor-element elementor-element-7a4251df elementor-widget elementor-widget-image\" data-id=\"7a4251df\" data-element_type=\"widget\" data-e-type=\"widget\" data-widget_type=\"image.default\">\n\t\t\t\t<div class=\"elementor-widget-container\">\n\t\t\t\t\t\t\t\t\t\t\t\t\t\t\t<img decoding=\"async\" src=\"https:\/\/tekirdagboschservisi.com.tr\/wp-content\/uploads\/elementor\/thumbs\/maxresdefault-rc7wo6zbevl9noc0aji1ynu7rjivhw0ddaujlxys7s.jpg\" title=\"maxresdefault\" alt=\"maxresdefault\" loading=\"lazy\" \/>\t\t\t\t\t\t\t\t\t\t\t\t\t\t\t<\/div>\n\t\t\t\t<\/div>\n\t\t\t\t<div class=\"elementor-element elementor-element-3810e53f elementor-widget elementor-widget-heading\" data-id=\"3810e53f\" data-element_type=\"widget\" data-e-type=\"widget\" data-widget_type=\"heading.default\">\n\t\t\t\t<div class=\"elementor-widget-container\">\n\t\t\t\t\t<h2 class=\"elementor-heading-title elementor-size-default\">Kurutma Makinesi Servisi<\/h2>\t\t\t\t<\/div>\n\t\t\t\t<\/div>\n\t\t\t\t<div class=\"elementor-element elementor-element-17df744d elementor-widget elementor-widget-text-editor\" data-id=\"17df744d\" data-element_type=\"widget\" data-e-type=\"widget\" data-widget_type=\"text-editor.default\">\n\t\t\t\t<div class=\"elementor-widget-container\">\n\t\t\t\t\t\t\t\t\t<p><strong>Modern ya\u015fam\u0131n vazge\u00e7ilmezlerinden biri olan kurutma makineleri, \u00e7ama\u015f\u0131rlar\u0131m\u0131z\u0131 h\u0131zl\u0131 ve etkili bir \u015fekilde kurutarak zamandan tasarruf etmemizi sa\u011flar.\u00a0<a href=\"https:\/\/tekirdagboschservisi.com.tr\/index.php\/tekirdag-bosch-beyaz-esya-servisi-2\/bosch-kurutma-makinesi-servisi\/\" data-type=\"page\" data-id=\"134\">Bosch<\/a> kurutma makineleri, yenilik\u00e7i teknolojisi ve dayan\u0131kl\u0131 yap\u0131s\u0131yla\u00a0<\/strong><\/p>\t\t\t\t\t\t\t\t<\/div>\n\t\t\t\t<\/div>\n\t\t\t\t<div class=\"elementor-element elementor-element-bf9d549 elementor-align-center elementor-tablet-align-center elementor-widget elementor-widget-button\" data-id=\"bf9d549\" data-element_type=\"widget\" data-e-type=\"widget\" data-widget_type=\"button.default\">\n\t\t\t\t<div class=\"elementor-widget-container\">\n\t\t\t\t\t\t\t\t\t<div class=\"elementor-button-wrapper\">\n\t\t\t\t\t<a class=\"elementor-button elementor-button-link elementor-size-sm\" href=\"https:\/\/tekirdagboschservisi.com.tr\/index.php\/tekirdag-bosch-beyaz-esya-servisi-2\/bosch-kurutma-makinesi-servisi\/\">\n\t\t\t\t\t\t<span class=\"elementor-button-content-wrapper\">\n\t\t\t\t\t\t\t\t\t<span class=\"elementor-button-text\">DEVAMINI OKU<\/span>\n\t\t\t\t\t<\/span>\n\t\t\t\t\t<\/a>\n\t\t\t\t<\/div>\n\t\t\t\t\t\t\t\t<\/div>\n\t\t\t\t<\/div>\n\t\t\t\t<\/div>\n\t\t\t\t\t<\/div>\n\t\t\t\t<\/div>\n\t\t\t\t<\/div>\n\t\t","protected":false},"excerpt":{"rendered":"<p>Tekirda\u011f Bosch Buzdolab\u0131 Servisi: G\u00fcvenilir \u00c7\u00f6z\u00fcmlerle Yiyeceklerinizi G\u00fcvende Tutun Mutfaklar\u0131m\u0131z\u0131n vazge\u00e7ilmez par\u00e7alar\u0131ndan biri olan Bosch buzdolaplar\u0131, g\u0131dalar\u0131m\u0131z\u0131 taze ve g\u00fcvende tutmak i\u00e7in g\u00fcvenilir bir \u015fekilde [&hellip;]<\/p>\n","protected":false},"author":1,"featured_media":89,"parent":52,"menu_order":1,"comment_status":"closed","ping_status":"closed","template":"page-templates\/page_front-page.php","meta":{"footnotes":""},"class_list":["post-128","page","type-page","status-publish","has-post-thumbnail","hentry"],"yoast_head":"<!-- This site is optimized with the Yoast SEO plugin v27.5 - https:\/\/yoast.com\/product\/yoast-seo-wordpress\/ -->\n<title>Bosch Buzdolab\u0131 Servisi - Tekirda\u011f Bosch Servisi<\/title>\n<meta name=\"description\" content=\"Tekirda\u011f Bosch Buzdolab\u0131 Servisi 0282 263 22 96. buzdolaplar\u0131nda \u00e7e\u015fitli sorunlar ortaya \u00e7\u0131kabilir, Bosch Buzdolab\u0131 Servisi devreye girer.\" \/>\n<meta name=\"robots\" content=\"index, follow, max-snippet:-1, max-image-preview:large, max-video-preview:-1\" \/>\n<link rel=\"canonical\" href=\"https:\/\/tekirdagboschservisi.com.tr\/index.php\/tekirdag-bosch-beyaz-esya-servisi-2\/bosch-buzdolabi-servisi\/\" \/>\n<meta property=\"og:locale\" content=\"tr_TR\" \/>\n<meta property=\"og:type\" content=\"article\" \/>\n<meta property=\"og:title\" content=\"Bosch Buzdolab\u0131 Servisi - Tekirda\u011f Bosch Servisi\" \/>\n<meta property=\"og:description\" content=\"Tekirda\u011f Bosch Buzdolab\u0131 Servisi 0282 263 22 96. buzdolaplar\u0131nda \u00e7e\u015fitli sorunlar ortaya \u00e7\u0131kabilir, Bosch Buzdolab\u0131 Servisi devreye girer.\" \/>\n<meta property=\"og:url\" content=\"https:\/\/tekirdagboschservisi.com.tr\/index.php\/tekirdag-bosch-beyaz-esya-servisi-2\/bosch-buzdolabi-servisi\/\" \/>\n<meta property=\"og:site_name\" content=\"Tekirda\u011f Bosch Servisi\" \/>\n<meta property=\"article:modified_time\" content=\"2024-10-08T10:40:15+00:00\" \/>\n<meta name=\"twitter:card\" content=\"summary_large_image\" \/>\n<meta name=\"twitter:label1\" content=\"Tahmini okuma s\u00fcresi\" \/>\n\t<meta name=\"twitter:data1\" content=\"11 dakika\" \/>\n<script type=\"application\/ld+json\" class=\"yoast-schema-graph\">{\"@context\":\"https:\\\/\\\/schema.org\",\"@graph\":[{\"@type\":\"WebPage\",\"@id\":\"https:\\\/\\\/tekirdagboschservisi.com.tr\\\/index.php\\\/tekirdag-bosch-beyaz-esya-servisi-2\\\/bosch-buzdolabi-servisi\\\/\",\"url\":\"https:\\\/\\\/tekirdagboschservisi.com.tr\\\/index.php\\\/tekirdag-bosch-beyaz-esya-servisi-2\\\/bosch-buzdolabi-servisi\\\/\",\"name\":\"Bosch Buzdolab\u0131 Servisi - Tekirda\u011f Bosch Servisi\",\"isPartOf\":{\"@id\":\"https:\\\/\\\/tekirdagboschservisi.com.tr\\\/#website\"},\"primaryImageOfPage\":{\"@id\":\"https:\\\/\\\/tekirdagboschservisi.com.tr\\\/index.php\\\/tekirdag-bosch-beyaz-esya-servisi-2\\\/bosch-buzdolabi-servisi\\\/#primaryimage\"},\"image\":{\"@id\":\"https:\\\/\\\/tekirdagboschservisi.com.tr\\\/index.php\\\/tekirdag-bosch-beyaz-esya-servisi-2\\\/bosch-buzdolabi-servisi\\\/#primaryimage\"},\"thumbnailUrl\":\"\",\"datePublished\":\"2024-03-25T10:01:49+00:00\",\"dateModified\":\"2024-10-08T10:40:15+00:00\",\"description\":\"Tekirda\u011f Bosch Buzdolab\u0131 Servisi 0282 263 22 96. buzdolaplar\u0131nda \u00e7e\u015fitli sorunlar ortaya \u00e7\u0131kabilir, Bosch Buzdolab\u0131 Servisi devreye girer.\",\"breadcrumb\":{\"@id\":\"https:\\\/\\\/tekirdagboschservisi.com.tr\\\/index.php\\\/tekirdag-bosch-beyaz-esya-servisi-2\\\/bosch-buzdolabi-servisi\\\/#breadcrumb\"},\"inLanguage\":\"tr\",\"potentialAction\":[{\"@type\":\"ReadAction\",\"target\":[\"https:\\\/\\\/tekirdagboschservisi.com.tr\\\/index.php\\\/tekirdag-bosch-beyaz-esya-servisi-2\\\/bosch-buzdolabi-servisi\\\/\"]}]},{\"@type\":\"ImageObject\",\"inLanguage\":\"tr\",\"@id\":\"https:\\\/\\\/tekirdagboschservisi.com.tr\\\/index.php\\\/tekirdag-bosch-beyaz-esya-servisi-2\\\/bosch-buzdolabi-servisi\\\/#primaryimage\",\"url\":\"\",\"contentUrl\":\"\"},{\"@type\":\"BreadcrumbList\",\"@id\":\"https:\\\/\\\/tekirdagboschservisi.com.tr\\\/index.php\\\/tekirdag-bosch-beyaz-esya-servisi-2\\\/bosch-buzdolabi-servisi\\\/#breadcrumb\",\"itemListElement\":[{\"@type\":\"ListItem\",\"position\":1,\"name\":\"Anasayfa\",\"item\":\"https:\\\/\\\/tekirdagboschservisi.com.tr\\\/\"},{\"@type\":\"ListItem\",\"position\":2,\"name\":\"Tekirda\u011f Bosch Beyaz E\u015fya Servisi\",\"item\":\"https:\\\/\\\/tekirdagboschservisi.com.tr\\\/index.php\\\/tekirdag-bosch-beyaz-esya-servisi-2\\\/\"},{\"@type\":\"ListItem\",\"position\":3,\"name\":\"Bosch Buzdolab\u0131 Servisi\"}]},{\"@type\":\"WebSite\",\"@id\":\"https:\\\/\\\/tekirdagboschservisi.com.tr\\\/#website\",\"url\":\"https:\\\/\\\/tekirdagboschservisi.com.tr\\\/\",\"name\":\"Tekirda\u011f Bosch Servisi\",\"description\":\"0282 263 22 96\",\"publisher\":{\"@id\":\"https:\\\/\\\/tekirdagboschservisi.com.tr\\\/#organization\"},\"potentialAction\":[{\"@type\":\"SearchAction\",\"target\":{\"@type\":\"EntryPoint\",\"urlTemplate\":\"https:\\\/\\\/tekirdagboschservisi.com.tr\\\/?s={search_term_string}\"},\"query-input\":{\"@type\":\"PropertyValueSpecification\",\"valueRequired\":true,\"valueName\":\"search_term_string\"}}],\"inLanguage\":\"tr\"},{\"@type\":\"Organization\",\"@id\":\"https:\\\/\\\/tekirdagboschservisi.com.tr\\\/#organization\",\"name\":\"Tekirda\u011f Bosch Servisi\",\"url\":\"https:\\\/\\\/tekirdagboschservisi.com.tr\\\/\",\"logo\":{\"@type\":\"ImageObject\",\"inLanguage\":\"tr\",\"@id\":\"https:\\\/\\\/tekirdagboschservisi.com.tr\\\/#\\\/schema\\\/logo\\\/image\\\/\",\"url\":\"https:\\\/\\\/tekirdagboschservisi.com.tr\\\/wp-content\\\/uploads\\\/2024\\\/03\\\/7502c4fab3c11f90ed12b06b5e7b138d-1.jpg\",\"contentUrl\":\"https:\\\/\\\/tekirdagboschservisi.com.tr\\\/wp-content\\\/uploads\\\/2024\\\/03\\\/7502c4fab3c11f90ed12b06b5e7b138d-1.jpg\",\"width\":250,\"height\":92,\"caption\":\"Tekirda\u011f Bosch Servisi\"},\"image\":{\"@id\":\"https:\\\/\\\/tekirdagboschservisi.com.tr\\\/#\\\/schema\\\/logo\\\/image\\\/\"}}]}<\/script>\n<!-- \/ Yoast SEO plugin. -->","yoast_head_json":{"title":"Bosch Buzdolab\u0131 Servisi - Tekirda\u011f Bosch Servisi","description":"Tekirda\u011f Bosch Buzdolab\u0131 Servisi 0282 263 22 96. buzdolaplar\u0131nda \u00e7e\u015fitli sorunlar ortaya \u00e7\u0131kabilir, Bosch Buzdolab\u0131 Servisi devreye girer.","robots":{"index":"index","follow":"follow","max-snippet":"max-snippet:-1","max-image-preview":"max-image-preview:large","max-video-preview":"max-video-preview:-1"},"canonical":"https:\/\/tekirdagboschservisi.com.tr\/index.php\/tekirdag-bosch-beyaz-esya-servisi-2\/bosch-buzdolabi-servisi\/","og_locale":"tr_TR","og_type":"article","og_title":"Bosch Buzdolab\u0131 Servisi - Tekirda\u011f Bosch Servisi","og_description":"Tekirda\u011f Bosch Buzdolab\u0131 Servisi 0282 263 22 96. buzdolaplar\u0131nda \u00e7e\u015fitli sorunlar ortaya \u00e7\u0131kabilir, Bosch Buzdolab\u0131 Servisi devreye girer.","og_url":"https:\/\/tekirdagboschservisi.com.tr\/index.php\/tekirdag-bosch-beyaz-esya-servisi-2\/bosch-buzdolabi-servisi\/","og_site_name":"Tekirda\u011f Bosch Servisi","article_modified_time":"2024-10-08T10:40:15+00:00","twitter_card":"summary_large_image","twitter_misc":{"Tahmini okuma s\u00fcresi":"11 dakika"},"schema":{"@context":"https:\/\/schema.org","@graph":[{"@type":"WebPage","@id":"https:\/\/tekirdagboschservisi.com.tr\/index.php\/tekirdag-bosch-beyaz-esya-servisi-2\/bosch-buzdolabi-servisi\/","url":"https:\/\/tekirdagboschservisi.com.tr\/index.php\/tekirdag-bosch-beyaz-esya-servisi-2\/bosch-buzdolabi-servisi\/","name":"Bosch Buzdolab\u0131 Servisi - Tekirda\u011f Bosch Servisi","isPartOf":{"@id":"https:\/\/tekirdagboschservisi.com.tr\/#website"},"primaryImageOfPage":{"@id":"https:\/\/tekirdagboschservisi.com.tr\/index.php\/tekirdag-bosch-beyaz-esya-servisi-2\/bosch-buzdolabi-servisi\/#primaryimage"},"image":{"@id":"https:\/\/tekirdagboschservisi.com.tr\/index.php\/tekirdag-bosch-beyaz-esya-servisi-2\/bosch-buzdolabi-servisi\/#primaryimage"},"thumbnailUrl":"","datePublished":"2024-03-25T10:01:49+00:00","dateModified":"2024-10-08T10:40:15+00:00","description":"Tekirda\u011f Bosch Buzdolab\u0131 Servisi 0282 263 22 96. buzdolaplar\u0131nda \u00e7e\u015fitli sorunlar ortaya \u00e7\u0131kabilir, Bosch Buzdolab\u0131 Servisi devreye girer.","breadcrumb":{"@id":"https:\/\/tekirdagboschservisi.com.tr\/index.php\/tekirdag-bosch-beyaz-esya-servisi-2\/bosch-buzdolabi-servisi\/#breadcrumb"},"inLanguage":"tr","potentialAction":[{"@type":"ReadAction","target":["https:\/\/tekirdagboschservisi.com.tr\/index.php\/tekirdag-bosch-beyaz-esya-servisi-2\/bosch-buzdolabi-servisi\/"]}]},{"@type":"ImageObject","inLanguage":"tr","@id":"https:\/\/tekirdagboschservisi.com.tr\/index.php\/tekirdag-bosch-beyaz-esya-servisi-2\/bosch-buzdolabi-servisi\/#primaryimage","url":"","contentUrl":""},{"@type":"BreadcrumbList","@id":"https:\/\/tekirdagboschservisi.com.tr\/index.php\/tekirdag-bosch-beyaz-esya-servisi-2\/bosch-buzdolabi-servisi\/#breadcrumb","itemListElement":[{"@type":"ListItem","position":1,"name":"Anasayfa","item":"https:\/\/tekirdagboschservisi.com.tr\/"},{"@type":"ListItem","position":2,"name":"Tekirda\u011f Bosch Beyaz E\u015fya Servisi","item":"https:\/\/tekirdagboschservisi.com.tr\/index.php\/tekirdag-bosch-beyaz-esya-servisi-2\/"},{"@type":"ListItem","position":3,"name":"Bosch Buzdolab\u0131 Servisi"}]},{"@type":"WebSite","@id":"https:\/\/tekirdagboschservisi.com.tr\/#website","url":"https:\/\/tekirdagboschservisi.com.tr\/","name":"Tekirda\u011f Bosch Servisi","description":"0282 263 22 96","publisher":{"@id":"https:\/\/tekirdagboschservisi.com.tr\/#organization"},"potentialAction":[{"@type":"SearchAction","target":{"@type":"EntryPoint","urlTemplate":"https:\/\/tekirdagboschservisi.com.tr\/?s={search_term_string}"},"query-input":{"@type":"PropertyValueSpecification","valueRequired":true,"valueName":"search_term_string"}}],"inLanguage":"tr"},{"@type":"Organization","@id":"https:\/\/tekirdagboschservisi.com.tr\/#organization","name":"Tekirda\u011f Bosch Servisi","url":"https:\/\/tekirdagboschservisi.com.tr\/","logo":{"@type":"ImageObject","inLanguage":"tr","@id":"https:\/\/tekirdagboschservisi.com.tr\/#\/schema\/logo\/image\/","url":"https:\/\/tekirdagboschservisi.com.tr\/wp-content\/uploads\/2024\/03\/7502c4fab3c11f90ed12b06b5e7b138d-1.jpg","contentUrl":"https:\/\/tekirdagboschservisi.com.tr\/wp-content\/uploads\/2024\/03\/7502c4fab3c11f90ed12b06b5e7b138d-1.jpg","width":250,"height":92,"caption":"Tekirda\u011f Bosch Servisi"},"image":{"@id":"https:\/\/tekirdagboschservisi.com.tr\/#\/schema\/logo\/image\/"}}]}},"_links":{"self":[{"href":"https:\/\/tekirdagboschservisi.com.tr\/index.php\/wp-json\/wp\/v2\/pages\/128","targetHints":{"allow":["GET"]}}],"collection":[{"href":"https:\/\/tekirdagboschservisi.com.tr\/index.php\/wp-json\/wp\/v2\/pages"}],"about":[{"href":"https:\/\/tekirdagboschservisi.com.tr\/index.php\/wp-json\/wp\/v2\/types\/page"}],"author":[{"embeddable":true,"href":"https:\/\/tekirdagboschservisi.com.tr\/index.php\/wp-json\/wp\/v2\/users\/1"}],"replies":[{"embeddable":true,"href":"https:\/\/tekirdagboschservisi.com.tr\/index.php\/wp-json\/wp\/v2\/comments?post=128"}],"version-history":[{"count":10,"href":"https:\/\/tekirdagboschservisi.com.tr\/index.php\/wp-json\/wp\/v2\/pages\/128\/revisions"}],"predecessor-version":[{"id":1310,"href":"https:\/\/tekirdagboschservisi.com.tr\/index.php\/wp-json\/wp\/v2\/pages\/128\/revisions\/1310"}],"up":[{"embeddable":true,"href":"https:\/\/tekirdagboschservisi.com.tr\/index.php\/wp-json\/wp\/v2\/pages\/52"}],"wp:featuredmedia":[{"embeddable":true,"href":"https:\/\/tekirdagboschservisi.com.tr\/index.php\/wp-json\/"}],"wp:attachment":[{"href":"https:\/\/tekirdagboschservisi.com.tr\/index.php\/wp-json\/wp\/v2\/media?parent=128"}],"curies":[{"name":"wp","href":"https:\/\/api.w.org\/{rel}","templated":true}]}}