{"id":1103,"date":"2024-07-11T14:16:27","date_gmt":"2024-07-11T14:16:27","guid":{"rendered":"https:\/\/tekirdagboschservisi.com.tr\/?page_id=1103"},"modified":"2024-07-11T16:36:12","modified_gmt":"2024-07-11T16:36:12","slug":"tekirdag-profilo-beyaz-esya-servisi-0282-263-22-96","status":"publish","type":"page","link":"https:\/\/tekirdagboschservisi.com.tr\/index.php\/tekirdag-profilo-beyaz-esya-servisi-0282-263-22-96\/","title":{"rendered":"Tekirda\u011f Profilo Beyaz E\u015fya Servisi 0282 263 22 96"},"content":{"rendered":"\t\t<div data-elementor-type=\"wp-page\" data-elementor-id=\"1103\" class=\"elementor elementor-1103\">\n\t\t\t\t<div class=\"elementor-element elementor-element-49bab11f e-flex e-con-boxed e-con e-parent\" data-id=\"49bab11f\" data-element_type=\"container\" data-e-type=\"container\">\n\t\t\t\t\t<div class=\"e-con-inner\">\n\t\t\t\t<div class=\"elementor-element elementor-element-1e52ab1a elementor-widget elementor-widget-text-editor\" data-id=\"1e52ab1a\" data-element_type=\"widget\" data-e-type=\"widget\" data-widget_type=\"text-editor.default\">\n\t\t\t\t<div class=\"elementor-widget-container\">\n\t\t\t\t\t\t\t\t\t<p><img fetchpriority=\"high\" decoding=\"async\" class=\"alignnone size-full wp-image-342\" src=\"https:\/\/tekirdagboschservisi.com.tr\/wp-content\/uploads\/2024\/03\/Pprofilo-BANNER.jpg\" alt=\"Tekirda\u011f, S\u00fcleymanpa\u015fa, H\u00fcrriyet Mahallesi, De\u011firmenalt\u0131, Alt\u0131nova, Kumba\u011f, Yenice, Yeni\u00e7iftlik, Marmaraere\u011flisi, Muratl\u0131, Ergene, \u00c7orlu Profilo Servisi\" width=\"1900\" height=\"750\" srcset=\"https:\/\/tekirdagboschservisi.com.tr\/wp-content\/uploads\/2024\/03\/Pprofilo-BANNER.jpg 1900w, https:\/\/tekirdagboschservisi.com.tr\/wp-content\/uploads\/2024\/03\/Pprofilo-BANNER-300x118.jpg 300w, https:\/\/tekirdagboschservisi.com.tr\/wp-content\/uploads\/2024\/03\/Pprofilo-BANNER-1024x404.jpg 1024w, https:\/\/tekirdagboschservisi.com.tr\/wp-content\/uploads\/2024\/03\/Pprofilo-BANNER-768x303.jpg 768w, https:\/\/tekirdagboschservisi.com.tr\/wp-content\/uploads\/2024\/03\/Pprofilo-BANNER-1536x606.jpg 1536w\" sizes=\"(max-width: 1900px) 100vw, 1900px\" \/><\/p><div class=\"flex-shrink-0 flex flex-col relative items-end\"><div><div class=\"pt-0.5 juice:pt-0\"><div class=\"gizmo-bot-avatar flex h-6 w-6 items-center justify-center overflow-hidden rounded-full juice:h-8 juice:w-8\"><div class=\"relative p-1 rounded-sm flex items-center justify-center bg-token-main-surface-primary text-token-text-primary h-8 w-8\">\u00a0<\/div><\/div><\/div><\/div><\/div><div class=\"group\/conversation-turn relative flex w-full min-w-0 flex-col agent-turn\"><div class=\"flex-col gap-1 md:gap-3\"><div class=\"flex flex-grow flex-col max-w-full\"><div class=\"min-h-[20px] text-message flex flex-col items-start whitespace-pre-wrap break-words [.text-message+&amp;]:mt-5 juice:w-full juice:items-end overflow-x-auto gap-2\" dir=\"auto\" data-message-author-role=\"assistant\" data-message-id=\"044e5def-1c97-4641-a640-9f39ba9ce7d1\"><div class=\"flex w-full flex-col gap-1 juice:empty:hidden juice:first:pt-[3px]\"><div class=\"markdown prose w-full break-words dark:prose-invert light\"><h1>Tekirda\u011f Profilo Beyaz E\u015fya Servisi<\/h1><hr \/><p><a href=\"https:\/\/tekirdagboschservisi.com.tr\/index.php\/profilo-servisi\/\">Tekirda\u011f<\/a> ve \u00e7evresindeki Profilo beyaz e\u015fya kullan\u0131c\u0131lar\u0131na profesyonel ve g\u00fcvenilir servis hizmetleri sunuyoruz. Beyaz e\u015fyalar\u0131n\u0131z\u0131n bak\u0131m, onar\u0131m ve montaj i\u015flemlerinde uzman ekibimizle yan\u0131n\u0131zday\u0131z. Profilo marka buzdolab\u0131, \u00e7ama\u015f\u0131r makinesi, bula\u015f\u0131k makinesi, kurutma makinesi, klima ve derin dondurucular\u0131n\u0131z i\u00e7in h\u0131zl\u0131 ve etkili \u00e7\u00f6z\u00fcmler sunuyoruz.<\/p><p><strong>\u0130leti\u015fim<\/strong><\/p><p>Profesyonel ve g\u00fcvenilir beyaz e\u015fya servisi i\u00e7in Tekirda\u011f Profilo Beyaz E\u015fya Servisi&#8217;ne ula\u015f\u0131n. Uzman ekibimizle, t\u00fcm Profilo beyaz e\u015fya sorunlar\u0131n\u0131z\u0131 \u00e7\u00f6zmek i\u00e7in buraday\u0131z.<\/p><p><strong>Telefon<\/strong>: <a href=\"tel:02822632296\">0282 263 22 96<\/a><\/p><p>Tekirda\u011f Profilo Beyaz E\u015fya Servisi olarak, m\u00fc\u015fteri memnuniyetini \u00f6n planda tutuyor ve kaliteli hizmet anlay\u0131\u015f\u0131m\u0131zla sizlere en iyi \u00e7\u00f6z\u00fcmleri sunuyoruz. Bize ula\u015farak randevu alabilir ve beyaz e\u015fyalar\u0131n\u0131z\u0131n sorunsuz \u00e7al\u0131\u015fmas\u0131n\u0131 sa\u011flayabilirsiniz.<\/p><\/div><\/div><\/div><\/div><\/div><\/div>\t\t\t\t\t\t\t\t<\/div>\n\t\t\t\t<\/div>\n\t\t\t\t\t<\/div>\n\t\t\t\t<\/div>\n\t\t\t\t<section class=\"elementor-section elementor-top-section elementor-element elementor-element-5cc39c64 elementor-section-content-middle elementor-section-boxed elementor-section-height-default elementor-section-height-default\" data-id=\"5cc39c64\" data-element_type=\"section\" data-e-type=\"section\" data-settings=\"{&quot;background_background&quot;:&quot;classic&quot;}\">\n\t\t\t\t\t\t<div class=\"elementor-container elementor-column-gap-no\">\n\t\t\t\t\t<div class=\"elementor-column elementor-col-50 elementor-top-column elementor-element elementor-element-71e0a54e stretch-left\" data-id=\"71e0a54e\" data-element_type=\"column\" data-e-type=\"column\">\n\t\t\t<div class=\"elementor-widget-wrap elementor-element-populated\">\n\t\t\t\t\t\t<div class=\"elementor-element elementor-element-6f08b07a elementor-widget elementor-widget-image\" data-id=\"6f08b07a\" data-element_type=\"widget\" data-e-type=\"widget\" data-widget_type=\"image.default\">\n\t\t\t\t<div class=\"elementor-widget-container\">\n\t\t\t\t\t\t\t\t\t\t\t\t\t\t\t<img decoding=\"async\" width=\"784\" height=\"1000\" src=\"https:\/\/tekirdagboschservisi.com.tr\/wp-content\/uploads\/2024\/03\/c3utw.jpeg\" class=\"attachment-full size-full wp-image-206\" alt=\"\" srcset=\"https:\/\/tekirdagboschservisi.com.tr\/wp-content\/uploads\/2024\/03\/c3utw.jpeg 784w, https:\/\/tekirdagboschservisi.com.tr\/wp-content\/uploads\/2024\/03\/c3utw-235x300.jpeg 235w, https:\/\/tekirdagboschservisi.com.tr\/wp-content\/uploads\/2024\/03\/c3utw-768x980.jpeg 768w\" sizes=\"(max-width: 784px) 100vw, 784px\" \/>\t\t\t\t\t\t\t\t\t\t\t\t\t\t\t<\/div>\n\t\t\t\t<\/div>\n\t\t\t\t\t<\/div>\n\t\t<\/div>\n\t\t\t\t<div class=\"elementor-column elementor-col-50 elementor-top-column elementor-element elementor-element-4a2d8d73\" data-id=\"4a2d8d73\" data-element_type=\"column\" data-e-type=\"column\" data-settings=\"{&quot;background_background&quot;:&quot;classic&quot;}\">\n\t\t\t<div class=\"elementor-widget-wrap elementor-element-populated\">\n\t\t\t\t\t\t<div class=\"elementor-element elementor-element-622b7639 elementor-invisible elementor-widget elementor-widget-heading\" data-id=\"622b7639\" data-element_type=\"widget\" data-e-type=\"widget\" data-settings=\"{&quot;_animation&quot;:&quot;fadeIn&quot;}\" data-widget_type=\"heading.default\">\n\t\t\t\t<div class=\"elementor-widget-container\">\n\t\t\t\t\t<h2 class=\"elementor-heading-title elementor-size-default\">NEDEN TEK\u0130RDA\u011e PROF\u0130LO BEYAZ E\u015eYA SERV\u0130S\u0130?<\/h2>\t\t\t\t<\/div>\n\t\t\t\t<\/div>\n\t\t\t\t<div class=\"elementor-element elementor-element-76b0724e elementor-invisible elementor-widget elementor-widget-text-editor\" data-id=\"76b0724e\" data-element_type=\"widget\" data-e-type=\"widget\" data-settings=\"{&quot;_animation&quot;:&quot;fadeIn&quot;}\" data-widget_type=\"text-editor.default\">\n\t\t\t\t<div class=\"elementor-widget-container\">\n\t\t\t\t\t\t\t\t\t<ul><li><strong>Uzman Ekip<\/strong>: Tekirda\u011f Profilo beyaz e\u015fya servisi olarak, alan\u0131nda deneyimli ve sertifikal\u0131 teknisyenlerle \u00e7al\u0131\u015f\u0131yoruz. Beyaz e\u015fyalar\u0131n\u0131z\u0131n t\u00fcm sorunlar\u0131n\u0131 profesyonelce \u00e7\u00f6z\u00fcyoruz.<\/li><li><strong>H\u0131zl\u0131 Servis<\/strong>: Acil durumlarda h\u0131zl\u0131 ve etkili \u00e7\u00f6z\u00fcmler sunuyoruz. Randevu alman\u0131z halinde ayn\u0131 g\u00fcn i\u00e7inde servis hizmeti sa\u011fl\u0131yoruz.<\/li><li><strong>Orijinal Par\u00e7a Kullan\u0131m\u0131<\/strong>: Tamir i\u015flemlerinde sadece orijinal Profilo yedek par\u00e7alar\u0131 kullan\u0131yoruz. B\u00f6ylece cihazlar\u0131n\u0131z\u0131n \u00f6mr\u00fcn\u00fc uzat\u0131yor ve performans\u0131n\u0131 artt\u0131r\u0131yoruz.<\/li><li><strong>Uygun Fiyat<\/strong>: M\u00fc\u015fteri memnuniyeti odakl\u0131 hizmet anlay\u0131\u015f\u0131m\u0131zla, kaliteli servis hizmetlerini uygun fiyatlarla sunuyoruz.<\/li><li><strong>G\u00fcvence ve Garanti<\/strong>: Yap\u0131lan tamir ve bak\u0131m i\u015flemleri i\u00e7in garanti sunarak, hizmet kalitemizi g\u00fcvence alt\u0131na al\u0131yoruz.<\/li><\/ul>\t\t\t\t\t\t\t\t<\/div>\n\t\t\t\t<\/div>\n\t\t\t\t<div class=\"elementor-element elementor-element-2dfdcb16 elementor-align-center elementor-mobile-align-left elementor-invisible elementor-widget elementor-widget-button\" data-id=\"2dfdcb16\" data-element_type=\"widget\" data-e-type=\"widget\" data-settings=\"{&quot;_animation&quot;:&quot;fadeInUp&quot;,&quot;_animation_delay&quot;:300}\" data-widget_type=\"button.default\">\n\t\t\t\t<div class=\"elementor-widget-container\">\n\t\t\t\t\t\t\t\t\t<div class=\"elementor-button-wrapper\">\n\t\t\t\t\t<a class=\"elementor-button elementor-button-link elementor-size-sm\" href=\"tel:02822632296\">\n\t\t\t\t\t\t<span class=\"elementor-button-content-wrapper\">\n\t\t\t\t\t\t\t\t\t<span class=\"elementor-button-text\">0282 263 22 96<\/span>\n\t\t\t\t\t<\/span>\n\t\t\t\t\t<\/a>\n\t\t\t\t<\/div>\n\t\t\t\t\t\t\t\t<\/div>\n\t\t\t\t<\/div>\n\t\t\t\t\t<\/div>\n\t\t<\/div>\n\t\t\t\t\t<\/div>\n\t\t<\/section>\n\t\t<div class=\"elementor-element elementor-element-3d80593 e-flex e-con-boxed e-con e-parent\" data-id=\"3d80593\" data-element_type=\"container\" data-e-type=\"container\">\n\t\t\t\t\t<div class=\"e-con-inner\">\n\t\t\t\t<div class=\"elementor-element elementor-element-c3d21d3 elementor-widget elementor-widget-heading\" data-id=\"c3d21d3\" data-element_type=\"widget\" data-e-type=\"widget\" data-widget_type=\"heading.default\">\n\t\t\t\t<div class=\"elementor-widget-container\">\n\t\t\t\t\t<h2 class=\"elementor-heading-title elementor-size-default\">H\u0130ZMETLER\u0130M\u0130Z<\/h2>\t\t\t\t<\/div>\n\t\t\t\t<\/div>\n\t\t\t\t\t<\/div>\n\t\t\t\t<\/div>\n\t\t<div class=\"elementor-element elementor-element-41aca68 e-flex e-con-boxed e-con e-parent\" data-id=\"41aca68\" data-element_type=\"container\" data-e-type=\"container\">\n\t\t\t\t\t<div class=\"e-con-inner\">\n\t\t<div class=\"elementor-element elementor-element-f76d3ee e-con-full e-flex e-con e-child\" data-id=\"f76d3ee\" data-element_type=\"container\" data-e-type=\"container\">\n\t\t\t\t<div class=\"elementor-element elementor-element-c9be20f elementor-widget elementor-widget-image\" data-id=\"c9be20f\" data-element_type=\"widget\" data-e-type=\"widget\" data-widget_type=\"image.default\">\n\t\t\t\t<div class=\"elementor-widget-container\">\n\t\t\t\t\t\t\t\t\t\t\t\t\t\t\t<img decoding=\"async\" width=\"1004\" height=\"591\" src=\"https:\/\/tekirdagboschservisi.com.tr\/wp-content\/uploads\/2024\/03\/Profilo-Buzdolabi-Servisi.jpg\" class=\"attachment-large size-large wp-image-348\" alt=\"Tekirda\u011f Profilo Buzdolab\u0131 Servisi 0282 263 22 96 Profilo Buzdolab\u0131 \u0130\u00e7 I\u015f\u0131k Sorunu ve \u00c7\u00f6z\u00fcm Yollar\u0131 Profilo Buzdolab\u0131 Kompres\u00f6r Ar\u0131zas\u0131 ve \u00c7\u00f6z\u00fcm Yollar\u0131 Profilo Buzdolab\u0131 Koku Yapma Sorunu ve \u00c7\u00f6z\u00fcm Yollar\u0131 Profilo Buzdolab\u0131 Donma Sorunu ve \u00c7\u00f6z\u00fcm Yollar\u0131 Profilo Buzdolab\u0131 Yetersiz So\u011futma Sorunu ve \u00c7\u00f6z\u00fcm Yollar\u0131 Profilo Buzdolab\u0131 Su S\u0131zd\u0131rma Sorunu ve \u00c7\u00f6z\u00fcm Yollar\u0131 Profilo Buzdolab\u0131 A\u015f\u0131r\u0131 G\u00fcr\u00fclt\u00fcl\u00fc \u00c7al\u0131\u015fma Sorunu ve \u00c7\u00f6z\u00fcm Yollar\u0131 Profilo Buzdolab\u0131 Kap\u0131 Kapanmama Sorunu ve \u00c7\u00f6z\u00fcm Yollar\u0131 Profilo Buzdolab\u0131 Ar\u0131zalar\u0131 ve \u00c7\u00f6z\u00fcm Yollar\u0131\" srcset=\"https:\/\/tekirdagboschservisi.com.tr\/wp-content\/uploads\/2024\/03\/Profilo-Buzdolabi-Servisi.jpg 1004w, https:\/\/tekirdagboschservisi.com.tr\/wp-content\/uploads\/2024\/03\/Profilo-Buzdolabi-Servisi-300x177.jpg 300w, https:\/\/tekirdagboschservisi.com.tr\/wp-content\/uploads\/2024\/03\/Profilo-Buzdolabi-Servisi-768x452.jpg 768w\" sizes=\"(max-width: 1004px) 100vw, 1004px\" \/>\t\t\t\t\t\t\t\t\t\t\t\t\t\t\t<\/div>\n\t\t\t\t<\/div>\n\t\t\t\t<div class=\"elementor-element elementor-element-d98effb elementor-widget elementor-widget-heading\" data-id=\"d98effb\" data-element_type=\"widget\" data-e-type=\"widget\" data-widget_type=\"heading.default\">\n\t\t\t\t<div class=\"elementor-widget-container\">\n\t\t\t\t\t<h2 class=\"elementor-heading-title elementor-size-default\">Profilo Bula\u015f\u0131k Makinesi Servisi<\/h2>\t\t\t\t<\/div>\n\t\t\t\t<\/div>\n\t\t\t\t<div class=\"elementor-element elementor-element-0b80405 elementor-widget elementor-widget-text-editor\" data-id=\"0b80405\" data-element_type=\"widget\" data-e-type=\"widget\" data-widget_type=\"text-editor.default\">\n\t\t\t\t<div class=\"elementor-widget-container\">\n\t\t\t\t\t\t\t\t\t<p>Bula\u015f\u0131k makineniz d\u00fczg\u00fcn y\u0131kam\u0131yor, su bo\u015faltm\u0131yor veya kap\u0131 kapanm\u0131yorsa, bu sorunlar\u0131 profesyonelce gideriyoruz. Profilo bula\u015f\u0131k makinesi servisimiz, cihaz\u0131n\u0131z\u0131n uzun \u00f6m\u00fcrl\u00fc kullan\u0131m\u0131n\u0131 sa\u011flar.<\/p>\t\t\t\t\t\t\t\t<\/div>\n\t\t\t\t<\/div>\n\t\t\t\t<div class=\"elementor-element elementor-element-0f47c53 elementor-align-center elementor-mobile-align-left elementor-invisible elementor-widget elementor-widget-button\" data-id=\"0f47c53\" data-element_type=\"widget\" data-e-type=\"widget\" data-settings=\"{&quot;_animation&quot;:&quot;fadeInUp&quot;,&quot;_animation_delay&quot;:300}\" data-widget_type=\"button.default\">\n\t\t\t\t<div class=\"elementor-widget-container\">\n\t\t\t\t\t\t\t\t\t<div class=\"elementor-button-wrapper\">\n\t\t\t\t\t<a class=\"elementor-button elementor-button-link elementor-size-sm\" href=\"https:\/\/tekirdagboschservisi.com.tr\/index.php\/tekirdag-profilo-bulasik-makinesi-servisi-0282-263-22-96\/\">\n\t\t\t\t\t\t<span class=\"elementor-button-content-wrapper\">\n\t\t\t\t\t\t\t\t\t<span class=\"elementor-button-text\">DAHA FAZLA B\u0130LG\u0130 AL<\/span>\n\t\t\t\t\t<\/span>\n\t\t\t\t\t<\/a>\n\t\t\t\t<\/div>\n\t\t\t\t\t\t\t\t<\/div>\n\t\t\t\t<\/div>\n\t\t\t\t<\/div>\n\t\t<div class=\"elementor-element elementor-element-9cc5bc5 e-con-full e-flex e-con e-child\" data-id=\"9cc5bc5\" data-element_type=\"container\" data-e-type=\"container\">\n\t\t\t\t<div class=\"elementor-element elementor-element-7110eaa elementor-widget elementor-widget-image\" data-id=\"7110eaa\" data-element_type=\"widget\" data-e-type=\"widget\" data-widget_type=\"image.default\">\n\t\t\t\t<div class=\"elementor-widget-container\">\n\t\t\t\t\t\t\t\t\t\t\t\t\t\t\t<img decoding=\"async\" src=\"https:\/\/tekirdagboschservisi.com.tr\/wp-content\/uploads\/elementor\/thumbs\/Profilo-camasir-makinesi-servisi-rc7wo6zjnry6nlb2eslqyrralyky4girnhakudqd5i.jpg\" title=\"Profilo \u00e7ama\u015f\u0131r makinesi servisi\" alt=\"Tekirda\u011f Profilo \u00c7ama\u015f\u0131r Makinesi Servisi 0282 263 22 96 Profilo \u00c7ama\u015f\u0131r Makinesi Su Almama Sorunu ve \u00c7\u00f6z\u00fcm Yollar\u0131 Profilo \u00c7ama\u015f\u0131r Makinesi S\u0131kma Sorunu ve \u00c7\u00f6z\u00fcm Yollar\u0131 Profilo \u00c7ama\u015f\u0131r Makinesi G\u00fcr\u00fclt\u00fc Sorunu ve \u00c7\u00f6z\u00fcm Yollar\u0131 Profilo \u00c7ama\u015f\u0131r Makinesi Su Ka\u00e7\u0131rma Sorunu ve \u00c7\u00f6z\u00fcm Yollar\u0131 Profilo \u00c7ama\u015f\u0131r Makinesi Ba\u015flatmama Sorunu ve \u00c7\u00f6z\u00fcm Yollar\u0131 Profilo \u00c7ama\u015f\u0131r Makinesi Su Bo\u015faltmama Sorunu ve \u00c7\u00f6z\u00fcm Yollar\u0131 Profilo \u00c7ama\u015f\u0131r Makinesi Tambur D\u00f6nmeme Sorunu ve \u00c7\u00f6z\u00fcm Yollar\u0131 Profilo \u00c7ama\u015f\u0131r Makinesi Program Sorunu ve \u00c7\u00f6z\u00fcm Yollar\u0131\" loading=\"lazy\" \/>\t\t\t\t\t\t\t\t\t\t\t\t\t\t\t<\/div>\n\t\t\t\t<\/div>\n\t\t\t\t<div class=\"elementor-element elementor-element-da35813 elementor-widget elementor-widget-heading\" data-id=\"da35813\" data-element_type=\"widget\" data-e-type=\"widget\" data-widget_type=\"heading.default\">\n\t\t\t\t<div class=\"elementor-widget-container\">\n\t\t\t\t\t<h2 class=\"elementor-heading-title elementor-size-default\">Profilo \u00c7ama\u015f\u0131r Makinesi Servisi<\/h2>\t\t\t\t<\/div>\n\t\t\t\t<\/div>\n\t\t\t\t<div class=\"elementor-element elementor-element-084abe9 elementor-widget elementor-widget-text-editor\" data-id=\"084abe9\" data-element_type=\"widget\" data-e-type=\"widget\" data-widget_type=\"text-editor.default\">\n\t\t\t\t<div class=\"elementor-widget-container\">\n\t\t\t\t\t\t\t\t\t<p>\u00c7ama\u015f\u0131r makineniz su alm\u0131yor, s\u0131kma yapm\u0131yor veya g\u00fcr\u00fclt\u00fcl\u00fc \u00e7al\u0131\u015f\u0131yorsa, en k\u0131sa s\u00fcrede \u00e7\u00f6z\u00fcmler sunuyoruz. Profilo \u00e7ama\u015f\u0131r makinesi servisi olarak, makinenizin performans\u0131n\u0131 art\u0131r\u0131yoruz.<\/p>\t\t\t\t\t\t\t\t<\/div>\n\t\t\t\t<\/div>\n\t\t\t\t<div class=\"elementor-element elementor-element-6e91cd6 elementor-align-center elementor-mobile-align-left elementor-invisible elementor-widget elementor-widget-button\" data-id=\"6e91cd6\" data-element_type=\"widget\" data-e-type=\"widget\" data-settings=\"{&quot;_animation&quot;:&quot;fadeInUp&quot;,&quot;_animation_delay&quot;:300}\" data-widget_type=\"button.default\">\n\t\t\t\t<div class=\"elementor-widget-container\">\n\t\t\t\t\t\t\t\t\t<div class=\"elementor-button-wrapper\">\n\t\t\t\t\t<a class=\"elementor-button elementor-button-link elementor-size-sm\" href=\"https:\/\/tekirdagboschservisi.com.tr\/index.php\/tekirdag-profilo-camasir-makinesi-servisi-0282-263-22-96\/\">\n\t\t\t\t\t\t<span class=\"elementor-button-content-wrapper\">\n\t\t\t\t\t\t\t\t\t<span class=\"elementor-button-text\">DAHA FAZLA B\u0130LG\u0130 AL<\/span>\n\t\t\t\t\t<\/span>\n\t\t\t\t\t<\/a>\n\t\t\t\t<\/div>\n\t\t\t\t\t\t\t\t<\/div>\n\t\t\t\t<\/div>\n\t\t\t\t<\/div>\n\t\t<div class=\"elementor-element elementor-element-5d2d2e6 e-con-full e-flex e-con e-child\" data-id=\"5d2d2e6\" data-element_type=\"container\" data-e-type=\"container\">\n\t\t\t\t<div class=\"elementor-element elementor-element-a16d410 elementor-widget elementor-widget-image\" data-id=\"a16d410\" data-element_type=\"widget\" data-e-type=\"widget\" data-widget_type=\"image.default\">\n\t\t\t\t<div class=\"elementor-widget-container\">\n\t\t\t\t\t\t\t\t\t\t\t\t\t\t\t<img loading=\"lazy\" decoding=\"async\" width=\"1004\" height=\"591\" src=\"https:\/\/tekirdagboschservisi.com.tr\/wp-content\/uploads\/2024\/03\/Profilo-Dondurucu-Servisi.jpg\" class=\"attachment-large size-large wp-image-351\" alt=\"Tekirda\u011f Profilo Derin Dondurucu Servisi 0282 263 22 96 Profilo Derin Dondurucu \u0130\u00e7 I\u015f\u0131k Sorunu ve \u00c7\u00f6z\u00fcm Yollar\u0131 Profilo Derin Dondurucu Kompres\u00f6r Ar\u0131zas\u0131 ve \u00c7\u00f6z\u00fcm Yollar\u0131 Profilo Derin Dondurucu Koku Sorunu ve \u00c7\u00f6z\u00fcm Yollar\u0131 Profilo Derin Dondurucu Kap\u0131 Kapanmama Sorunu ve \u00c7\u00f6z\u00fcm Yollar\u0131 Profilo Derin Dondurucu Su S\u0131zd\u0131rma Sorunu ve \u00c7\u00f6z\u00fcm Yollar\u0131 Profilo Derin Dondurucu G\u00fcr\u00fclt\u00fc Sorunu ve \u00c7\u00f6z\u00fcm Yollar\u0131 Profilo Derin Dondurucu A\u015f\u0131r\u0131 Buzlanma Sorunu ve \u00c7\u00f6z\u00fcm Yollar\u0131 Profilo Derin Dondurucu So\u011futmuyor Sorunu ve \u00c7\u00f6z\u00fcm Yollar\u0131\" srcset=\"https:\/\/tekirdagboschservisi.com.tr\/wp-content\/uploads\/2024\/03\/Profilo-Dondurucu-Servisi.jpg 1004w, https:\/\/tekirdagboschservisi.com.tr\/wp-content\/uploads\/2024\/03\/Profilo-Dondurucu-Servisi-300x177.jpg 300w, https:\/\/tekirdagboschservisi.com.tr\/wp-content\/uploads\/2024\/03\/Profilo-Dondurucu-Servisi-768x452.jpg 768w\" sizes=\"(max-width: 1004px) 100vw, 1004px\" \/>\t\t\t\t\t\t\t\t\t\t\t\t\t\t\t<\/div>\n\t\t\t\t<\/div>\n\t\t\t\t<div class=\"elementor-element elementor-element-e49f78b elementor-widget elementor-widget-heading\" data-id=\"e49f78b\" data-element_type=\"widget\" data-e-type=\"widget\" data-widget_type=\"heading.default\">\n\t\t\t\t<div class=\"elementor-widget-container\">\n\t\t\t\t\t<h2 class=\"elementor-heading-title elementor-size-default\">Profilo Derin Dondurucu Servisi<\/h2>\t\t\t\t<\/div>\n\t\t\t\t<\/div>\n\t\t\t\t<div class=\"elementor-element elementor-element-9ef908b elementor-widget elementor-widget-text-editor\" data-id=\"9ef908b\" data-element_type=\"widget\" data-e-type=\"widget\" data-widget_type=\"text-editor.default\">\n\t\t\t\t<div class=\"elementor-widget-container\">\n\t\t\t\t\t\t\t\t\t<p>Derin dondurucunuz so\u011futmuyor, a\u015f\u0131r\u0131 buzlanma yap\u0131yor veya su s\u0131zd\u0131r\u0131yorsa, h\u0131zl\u0131 ve etkili \u00e7\u00f6z\u00fcmler sunuyoruz. Profilo derin dondurucu servisimizle, yiyeceklerinizin g\u00fcvenli bir \u015fekilde saklanmas\u0131n\u0131 sa\u011fl\u0131yoruz.<\/p>\t\t\t\t\t\t\t\t<\/div>\n\t\t\t\t<\/div>\n\t\t\t\t<div class=\"elementor-element elementor-element-e831928 elementor-align-center elementor-mobile-align-left elementor-invisible elementor-widget elementor-widget-button\" data-id=\"e831928\" data-element_type=\"widget\" data-e-type=\"widget\" data-settings=\"{&quot;_animation&quot;:&quot;fadeInUp&quot;,&quot;_animation_delay&quot;:300}\" data-widget_type=\"button.default\">\n\t\t\t\t<div class=\"elementor-widget-container\">\n\t\t\t\t\t\t\t\t\t<div class=\"elementor-button-wrapper\">\n\t\t\t\t\t<a class=\"elementor-button elementor-button-link elementor-size-sm\" href=\"https:\/\/tekirdagboschservisi.com.tr\/index.php\/tekirdag-profilo-derin-dondurucu-servisi-0282-263-22-96\/\">\n\t\t\t\t\t\t<span class=\"elementor-button-content-wrapper\">\n\t\t\t\t\t\t\t\t\t<span class=\"elementor-button-text\">DAHA FAZLA B\u0130LG\u0130 AL<\/span>\n\t\t\t\t\t<\/span>\n\t\t\t\t\t<\/a>\n\t\t\t\t<\/div>\n\t\t\t\t\t\t\t\t<\/div>\n\t\t\t\t<\/div>\n\t\t\t\t<\/div>\n\t\t<div class=\"elementor-element elementor-element-2ee987d e-con-full e-flex e-con e-child\" data-id=\"2ee987d\" data-element_type=\"container\" data-e-type=\"container\">\n\t\t\t\t<div class=\"elementor-element elementor-element-acf962e elementor-widget elementor-widget-image\" data-id=\"acf962e\" data-element_type=\"widget\" data-e-type=\"widget\" data-widget_type=\"image.default\">\n\t\t\t\t<div class=\"elementor-widget-container\">\n\t\t\t\t\t\t\t\t\t\t\t\t\t\t\t<img loading=\"lazy\" decoding=\"async\" width=\"879\" height=\"668\" src=\"https:\/\/tekirdagboschservisi.com.tr\/wp-content\/uploads\/2024\/07\/Profilo-Kurutma-Makinesi-Servisi.jpg\" class=\"attachment-large size-large wp-image-1071\" alt=\"Profilo Kurutma Makinesi Is\u0131tm\u0131yor Sorunu ve \u00c7\u00f6z\u00fcm Yollar\u0131 Profilo Kurutma Makinesi Sesi \u00c7\u0131km\u0131yor Sorunu ve \u00c7\u00f6z\u00fcm Yollar\u0131 Profilo Kurutma Makinesi Tambur D\u00f6nm\u00fcyor Sorunu ve \u00c7\u00f6z\u00fcm Yollar\u0131 Profilo Kurutma Makinesi Su S\u0131zd\u0131rma Sorunu ve \u00c7\u00f6z\u00fcm Yollar\u0131 Profilo Kurutma Makinesi Ba\u015flatmama Sorunu ve \u00c7\u00f6z\u00fcm Yollar\u0131 Profilo Kurutma Makinesi Su Bo\u015faltmama Sorunu ve \u00c7\u00f6z\u00fcm Yollar\u0131 Profilo Kurutma Makinesi Program Sorunu ve \u00c7\u00f6z\u00fcm Yollar\u0131 Profilo Kurutma Makinesi Elektrik Sorunu ve \u00c7\u00f6z\u00fcm Yollar\u0131\" srcset=\"https:\/\/tekirdagboschservisi.com.tr\/wp-content\/uploads\/2024\/07\/Profilo-Kurutma-Makinesi-Servisi.jpg 879w, https:\/\/tekirdagboschservisi.com.tr\/wp-content\/uploads\/2024\/07\/Profilo-Kurutma-Makinesi-Servisi-300x228.jpg 300w, https:\/\/tekirdagboschservisi.com.tr\/wp-content\/uploads\/2024\/07\/Profilo-Kurutma-Makinesi-Servisi-768x584.jpg 768w, https:\/\/tekirdagboschservisi.com.tr\/wp-content\/uploads\/2024\/07\/Profilo-Kurutma-Makinesi-Servisi-230x175.jpg 230w, https:\/\/tekirdagboschservisi.com.tr\/wp-content\/uploads\/2024\/07\/Profilo-Kurutma-Makinesi-Servisi-350x266.jpg 350w, https:\/\/tekirdagboschservisi.com.tr\/wp-content\/uploads\/2024\/07\/Profilo-Kurutma-Makinesi-Servisi-480x365.jpg 480w\" sizes=\"(max-width: 879px) 100vw, 879px\" \/>\t\t\t\t\t\t\t\t\t\t\t\t\t\t\t<\/div>\n\t\t\t\t<\/div>\n\t\t\t\t<div class=\"elementor-element elementor-element-31aa739 elementor-widget elementor-widget-heading\" data-id=\"31aa739\" data-element_type=\"widget\" data-e-type=\"widget\" data-widget_type=\"heading.default\">\n\t\t\t\t<div class=\"elementor-widget-container\">\n\t\t\t\t\t<h2 class=\"elementor-heading-title elementor-size-default\">Profilo Kurutma Makinesi Servisi<\/h2>\t\t\t\t<\/div>\n\t\t\t\t<\/div>\n\t\t\t\t<div class=\"elementor-element elementor-element-b807a1f elementor-widget elementor-widget-text-editor\" data-id=\"b807a1f\" data-element_type=\"widget\" data-e-type=\"widget\" data-widget_type=\"text-editor.default\">\n\t\t\t\t<div class=\"elementor-widget-container\">\n\t\t\t\t\t\t\t\t\t<p>Kurutma makineniz \u0131s\u0131tm\u0131yor, tambur d\u00f6nm\u00fcyor veya su s\u0131zd\u0131r\u0131yorsa, gerekli tamir ve bak\u0131m i\u015flemlerini ger\u00e7ekle\u015ftiriyoruz. Profilo kurutma makinesi servisimizle, cihaz\u0131n\u0131z\u0131n verimli \u00e7al\u0131\u015fmas\u0131n\u0131 sa\u011fl\u0131yoruz.<\/p>\t\t\t\t\t\t\t\t<\/div>\n\t\t\t\t<\/div>\n\t\t\t\t<div class=\"elementor-element elementor-element-a5de687 elementor-align-center elementor-mobile-align-left elementor-invisible elementor-widget elementor-widget-button\" data-id=\"a5de687\" data-element_type=\"widget\" data-e-type=\"widget\" data-settings=\"{&quot;_animation&quot;:&quot;fadeInUp&quot;,&quot;_animation_delay&quot;:300}\" data-widget_type=\"button.default\">\n\t\t\t\t<div class=\"elementor-widget-container\">\n\t\t\t\t\t\t\t\t\t<div class=\"elementor-button-wrapper\">\n\t\t\t\t\t<a class=\"elementor-button elementor-button-link elementor-size-sm\" href=\"https:\/\/tekirdagboschservisi.com.tr\/index.php\/tekirdag-profilo-kurutma-makinesi-servisi-0282-263-22-96\/\">\n\t\t\t\t\t\t<span class=\"elementor-button-content-wrapper\">\n\t\t\t\t\t\t\t\t\t<span class=\"elementor-button-text\">DAHA FAZLA B\u0130LG\u0130 AL<\/span>\n\t\t\t\t\t<\/span>\n\t\t\t\t\t<\/a>\n\t\t\t\t<\/div>\n\t\t\t\t\t\t\t\t<\/div>\n\t\t\t\t<\/div>\n\t\t\t\t<\/div>\n\t\t<div class=\"elementor-element elementor-element-69b79a3 e-con-full e-flex e-con e-child\" data-id=\"69b79a3\" data-element_type=\"container\" data-e-type=\"container\">\n\t\t\t\t<div class=\"elementor-element elementor-element-6dce02b elementor-widget elementor-widget-image\" data-id=\"6dce02b\" data-element_type=\"widget\" data-e-type=\"widget\" data-widget_type=\"image.default\">\n\t\t\t\t<div class=\"elementor-widget-container\">\n\t\t\t\t\t\t\t\t\t\t\t\t\t\t\t<img decoding=\"async\" width=\"1004\" height=\"591\" src=\"https:\/\/tekirdagboschservisi.com.tr\/wp-content\/uploads\/2024\/03\/Profilo-Buzdolabi-Servisi.jpg\" class=\"attachment-large size-large wp-image-348\" alt=\"Tekirda\u011f Profilo Buzdolab\u0131 Servisi 0282 263 22 96 Profilo Buzdolab\u0131 \u0130\u00e7 I\u015f\u0131k Sorunu ve \u00c7\u00f6z\u00fcm Yollar\u0131 Profilo Buzdolab\u0131 Kompres\u00f6r Ar\u0131zas\u0131 ve \u00c7\u00f6z\u00fcm Yollar\u0131 Profilo Buzdolab\u0131 Koku Yapma Sorunu ve \u00c7\u00f6z\u00fcm Yollar\u0131 Profilo Buzdolab\u0131 Donma Sorunu ve \u00c7\u00f6z\u00fcm Yollar\u0131 Profilo Buzdolab\u0131 Yetersiz So\u011futma Sorunu ve \u00c7\u00f6z\u00fcm Yollar\u0131 Profilo Buzdolab\u0131 Su S\u0131zd\u0131rma Sorunu ve \u00c7\u00f6z\u00fcm Yollar\u0131 Profilo Buzdolab\u0131 A\u015f\u0131r\u0131 G\u00fcr\u00fclt\u00fcl\u00fc \u00c7al\u0131\u015fma Sorunu ve \u00c7\u00f6z\u00fcm Yollar\u0131 Profilo Buzdolab\u0131 Kap\u0131 Kapanmama Sorunu ve \u00c7\u00f6z\u00fcm Yollar\u0131 Profilo Buzdolab\u0131 Ar\u0131zalar\u0131 ve \u00c7\u00f6z\u00fcm Yollar\u0131\" srcset=\"https:\/\/tekirdagboschservisi.com.tr\/wp-content\/uploads\/2024\/03\/Profilo-Buzdolabi-Servisi.jpg 1004w, https:\/\/tekirdagboschservisi.com.tr\/wp-content\/uploads\/2024\/03\/Profilo-Buzdolabi-Servisi-300x177.jpg 300w, https:\/\/tekirdagboschservisi.com.tr\/wp-content\/uploads\/2024\/03\/Profilo-Buzdolabi-Servisi-768x452.jpg 768w\" sizes=\"(max-width: 1004px) 100vw, 1004px\" \/>\t\t\t\t\t\t\t\t\t\t\t\t\t\t\t<\/div>\n\t\t\t\t<\/div>\n\t\t\t\t<div class=\"elementor-element elementor-element-dfa1514 elementor-widget elementor-widget-heading\" data-id=\"dfa1514\" data-element_type=\"widget\" data-e-type=\"widget\" data-widget_type=\"heading.default\">\n\t\t\t\t<div class=\"elementor-widget-container\">\n\t\t\t\t\t<h2 class=\"elementor-heading-title elementor-size-default\">Profilo Buzdolab\u0131 Servisi<\/h2>\t\t\t\t<\/div>\n\t\t\t\t<\/div>\n\t\t\t\t<div class=\"elementor-element elementor-element-861d45d elementor-widget elementor-widget-text-editor\" data-id=\"861d45d\" data-element_type=\"widget\" data-e-type=\"widget\" data-widget_type=\"text-editor.default\">\n\t\t\t\t<div class=\"elementor-widget-container\">\n\t\t\t\t\t\t\t\t\t<p>Profilo buzdolab\u0131n\u0131z so\u011futmuyor, g\u00fcr\u00fclt\u00fcl\u00fc \u00e7al\u0131\u015f\u0131yor veya su s\u0131zd\u0131r\u0131yorsa, uzman teknisyenlerimizle bu sorunlar\u0131 h\u0131zl\u0131ca \u00e7\u00f6z\u00fcyoruz. Buzdolab\u0131 tamiri, bak\u0131m <a href=\"http:\/\/google.com.tr\">ve<\/a> montaj hizmetleri i\u00e7in bize ula\u015fabilirsiniz.<\/p>\t\t\t\t\t\t\t\t<\/div>\n\t\t\t\t<\/div>\n\t\t\t\t<div class=\"elementor-element elementor-element-bdb1fd6 elementor-align-center elementor-mobile-align-left elementor-invisible elementor-widget elementor-widget-button\" data-id=\"bdb1fd6\" data-element_type=\"widget\" data-e-type=\"widget\" data-settings=\"{&quot;_animation&quot;:&quot;fadeInUp&quot;,&quot;_animation_delay&quot;:300}\" data-widget_type=\"button.default\">\n\t\t\t\t<div class=\"elementor-widget-container\">\n\t\t\t\t\t\t\t\t\t<div class=\"elementor-button-wrapper\">\n\t\t\t\t\t<a class=\"elementor-button elementor-button-link elementor-size-sm\" href=\"https:\/\/tekirdagboschservisi.com.tr\/index.php\/tekirdag-profilo-buzdolabi-servisi-0282-263-22-96\/\">\n\t\t\t\t\t\t<span class=\"elementor-button-content-wrapper\">\n\t\t\t\t\t\t\t\t\t<span class=\"elementor-button-text\">DAHA FAZLA B\u0130LG\u0130 AL<\/span>\n\t\t\t\t\t<\/span>\n\t\t\t\t\t<\/a>\n\t\t\t\t<\/div>\n\t\t\t\t\t\t\t\t<\/div>\n\t\t\t\t<\/div>\n\t\t\t\t<\/div>\n\t\t\t\t\t<\/div>\n\t\t\t\t<\/div>\n\t\t\t\t<section class=\"elementor-section elementor-top-section elementor-element elementor-element-5527ae0e elementor-section-content-middle elementor-section-boxed elementor-section-height-default elementor-section-height-default\" data-id=\"5527ae0e\" data-element_type=\"section\" data-e-type=\"section\" data-settings=\"{&quot;background_background&quot;:&quot;classic&quot;}\">\n\t\t\t\t\t\t<div class=\"elementor-container elementor-column-gap-no\">\n\t\t\t\t\t<div class=\"elementor-column elementor-col-50 elementor-top-column elementor-element elementor-element-3d711de8 stretch-left\" data-id=\"3d711de8\" data-element_type=\"column\" data-e-type=\"column\">\n\t\t\t<div class=\"elementor-widget-wrap elementor-element-populated\">\n\t\t\t\t\t\t<div class=\"elementor-element elementor-element-1b87face elementor-widget elementor-widget-image\" data-id=\"1b87face\" data-element_type=\"widget\" data-e-type=\"widget\" data-widget_type=\"image.default\">\n\t\t\t\t<div class=\"elementor-widget-container\">\n\t\t\t\t\t\t\t\t\t\t\t\t\t\t\t<img loading=\"lazy\" decoding=\"async\" width=\"1004\" height=\"591\" src=\"https:\/\/tekirdagboschservisi.com.tr\/wp-content\/uploads\/2024\/03\/Profilo-Klima-Servisi.jpg\" class=\"attachment-full size-full wp-image-353\" alt=\"Tekirda\u011f Profilo Klima Servisi 0282 263 22 96 Tekirda\u011f Profilo Klima Ar\u0131za Servisi 0282 263 22 96 Tekirda\u011f Profilo Bak\u0131m Servisi 0282 263 22 96 Tekirda\u011f Profilo Klima Montaj ve Demontaj Servisi 0282 263 22 96 Profilo Klima So\u011futmuyor Sorunu ve \u00c7\u00f6z\u00fcm Yollar\u0131 Profilo Klima Is\u0131tm\u0131yor Sorunu ve \u00c7\u00f6z\u00fcm Yollar\u0131 Profilo Klima Su S\u0131zd\u0131rma Sorunu ve \u00c7\u00f6z\u00fcm Yollar\u0131 Profilo Klima Hava Ak\u0131\u015f\u0131 Zay\u0131f Sorunu ve \u00c7\u00f6z\u00fcm Yollar\u0131 Profilo Klima G\u00fcr\u00fclt\u00fcl\u00fc \u00c7al\u0131\u015fma Sorunu ve \u00c7\u00f6z\u00fcm Yollar\u0131 Profilo Klima Koku Yapma Sorunu ve \u00c7\u00f6z\u00fcm Yollar\u0131 Profilo Klima Uzaktan Kumanda Sorunu ve \u00c7\u00f6z\u00fcm Yollar\u0131 Profilo Klima Elektrik Sorunu ve \u00c7\u00f6z\u00fcm Yollar\u0131\" srcset=\"https:\/\/tekirdagboschservisi.com.tr\/wp-content\/uploads\/2024\/03\/Profilo-Klima-Servisi.jpg 1004w, https:\/\/tekirdagboschservisi.com.tr\/wp-content\/uploads\/2024\/03\/Profilo-Klima-Servisi-300x177.jpg 300w, https:\/\/tekirdagboschservisi.com.tr\/wp-content\/uploads\/2024\/03\/Profilo-Klima-Servisi-768x452.jpg 768w\" sizes=\"(max-width: 1004px) 100vw, 1004px\" \/>\t\t\t\t\t\t\t\t\t\t\t\t\t\t\t<\/div>\n\t\t\t\t<\/div>\n\t\t\t\t\t<\/div>\n\t\t<\/div>\n\t\t\t\t<div class=\"elementor-column elementor-col-50 elementor-top-column elementor-element elementor-element-7fd0f600\" data-id=\"7fd0f600\" data-element_type=\"column\" data-e-type=\"column\" data-settings=\"{&quot;background_background&quot;:&quot;classic&quot;}\">\n\t\t\t<div class=\"elementor-widget-wrap elementor-element-populated\">\n\t\t\t\t\t\t<div class=\"elementor-element elementor-element-731582d1 elementor-invisible elementor-widget elementor-widget-heading\" data-id=\"731582d1\" data-element_type=\"widget\" data-e-type=\"widget\" data-settings=\"{&quot;_animation&quot;:&quot;fadeIn&quot;}\" data-widget_type=\"heading.default\">\n\t\t\t\t<div class=\"elementor-widget-container\">\n\t\t\t\t\t<h2 class=\"elementor-heading-title elementor-size-default\">TEK\u0130RDA\u011e PROF\u0130LO KL\u0130MA SERV\u0130S\u0130<\/h2>\t\t\t\t<\/div>\n\t\t\t\t<\/div>\n\t\t\t\t<div class=\"elementor-element elementor-element-7bb37c8c elementor-invisible elementor-widget elementor-widget-text-editor\" data-id=\"7bb37c8c\" data-element_type=\"widget\" data-e-type=\"widget\" data-settings=\"{&quot;_animation&quot;:&quot;fadeIn&quot;}\" data-widget_type=\"text-editor.default\">\n\t\t\t\t<div class=\"elementor-widget-container\">\n\t\t\t\t\t\t\t\t\t<p>Klima cihazlar\u0131n\u0131z\u0131n so\u011futmama, \u0131s\u0131tmama, su s\u0131zd\u0131rma veya g\u00fcr\u00fclt\u00fc yapma gibi sorunlar\u0131n\u0131 \u00e7\u00f6z\u00fcyoruz. Profilo klima servisi olarak, cihaz\u0131n\u0131z\u0131n d\u00fczenli bak\u0131m\u0131n\u0131 yaparak uzun \u00f6m\u00fcrl\u00fc kullan\u0131m sa\u011fl\u0131yoruz.<\/p>\t\t\t\t\t\t\t\t<\/div>\n\t\t\t\t<\/div>\n\t\t\t\t<div class=\"elementor-element elementor-element-7c8ad27 elementor-align-center elementor-mobile-align-left elementor-invisible elementor-widget elementor-widget-button\" data-id=\"7c8ad27\" data-element_type=\"widget\" data-e-type=\"widget\" data-settings=\"{&quot;_animation&quot;:&quot;fadeInUp&quot;,&quot;_animation_delay&quot;:300}\" data-widget_type=\"button.default\">\n\t\t\t\t<div class=\"elementor-widget-container\">\n\t\t\t\t\t\t\t\t\t<div class=\"elementor-button-wrapper\">\n\t\t\t\t\t<a class=\"elementor-button elementor-button-link elementor-size-sm\" href=\"https:\/\/tekirdagboschservisi.com.tr\/index.php\/tekirdag-profilo-klima-servisi-0282-263-22-96\/\">\n\t\t\t\t\t\t<span class=\"elementor-button-content-wrapper\">\n\t\t\t\t\t\t\t\t\t<span class=\"elementor-button-text\">DAHA FAZLA B\u0130LG\u0130 AL<\/span>\n\t\t\t\t\t<\/span>\n\t\t\t\t\t<\/a>\n\t\t\t\t<\/div>\n\t\t\t\t\t\t\t\t<\/div>\n\t\t\t\t<\/div>\n\t\t\t\t\t<\/div>\n\t\t<\/div>\n\t\t\t\t\t<\/div>\n\t\t<\/section>\n\t\t<div class=\"elementor-element elementor-element-b857627 e-flex e-con-boxed e-con e-parent\" data-id=\"b857627\" data-element_type=\"container\" data-e-type=\"container\">\n\t\t\t\t\t<div class=\"e-con-inner\">\n\t\t\t\t<div class=\"elementor-element elementor-element-d5fc324 elementor-widget elementor-widget-athemes-posts\" data-id=\"d5fc324\" data-element_type=\"widget\" data-e-type=\"widget\" data-widget_type=\"athemes-posts.default\">\n\t\t\t\t<div class=\"elementor-widget-container\">\n\t\t\t\t\t\n\t\t<div class=\"panel-grid-cell\">\t\t\t<div class=\"latest-news-wrapper carousel owl-carousel row style1\">\n\t\t\t\t\t\t\t<div class=\"blog-post col-md-12\">\n\t\t\t\t\t\t\t\t\t\t\t\t\t\t\t\t\t\t\t\t\n\t\t\t\t\t<div class=\"post-background\" style=\"background-image: url(  )\"><\/div>\t\t\t\n\t\t\t\t\t\t\t\t\t\t\n\t\t\t\t\t\t\t\t\t<div class=\"entry-meta delimiter-dot\">\n\t\t\t\t\t\t\t\t\t\t\t\t\t\t\t\t\n\t\t\t\t\t<\/div>\n\t\t\t\t\t\t\t\t<h4 class=\"entry-title\"><a href=\"https:\/\/tekirdagboschservisi.com.tr\/index.php\/2024\/07\/10\/profilo-buzdolabi-arizalari-ve-cozum-yollari\/\" rel=\"bookmark\">Profilo Buzdolab\u0131 Ar\u0131zalar\u0131 ve \u00c7\u00f6z\u00fcm Yollar\u0131<\/a><\/h4>\t\t\t\t\t<div class=\"entry-summary\">\n\t\t\t\t\t<p>Profilo Buzdolab\u0131 Ar\u0131zalar\u0131 ve \u00c7\u00f6z\u00fcm Yollar\u0131 Profilo Buzdolab\u0131 Ar\u0131zalar\u0131 ve \u00c7\u00f6z\u00fcm Yollar\u0131. Buzdolaplar\u0131, g\u00fcnl\u00fck ya\u015fam\u0131n ayr\u0131lmaz bir par\u00e7as\u0131d\u0131r ve bozulduklar\u0131nda b\u00fcy\u00fck rahats\u0131zl\u0131k verebilirler. Profilo buzdolaplar\u0131, [&hellip;]<\/p>\n<\/div>\n\t\t\t\t<\/div>\n\t\t\t\t\t\t\t<div class=\"blog-post col-md-12\">\n\t\t\t\t\t\t\t\t\t\t\t\t\t\t\t\t\t\t\t\t\n\t\t\t\t\t<div class=\"post-background\" style=\"background-image: url(  )\"><\/div>\t\t\t\n\t\t\t\t\t\t\t\t\t\t\n\t\t\t\t\t\t\t\t\t<div class=\"entry-meta delimiter-dot\">\n\t\t\t\t\t\t\t\t\t\t\t\t\t\t\t\t\n\t\t\t\t\t<\/div>\n\t\t\t\t\t\t\t\t<h4 class=\"entry-title\"><a href=\"https:\/\/tekirdagboschservisi.com.tr\/index.php\/2024\/07\/10\/profilo-buzdolabi-kapi-kapanmama-sorunu-ve-cozum-yollari\/\" rel=\"bookmark\">Profilo Buzdolab\u0131 Kap\u0131 Kapanmama Sorunu ve \u00c7\u00f6z\u00fcm Yollar\u0131<\/a><\/h4>\t\t\t\t\t<div class=\"entry-summary\">\n\t\t\t\t\t<p>Profilo Buzdolab\u0131 Kap\u0131 Kapanmama Sorunu ve \u00c7\u00f6z\u00fcm Yollar\u0131 Profilo Buzdolab\u0131 Kap\u0131 Kapanmama Sorununun Nedenleri: Buzdolab\u0131n\u0131z\u0131n Profilo kap\u0131s\u0131 kapanm\u0131yorsa, bu birka\u00e7 nedenden kaynaklan\u0131yor olabilir. \u0130lk olarak, [&hellip;]<\/p>\n<\/div>\n\t\t\t\t<\/div>\n\t\t\t\t\t\t\t<div class=\"blog-post col-md-12\">\n\t\t\t\t\t\t\t\t\t\t\t\t\t\t\t\t\t\t\t\t\n\t\t\t\t\t<div class=\"post-background\" style=\"background-image: url(  )\"><\/div>\t\t\t\n\t\t\t\t\t\t\t\t\t\t\n\t\t\t\t\t\t\t\t\t<div class=\"entry-meta delimiter-dot\">\n\t\t\t\t\t\t\t\t\t\t\t\t\t\t\t\t\n\t\t\t\t\t<\/div>\n\t\t\t\t\t\t\t\t<h4 class=\"entry-title\"><a href=\"https:\/\/tekirdagboschservisi.com.tr\/index.php\/2024\/07\/10\/profilo-buzdolabi-asiri-gurultulu-calisma-sorunu-ve-cozum-yollari\/\" rel=\"bookmark\">Profilo Buzdolab\u0131 A\u015f\u0131r\u0131 G\u00fcr\u00fclt\u00fcl\u00fc \u00c7al\u0131\u015fma Sorunu ve \u00c7\u00f6z\u00fcm Yollar\u0131<\/a><\/h4>\t\t\t\t\t<div class=\"entry-summary\">\n\t\t\t\t\t<p>Profilo Buzdolab\u0131 A\u015f\u0131r\u0131 G\u00fcr\u00fclt\u00fcl\u00fc \u00c7al\u0131\u015fma Sorunu ve \u00c7\u00f6z\u00fcm Yollar\u0131 Profilo Buzdolab\u0131 A\u015f\u0131r\u0131 G\u00fcr\u00fclt\u00fcl\u00fc \u00c7al\u0131\u015fma Sorununun Nedenleri: Buzdolab\u0131n\u0131z\u0131n a\u015f\u0131r\u0131 g\u00fcr\u00fclt\u00fcl\u00fc \u00e7al\u0131\u015fmas\u0131, genellikle birka\u00e7 yayg\u0131n sorundan kaynaklan\u0131r. [&hellip;]<\/p>\n<\/div>\n\t\t\t\t<\/div>\n\t\t\t\t\t\t\t<div class=\"blog-post col-md-12\">\n\t\t\t\t\t\t\t\t\t\t\t\t\t\t\t\t\t\t\t\t\n\t\t\t\t\t<div class=\"post-background\" style=\"background-image: url(  )\"><\/div>\t\t\t\n\t\t\t\t\t\t\t\t\t\t\n\t\t\t\t\t\t\t\t\t<div class=\"entry-meta delimiter-dot\">\n\t\t\t\t\t\t\t\t\t\t\t\t\t\t\t\t\n\t\t\t\t\t<\/div>\n\t\t\t\t\t\t\t\t<h4 class=\"entry-title\"><a href=\"https:\/\/tekirdagboschservisi.com.tr\/index.php\/2024\/07\/10\/profilo-buzdolabi-su-sizdirma-sorunu-ve-cozum-yollari\/\" rel=\"bookmark\">Profilo Buzdolab\u0131 Su S\u0131zd\u0131rma Sorunu ve \u00c7\u00f6z\u00fcm Yollar\u0131<\/a><\/h4>\t\t\t\t\t<div class=\"entry-summary\">\n\t\t\t\t\t<p>Profilo Buzdolab\u0131 Su S\u0131zd\u0131rma Sorunu ve \u00c7\u00f6z\u00fcm Yollar\u0131 Profilo Buzdolab\u0131 Su S\u0131zd\u0131rma Sorununun Nedenleri: Buzdolab\u0131n\u0131z su s\u0131zd\u0131r\u0131yorsa, bu birka\u00e7 yayg\u0131n sorundan kaynaklan\u0131yor olabilir. \u0130lk olarak, [&hellip;]<\/p>\n<\/div>\n\t\t\t\t<\/div>\n\t\t\t\t\t\t<\/div>\n\t\t<\/div>\n\n\t\t\t\t\t\t\t\t\t\t\t\t<a href=\"https:\/\/tekirdagboschservisi.com.tr\/index.php\/category\/profilo-buzdolabi-arizalari\/\" class=\"roll-button more-button\">Profilo Buzdolab\u0131 Ar\u0131za Durumlar\u0131 ve \u00c7\u00f6z\u00fcmleri<\/a>\n\t\t\t\t\n\t\t\t\n\t\t\n\t\t\t\t\t\t<\/div>\n\t\t\t\t<\/div>\n\t\t\t\t\t<\/div>\n\t\t\t\t<\/div>\n\t\t<div class=\"elementor-element elementor-element-bfa06ec e-flex e-con-boxed e-con e-parent\" data-id=\"bfa06ec\" data-element_type=\"container\" data-e-type=\"container\">\n\t\t\t\t\t<div class=\"e-con-inner\">\n\t\t\t\t<div class=\"elementor-element elementor-element-c10792d elementor-widget elementor-widget-athemes-posts\" data-id=\"c10792d\" data-element_type=\"widget\" data-e-type=\"widget\" data-widget_type=\"athemes-posts.default\">\n\t\t\t\t<div class=\"elementor-widget-container\">\n\t\t\t\t\t\n\t\t<div class=\"panel-grid-cell\">\t\t\t<div class=\"latest-news-wrapper carousel owl-carousel row style1\">\n\t\t\t\t\t\t\t<div class=\"blog-post col-md-12\">\n\t\t\t\t\t\t\t\t\t\t\t\t\t\t\t\t\t\t\t\t\n\t\t\t\t\t<div class=\"post-background\" style=\"background-image: url(  )\"><\/div>\t\t\t\n\t\t\t\t\t\t\t\t\t\t\n\t\t\t\t\t\t\t\t\t<div class=\"entry-meta delimiter-dot\">\n\t\t\t\t\t\t\t\t\t\t\t\t\t\t\t\t\n\t\t\t\t\t<\/div>\n\t\t\t\t\t\t\t\t<h4 class=\"entry-title\"><a href=\"https:\/\/tekirdagboschservisi.com.tr\/index.php\/2024\/07\/10\/profilo-derin-dondurucu-sogutmuyor-sorunu-ve-cozum-yollari\/\" rel=\"bookmark\">Profilo Derin Dondurucu So\u011futmuyor Sorunu ve \u00c7\u00f6z\u00fcm Yollar\u0131<\/a><\/h4>\t\t\t\t\t<div class=\"entry-summary\">\n\t\t\t\t\t<p>Profilo Derin Dondurucu So\u011futmuyor Sorunu ve \u00c7\u00f6z\u00fcm Yollar\u0131 So\u011futmuyor Sorununun Nedenleri: Profilo derin dondurucu yeterince so\u011futmuyor birka\u00e7 yayg\u0131n sorundan kaynaklanabilir. \u0130lk olarak, termostat ar\u0131zal\u0131 olabilir. [&hellip;]<\/p>\n<\/div>\n\t\t\t\t<\/div>\n\t\t\t\t\t\t\t<div class=\"blog-post col-md-12\">\n\t\t\t\t\t\t\t\t\t\t\t\t\t\t\t\t\t\t\t\t\n\t\t\t\t\t<div class=\"post-background\" style=\"background-image: url(  )\"><\/div>\t\t\t\n\t\t\t\t\t\t\t\t\t\t\n\t\t\t\t\t\t\t\t\t<div class=\"entry-meta delimiter-dot\">\n\t\t\t\t\t\t\t\t\t\t\t\t\t\t\t\t\n\t\t\t\t\t<\/div>\n\t\t\t\t\t\t\t\t<h4 class=\"entry-title\"><a href=\"https:\/\/tekirdagboschservisi.com.tr\/index.php\/2024\/07\/10\/profilo-derin-dondurucu-asiri-buzlanma-sorunu-ve-cozum-yollari\/\" rel=\"bookmark\">Profilo Derin Dondurucu A\u015f\u0131r\u0131 Buzlanma Sorunu ve \u00c7\u00f6z\u00fcm Yollar\u0131<\/a><\/h4>\t\t\t\t\t<div class=\"entry-summary\">\n\t\t\t\t\t<p>Profilo Derin Dondurucu A\u015f\u0131r\u0131 Buzlanma Sorunu ve \u00c7\u00f6z\u00fcm Yollar\u0131 A\u015f\u0131r\u0131 Buzlanma Sorununun Nedenleri: Profilo derin dondurucu a\u015f\u0131r\u0131 buzlanma olu\u015fuyorsa, bu birka\u00e7 yayg\u0131n sorundan kaynaklanabilir. \u0130lk [&hellip;]<\/p>\n<\/div>\n\t\t\t\t<\/div>\n\t\t\t\t\t\t\t<div class=\"blog-post col-md-12\">\n\t\t\t\t\t\t\t\t\t\t\t\t\t\t\t\t\t\t\t\t\n\t\t\t\t\t<div class=\"post-background\" style=\"background-image: url(  )\"><\/div>\t\t\t\n\t\t\t\t\t\t\t\t\t\t\n\t\t\t\t\t\t\t\t\t<div class=\"entry-meta delimiter-dot\">\n\t\t\t\t\t\t\t\t\t\t\t\t\t\t\t\t\n\t\t\t\t\t<\/div>\n\t\t\t\t\t\t\t\t<h4 class=\"entry-title\"><a href=\"https:\/\/tekirdagboschservisi.com.tr\/index.php\/2024\/07\/10\/profilo-derin-dondurucu-gurultu-sorunu-ve-cozum-yollari\/\" rel=\"bookmark\">Profilo Derin Dondurucu G\u00fcr\u00fclt\u00fc Sorunu ve \u00c7\u00f6z\u00fcm Yollar\u0131<\/a><\/h4>\t\t\t\t\t<div class=\"entry-summary\">\n\t\t\t\t\t<p>Profilo Derin Dondurucu G\u00fcr\u00fclt\u00fc Sorunu ve \u00c7\u00f6z\u00fcm Yollar\u0131 G\u00fcr\u00fclt\u00fc Sorununun Nedenleri: Profilo derin dondurucu a\u015f\u0131r\u0131 g\u00fcr\u00fclt\u00fc \u00e7al\u0131\u015fmas\u0131, birka\u00e7 yayg\u0131n sorundan kaynaklanabilir. \u0130lk olarak, fan motoru [&hellip;]<\/p>\n<\/div>\n\t\t\t\t<\/div>\n\t\t\t\t\t\t\t<div class=\"blog-post col-md-12\">\n\t\t\t\t\t\t\t\t\t\t\t\t\t\t\t\t\t\t\t\t\n\t\t\t\t\t<div class=\"post-background\" style=\"background-image: url(  )\"><\/div>\t\t\t\n\t\t\t\t\t\t\t\t\t\t\n\t\t\t\t\t\t\t\t\t<div class=\"entry-meta delimiter-dot\">\n\t\t\t\t\t\t\t\t\t\t\t\t\t\t\t\t\n\t\t\t\t\t<\/div>\n\t\t\t\t\t\t\t\t<h4 class=\"entry-title\"><a href=\"https:\/\/tekirdagboschservisi.com.tr\/index.php\/2024\/07\/10\/profilo-derin-dondurucu-su-sizdirma-sorunu-ve-cozum-yollari\/\" rel=\"bookmark\">Profilo Derin Dondurucu Su S\u0131zd\u0131rma Sorunu ve \u00c7\u00f6z\u00fcm Yollar\u0131<\/a><\/h4>\t\t\t\t\t<div class=\"entry-summary\">\n\t\t\t\t\t<p>Profilo Derin Dondurucu Su S\u0131zd\u0131rma Sorunu ve \u00c7\u00f6z\u00fcm Yollar\u0131 Su S\u0131zd\u0131rma Sorununun Nedenleri: Profilo derin dondurucu su s\u0131zd\u0131r\u0131yorsa, bu birka\u00e7 yayg\u0131n sorundan kaynaklan\u0131yor olabilir. \u0130lk [&hellip;]<\/p>\n<\/div>\n\t\t\t\t<\/div>\n\t\t\t\t\t\t<\/div>\n\t\t<\/div>\n\n\t\t\t\t\t\t\t\t\t\t\t\t<a href=\"https:\/\/tekirdagboschservisi.com.tr\/index.php\/category\/profilo-derin-dondurucu-arizalari\/\" class=\"roll-button more-button\">Profilo Derin Dondurucu Ar\u0131zalar\u0131 ve \u00c7\u00f6z\u00fcm Yollar\u0131<\/a>\n\t\t\t\t\n\t\t\t\n\t\t\n\t\t\t\t\t\t<\/div>\n\t\t\t\t<\/div>\n\t\t\t\t\t<\/div>\n\t\t\t\t<\/div>\n\t\t<div class=\"elementor-element elementor-element-3fead00 e-flex e-con-boxed e-con e-parent\" data-id=\"3fead00\" data-element_type=\"container\" data-e-type=\"container\">\n\t\t\t\t\t<div class=\"e-con-inner\">\n\t\t\t\t<div class=\"elementor-element elementor-element-12f9402 elementor-widget elementor-widget-athemes-posts\" data-id=\"12f9402\" data-element_type=\"widget\" data-e-type=\"widget\" data-widget_type=\"athemes-posts.default\">\n\t\t\t\t<div class=\"elementor-widget-container\">\n\t\t\t\t\t\n\t\t<div class=\"panel-grid-cell\">\t\t\t<div class=\"latest-news-wrapper carousel owl-carousel row style1\">\n\t\t\t\t\t\t\t<div class=\"blog-post col-md-12\">\n\t\t\t\t\t\t\t\t\t\t\t\t\t\t\t\t\t\t\t\t\n\t\t\t\t\t<div class=\"post-background\" style=\"background-image: url(  )\"><\/div>\t\t\t\n\t\t\t\t\t\t\t\t\t\t\n\t\t\t\t\t\t\t\t\t<div class=\"entry-meta delimiter-dot\">\n\t\t\t\t\t\t\t\t\t\t\t\t\t\t\t\t\n\t\t\t\t\t<\/div>\n\t\t\t\t\t\t\t\t<h4 class=\"entry-title\"><a href=\"https:\/\/tekirdagboschservisi.com.tr\/index.php\/2024\/07\/10\/profilo-camasir-makinesi-program-sorunu-ve-cozum-yollari\/\" rel=\"bookmark\">Profilo \u00c7ama\u015f\u0131r Makinesi Program Sorunu ve \u00c7\u00f6z\u00fcm Yollar\u0131<\/a><\/h4>\t\t\t\t\t<div class=\"entry-summary\">\n\t\t\t\t\t<p>Profilo \u00c7ama\u015f\u0131r Makinesi Program Sorunu ve \u00c7\u00f6z\u00fcm Yollar\u0131 Program Sorununun Nedenleri: Profilo \u00e7ama\u015f\u0131r makinesi program d\u00fczg\u00fcn \u00e7al\u0131\u015fmamas\u0131, birka\u00e7 yayg\u0131n sorundan kaynaklanabilir. \u0130lk olarak, kontrol paneli [&hellip;]<\/p>\n<\/div>\n\t\t\t\t<\/div>\n\t\t\t\t\t\t\t<div class=\"blog-post col-md-12\">\n\t\t\t\t\t\t\t\t\t\t\t\t\t\t\t\t\t\t\t\t\n\t\t\t\t\t<div class=\"post-background\" style=\"background-image: url(  )\"><\/div>\t\t\t\n\t\t\t\t\t\t\t\t\t\t\n\t\t\t\t\t\t\t\t\t<div class=\"entry-meta delimiter-dot\">\n\t\t\t\t\t\t\t\t\t\t\t\t\t\t\t\t\n\t\t\t\t\t<\/div>\n\t\t\t\t\t\t\t\t<h4 class=\"entry-title\"><a href=\"https:\/\/tekirdagboschservisi.com.tr\/index.php\/2024\/07\/10\/profilo-camasir-makinesi-tambur-donmeme-sorunu-ve-cozum-yollari\/\" rel=\"bookmark\">Profilo \u00c7ama\u015f\u0131r Makinesi Tambur D\u00f6nmeme Sorunu ve \u00c7\u00f6z\u00fcm Yollar\u0131<\/a><\/h4>\t\t\t\t\t<div class=\"entry-summary\">\n\t\t\t\t\t<p>Profilo \u00c7ama\u015f\u0131r Makinesi Tambur D\u00f6nmeme Sorunu ve \u00c7\u00f6z\u00fcm Yollar\u0131 Tambur D\u00f6nmeme Sorununun Nedenleri: Profilo \u00e7ama\u015f\u0131r makinesi tambur d\u00f6nm\u00fcyorsa, bu birka\u00e7 yayg\u0131n sorundan kaynaklanabilir. \u0130lk olarak, [&hellip;]<\/p>\n<\/div>\n\t\t\t\t<\/div>\n\t\t\t\t\t\t\t<div class=\"blog-post col-md-12\">\n\t\t\t\t\t\t\t\t\t\t\t\t\t\t\t\t\t\t\t\t\n\t\t\t\t\t<div class=\"post-background\" style=\"background-image: url(  )\"><\/div>\t\t\t\n\t\t\t\t\t\t\t\t\t\t\n\t\t\t\t\t\t\t\t\t<div class=\"entry-meta delimiter-dot\">\n\t\t\t\t\t\t\t\t\t\t\t\t\t\t\t\t\n\t\t\t\t\t<\/div>\n\t\t\t\t\t\t\t\t<h4 class=\"entry-title\"><a href=\"https:\/\/tekirdagboschservisi.com.tr\/index.php\/2024\/07\/10\/profilo-camasir-makinesi-su-bosaltmama-sorunu-ve-cozum-yollari\/\" rel=\"bookmark\">Profilo \u00c7ama\u015f\u0131r Makinesi Su Bo\u015faltmama Sorunu ve \u00c7\u00f6z\u00fcm Yollar\u0131<\/a><\/h4>\t\t\t\t\t<div class=\"entry-summary\">\n\t\t\t\t\t<p>Profilo \u00c7ama\u015f\u0131r Makinesi Su Bo\u015faltmama Sorunu ve \u00c7\u00f6z\u00fcm Yollar\u0131 Su Bo\u015faltmama Sorununun Nedenleri: Profilo \u00e7ama\u015f\u0131r makinenizin suyu bo\u015faltmamas\u0131, birka\u00e7 yayg\u0131n sorundan kaynaklanabilir. \u0130lk olarak, drenaj [&hellip;]<\/p>\n<\/div>\n\t\t\t\t<\/div>\n\t\t\t\t\t\t\t<div class=\"blog-post col-md-12\">\n\t\t\t\t\t\t\t\t\t\t\t\t\t\t\t\t\t\t\t\t\n\t\t\t\t\t<div class=\"post-background\" style=\"background-image: url(  )\"><\/div>\t\t\t\n\t\t\t\t\t\t\t\t\t\t\n\t\t\t\t\t\t\t\t\t<div class=\"entry-meta delimiter-dot\">\n\t\t\t\t\t\t\t\t\t\t\t\t\t\t\t\t\n\t\t\t\t\t<\/div>\n\t\t\t\t\t\t\t\t<h4 class=\"entry-title\"><a href=\"https:\/\/tekirdagboschservisi.com.tr\/index.php\/2024\/07\/10\/profilo-camasir-makinesi-baslatmama-sorunu-ve-cozum-yollari\/\" rel=\"bookmark\">Profilo \u00c7ama\u015f\u0131r Makinesi Ba\u015flatmama Sorunu ve \u00c7\u00f6z\u00fcm Yollar\u0131<\/a><\/h4>\t\t\t\t\t<div class=\"entry-summary\">\n\t\t\t\t\t<p>Profilo \u00c7ama\u015f\u0131r Makinesi Ba\u015flatmama Sorunu ve \u00c7\u00f6z\u00fcm Yollar\u0131 Ba\u015flatmama Sorununun Nedenleri: Profilo \u00e7ama\u015f\u0131r makinesi ba\u015flatmama, birka\u00e7 yayg\u0131n sorundan kaynaklanabilir. \u0130lk olarak, g\u00fc\u00e7 kayna\u011f\u0131 sorunu olabilir. [&hellip;]<\/p>\n<\/div>\n\t\t\t\t<\/div>\n\t\t\t\t\t\t<\/div>\n\t\t<\/div>\n\n\t\t\t\t\t\t\t\t\t\t\t\t<a href=\"https:\/\/tekirdagboschservisi.com.tr\/index.php\/category\/profilo-camasir-makinesi-arizalari\/\" class=\"roll-button more-button\">Profilo \u00c7ama\u015f\u0131r Makineleri Ar\u0131zalar\u0131 ve \u00c7\u00f6z\u00fcm Yollar\u0131<\/a>\n\t\t\t\t\n\t\t\t\n\t\t\n\t\t\t\t\t\t<\/div>\n\t\t\t\t<\/div>\n\t\t\t\t\t<\/div>\n\t\t\t\t<\/div>\n\t\t<div class=\"elementor-element elementor-element-2d539df e-flex e-con-boxed e-con e-parent\" data-id=\"2d539df\" data-element_type=\"container\" data-e-type=\"container\">\n\t\t\t\t\t<div class=\"e-con-inner\">\n\t\t\t\t<div class=\"elementor-element elementor-element-007399c elementor-widget elementor-widget-athemes-posts\" data-id=\"007399c\" data-element_type=\"widget\" data-e-type=\"widget\" data-widget_type=\"athemes-posts.default\">\n\t\t\t\t<div class=\"elementor-widget-container\">\n\t\t\t\t\t\n\t\t<div class=\"panel-grid-cell\">\t\t\t<div class=\"latest-news-wrapper carousel owl-carousel row style1\">\n\t\t\t\t\t\t\t<div class=\"blog-post col-md-12\">\n\t\t\t\t\t\t\t\t\t\t\t\t\t\t\t\t\t\t\t\t\n\t\t\t\t\t<div class=\"post-background\" style=\"background-image: url(  )\"><\/div>\t\t\t\n\t\t\t\t\t\t\t\t\t\t\n\t\t\t\t\t\t\t\t\t<div class=\"entry-meta delimiter-dot\">\n\t\t\t\t\t\t\t\t\t\t\t\t\t\t\t\t\n\t\t\t\t\t<\/div>\n\t\t\t\t\t\t\t\t<h4 class=\"entry-title\"><a href=\"https:\/\/tekirdagboschservisi.com.tr\/index.php\/2024\/07\/10\/profilo-bulasik-makinesi-su-almama-sorunu-ve-cozum-yollari\/\" rel=\"bookmark\">Profilo Bula\u015f\u0131k Makinesi Su Almama Sorunu ve \u00c7\u00f6z\u00fcm Yollar\u0131<\/a><\/h4>\t\t\t\t\t<div class=\"entry-summary\">\n\t\t\t\t\t<p>Profilo Bula\u015f\u0131k Makinesi Su Almama Sorunu ve \u00c7\u00f6z\u00fcm Yollar\u0131 Su Almama Sorununun Nedenleri: Profilo bula\u015f\u0131k makinesi su almamas\u0131, birka\u00e7 yayg\u0131n sorundan kaynaklanabilir. \u0130lk olarak, su [&hellip;]<\/p>\n<\/div>\n\t\t\t\t<\/div>\n\t\t\t\t\t\t\t<div class=\"blog-post col-md-12\">\n\t\t\t\t\t\t\t\t\t\t\t\t\t\t\t\t\t\t\t\t\n\t\t\t\t\t<div class=\"post-background\" style=\"background-image: url(  )\"><\/div>\t\t\t\n\t\t\t\t\t\t\t\t\t\t\n\t\t\t\t\t\t\t\t\t<div class=\"entry-meta delimiter-dot\">\n\t\t\t\t\t\t\t\t\t\t\t\t\t\t\t\t\n\t\t\t\t\t<\/div>\n\t\t\t\t\t\t\t\t<h4 class=\"entry-title\"><a href=\"https:\/\/tekirdagboschservisi.com.tr\/index.php\/2024\/07\/10\/profilo-bulasik-makinesi-suyu-bosaltmama-sorunu-ve-cozum-yollari\/\" rel=\"bookmark\">Profilo Bula\u015f\u0131k Makinesi Suyu Bo\u015faltmama Sorunu ve \u00c7\u00f6z\u00fcm Yollar\u0131<\/a><\/h4>\t\t\t\t\t<div class=\"entry-summary\">\n\t\t\t\t\t<p>Profilo Bula\u015f\u0131k Makinesi Suyu Bo\u015faltmama Sorunu ve \u00c7\u00f6z\u00fcm Yollar\u0131 Suyu Bo\u015faltmama Sorununun Nedenleri: Profilo bula\u015f\u0131k makinesi suyu bo\u015faltmamas\u0131, birka\u00e7 yayg\u0131n sorundan kaynaklanabilir. \u0130lk olarak, drenaj [&hellip;]<\/p>\n<\/div>\n\t\t\t\t<\/div>\n\t\t\t\t\t\t\t<div class=\"blog-post col-md-12\">\n\t\t\t\t\t\t\t\t\t\t\t\t\t\t\t\t\t\t\t\t\n\t\t\t\t\t<div class=\"post-background\" style=\"background-image: url(  )\"><\/div>\t\t\t\n\t\t\t\t\t\t\t\t\t\t\n\t\t\t\t\t\t\t\t\t<div class=\"entry-meta delimiter-dot\">\n\t\t\t\t\t\t\t\t\t\t\t\t\t\t\t\t\n\t\t\t\t\t<\/div>\n\t\t\t\t\t\t\t\t<h4 class=\"entry-title\"><a href=\"https:\/\/tekirdagboschservisi.com.tr\/index.php\/2024\/07\/10\/profilo-bulasik-makinesi-gurultu-sorunu-ve-cozum-yollari\/\" rel=\"bookmark\">Profilo Bula\u015f\u0131k Makinesi G\u00fcr\u00fclt\u00fc Sorunu ve \u00c7\u00f6z\u00fcm Yollar\u0131<\/a><\/h4>\t\t\t\t\t<div class=\"entry-summary\">\n\t\t\t\t\t<p>Profilo Bula\u015f\u0131k Makinesi G\u00fcr\u00fclt\u00fc Sorunu ve \u00c7\u00f6z\u00fcm Yollar\u0131 G\u00fcr\u00fclt\u00fc Sorununun Nedenleri: Profilo bula\u015f\u0131k makinesi a\u015f\u0131r\u0131 g\u00fcr\u00fclt\u00fc \u00e7al\u0131\u015fmas\u0131, birka\u00e7 yayg\u0131n sorundan kaynaklanabilir. \u0130lk olarak, su pompas\u0131 [&hellip;]<\/p>\n<\/div>\n\t\t\t\t<\/div>\n\t\t\t\t\t\t\t<div class=\"blog-post col-md-12\">\n\t\t\t\t\t\t\t\t\t\t\t\t\t\t\t\t\t\t\t\t\n\t\t\t\t\t<div class=\"post-background\" style=\"background-image: url(  )\"><\/div>\t\t\t\n\t\t\t\t\t\t\t\t\t\t\n\t\t\t\t\t\t\t\t\t<div class=\"entry-meta delimiter-dot\">\n\t\t\t\t\t\t\t\t\t\t\t\t\t\t\t\t\n\t\t\t\t\t<\/div>\n\t\t\t\t\t\t\t\t<h4 class=\"entry-title\"><a href=\"https:\/\/tekirdagboschservisi.com.tr\/index.php\/2024\/07\/10\/profilo-bulasik-makinesi-su-kacirma-sorunu-ve-cozum-yollari\/\" rel=\"bookmark\">Profilo Bula\u015f\u0131k Makinesi Su Ka\u00e7\u0131rma Sorunu ve \u00c7\u00f6z\u00fcm Yollar\u0131<\/a><\/h4>\t\t\t\t\t<div class=\"entry-summary\">\n\t\t\t\t\t<p>Profilo Bula\u015f\u0131k Makinesi Su Ka\u00e7\u0131rma Sorunu ve \u00c7\u00f6z\u00fcm Yollar\u0131 Su Ka\u00e7\u0131rma Sorununun Nedenleri: Profilo bula\u015f\u0131k makinesi su ka\u00e7\u0131rmas\u0131, birka\u00e7 yayg\u0131n sorundan kaynaklanabilir. \u0130lk olarak, su [&hellip;]<\/p>\n<\/div>\n\t\t\t\t<\/div>\n\t\t\t\t\t\t<\/div>\n\t\t<\/div>\n\n\t\t\t\t\t\t\t\t\t\t\t\t<a href=\"https:\/\/tekirdagboschservisi.com.tr\/index.php\/category\/profilo-bulasik-makinesi-arizalari\/\" class=\"roll-button more-button\">Profilo Bula\u015f\u0131k Makineleri Ar\u0131zalar\u0131 ve \u00c7\u00f6z\u00fcm Yollar\u0131<\/a>\n\t\t\t\t\n\t\t\t\n\t\t\n\t\t\t\t\t\t<\/div>\n\t\t\t\t<\/div>\n\t\t\t\t\t<\/div>\n\t\t\t\t<\/div>\n\t\t<div class=\"elementor-element elementor-element-efae244 e-flex e-con-boxed e-con e-parent\" data-id=\"efae244\" data-element_type=\"container\" data-e-type=\"container\">\n\t\t\t\t\t<div class=\"e-con-inner\">\n\t\t\t\t<div class=\"elementor-element elementor-element-5c3b039 elementor-widget elementor-widget-athemes-posts\" data-id=\"5c3b039\" data-element_type=\"widget\" data-e-type=\"widget\" data-widget_type=\"athemes-posts.default\">\n\t\t\t\t<div class=\"elementor-widget-container\">\n\t\t\t\t\t\n\t\t<div class=\"panel-grid-cell\">\t\t\t<div class=\"latest-news-wrapper carousel owl-carousel row style1\">\n\t\t\t\t\t\t\t<div class=\"blog-post col-md-12\">\n\t\t\t\t\t\t\t\t\t\t\t\t\t\t\t\t\t\t\t\t\n\t\t\t\t\t<div class=\"post-background\" style=\"background-image: url(  )\"><\/div>\t\t\t\n\t\t\t\t\t\t\t\t\t\t\n\t\t\t\t\t\t\t\t\t<div class=\"entry-meta delimiter-dot\">\n\t\t\t\t\t\t\t\t\t\t\t\t\t\t\t\t\n\t\t\t\t\t<\/div>\n\t\t\t\t\t\t\t\t<h4 class=\"entry-title\"><a href=\"https:\/\/tekirdagboschservisi.com.tr\/index.php\/2024\/07\/11\/profilo-kurutma-makinesi-elektrik-sorunu-ve-cozum-yollari\/\" rel=\"bookmark\">Profilo Kurutma Makinesi Elektrik Sorunu ve \u00c7\u00f6z\u00fcm Yollar\u0131<\/a><\/h4>\t\t\t\t\t<div class=\"entry-summary\">\n\t\t\t\t\t<p>Profilo Kurutma Makinesi Elektrik Sorunu ve \u00c7\u00f6z\u00fcm Yollar\u0131 Elektrik Sorununun Nedenleri: Profilo kurutma makinesi elektrik sorunlar\u0131 ya\u015famas\u0131, birka\u00e7 yayg\u0131n sorundan kaynaklanabilir. \u0130lk olarak, g\u00fc\u00e7 kayna\u011f\u0131 [&hellip;]<\/p>\n<\/div>\n\t\t\t\t<\/div>\n\t\t\t\t\t\t\t<div class=\"blog-post col-md-12\">\n\t\t\t\t\t\t\t\t\t\t\t\t\t\t\t\t\t\t\t\t\n\t\t\t\t\t<div class=\"post-background\" style=\"background-image: url(  )\"><\/div>\t\t\t\n\t\t\t\t\t\t\t\t\t\t\n\t\t\t\t\t\t\t\t\t<div class=\"entry-meta delimiter-dot\">\n\t\t\t\t\t\t\t\t\t\t\t\t\t\t\t\t\n\t\t\t\t\t<\/div>\n\t\t\t\t\t\t\t\t<h4 class=\"entry-title\"><a href=\"https:\/\/tekirdagboschservisi.com.tr\/index.php\/2024\/07\/11\/profilo-kurutma-makinesi-program-sorunu-ve-cozum-yollari\/\" rel=\"bookmark\">Profilo Kurutma Makinesi Program Sorunu ve \u00c7\u00f6z\u00fcm Yollar\u0131<\/a><\/h4>\t\t\t\t\t<div class=\"entry-summary\">\n\t\t\t\t\t<p>Profilo Kurutma Makinesi Program Sorunu ve \u00c7\u00f6z\u00fcm Yollar\u0131 Program Sorununun Nedenleri: Profilo kurutma makinesi program d\u00fczg\u00fcn \u00e7al\u0131\u015fmamas\u0131, birka\u00e7 yayg\u0131n sorundan kaynaklanabilir. \u0130lk olarak, kontrol paneli [&hellip;]<\/p>\n<\/div>\n\t\t\t\t<\/div>\n\t\t\t\t\t\t\t<div class=\"blog-post col-md-12\">\n\t\t\t\t\t\t\t\t\t\t\t\t\t\t\t\t\t\t\t\t\n\t\t\t\t\t<div class=\"post-background\" style=\"background-image: url(  )\"><\/div>\t\t\t\n\t\t\t\t\t\t\t\t\t\t\n\t\t\t\t\t\t\t\t\t<div class=\"entry-meta delimiter-dot\">\n\t\t\t\t\t\t\t\t\t\t\t\t\t\t\t\t\n\t\t\t\t\t<\/div>\n\t\t\t\t\t\t\t\t<h4 class=\"entry-title\"><a href=\"https:\/\/tekirdagboschservisi.com.tr\/index.php\/2024\/07\/11\/profilo-kurutma-makinesi-su-bosaltmama-sorunu-ve-cozum-yollari\/\" rel=\"bookmark\">Profilo Kurutma Makinesi Su Bo\u015faltmama Sorunu ve \u00c7\u00f6z\u00fcm Yollar\u0131<\/a><\/h4>\t\t\t\t\t<div class=\"entry-summary\">\n\t\t\t\t\t<p>Profilo Kurutma Makinesi Su Bo\u015faltmama Sorunu ve \u00c7\u00f6z\u00fcm Yollar\u0131 Su Bo\u015faltmama Sorununun Nedenleri: Profilo kurutma makinenizin suyu bo\u015faltmamas\u0131, birka\u00e7 yayg\u0131n sorundan kaynaklanabilir. \u0130lk olarak, drenaj [&hellip;]<\/p>\n<\/div>\n\t\t\t\t<\/div>\n\t\t\t\t\t\t\t<div class=\"blog-post col-md-12\">\n\t\t\t\t\t\t\t\t\t\t\t\t\t\t\t\t\t\t\t\t\n\t\t\t\t\t<div class=\"post-background\" style=\"background-image: url(  )\"><\/div>\t\t\t\n\t\t\t\t\t\t\t\t\t\t\n\t\t\t\t\t\t\t\t\t<div class=\"entry-meta delimiter-dot\">\n\t\t\t\t\t\t\t\t\t\t\t\t\t\t\t\t\n\t\t\t\t\t<\/div>\n\t\t\t\t\t\t\t\t<h4 class=\"entry-title\"><a href=\"https:\/\/tekirdagboschservisi.com.tr\/index.php\/2024\/07\/11\/profilo-kurutma-makinesi-baslatmama-sorunu-ve-cozum-yollari\/\" rel=\"bookmark\">Profilo Kurutma Makinesi Ba\u015flatmama Sorunu ve \u00c7\u00f6z\u00fcm Yollar\u0131<\/a><\/h4>\t\t\t\t\t<div class=\"entry-summary\">\n\t\t\t\t\t<p>Profilo Kurutma Makinesi Ba\u015flatmama Sorunu ve \u00c7\u00f6z\u00fcm Yollar\u0131 Ba\u015flatmama Sorununun Nedenleri: Profilo kurutma makinesi ba\u015flatmama, birka\u00e7 yayg\u0131n sorundan kaynaklanabilir. \u0130lk olarak, g\u00fc\u00e7 kayna\u011f\u0131 sorunu olabilir. [&hellip;]<\/p>\n<\/div>\n\t\t\t\t<\/div>\n\t\t\t\t\t\t<\/div>\n\t\t<\/div>\n\n\t\t\t\t\t\t\t\t\t\t\t\t<a href=\"https:\/\/tekirdagboschservisi.com.tr\/index.php\/category\/profilo-kurutma-makinesi-arizalari\/\" class=\"roll-button more-button\">Profilo Kurutma Makineleri Ar\u0131zalar\u0131 ve \u00c7\u00f6z\u00fcm Yollar\u0131<\/a>\n\t\t\t\t\n\t\t\t\n\t\t\n\t\t\t\t\t\t<\/div>\n\t\t\t\t<\/div>\n\t\t\t\t\t<\/div>\n\t\t\t\t<\/div>\n\t\t<div class=\"elementor-element elementor-element-3496f9c e-flex e-con-boxed e-con e-parent\" data-id=\"3496f9c\" data-element_type=\"container\" data-e-type=\"container\">\n\t\t\t\t\t<div class=\"e-con-inner\">\n\t\t<div class=\"elementor-element elementor-element-f32735a e-con-full e-flex e-con e-child\" data-id=\"f32735a\" data-element_type=\"container\" data-e-type=\"container\">\n\t\t\t\t<div class=\"elementor-element elementor-element-6f40471 elementor-widget elementor-widget-image\" data-id=\"6f40471\" data-element_type=\"widget\" data-e-type=\"widget\" data-widget_type=\"image.default\">\n\t\t\t\t<div class=\"elementor-widget-container\">\n\t\t\t\t\t\t\t\t\t\t\t\t\t\t\t\t<a href=\"tel:02822632296\">\n\t\t\t\t\t\t\t<img loading=\"lazy\" decoding=\"async\" width=\"567\" height=\"197\" src=\"https:\/\/tekirdagboschservisi.com.tr\/wp-content\/uploads\/2024\/07\/Profilo-Destek-ve-Bilgi-Merkezi.jpg\" class=\"attachment-large size-large wp-image-1002\" alt=\"Profilo Destek ve Bilgi Merkezi\" srcset=\"https:\/\/tekirdagboschservisi.com.tr\/wp-content\/uploads\/2024\/07\/Profilo-Destek-ve-Bilgi-Merkezi.jpg 567w, https:\/\/tekirdagboschservisi.com.tr\/wp-content\/uploads\/2024\/07\/Profilo-Destek-ve-Bilgi-Merkezi-300x104.jpg 300w, https:\/\/tekirdagboschservisi.com.tr\/wp-content\/uploads\/2024\/07\/Profilo-Destek-ve-Bilgi-Merkezi-230x80.jpg 230w, https:\/\/tekirdagboschservisi.com.tr\/wp-content\/uploads\/2024\/07\/Profilo-Destek-ve-Bilgi-Merkezi-350x122.jpg 350w, https:\/\/tekirdagboschservisi.com.tr\/wp-content\/uploads\/2024\/07\/Profilo-Destek-ve-Bilgi-Merkezi-480x167.jpg 480w\" sizes=\"(max-width: 567px) 100vw, 567px\" \/>\t\t\t\t\t\t\t\t<\/a>\n\t\t\t\t\t\t\t\t\t\t\t\t\t\t\t<\/div>\n\t\t\t\t<\/div>\n\t\t\t\t<div class=\"elementor-element elementor-element-06532e1 elementor-widget elementor-widget-text-editor\" data-id=\"06532e1\" data-element_type=\"widget\" data-e-type=\"widget\" data-widget_type=\"text-editor.default\">\n\t\t\t\t<div class=\"elementor-widget-container\">\n\t\t\t\t\t\t\t\t\t<p><strong>Profilo Beyaz E\u015fyalar\u0131n\u0131zda, Klimalar\u0131n\u0131zda Ar\u0131za M\u0131 Var? Bizimle \u0130leti\u015fime Ge\u00e7in..<\/strong><br \/><strong>H\u0131zl\u0131 \u00e7\u00f6z\u00fcm ve kaliteli hizmet ile birlikte, onar\u0131m, tamir servis i\u015flemleri %100 m\u00fc\u015fteri memnuniyeti ve kalite anlay\u0131\u015f\u0131 ile sizde al\u0131n..<\/strong><\/p><p><strong>Servisimiz\u00a0<img loading=\"lazy\" decoding=\"async\" class=\"wp-image-535 alignnone\" src=\"https:\/\/www.kitgroupservis.com.tr\/wp-content\/uploads\/2023\/11\/TSE-logo-6770CA9F80-seeklogo.com_.png\" alt=\"\" width=\"53\" height=\"33\" \/>\u00a0Belgelidir.<\/strong><\/p>\t\t\t\t\t\t\t\t<\/div>\n\t\t\t\t<\/div>\n\t\t\t\t<div class=\"elementor-element elementor-element-044d579 elementor-icon-list--layout-traditional elementor-list-item-link-full_width elementor-widget elementor-widget-icon-list\" data-id=\"044d579\" data-element_type=\"widget\" data-e-type=\"widget\" data-widget_type=\"icon-list.default\">\n\t\t\t\t<div class=\"elementor-widget-container\">\n\t\t\t\t\t\t\t<ul class=\"elementor-icon-list-items\">\n\t\t\t\t\t\t\t<li class=\"elementor-icon-list-item\">\n\t\t\t\t\t\t\t\t\t\t\t<a href=\"https:\/\/tekirdagboschservisi.com.tr\/index.php\/tekirdag-profilo-beyaz-esya-servisi-0282-263-22-96\/\">\n\n\t\t\t\t\t\t\t\t\t\t\t\t<span class=\"elementor-icon-list-icon\">\n\t\t\t\t\t\t\t<svg aria-hidden=\"true\" class=\"e-font-icon-svg e-fas-check\" viewBox=\"0 0 512 512\" xmlns=\"http:\/\/www.w3.org\/2000\/svg\"><path d=\"M173.898 439.404l-166.4-166.4c-9.997-9.997-9.997-26.206 0-36.204l36.203-36.204c9.997-9.998 26.207-9.998 36.204 0L192 312.69 432.095 72.596c9.997-9.997 26.207-9.997 36.204 0l36.203 36.204c9.997 9.997 9.997 26.206 0 36.204l-294.4 294.401c-9.998 9.997-26.207 9.997-36.204-.001z\"><\/path><\/svg>\t\t\t\t\t\t<\/span>\n\t\t\t\t\t\t\t\t\t\t<span class=\"elementor-icon-list-text\">Profilo Beyaz E\u015fya Servisi<\/span>\n\t\t\t\t\t\t\t\t\t\t\t<\/a>\n\t\t\t\t\t\t\t\t\t<\/li>\n\t\t\t\t\t\t\t\t<li class=\"elementor-icon-list-item\">\n\t\t\t\t\t\t\t\t\t\t\t<a href=\"https:\/\/tekirdagboschservisi.com.tr\/index.php\/tekirdag-profilo-klima-servisi-0282-263-22-96\/\">\n\n\t\t\t\t\t\t\t\t\t\t\t\t<span class=\"elementor-icon-list-icon\">\n\t\t\t\t\t\t\t<svg aria-hidden=\"true\" class=\"e-font-icon-svg e-fas-check\" viewBox=\"0 0 512 512\" xmlns=\"http:\/\/www.w3.org\/2000\/svg\"><path d=\"M173.898 439.404l-166.4-166.4c-9.997-9.997-9.997-26.206 0-36.204l36.203-36.204c9.997-9.998 26.207-9.998 36.204 0L192 312.69 432.095 72.596c9.997-9.997 26.207-9.997 36.204 0l36.203 36.204c9.997 9.997 9.997 26.206 0 36.204l-294.4 294.401c-9.998 9.997-26.207 9.997-36.204-.001z\"><\/path><\/svg>\t\t\t\t\t\t<\/span>\n\t\t\t\t\t\t\t\t\t\t<span class=\"elementor-icon-list-text\">Profilo Klima Servisi<\/span>\n\t\t\t\t\t\t\t\t\t\t\t<\/a>\n\t\t\t\t\t\t\t\t\t<\/li>\n\t\t\t\t\t\t<\/ul>\n\t\t\t\t\t\t<\/div>\n\t\t\t\t<\/div>\n\t\t\t\t<\/div>\n\t\t<div class=\"elementor-element elementor-element-822e588 e-con-full e-flex e-con e-child\" data-id=\"822e588\" data-element_type=\"container\" data-e-type=\"container\">\n\t\t\t\t<div class=\"elementor-element elementor-element-9ac8605 elementor-widget elementor-widget-heading\" data-id=\"9ac8605\" data-element_type=\"widget\" data-e-type=\"widget\" data-widget_type=\"heading.default\">\n\t\t\t\t<div class=\"elementor-widget-container\">\n\t\t\t\t\t<h2 class=\"elementor-heading-title elementor-size-default\">Tekirda\u011f Profilo Servisi Hizmet B\u00f6lgeleri<\/h2>\t\t\t\t<\/div>\n\t\t\t\t<\/div>\n\t\t\t\t<div class=\"elementor-element elementor-element-f18d747 elementor-icon-list--layout-traditional elementor-list-item-link-full_width elementor-widget elementor-widget-icon-list\" data-id=\"f18d747\" data-element_type=\"widget\" data-e-type=\"widget\" data-widget_type=\"icon-list.default\">\n\t\t\t\t<div class=\"elementor-widget-container\">\n\t\t\t\t\t\t\t<ul class=\"elementor-icon-list-items\">\n\t\t\t\t\t\t\t<li class=\"elementor-icon-list-item\">\n\t\t\t\t\t\t\t\t\t\t\t<a href=\"https:\/\/tekirdagboschservisi.com.tr\/index.php\/2024\/06\/10\/tekirdag-profilo-servisi-0282-263-22-96\/\">\n\n\t\t\t\t\t\t\t\t\t\t\t\t<span class=\"elementor-icon-list-icon\">\n\t\t\t\t\t\t\t<svg aria-hidden=\"true\" class=\"e-font-icon-svg e-fas-check\" viewBox=\"0 0 512 512\" xmlns=\"http:\/\/www.w3.org\/2000\/svg\"><path d=\"M173.898 439.404l-166.4-166.4c-9.997-9.997-9.997-26.206 0-36.204l36.203-36.204c9.997-9.998 26.207-9.998 36.204 0L192 312.69 432.095 72.596c9.997-9.997 26.207-9.997 36.204 0l36.203 36.204c9.997 9.997 9.997 26.206 0 36.204l-294.4 294.401c-9.998 9.997-26.207 9.997-36.204-.001z\"><\/path><\/svg>\t\t\t\t\t\t<\/span>\n\t\t\t\t\t\t\t\t\t\t<span class=\"elementor-icon-list-text\">Tekirda\u011f Profilo Servisi<\/span>\n\t\t\t\t\t\t\t\t\t\t\t<\/a>\n\t\t\t\t\t\t\t\t\t<\/li>\n\t\t\t\t\t\t\t\t<li class=\"elementor-icon-list-item\">\n\t\t\t\t\t\t\t\t\t\t\t<a href=\"https:\/\/tekirdagboschservisi.com.tr\/index.php\/2024\/06\/10\/suleymanpasa-profilo-servisi-0282-263-22-96\/\">\n\n\t\t\t\t\t\t\t\t\t\t\t\t<span class=\"elementor-icon-list-icon\">\n\t\t\t\t\t\t\t<svg aria-hidden=\"true\" class=\"e-font-icon-svg e-fas-check\" viewBox=\"0 0 512 512\" xmlns=\"http:\/\/www.w3.org\/2000\/svg\"><path d=\"M173.898 439.404l-166.4-166.4c-9.997-9.997-9.997-26.206 0-36.204l36.203-36.204c9.997-9.998 26.207-9.998 36.204 0L192 312.69 432.095 72.596c9.997-9.997 26.207-9.997 36.204 0l36.203 36.204c9.997 9.997 9.997 26.206 0 36.204l-294.4 294.401c-9.998 9.997-26.207 9.997-36.204-.001z\"><\/path><\/svg>\t\t\t\t\t\t<\/span>\n\t\t\t\t\t\t\t\t\t\t<span class=\"elementor-icon-list-text\">S\u00fcleymanpa\u015fa Profilo Servisi<\/span>\n\t\t\t\t\t\t\t\t\t\t\t<\/a>\n\t\t\t\t\t\t\t\t\t<\/li>\n\t\t\t\t\t\t\t\t<li class=\"elementor-icon-list-item\">\n\t\t\t\t\t\t\t\t\t\t\t<a href=\"https:\/\/tekirdagboschservisi.com.tr\/index.php\/2024\/06\/10\/tekirdag-altinova-profilo-servisi-0282-263-22-96\/\">\n\n\t\t\t\t\t\t\t\t\t\t\t\t<span class=\"elementor-icon-list-icon\">\n\t\t\t\t\t\t\t<svg aria-hidden=\"true\" class=\"e-font-icon-svg e-fas-check\" viewBox=\"0 0 512 512\" xmlns=\"http:\/\/www.w3.org\/2000\/svg\"><path d=\"M173.898 439.404l-166.4-166.4c-9.997-9.997-9.997-26.206 0-36.204l36.203-36.204c9.997-9.998 26.207-9.998 36.204 0L192 312.69 432.095 72.596c9.997-9.997 26.207-9.997 36.204 0l36.203 36.204c9.997 9.997 9.997 26.206 0 36.204l-294.4 294.401c-9.998 9.997-26.207 9.997-36.204-.001z\"><\/path><\/svg>\t\t\t\t\t\t<\/span>\n\t\t\t\t\t\t\t\t\t\t<span class=\"elementor-icon-list-text\">Alt\u0131nova Profilo Servisi<\/span>\n\t\t\t\t\t\t\t\t\t\t\t<\/a>\n\t\t\t\t\t\t\t\t\t<\/li>\n\t\t\t\t\t\t\t\t<li class=\"elementor-icon-list-item\">\n\t\t\t\t\t\t\t\t\t\t\t<a href=\"https:\/\/tekirdagboschservisi.com.tr\/index.php\/2024\/06\/10\/tekirdag-hurriyet-mahallesi-profilo-servisi-0282-263-22-96\/\">\n\n\t\t\t\t\t\t\t\t\t\t\t\t<span class=\"elementor-icon-list-icon\">\n\t\t\t\t\t\t\t<svg aria-hidden=\"true\" class=\"e-font-icon-svg e-fas-check\" viewBox=\"0 0 512 512\" xmlns=\"http:\/\/www.w3.org\/2000\/svg\"><path d=\"M173.898 439.404l-166.4-166.4c-9.997-9.997-9.997-26.206 0-36.204l36.203-36.204c9.997-9.998 26.207-9.998 36.204 0L192 312.69 432.095 72.596c9.997-9.997 26.207-9.997 36.204 0l36.203 36.204c9.997 9.997 9.997 26.206 0 36.204l-294.4 294.401c-9.998 9.997-26.207 9.997-36.204-.001z\"><\/path><\/svg>\t\t\t\t\t\t<\/span>\n\t\t\t\t\t\t\t\t\t\t<span class=\"elementor-icon-list-text\">H\u00fcrriyet Mahallesi Profilo Servisi<\/span>\n\t\t\t\t\t\t\t\t\t\t\t<\/a>\n\t\t\t\t\t\t\t\t\t<\/li>\n\t\t\t\t\t\t\t\t<li class=\"elementor-icon-list-item\">\n\t\t\t\t\t\t\t\t\t\t\t<a href=\"https:\/\/tekirdagboschservisi.com.tr\/index.php\/2024\/06\/10\/kumbag-profilo-servisi-0282-263-22-96\/\">\n\n\t\t\t\t\t\t\t\t\t\t\t\t<span class=\"elementor-icon-list-icon\">\n\t\t\t\t\t\t\t<svg aria-hidden=\"true\" class=\"e-font-icon-svg e-fas-check\" viewBox=\"0 0 512 512\" xmlns=\"http:\/\/www.w3.org\/2000\/svg\"><path d=\"M173.898 439.404l-166.4-166.4c-9.997-9.997-9.997-26.206 0-36.204l36.203-36.204c9.997-9.998 26.207-9.998 36.204 0L192 312.69 432.095 72.596c9.997-9.997 26.207-9.997 36.204 0l36.203 36.204c9.997 9.997 9.997 26.206 0 36.204l-294.4 294.401c-9.998 9.997-26.207 9.997-36.204-.001z\"><\/path><\/svg>\t\t\t\t\t\t<\/span>\n\t\t\t\t\t\t\t\t\t\t<span class=\"elementor-icon-list-text\">Kumba\u011f Profilo Servisi<\/span>\n\t\t\t\t\t\t\t\t\t\t\t<\/a>\n\t\t\t\t\t\t\t\t\t<\/li>\n\t\t\t\t\t\t\t\t<li class=\"elementor-icon-list-item\">\n\t\t\t\t\t\t\t\t\t\t\t<a href=\"https:\/\/tekirdagboschservisi.com.tr\/index.php\/2024\/06\/10\/degirmenalti-profilo-servisi-0282-263-22-96\/\">\n\n\t\t\t\t\t\t\t\t\t\t\t\t<span class=\"elementor-icon-list-icon\">\n\t\t\t\t\t\t\t<svg aria-hidden=\"true\" class=\"e-font-icon-svg e-fas-check\" viewBox=\"0 0 512 512\" xmlns=\"http:\/\/www.w3.org\/2000\/svg\"><path d=\"M173.898 439.404l-166.4-166.4c-9.997-9.997-9.997-26.206 0-36.204l36.203-36.204c9.997-9.998 26.207-9.998 36.204 0L192 312.69 432.095 72.596c9.997-9.997 26.207-9.997 36.204 0l36.203 36.204c9.997 9.997 9.997 26.206 0 36.204l-294.4 294.401c-9.998 9.997-26.207 9.997-36.204-.001z\"><\/path><\/svg>\t\t\t\t\t\t<\/span>\n\t\t\t\t\t\t\t\t\t\t<span class=\"elementor-icon-list-text\">De\u011firmenalt\u0131 Profilo Servisi<\/span>\n\t\t\t\t\t\t\t\t\t\t\t<\/a>\n\t\t\t\t\t\t\t\t\t<\/li>\n\t\t\t\t\t\t\t\t<li class=\"elementor-icon-list-item\">\n\t\t\t\t\t\t\t\t\t\t\t<a href=\"https:\/\/tekirdagboschservisi.com.tr\/index.php\/2024\/06\/10\/yenice-profilo-servisi-0282-263-22-96\/\">\n\n\t\t\t\t\t\t\t\t\t\t\t\t<span class=\"elementor-icon-list-icon\">\n\t\t\t\t\t\t\t<svg aria-hidden=\"true\" class=\"e-font-icon-svg e-fas-check\" viewBox=\"0 0 512 512\" xmlns=\"http:\/\/www.w3.org\/2000\/svg\"><path d=\"M173.898 439.404l-166.4-166.4c-9.997-9.997-9.997-26.206 0-36.204l36.203-36.204c9.997-9.998 26.207-9.998 36.204 0L192 312.69 432.095 72.596c9.997-9.997 26.207-9.997 36.204 0l36.203 36.204c9.997 9.997 9.997 26.206 0 36.204l-294.4 294.401c-9.998 9.997-26.207 9.997-36.204-.001z\"><\/path><\/svg>\t\t\t\t\t\t<\/span>\n\t\t\t\t\t\t\t\t\t\t<span class=\"elementor-icon-list-text\">Yenice Profilo Servisi<\/span>\n\t\t\t\t\t\t\t\t\t\t\t<\/a>\n\t\t\t\t\t\t\t\t\t<\/li>\n\t\t\t\t\t\t\t\t<li class=\"elementor-icon-list-item\">\n\t\t\t\t\t\t\t\t\t\t\t<a href=\"https:\/\/tekirdagboschservisi.com.tr\/index.php\/2024\/06\/10\/yeniciftlik-profilo-servisi-0282-263-22-96\/\">\n\n\t\t\t\t\t\t\t\t\t\t\t\t<span class=\"elementor-icon-list-icon\">\n\t\t\t\t\t\t\t<svg aria-hidden=\"true\" class=\"e-font-icon-svg e-fas-check\" viewBox=\"0 0 512 512\" xmlns=\"http:\/\/www.w3.org\/2000\/svg\"><path d=\"M173.898 439.404l-166.4-166.4c-9.997-9.997-9.997-26.206 0-36.204l36.203-36.204c9.997-9.998 26.207-9.998 36.204 0L192 312.69 432.095 72.596c9.997-9.997 26.207-9.997 36.204 0l36.203 36.204c9.997 9.997 9.997 26.206 0 36.204l-294.4 294.401c-9.998 9.997-26.207 9.997-36.204-.001z\"><\/path><\/svg>\t\t\t\t\t\t<\/span>\n\t\t\t\t\t\t\t\t\t\t<span class=\"elementor-icon-list-text\">Yeni\u00e7iftlik Profilo Servisi<\/span>\n\t\t\t\t\t\t\t\t\t\t\t<\/a>\n\t\t\t\t\t\t\t\t\t<\/li>\n\t\t\t\t\t\t\t\t<li class=\"elementor-icon-list-item\">\n\t\t\t\t\t\t\t\t\t\t\t<a href=\"https:\/\/tekirdagboschservisi.com.tr\/index.php\/2024\/06\/10\/marmaraereglisi-profilo-servisi-0282-263-22-96\/\">\n\n\t\t\t\t\t\t\t\t\t\t\t\t<span class=\"elementor-icon-list-icon\">\n\t\t\t\t\t\t\t<svg aria-hidden=\"true\" class=\"e-font-icon-svg e-fas-check\" viewBox=\"0 0 512 512\" xmlns=\"http:\/\/www.w3.org\/2000\/svg\"><path d=\"M173.898 439.404l-166.4-166.4c-9.997-9.997-9.997-26.206 0-36.204l36.203-36.204c9.997-9.998 26.207-9.998 36.204 0L192 312.69 432.095 72.596c9.997-9.997 26.207-9.997 36.204 0l36.203 36.204c9.997 9.997 9.997 26.206 0 36.204l-294.4 294.401c-9.998 9.997-26.207 9.997-36.204-.001z\"><\/path><\/svg>\t\t\t\t\t\t<\/span>\n\t\t\t\t\t\t\t\t\t\t<span class=\"elementor-icon-list-text\">Marmaraere\u011flisi Profilo Servisi<\/span>\n\t\t\t\t\t\t\t\t\t\t\t<\/a>\n\t\t\t\t\t\t\t\t\t<\/li>\n\t\t\t\t\t\t\t\t<li class=\"elementor-icon-list-item\">\n\t\t\t\t\t\t\t\t\t\t\t<a href=\"https:\/\/tekirdagboschservisi.com.tr\/index.php\/2024\/06\/10\/ergene-profilo-servisi-0282-263-22-96\/\">\n\n\t\t\t\t\t\t\t\t\t\t\t\t<span class=\"elementor-icon-list-icon\">\n\t\t\t\t\t\t\t<svg aria-hidden=\"true\" class=\"e-font-icon-svg e-fas-check\" viewBox=\"0 0 512 512\" xmlns=\"http:\/\/www.w3.org\/2000\/svg\"><path d=\"M173.898 439.404l-166.4-166.4c-9.997-9.997-9.997-26.206 0-36.204l36.203-36.204c9.997-9.998 26.207-9.998 36.204 0L192 312.69 432.095 72.596c9.997-9.997 26.207-9.997 36.204 0l36.203 36.204c9.997 9.997 9.997 26.206 0 36.204l-294.4 294.401c-9.998 9.997-26.207 9.997-36.204-.001z\"><\/path><\/svg>\t\t\t\t\t\t<\/span>\n\t\t\t\t\t\t\t\t\t\t<span class=\"elementor-icon-list-text\">Ergene Profilo Servisi<\/span>\n\t\t\t\t\t\t\t\t\t\t\t<\/a>\n\t\t\t\t\t\t\t\t\t<\/li>\n\t\t\t\t\t\t\t\t<li class=\"elementor-icon-list-item\">\n\t\t\t\t\t\t\t\t\t\t\t<a href=\"https:\/\/tekirdagboschservisi.com.tr\/index.php\/2024\/06\/10\/corlu-profilo-servisi-0282-263-22-96\/\">\n\n\t\t\t\t\t\t\t\t\t\t\t\t<span class=\"elementor-icon-list-icon\">\n\t\t\t\t\t\t\t<svg aria-hidden=\"true\" class=\"e-font-icon-svg e-fas-check\" viewBox=\"0 0 512 512\" xmlns=\"http:\/\/www.w3.org\/2000\/svg\"><path d=\"M173.898 439.404l-166.4-166.4c-9.997-9.997-9.997-26.206 0-36.204l36.203-36.204c9.997-9.998 26.207-9.998 36.204 0L192 312.69 432.095 72.596c9.997-9.997 26.207-9.997 36.204 0l36.203 36.204c9.997 9.997 9.997 26.206 0 36.204l-294.4 294.401c-9.998 9.997-26.207 9.997-36.204-.001z\"><\/path><\/svg>\t\t\t\t\t\t<\/span>\n\t\t\t\t\t\t\t\t\t\t<span class=\"elementor-icon-list-text\">\u00c7orlu Profilo Servisi<\/span>\n\t\t\t\t\t\t\t\t\t\t\t<\/a>\n\t\t\t\t\t\t\t\t\t<\/li>\n\t\t\t\t\t\t<\/ul>\n\t\t\t\t\t\t<\/div>\n\t\t\t\t<\/div>\n\t\t\t\t<\/div>\n\t\t<div class=\"elementor-element elementor-element-e67edf2 e-con-full e-flex e-con e-child\" data-id=\"e67edf2\" data-element_type=\"container\" data-e-type=\"container\">\n\t\t\t\t<div class=\"elementor-element elementor-element-69fb777 elementor-widget elementor-widget-heading\" data-id=\"69fb777\" data-element_type=\"widget\" data-e-type=\"widget\" data-widget_type=\"heading.default\">\n\t\t\t\t<div class=\"elementor-widget-container\">\n\t\t\t\t\t<h2 class=\"elementor-heading-title elementor-size-default\">Ayn\u0131 G\u00fcn Profilo Servis Deste\u011fi Al\u0131n.\n<\/h2>\t\t\t\t<\/div>\n\t\t\t\t<\/div>\n\t\t\t\t<div class=\"elementor-element elementor-element-c00be2f elementor-widget elementor-widget-text-editor\" data-id=\"c00be2f\" data-element_type=\"widget\" data-e-type=\"widget\" data-widget_type=\"text-editor.default\">\n\t\t\t\t<div class=\"elementor-widget-container\">\n\t\t\t\t\t\t\t\t\t<div class=\"elementor-element elementor-element-9a4d6ca elementor-widget elementor-widget-text-editor\" data-id=\"9a4d6ca\" data-element_type=\"widget\" data-widget_type=\"text-editor.default\"><div class=\"elementor-widget-container\"><p><strong>Tekirda\u011f Profilo Servisi Hizmeti Alarak \u00dcr\u00fcnlerinizi Profesyonel Servis Personellerine Emanet Edin.<\/strong><\/p><\/div><\/div>\t\t\t\t\t\t\t\t<\/div>\n\t\t\t\t<\/div>\n\t\t\t\t<div class=\"elementor-element elementor-element-38b2020 elementor-view-default elementor-position-block-start elementor-mobile-position-block-start elementor-widget elementor-widget-icon-box\" data-id=\"38b2020\" data-element_type=\"widget\" data-e-type=\"widget\" data-widget_type=\"icon-box.default\">\n\t\t\t\t<div class=\"elementor-widget-container\">\n\t\t\t\t\t\t\t<div class=\"elementor-icon-box-wrapper\">\n\n\t\t\t\t\t\t<div class=\"elementor-icon-box-icon\">\n\t\t\t\t<a href=\"https:\/\/wa.me\/+905358762580\" class=\"elementor-icon\" tabindex=\"-1\" aria-label=\"WhatsApp \u0130leti\u015fim T\u0131kla Ba\u011flan\">\n\t\t\t\t<svg aria-hidden=\"true\" class=\"e-font-icon-svg e-fab-whatsapp\" viewBox=\"0 0 448 512\" xmlns=\"http:\/\/www.w3.org\/2000\/svg\"><path d=\"M380.9 97.1C339 55.1 283.2 32 223.9 32c-122.4 0-222 99.6-222 222 0 39.1 10.2 77.3 29.6 111L0 480l117.7-30.9c32.4 17.7 68.9 27 106.1 27h.1c122.3 0 224.1-99.6 224.1-222 0-59.3-25.2-115-67.1-157zm-157 341.6c-33.2 0-65.7-8.9-94-25.7l-6.7-4-69.8 18.3L72 359.2l-4.4-7c-18.5-29.4-28.2-63.3-28.2-98.2 0-101.7 82.8-184.5 184.6-184.5 49.3 0 95.6 19.2 130.4 54.1 34.8 34.9 56.2 81.2 56.1 130.5 0 101.8-84.9 184.6-186.6 184.6zm101.2-138.2c-5.5-2.8-32.8-16.2-37.9-18-5.1-1.9-8.8-2.8-12.5 2.8-3.7 5.6-14.3 18-17.6 21.8-3.2 3.7-6.5 4.2-12 1.4-32.6-16.3-54-29.1-75.5-66-5.7-9.8 5.7-9.1 16.3-30.3 1.8-3.7.9-6.9-.5-9.7-1.4-2.8-12.5-30.1-17.1-41.2-4.5-10.8-9.1-9.3-12.5-9.5-3.2-.2-6.9-.2-10.6-.2-3.7 0-9.7 1.4-14.8 6.9-5.1 5.6-19.4 19-19.4 46.3 0 27.3 19.9 53.7 22.6 57.4 2.8 3.7 39.1 59.7 94.8 83.8 35.2 15.2 49 16.5 66.6 13.9 10.7-1.6 32.8-13.4 37.4-26.4 4.6-13 4.6-24.1 3.2-26.4-1.3-2.5-5-3.9-10.5-6.6z\"><\/path><\/svg>\t\t\t\t<\/a>\n\t\t\t<\/div>\n\t\t\t\n\t\t\t\t\t\t<div class=\"elementor-icon-box-content\">\n\n\t\t\t\t\t\t\t\t\t<h3 class=\"elementor-icon-box-title\">\n\t\t\t\t\t\t<a href=\"https:\/\/wa.me\/+905358762580\" >\n\t\t\t\t\t\t\tWhatsApp \u0130leti\u015fim T\u0131kla Ba\u011flan\t\t\t\t\t\t<\/a>\n\t\t\t\t\t<\/h3>\n\t\t\t\t\n\t\t\t\t\t\t\t\t\t<p class=\"elementor-icon-box-description\">\n\t\t\t\t\t\tWhatsApp \u0130leti\u015fim \u00fczerinden Uzmanlar\u0131m\u0131zdan Servis \u00d6ncesi 7\/24 Bilgi Alabilirsiniz\t\t\t\t\t<\/p>\n\t\t\t\t\n\t\t\t<\/div>\n\t\t\t\n\t\t<\/div>\n\t\t\t\t\t\t<\/div>\n\t\t\t\t<\/div>\n\t\t\t\t<div class=\"elementor-element elementor-element-7173adb elementor-align-center elementor-mobile-align-left elementor-invisible elementor-widget elementor-widget-button\" data-id=\"7173adb\" data-element_type=\"widget\" data-e-type=\"widget\" data-settings=\"{&quot;_animation&quot;:&quot;fadeInUp&quot;,&quot;_animation_delay&quot;:300}\" data-widget_type=\"button.default\">\n\t\t\t\t<div class=\"elementor-widget-container\">\n\t\t\t\t\t\t\t\t\t<div class=\"elementor-button-wrapper\">\n\t\t\t\t\t<a class=\"elementor-button elementor-button-link elementor-size-sm\" href=\"tel:02822632296\">\n\t\t\t\t\t\t<span class=\"elementor-button-content-wrapper\">\n\t\t\t\t\t\t\t\t\t<span class=\"elementor-button-text\">0282 263 22 96<\/span>\n\t\t\t\t\t<\/span>\n\t\t\t\t\t<\/a>\n\t\t\t\t<\/div>\n\t\t\t\t\t\t\t\t<\/div>\n\t\t\t\t<\/div>\n\t\t\t\t<\/div>\n\t\t\t\t\t<\/div>\n\t\t\t\t<\/div>\n\t\t\t\t<\/div>\n\t\t","protected":false},"excerpt":{"rendered":"<p>\u00a0 Tekirda\u011f Profilo Beyaz E\u015fya Servisi Tekirda\u011f ve \u00e7evresindeki Profilo beyaz e\u015fya kullan\u0131c\u0131lar\u0131na profesyonel ve g\u00fcvenilir servis hizmetleri sunuyoruz. Beyaz e\u015fyalar\u0131n\u0131z\u0131n bak\u0131m, onar\u0131m ve montaj [&hellip;]<\/p>\n","protected":false},"author":1,"featured_media":0,"parent":0,"menu_order":0,"comment_status":"closed","ping_status":"closed","template":"page-templates\/page_front-page.php","meta":{"footnotes":""},"class_list":["post-1103","page","type-page","status-publish","hentry"],"yoast_head":"<!-- This site is optimized with the Yoast SEO plugin v27.4 - https:\/\/yoast.com\/product\/yoast-seo-wordpress\/ -->\n<title>Tekirda\u011f Profilo Beyaz E\u015fya Servisi 0282 263 22 96 - Tekirda\u011f Bosch Servisi<\/title>\n<meta name=\"description\" content=\"Tekirda\u011f ve \u00e7evresindeki Profilo beyaz e\u015fya kullan\u0131c\u0131lar\u0131na profesyonel ve g\u00fcvenilir servis hizmetleri sunuyoruz. Beyaz e\u015fyalar\u0131n\u0131z\u0131n bak\u0131m\" \/>\n<meta name=\"robots\" content=\"index, follow, max-snippet:-1, max-image-preview:large, max-video-preview:-1\" \/>\n<link rel=\"canonical\" href=\"https:\/\/tekirdagboschservisi.com.tr\/index.php\/tekirdag-profilo-beyaz-esya-servisi-0282-263-22-96\/\" \/>\n<meta property=\"og:locale\" content=\"tr_TR\" \/>\n<meta property=\"og:type\" content=\"article\" \/>\n<meta property=\"og:title\" content=\"Tekirda\u011f Profilo Beyaz E\u015fya Servisi 0282 263 22 96 - Tekirda\u011f Bosch Servisi\" \/>\n<meta property=\"og:description\" content=\"Tekirda\u011f ve \u00e7evresindeki Profilo beyaz e\u015fya kullan\u0131c\u0131lar\u0131na profesyonel ve g\u00fcvenilir servis hizmetleri sunuyoruz. Beyaz e\u015fyalar\u0131n\u0131z\u0131n bak\u0131m\" \/>\n<meta property=\"og:url\" content=\"https:\/\/tekirdagboschservisi.com.tr\/index.php\/tekirdag-profilo-beyaz-esya-servisi-0282-263-22-96\/\" \/>\n<meta property=\"og:site_name\" content=\"Tekirda\u011f Bosch Servisi\" \/>\n<meta property=\"article:modified_time\" content=\"2024-07-11T16:36:12+00:00\" \/>\n<meta property=\"og:image\" content=\"https:\/\/tekirdagboschservisi.com.tr\/wp-content\/uploads\/2024\/03\/Pprofilo-BANNER.jpg\" \/>\n<meta name=\"twitter:card\" content=\"summary_large_image\" \/>\n<meta name=\"twitter:label1\" content=\"Tahmini okuma s\u00fcresi\" \/>\n\t<meta name=\"twitter:data1\" content=\"19 dakika\" \/>\n<script type=\"application\/ld+json\" class=\"yoast-schema-graph\">{\"@context\":\"https:\\\/\\\/schema.org\",\"@graph\":[{\"@type\":\"WebPage\",\"@id\":\"https:\\\/\\\/tekirdagboschservisi.com.tr\\\/index.php\\\/tekirdag-profilo-beyaz-esya-servisi-0282-263-22-96\\\/\",\"url\":\"https:\\\/\\\/tekirdagboschservisi.com.tr\\\/index.php\\\/tekirdag-profilo-beyaz-esya-servisi-0282-263-22-96\\\/\",\"name\":\"Tekirda\u011f Profilo Beyaz E\u015fya Servisi 0282 263 22 96 - Tekirda\u011f Bosch Servisi\",\"isPartOf\":{\"@id\":\"https:\\\/\\\/tekirdagboschservisi.com.tr\\\/#website\"},\"primaryImageOfPage\":{\"@id\":\"https:\\\/\\\/tekirdagboschservisi.com.tr\\\/index.php\\\/tekirdag-profilo-beyaz-esya-servisi-0282-263-22-96\\\/#primaryimage\"},\"image\":{\"@id\":\"https:\\\/\\\/tekirdagboschservisi.com.tr\\\/index.php\\\/tekirdag-profilo-beyaz-esya-servisi-0282-263-22-96\\\/#primaryimage\"},\"thumbnailUrl\":\"https:\\\/\\\/tekirdagboschservisi.com.tr\\\/wp-content\\\/uploads\\\/2024\\\/03\\\/Pprofilo-BANNER.jpg\",\"datePublished\":\"2024-07-11T14:16:27+00:00\",\"dateModified\":\"2024-07-11T16:36:12+00:00\",\"description\":\"Tekirda\u011f ve \u00e7evresindeki Profilo beyaz e\u015fya kullan\u0131c\u0131lar\u0131na profesyonel ve g\u00fcvenilir servis hizmetleri sunuyoruz. Beyaz e\u015fyalar\u0131n\u0131z\u0131n bak\u0131m\",\"breadcrumb\":{\"@id\":\"https:\\\/\\\/tekirdagboschservisi.com.tr\\\/index.php\\\/tekirdag-profilo-beyaz-esya-servisi-0282-263-22-96\\\/#breadcrumb\"},\"inLanguage\":\"tr\",\"potentialAction\":[{\"@type\":\"ReadAction\",\"target\":[\"https:\\\/\\\/tekirdagboschservisi.com.tr\\\/index.php\\\/tekirdag-profilo-beyaz-esya-servisi-0282-263-22-96\\\/\"]}]},{\"@type\":\"ImageObject\",\"inLanguage\":\"tr\",\"@id\":\"https:\\\/\\\/tekirdagboschservisi.com.tr\\\/index.php\\\/tekirdag-profilo-beyaz-esya-servisi-0282-263-22-96\\\/#primaryimage\",\"url\":\"https:\\\/\\\/tekirdagboschservisi.com.tr\\\/wp-content\\\/uploads\\\/2024\\\/03\\\/Pprofilo-BANNER.jpg\",\"contentUrl\":\"https:\\\/\\\/tekirdagboschservisi.com.tr\\\/wp-content\\\/uploads\\\/2024\\\/03\\\/Pprofilo-BANNER.jpg\",\"width\":1900,\"height\":750,\"caption\":\"Tekirda\u011f, S\u00fcleymanpa\u015fa, H\u00fcrriyet Mahallesi, De\u011firmenalt\u0131, Alt\u0131nova, Kumba\u011f, Yenice, Yeni\u00e7iftlik, Marmaraere\u011flisi, Muratl\u0131, Ergene, \u00c7orlu Profilo Servisi\"},{\"@type\":\"BreadcrumbList\",\"@id\":\"https:\\\/\\\/tekirdagboschservisi.com.tr\\\/index.php\\\/tekirdag-profilo-beyaz-esya-servisi-0282-263-22-96\\\/#breadcrumb\",\"itemListElement\":[{\"@type\":\"ListItem\",\"position\":1,\"name\":\"Anasayfa\",\"item\":\"https:\\\/\\\/tekirdagboschservisi.com.tr\\\/\"},{\"@type\":\"ListItem\",\"position\":2,\"name\":\"Tekirda\u011f Profilo Beyaz E\u015fya Servisi 0282 263 22 96\"}]},{\"@type\":\"WebSite\",\"@id\":\"https:\\\/\\\/tekirdagboschservisi.com.tr\\\/#website\",\"url\":\"https:\\\/\\\/tekirdagboschservisi.com.tr\\\/\",\"name\":\"Tekirda\u011f Bosch Servisi\",\"description\":\"0282 263 22 96\",\"publisher\":{\"@id\":\"https:\\\/\\\/tekirdagboschservisi.com.tr\\\/#organization\"},\"potentialAction\":[{\"@type\":\"SearchAction\",\"target\":{\"@type\":\"EntryPoint\",\"urlTemplate\":\"https:\\\/\\\/tekirdagboschservisi.com.tr\\\/?s={search_term_string}\"},\"query-input\":{\"@type\":\"PropertyValueSpecification\",\"valueRequired\":true,\"valueName\":\"search_term_string\"}}],\"inLanguage\":\"tr\"},{\"@type\":\"Organization\",\"@id\":\"https:\\\/\\\/tekirdagboschservisi.com.tr\\\/#organization\",\"name\":\"Tekirda\u011f Bosch Servisi\",\"url\":\"https:\\\/\\\/tekirdagboschservisi.com.tr\\\/\",\"logo\":{\"@type\":\"ImageObject\",\"inLanguage\":\"tr\",\"@id\":\"https:\\\/\\\/tekirdagboschservisi.com.tr\\\/#\\\/schema\\\/logo\\\/image\\\/\",\"url\":\"https:\\\/\\\/tekirdagboschservisi.com.tr\\\/wp-content\\\/uploads\\\/2024\\\/03\\\/7502c4fab3c11f90ed12b06b5e7b138d-1.jpg\",\"contentUrl\":\"https:\\\/\\\/tekirdagboschservisi.com.tr\\\/wp-content\\\/uploads\\\/2024\\\/03\\\/7502c4fab3c11f90ed12b06b5e7b138d-1.jpg\",\"width\":250,\"height\":92,\"caption\":\"Tekirda\u011f Bosch Servisi\"},\"image\":{\"@id\":\"https:\\\/\\\/tekirdagboschservisi.com.tr\\\/#\\\/schema\\\/logo\\\/image\\\/\"}}]}<\/script>\n<!-- \/ Yoast SEO plugin. -->","yoast_head_json":{"title":"Tekirda\u011f Profilo Beyaz E\u015fya Servisi 0282 263 22 96 - Tekirda\u011f Bosch Servisi","description":"Tekirda\u011f ve \u00e7evresindeki Profilo beyaz e\u015fya kullan\u0131c\u0131lar\u0131na profesyonel ve g\u00fcvenilir servis hizmetleri sunuyoruz. Beyaz e\u015fyalar\u0131n\u0131z\u0131n bak\u0131m","robots":{"index":"index","follow":"follow","max-snippet":"max-snippet:-1","max-image-preview":"max-image-preview:large","max-video-preview":"max-video-preview:-1"},"canonical":"https:\/\/tekirdagboschservisi.com.tr\/index.php\/tekirdag-profilo-beyaz-esya-servisi-0282-263-22-96\/","og_locale":"tr_TR","og_type":"article","og_title":"Tekirda\u011f Profilo Beyaz E\u015fya Servisi 0282 263 22 96 - Tekirda\u011f Bosch Servisi","og_description":"Tekirda\u011f ve \u00e7evresindeki Profilo beyaz e\u015fya kullan\u0131c\u0131lar\u0131na profesyonel ve g\u00fcvenilir servis hizmetleri sunuyoruz. Beyaz e\u015fyalar\u0131n\u0131z\u0131n bak\u0131m","og_url":"https:\/\/tekirdagboschservisi.com.tr\/index.php\/tekirdag-profilo-beyaz-esya-servisi-0282-263-22-96\/","og_site_name":"Tekirda\u011f Bosch Servisi","article_modified_time":"2024-07-11T16:36:12+00:00","og_image":[{"url":"https:\/\/tekirdagboschservisi.com.tr\/wp-content\/uploads\/2024\/03\/Pprofilo-BANNER.jpg","type":"","width":"","height":""}],"twitter_card":"summary_large_image","twitter_misc":{"Tahmini okuma s\u00fcresi":"19 dakika"},"schema":{"@context":"https:\/\/schema.org","@graph":[{"@type":"WebPage","@id":"https:\/\/tekirdagboschservisi.com.tr\/index.php\/tekirdag-profilo-beyaz-esya-servisi-0282-263-22-96\/","url":"https:\/\/tekirdagboschservisi.com.tr\/index.php\/tekirdag-profilo-beyaz-esya-servisi-0282-263-22-96\/","name":"Tekirda\u011f Profilo Beyaz E\u015fya Servisi 0282 263 22 96 - Tekirda\u011f Bosch Servisi","isPartOf":{"@id":"https:\/\/tekirdagboschservisi.com.tr\/#website"},"primaryImageOfPage":{"@id":"https:\/\/tekirdagboschservisi.com.tr\/index.php\/tekirdag-profilo-beyaz-esya-servisi-0282-263-22-96\/#primaryimage"},"image":{"@id":"https:\/\/tekirdagboschservisi.com.tr\/index.php\/tekirdag-profilo-beyaz-esya-servisi-0282-263-22-96\/#primaryimage"},"thumbnailUrl":"https:\/\/tekirdagboschservisi.com.tr\/wp-content\/uploads\/2024\/03\/Pprofilo-BANNER.jpg","datePublished":"2024-07-11T14:16:27+00:00","dateModified":"2024-07-11T16:36:12+00:00","description":"Tekirda\u011f ve \u00e7evresindeki Profilo beyaz e\u015fya kullan\u0131c\u0131lar\u0131na profesyonel ve g\u00fcvenilir servis hizmetleri sunuyoruz. Beyaz e\u015fyalar\u0131n\u0131z\u0131n bak\u0131m","breadcrumb":{"@id":"https:\/\/tekirdagboschservisi.com.tr\/index.php\/tekirdag-profilo-beyaz-esya-servisi-0282-263-22-96\/#breadcrumb"},"inLanguage":"tr","potentialAction":[{"@type":"ReadAction","target":["https:\/\/tekirdagboschservisi.com.tr\/index.php\/tekirdag-profilo-beyaz-esya-servisi-0282-263-22-96\/"]}]},{"@type":"ImageObject","inLanguage":"tr","@id":"https:\/\/tekirdagboschservisi.com.tr\/index.php\/tekirdag-profilo-beyaz-esya-servisi-0282-263-22-96\/#primaryimage","url":"https:\/\/tekirdagboschservisi.com.tr\/wp-content\/uploads\/2024\/03\/Pprofilo-BANNER.jpg","contentUrl":"https:\/\/tekirdagboschservisi.com.tr\/wp-content\/uploads\/2024\/03\/Pprofilo-BANNER.jpg","width":1900,"height":750,"caption":"Tekirda\u011f, S\u00fcleymanpa\u015fa, H\u00fcrriyet Mahallesi, De\u011firmenalt\u0131, Alt\u0131nova, Kumba\u011f, Yenice, Yeni\u00e7iftlik, Marmaraere\u011flisi, Muratl\u0131, Ergene, \u00c7orlu Profilo Servisi"},{"@type":"BreadcrumbList","@id":"https:\/\/tekirdagboschservisi.com.tr\/index.php\/tekirdag-profilo-beyaz-esya-servisi-0282-263-22-96\/#breadcrumb","itemListElement":[{"@type":"ListItem","position":1,"name":"Anasayfa","item":"https:\/\/tekirdagboschservisi.com.tr\/"},{"@type":"ListItem","position":2,"name":"Tekirda\u011f Profilo Beyaz E\u015fya Servisi 0282 263 22 96"}]},{"@type":"WebSite","@id":"https:\/\/tekirdagboschservisi.com.tr\/#website","url":"https:\/\/tekirdagboschservisi.com.tr\/","name":"Tekirda\u011f Bosch Servisi","description":"0282 263 22 96","publisher":{"@id":"https:\/\/tekirdagboschservisi.com.tr\/#organization"},"potentialAction":[{"@type":"SearchAction","target":{"@type":"EntryPoint","urlTemplate":"https:\/\/tekirdagboschservisi.com.tr\/?s={search_term_string}"},"query-input":{"@type":"PropertyValueSpecification","valueRequired":true,"valueName":"search_term_string"}}],"inLanguage":"tr"},{"@type":"Organization","@id":"https:\/\/tekirdagboschservisi.com.tr\/#organization","name":"Tekirda\u011f Bosch Servisi","url":"https:\/\/tekirdagboschservisi.com.tr\/","logo":{"@type":"ImageObject","inLanguage":"tr","@id":"https:\/\/tekirdagboschservisi.com.tr\/#\/schema\/logo\/image\/","url":"https:\/\/tekirdagboschservisi.com.tr\/wp-content\/uploads\/2024\/03\/7502c4fab3c11f90ed12b06b5e7b138d-1.jpg","contentUrl":"https:\/\/tekirdagboschservisi.com.tr\/wp-content\/uploads\/2024\/03\/7502c4fab3c11f90ed12b06b5e7b138d-1.jpg","width":250,"height":92,"caption":"Tekirda\u011f Bosch Servisi"},"image":{"@id":"https:\/\/tekirdagboschservisi.com.tr\/#\/schema\/logo\/image\/"}}]}},"_links":{"self":[{"href":"https:\/\/tekirdagboschservisi.com.tr\/index.php\/wp-json\/wp\/v2\/pages\/1103","targetHints":{"allow":["GET"]}}],"collection":[{"href":"https:\/\/tekirdagboschservisi.com.tr\/index.php\/wp-json\/wp\/v2\/pages"}],"about":[{"href":"https:\/\/tekirdagboschservisi.com.tr\/index.php\/wp-json\/wp\/v2\/types\/page"}],"author":[{"embeddable":true,"href":"https:\/\/tekirdagboschservisi.com.tr\/index.php\/wp-json\/wp\/v2\/users\/1"}],"replies":[{"embeddable":true,"href":"https:\/\/tekirdagboschservisi.com.tr\/index.php\/wp-json\/wp\/v2\/comments?post=1103"}],"version-history":[{"count":5,"href":"https:\/\/tekirdagboschservisi.com.tr\/index.php\/wp-json\/wp\/v2\/pages\/1103\/revisions"}],"predecessor-version":[{"id":1123,"href":"https:\/\/tekirdagboschservisi.com.tr\/index.php\/wp-json\/wp\/v2\/pages\/1103\/revisions\/1123"}],"wp:attachment":[{"href":"https:\/\/tekirdagboschservisi.com.tr\/index.php\/wp-json\/wp\/v2\/media?parent=1103"}],"curies":[{"name":"wp","href":"https:\/\/api.w.org\/{rel}","templated":true}]}}